{"id":7092,"date":"2017-02-15T16:03:08","date_gmt":"2017-02-15T15:03:08","guid":{"rendered":"https:\/\/www.martherobin.com\/sa-vie\/un-rayonnement-immense\/naissance-croissance-des-foyers-de-charite\/"},"modified":"2018-04-23T17:57:39","modified_gmt":"2018-04-23T15:57:39","slug":"naissance-croissance-des-foyers-de-charite","status":"publish","type":"page","link":"https:\/\/www.martherobin.com\/it\/sa-vie\/un-rayonnement-immense\/naissance-croissance-des-foyers-de-charite\/","title":{"rendered":"Nascita e sviluppo dei Foyer de Charit\u00e9"},"content":{"rendered":"<p><div class=\"fw-main-row page-lvl3-block\"  >\r\n\t<div class=\"fw-container container\">\r\n\t\t<div class=\"frame\">\r\n\t\t\t<div class=\"fw-row\">\n\t<div class=\"fw-col-xs-12\">\n\t\r\n\t<h1><span>Una immensa irradiazione<\/span><\/h1>\r\n\r\n\t<ul class=\"sous-menu\">\r\n\t\t\t<\/ul>\r\n\t<div class=\"menu-openclose\">\r\n\t\t<a href=\"#\" class=\"opener\">Nascita e sviluppo dei Foyer de Charit\u00e9<\/a>\r\n\t\t<div class=\"slide js-slide-hidden\">\r\n\t\t\t<ul>\r\n\t\t\t\t\t\t\t<\/ul>\r\n\t\t<\/div>\r\n\t<\/div>\r\n\r\n\t<div class=\"top-area\">\r\n\t\t<h2>Nascita e sviluppo dei Foyer de Charit\u00e9<\/h2>\r\n\t<\/div>\r\n\r\n<strong class=\"bold-text\"><p>A partire dal loro incontro nel 1936, Marthe Robin e padre Finet collaboreranno, ognuno a suo modo, per fondare e sviluppare il primo Foyer de Charit\u00e9 a Ch\u00e2teauneuf-de-Galaure. Un po\u2019 alla volta saranno fondati altri Foyer de Charit\u00e9, prima in Francia, poi in Europa e in seguito su altri continenti.<\/p><\/strong><\/div>\n<\/div>\n\n<div class=\"fw-row\">\n\t<div class=\"fw-col-xs-12 fw-col-sm-8\">\n\t\r\n<p>Il primo ritiro spirituale a Ch\u00e2teauneuf-de-Galaure si svolge da luned\u00ec 7 a domenica 13 settembre 1936 e costituisce una tappa importante nello sviluppo dell\u2019opera dei Foyer de Charit\u00e9.<\/p><p>Fin dal primo giorno don Finet diventa il padre spirituale di Marthe. Da allora egli diventa padre Finet: \u201c<em>in quel giorno io ricevevo il titolo meraviglioso di \u201cPadre\u201d, che dovevo poi condividere con tutti i miei fratelli, responsabili dei nostri Foyer de Charit\u00e9<\/em>\u201d. Egli accompagner\u00e0 Marthe fino in fondo in ci\u00f2 che ella vive con Cristo, e le loro due vite saranno profondamente unite.<\/p><div class=\"fw-heading fw-heading-h3 \">\r\n\t<h3 class=\"fw-special-title \"><span class=\"\">Primo ritiro spirituale al Foyer de Charit\u00e9 nel settembre 1936<\/span><\/h3>\t<\/div>\r\n\r\n<p>Ges\u00f9 aveva gi\u00e0 parlato di padre Finet a Marthe:<br \/><em>\u00abNon potr\u00e0 fare mai nulla senza di te n\u00e9 lontano da te \u2026 Anche tu non potrai mai fare nulla senza di lui\u2026 Voglio confondervi in me per la missione che voglio affidarvi, per tutte le anime che voglio donarvi e per la Gloria del mio Nome.\u00bb<\/em><\/p><p>Il ritiro fondamentale inaugura un nuovo genere di predicazione: un insegnamento solido sul progetto di Dio sull\u2019uomo accompagnato da un clima mariano.<\/p><p>Fra le partecipanti a questo primo ritiro, due giovani insegnanti si sentono chiamate dal Signore a lanciarsi nell\u2019avventura dei Foyer de Charit\u00e9 in questo villaggio sperduto della Dr\u00f4me, lasciando la loro regione, la loro famiglia e il loro lavoro. Si stabiliscono definitivamente in questa scuola, di una povert\u00e0 totale. All\u2019inizio dell\u2019anno scolastico, il primo ottobre 1936, sono iscritte 24 bambine.<\/p><div class=\"fw-heading fw-heading-h3 \">\r\n\t<h3 class=\"fw-special-title \"><span class=\"\">Costruzione spirituale e materiale del Foyer<\/span><\/h3>\t<\/div>\r\n\r\n<p>Padre Finet \u00e8 molto occupato a Lione e non viene spesso alla scuola. Marthe \u00e8 molto presente e segue tutto da vicino. H\u00e9l\u00e8ne e Marie-Ange sono molto impegnate a scuola e vanno da Marthe ogni giorno per passare la serata con lei e spesso anche con sua madre. Parlano di tutto: delle bambine, delle difficolt\u00e0, della Santa Vergine o della sistemazione dei mobili, pregano e cantano. \u201cQueste visite ci facevano molto bene, perch\u00e9 eravamo veramente sole\u201d (H\u00e9l\u00e8ne Fagot).<\/p><p>Marthe stessa forma i primi membri del Foyer e contribuisce cos\u00ec, attraverso loro, a infondere un certo spirito nella scuola delle ragazze.<br \/>L\u20198 dicembre 1936 Marie-Ange Dumas e H\u00e9l\u00e8ne Fagot si donano a Dio per tutta la vita attraverso le mani della Vergine Maria. Con padre Finet si impegnano per sempre a rimanere in questa nuova comunit\u00e0 e diventano \"membri\" del Foyer di Ch\u00e2teauneuf di cui don Finet diventa il \"padre\".<\/p><p>Per un certo tempo i membri del Foyer risiedono unicamente nella scuola. La loro vita si divide fra l\u2019educazione dei bambini e l\u2019accoglienza di coloro che partecipano ai ritiri. Ogni anno il numero delle allieve aumenta: nel 1937 arrivano 35 allieve, nel 1946 ci sono gi\u00e0 130.<br \/>Arrivano anche vocazioni di membri del Foyer: nel 1939 ci sono 6 membri, nel 1948 ce ne sono 24. I ritiri hanno un successo crescente. Durante l\u2019anno 1936 sono venute 63 persone; nel 1947, 405; nell\u2019estate del 1947 si \u00e8 gi\u00e0 al sessantaquattresimo ritiro.<\/p><\/div>\n<div class=\"fw-col-xs-12 fw-col-sm-4\">\n\t<div class=\"text-right\"><img decoding=\"async\" src=\"\/\/www.martherobin.com\/wp-content\/uploads\/2016\/09\/FoyerDeCharite_Chateauneuf_entree.jpg\" alt=\"\/\/www.martherobin.com\/wp-content\/uploads\/2016\/09\/FoyerDeCharite_Chateauneuf_entree.jpg\" \/><\/div><\/div>\n<\/div>\n\n<div class=\"fw-row\">\n\t<div class=\"fw-col-xs-12 fw-col-sm-8\">\n\t<div class=\"fw-heading fw-heading-h3 \">\r\n\t<h3 class=\"fw-special-title \"><span class=\"\">Ritiri per uomini e donne<\/span><\/h3>\t<\/div>\r\n\r\n<p>Allora i ritiri per uomini e per donne erano assolutamente separati. Quando un sacerdote chiese a padre Finet di poter assistere ai ritiri, padre Finet chiese l\u2019autorizzazione a mons. Pic, vescovo di Valence, dopo di che gli disse: \"Lei si metter\u00e0 in fondo\u201d.<\/p><p>Poco dopo le donne chiesero di partecipare ai ritiri con i loro mariti o i loro figli. Fu allora, 8 settembre 1941, che cominciarono i \"ritiri per la cristianit\u00e0\u201d.<\/p><p>Ch\u00e2teauneuf diventa, prima e durante la guerra, una scuola modello per la qualit\u00e0 dell\u2019educazione e dell\u2019evangelizzazione dei bambini, inoltre porta i partecipanti ai ritiri nella preghiera e diventa cos\u00ec un luogo di ritiri assolutamente innovativo e sempre pi\u00f9 conosciuto.<\/p><\/div>\n<\/div>\n\n<div class=\"fw-row\">\n\t<div class=\"fw-col-xs-12 fw-col-sm-8\">\n\t<div class=\"fw-heading fw-heading-h3 \">\r\n\t<h3 class=\"fw-special-title \"><span class=\"\">Benedizione del vescovo, Mons. Pic<\/span><\/h3>\t<\/div>\r\n\r\n<p>Visto che la scuola si ingrandiva e i ritiri acquistavano sempre pi\u00f9 importanza, nel 1939 comincia la costruzione di un edificio per i ritiri. In piena guerra questi lavori sono considerevoli. Non mancano donatori generosi e Mons. Pic insiste affinch\u00e9 siano costruiti edifici molto ampi. Il 28 febbraio 1943 il Foyer in costruzione \u00e8 consacrato alla Santa Vergine. Il 17 maggio 1948, luned\u00ec di Pentecoste, il Foyer de Charit\u00e9 di Ch\u00e2teauneuf \u00e8 inaugurato e benedetto ufficialmente. Mons. Pic, presente di persona, ha voluto dare alla celebrazione la massima solennit\u00e0. Viene benedetta una statua della Vergine \u201cNostra Signora del Foyer\u201d. Ci sono 1500 persone fra cui molti sacerdoti. <\/p><p>Marthe, dal canto suo, aveva preparato la festa nella preghiera:<\/p><\/div>\n<\/div>\n\n<div class=\"fw-row\">\n\t<div class=\"fw-col-xs-12\">\n\t\r\n<div class=\"col-md-10 pull-right\"><blockquote><p>O Padre, o mio Dio, benedici il tuo Foyer con la tua benedizione tutta divina\u2026 O s\u00ec, Mamma cara, che sia proprio tuo, che sia tutto tuo, che non sia altro che tuo\u2026 Agisci ogni giorno e ogni ora da Regina e da Madre. Prendilo sotto la tua guida spirituale, morale, materiale, in tutta la sua vita e nei suoi atti, in tutte le sue intenzioni e nelle sue opere.<\/p><\/blockquote><\/div><\/div>\n<\/div>\n\n<div class=\"fw-row\">\n\t<div class=\"fw-col-xs-12 fw-col-sm-8\">\n\t<div class=\"fw-heading fw-heading-h3 \">\r\n\t<h3 class=\"fw-special-title \"><span class=\"\">Espansione dei Foyer nel mondo<\/span><\/h3>\t<\/div>\r\n\r\n<p>Durante la vita di Marthe Robin sono stati fondati nel mondo una cinquantina di Foyer de Charit\u00e9. Alla sua morte l\u2019Opera conter\u00e0 circa 600 membri.<\/p><p>\u2022 Nel 1941: fondazione del secondo Foyer de Charit\u00e9 in Francia (nella Savoia)<br \/>\u2022 Nel 1957: fondazione del primo Foyer de Charit\u00e9 in Europa, in Belgio<br \/>\u2022 Nel 1958: fondazione del primo Foyer de Charit\u00e9 in America, in Colombia<br \/>\u2022 Nel 1961: fondazione del primo Foyer de Charit\u00e9 in Africa, nel Togo<br \/>\u2022 Nel 1968: fondazione del primo Foyer de Charit\u00e9 in Asia, nel Vietnam<\/p><\/div>\n<\/div>\n\n<div class=\"fw-row\">\n\t<div class=\"fw-col-xs-12 fw-col-sm-8\">\n\t<div class=\"fw-heading fw-heading-h3 \">\r\n\t<h3 class=\"fw-special-title \"><span class=\"\">Gli allievi e Marthe sostengono i Foyer e i loro partecipanti ai ritiri<\/span><\/h3>\t<\/div>\r\n\r\n<p>Marthe si occupa anche dell\u2019educazione dei ragazzi. Il 3 ottobre 1953 si apre una scuola per loro nel villaggio vicino di St. Bonnet-de-Galaure, con 21 allievi. Questa scuola si sviluppa rapidamente e dar\u00e0 alla Chiesa molti sacerdoti e religiosi.<br \/>La scuola professionale di Mandailles, per le adolescenti dei dintorni che hanno bisogno di una formazione pratica, nasce a Ch\u00e2teauneuf nel 1953.<\/p><p>I bambini procurano tanta gioia a Marthe. Si preoccupa di formare tutto l\u2019essere con un\u2019educazione dell\u2019anima, dell\u2019intelligenza, della coscienza, del cuore, dell\u2019affettivit\u00e0, del corpo.<br \/>Marthe pensa anche alla loro famiglia: \u201c<em>Bisogna educare i genitori assieme ai figli. \u00c8 pressoch\u00e9 inutile quello che facciamo se loro non si impegnano con noi<\/em>\u201d.<\/p><p>Marthe segue i Foyer da vicino. \u201c<em>Niente sfuggiva allo sguardo del suo cuore. Tutto la interessava<\/em>\u201d. Marthe conosce i padri dei Foyer e veglia sulla loro formazione. Conosce i progetti, segue con attenzione la fondazione di ciascun Foyer, sempre assieme a padre Finet.<\/p><p>Marthe \u00e8 molto attenta a tutti i membri missionari dei Foyer che vengono a visitarla durante i loro soggiorni in Europa. Si preoccupa di tutti gli aspetti della loro vita quotidiana, con domande molto concrete, dando talvolta saggi consigli, chiarendo le situazioni, anticipando. Interviene sia sul piano spirituale sia su quello materiale.<\/p><p>In tutti questi incontri Marthe non si considera come la \u201cfondatrice\u201d, ma vuole piuttosto aiutare le persone.<\/p><\/div>\n<\/div>\n\n<div class=\"fw-row\">\n\t<div class=\"fw-col-xs-12 fw-col-sm-8\">\n\t\r\n<div><span class=\"line\">Leggere :<\/span><ul class=\"in-links\"><li><a href=\"https:\/\/www.martherobin.com\/it\/sa-vie\/un-rayonnement-immense\/marthe-robin-le-concile-vatican-ii-et-la-vocation-de-chaque-baptise\/\">Marthe, il Concilio Vaticano II e la vocazione di ogni battezzato<\/a><\/li><li><a href=\"https:\/\/www.martherobin.com\/it\/sa-vie\/un-rayonnement-immense\/les-foyers-de-charite-fondation-oeuvre-nouvelle\/\">I Foyer de Charit\u00e9, la fondazione di un\u2019opera nuova<\/a><\/li><\/ul><\/div><\/div>\n<\/div>\n\n\t\t<\/div>\r\n\t<\/div>\r\n<\/div>\r\n<section class=\"fw-main-row discover-block\"  >\r\n\t<div class=\"fw-container container\">\r\n\t\t<div class=\"\">\r\n\t\t\t<div class=\"fw-row\">\n\t<div class=\"fw-col-xs-12\">\n\t<div class=\"shortcode-widget-area\"><div class=\"heading\">\r\n            <span class=\"title\">Approfondimento<\/span>\r\n        <\/div><div class=\"hold\"><div class=\"row\"><div class=\"col col-sm-4 col-md-3\">\r\n                    <div class=\"wrap\">\r\n                        <div class=\"img-holder\">\r\n                            <a href=\"https:\/\/www.martherobin.com\/it\/son-message\/paroles-et-prieres\/parcourir-le-journal\/\">\r\n                                <img decoding=\"async\" src=\"https:\/\/www.martherobin.com\/wp-content\/uploads\/2016\/12\/couverture_Journal-MartheRobin_1366202009153-263x263.png\" alt=\"Sfogliare il &#8220;Diario&#8221;\">\r\n                            <\/a>\r\n                            \r\n                        <\/div>\r\n                        <div class=\"desc\">\r\n                            <span class=\"category\">Preghiere, parole e scritti<\/span>\r\n                            <span class=\"post-title\">\r\n                                <a href=\"https:\/\/www.martherobin.com\/it\/son-message\/paroles-et-prieres\/parcourir-le-journal\/\">Sfogliare il &#8220;Diario&#8221;<\/a>\r\n                            <\/span>\r\n                            <div class=\"text\">\r\n                                <p>Le cheminement int\u00e9rieur de Marthe Robin est d\u00e9voil\u00e9 gr\u00e2ce \u00e0 la publication de son \"Journal\". D\u00e9couvrez-le en ligne...<\/p>\r\n                            <\/div>\r\n                        <\/div>\r\n                    <\/div>\r\n                <\/div><div class=\"col col-sm-4 col-md-3\">\r\n                    <div class=\"wrap\">\r\n                        <div class=\"img-holder\">\r\n                            <a href=\"https:\/\/www.martherobin.com\/it\/son-heritage\/les-foyers-de-charite\/video-decouvrir-les-retraites-spirituelles-en-3-minutes\/\">\r\n                                <img decoding=\"async\" src=\"https:\/\/www.martherobin.com\/wp-content\/uploads\/2017\/02\/3minutes_DecouvrirRetraiteSpi-263x263.jpg\" alt=\"VIDEO : Scoprire i ritiri spirituali in 3 minuti\">\r\n                            <\/a>\r\n                            \r\n                        <\/div>\r\n                        <div class=\"desc\">\r\n                            <span class=\"category\">Il Foyers de Charit\u00e9<\/span>\r\n                            <span class=\"post-title\">\r\n                                <a href=\"https:\/\/www.martherobin.com\/it\/son-heritage\/les-foyers-de-charite\/video-decouvrir-les-retraites-spirituelles-en-3-minutes\/\">VIDEO : Scoprire i ritiri spirituali in 3 minuti<\/a>\r\n                            <\/span>\r\n                            <div class=\"text\">\r\n                                <p>Les Foyers de Charit\u00e9 VIDEO : D\u00e9couvrir les retraites spirituelles en 3...<\/p>\r\n                            <\/div>\r\n                        <\/div>\r\n                    <\/div>\r\n                <\/div><div class=\"col col-sm-4 col-md-3 add\">\r\n                    <div class=\"wrap\">\r\n                        <div class=\"img-holder\">\r\n                            <a href=\"https:\/\/www.martherobin.com\/it\/la-beatification\/marthe-robin-reconnue-venerable-par-le-pape-francois\/\">\r\n                                <img decoding=\"async\" src=\"https:\/\/www.martherobin.com\/wp-content\/uploads\/2016\/09\/beatification-etapes-e1524486373193-263x263.png\" alt=\"Marthe Robin riconosciuta \u201cvenerabile\u201d da Papa Francesco\">\r\n                            <\/a>\r\n                            \r\n                        <\/div>\r\n                        <div class=\"desc\">\r\n                            <span class=\"category\">La beatificazione<\/span>\r\n                            <span class=\"post-title\">\r\n                                <a href=\"https:\/\/www.martherobin.com\/it\/la-beatification\/marthe-robin-reconnue-venerable-par-le-pape-francois\/\">Marthe Robin riconosciuta \u201cvenerabile\u201d da Papa Francesco<\/a>\r\n                            <\/span>\r\n                            <div class=\"text\">\r\n                                <p>Une \u00e9tape essentielle vers une possible b\u00e9atification...<\/p>\r\n                            <\/div>\r\n                        <\/div>\r\n                    <\/div>\r\n                <\/div><div class=\"col col-sm-4 col-md-3\">\r\n                    <div class=\"wrap\">\r\n                        <div class=\"img-holder\">\r\n                            <a href=\"https:\/\/www.martherobin.com\/it\/son-message\/ranimer-dans-le-monde-lamour-qui-seteint\/\">\r\n                                <img decoding=\"async\" src=\"https:\/\/www.martherobin.com\/wp-content\/uploads\/2016\/09\/1-illustrations-site-rouges-22-263x263.jpg\" alt=\"Ravvivare nel mondo l\u2019amore che si spegne\">\r\n                            <\/a>\r\n                            \r\n                        <\/div>\r\n                        <div class=\"desc\">\r\n                            <span class=\"category\">Il suo messagio<\/span>\r\n                            <span class=\"post-title\">\r\n                                <a href=\"https:\/\/www.martherobin.com\/it\/son-message\/ranimer-dans-le-monde-lamour-qui-seteint\/\">Ravvivare nel mondo l\u2019amore che si spegne<\/a>\r\n                            <\/span>\r\n                            <div class=\"text\">\r\n                                <p>\u00ab Je t\u2019ai choisie pour ranimer dans le monde l\u2019Amour qui s\u2019\u00e9teint \u00bb, dira le Christ \u00e0 Marthe. Elle-m\u00eame...<\/p>\r\n                            <\/div>\r\n                        <\/div>\r\n                    <\/div>\r\n                <\/div><\/div><div class=\"row\"><div class=\"col col-sm-4 col-md-3\">\r\n                    <div class=\"wrap\">\r\n                        <div class=\"img-holder\">\r\n                            <a href=\"https:\/\/www.martherobin.com\/it\/son-message\/paroles-et-prieres\/priere-marthe-robin-o-mere-bien-aimee\/\">\r\n                                <img decoding=\"async\" src=\"https:\/\/www.martherobin.com\/wp-content\/uploads\/2016\/09\/NotreDameDuFoyer_Chateauneuf01-263x263.jpg\" alt=\"O Madre Diletta\">\r\n                            <\/a>\r\n                            \r\n                        <\/div>\r\n                        <div class=\"desc\">\r\n                            <span class=\"category\">Preghiere, parole e scritti<\/span>\r\n                            <span class=\"post-title\">\r\n                                <a href=\"https:\/\/www.martherobin.com\/it\/son-message\/paroles-et-prieres\/priere-marthe-robin-o-mere-bien-aimee\/\">O Madre Diletta<\/a>\r\n                            <\/span>\r\n                            <div class=\"text\">\r\n                                <p>\u00d4 M\u00e8re Bien-Aim\u00e9e, vous qui connaissez si bien les voies de la Saintet\u00e9 et de l\u2019Amour, apprenez-nous...<\/p>\r\n                            <\/div>\r\n                        <\/div>\r\n                    <\/div>\r\n                <\/div><div class=\"col col-sm-4 col-md-3 add\">\r\n                    <div class=\"wrap\">\r\n                        <div class=\"img-holder\">\r\n                            <a href=\"https:\/\/www.martherobin.com\/it\/son-message\/lamour-inconditionnel-de-dieu-pour-chaque-homme\/\">\r\n                                <img decoding=\"async\" src=\"https:\/\/www.martherobin.com\/wp-content\/uploads\/2016\/09\/1-illustrations-site-rouges-20-263x263.jpg\" alt=\"L\u2019amore incondizionato di Dio per ogni uomo\">\r\n                            <\/a>\r\n                            \r\n                        <\/div>\r\n                        <div class=\"desc\">\r\n                            <span class=\"category\">Il suo messagio<\/span>\r\n                            <span class=\"post-title\">\r\n                                <a href=\"https:\/\/www.martherobin.com\/it\/son-message\/lamour-inconditionnel-de-dieu-pour-chaque-homme\/\">L\u2019amore incondizionato di Dio per ogni uomo<\/a>\r\n                            <\/span>\r\n                            <div class=\"text\">\r\n                                <p>Les milliers de t\u00e9moignages concernant la fa\u00e7on dont Marthe accueillait ceux qui venaient la voir sont unanimes...<\/p>\r\n                            <\/div>\r\n                        <\/div>\r\n                    <\/div>\r\n                <\/div><div class=\"row\"><div class=\"col col-sm-4 col-md-3\">\r\n                    <div class=\"wrap\">\r\n                        <div class=\"img-holder\">\r\n                            <a href=\"https:\/\/www.martherobin.com\/it\/son-heritage\/les-foyers-de-charite\/\">\r\n                                <img decoding=\"async\" src=\"https:\/\/www.martherobin.com\/wp-content\/uploads\/2016\/09\/1-illustrations-site-rouges-24-263x263.jpg\" alt=\"Il Foyers de Charit\u00e9\">\r\n                            <\/a>\r\n                            \r\n                        <\/div>\r\n                        <div class=\"desc\">\r\n                            <span class=\"category\">La sua eredita<\/span>\r\n                            <span class=\"post-title\">\r\n                                <a href=\"https:\/\/www.martherobin.com\/it\/son-heritage\/les-foyers-de-charite\/\">Il Foyers de Charit\u00e9<\/a>\r\n                            <\/span>\r\n                            <div class=\"text\">\r\n                                <p>La cr\u00e9ation des Foyers de Charit\u00e9 repose sur la rencontre de Marthe Robin et d\u2019un pr\u00eatre, le p\u00e8re Georges Finet, en 1936. Aujourd\u2019hui pr\u00e9sents dans une quarantaine de pays, les Foyers de Charit\u00e9...<\/p>\r\n                            <\/div>\r\n                        <\/div>\r\n                    <\/div>\r\n                <\/div><div class=\"col col-sm-4 col-md-3\">\r\n                    <div class=\"wrap\">\r\n                        <div class=\"img-holder\">\r\n                            <a href=\"https:\/\/www.martherobin.com\/it\/son-message\/dieu-un-pere-tendre-et-compatissant\/stetherese-une-grande-soeur-pour-marthe-robin\/\">\r\n                                <img decoding=\"async\" src=\"https:\/\/www.martherobin.com\/wp-content\/uploads\/2016\/11\/Thrse-de-lEJ-10--263x263.jpg\" alt=\"Santa Teresa, una &#8220;sorella maggiore&#8221; per Marthe Robin\">\r\n                            <\/a>\r\n                            \r\n                        <\/div>\r\n                        <div class=\"desc\">\r\n                            <span class=\"category\">Dio, un padre tenero e compassionevole<\/span>\r\n                            <span class=\"post-title\">\r\n                                <a href=\"https:\/\/www.martherobin.com\/it\/son-message\/dieu-un-pere-tendre-et-compatissant\/stetherese-une-grande-soeur-pour-marthe-robin\/\">Santa Teresa, una &#8220;sorella maggiore&#8221; per Marthe Robin<\/a>\r\n                            <\/span>\r\n                            <div class=\"text\">\r\n                                <p>Entre Marthe Robin et Sainte Th\u00e9r\u00e8se de Lisieux, il existe une relation si forte qu'on peut parler d'amiti\u00e9 ou de parent\u00e9 spirituelle...<\/p>\r\n                            <\/div>\r\n                        <\/div>\r\n                    <\/div>\r\n                <\/div><div class=\"col col-sm-4 col-md-3 add\">\r\n                    <div class=\"wrap\">\r\n                        <div class=\"img-holder\">\r\n                            <a href=\"https:\/\/www.martherobin.com\/temoignage\/les-passions-de-marthe-robin-sophie-guex\/\">\r\n                                <img decoding=\"async\" src=\"https:\/\/www.martherobin.com\/wp-content\/uploads\/2017\/05\/SophieGuex2-e1523632218396-263x263.jpg\" alt=\"Sophie Guex : Comment se d\u00e9roulaient les &#8220;passions&#8221; de Marthe Robin ?\">\r\n                            <\/a>\r\n                            \r\n                        <\/div>\r\n                        <div class=\"desc\">\r\n                            <span class=\"category\">T\u00e9moignage<\/span>\r\n                            <span class=\"post-title\">\r\n                                <a href=\"https:\/\/www.martherobin.com\/temoignage\/les-passions-de-marthe-robin-sophie-guex\/\">Sophie Guex : Comment se d\u00e9roulaient les &#8220;passions&#8221; de Marthe Robin ?<\/a>\r\n                            <\/span>\r\n                            <div class=\"text\">\r\n                                <p>[VIDEO] Les carnets du p\u00e8re Faure nous permettent de retracer les \"Passions\" v\u00e9cues par Marthe Robin...<\/p>\r\n                            <\/div>\r\n                        <\/div>\r\n                    <\/div>\r\n                <\/div><div class=\"col col-sm-4 col-md-3\">\r\n                    <div class=\"wrap\">\r\n                        <div class=\"img-holder\">\r\n                            <a href=\"https:\/\/www.martherobin.com\/son-heritage\/les-communautes-liees-avec-marthe-robin\/video-marthe-est-une-grande-soeur-pour-moi-raphael-cornu-thenard\/\">\r\n                                <img decoding=\"async\" src=\"https:\/\/www.martherobin.com\/wp-content\/uploads\/2017\/02\/ITWRaphaelCornuThenard-263x263.jpg\" alt=\"VIDEO &#8220;Marthe est une grande soeur pour moi !&#8221; Rapha\u00ebl Cornu-Th\u00e9nard\">\r\n                            <\/a>\r\n                            \r\n                        <\/div>\r\n                        <div class=\"desc\">\r\n                            <span class=\"category\">Les communaut\u00e9s li\u00e9es avec Marthe Robin<\/span>\r\n                            <span class=\"post-title\">\r\n                                <a href=\"https:\/\/www.martherobin.com\/son-heritage\/les-communautes-liees-avec-marthe-robin\/video-marthe-est-une-grande-soeur-pour-moi-raphael-cornu-thenard\/\">VIDEO &#8220;Marthe est une grande soeur pour moi !&#8221; Rapha\u00ebl Cornu-Th\u00e9nard<\/a>\r\n                            <\/span>\r\n                            <div class=\"text\">\r\n                                <p>Interview de Rapha\u00ebl Cornu-Th\u00e9nard (Anuncio - Congr\u00e8s Mission) sur la place de Marthe Robin dans sa vie de \"disciple-missionnaire\" engag\u00e9 dans la nouvelle \u00e9vang\u00e9lisation...<\/p>\r\n                            <\/div>\r\n                        <\/div>\r\n                    <\/div>\r\n                <\/div><\/div><\/div><\/div>\n<\/div>\n<\/div>\n\n\t\t<\/div>\r\n\t<\/div>\r\n<\/section>\r\n<\/p>\n","protected":false},"excerpt":{"rendered":"Una immensa irradiazione Nascita e sviluppo dei Foyer de Charit\u00e9 Nascita e sviluppo dei Foyer de Charit\u00e9 A partire dal loro incontro nel 1936, Marthe Robin e padre Finet collaboreranno, ognuno a suo modo, per fondare e sviluppare il primo Foyer de Charit\u00e9 a Ch\u00e2teauneuf-de-Galaure. Un po\u2019 alla volta saranno fondati altri Foyer de Charit\u00e9,&#8230; <a class=\"view-article\" href=\"https:\/\/www.martherobin.com\/it\/sa-vie\/un-rayonnement-immense\/naissance-croissance-des-foyers-de-charite\/\">Mostra articolo<\/a>","protected":false},"author":6,"featured_media":4241,"parent":6727,"menu_order":2,"comment_status":"closed","ping_status":"closed","template":"templates\/page-lvl3.php","meta":{"footnotes":""},"class_list":["post-7092","page","type-page","status-publish","has-post-thumbnail","hentry"],"_links":{"self":[{"href":"https:\/\/www.martherobin.com\/it\/wp-json\/wp\/v2\/pages\/7092","targetHints":{"allow":["GET"]}}],"collection":[{"href":"https:\/\/www.martherobin.com\/it\/wp-json\/wp\/v2\/pages"}],"about":[{"href":"https:\/\/www.martherobin.com\/it\/wp-json\/wp\/v2\/types\/page"}],"author":[{"embeddable":true,"href":"https:\/\/www.martherobin.com\/it\/wp-json\/wp\/v2\/users\/6"}],"replies":[{"embeddable":true,"href":"https:\/\/www.martherobin.com\/it\/wp-json\/wp\/v2\/comments?post=7092"}],"version-history":[{"count":0,"href":"https:\/\/www.martherobin.com\/it\/wp-json\/wp\/v2\/pages\/7092\/revisions"}],"up":[{"embeddable":true,"href":"https:\/\/www.martherobin.com\/it\/wp-json\/wp\/v2\/pages\/6727"}],"wp:featuredmedia":[{"embeddable":true,"href":"https:\/\/www.martherobin.com\/it\/wp-json\/wp\/v2\/media\/4241"}],"wp:attachment":[{"href":"https:\/\/www.martherobin.com\/it\/wp-json\/wp\/v2\/media?parent=7092"}],"curies":[{"name":"wp","href":"https:\/\/api.w.org\/{rel}","templated":true}]}}