{"id":7082,"date":"2017-02-16T11:22:48","date_gmt":"2017-02-16T10:22:48","guid":{"rendered":"https:\/\/www.martherobin.com\/sa-vie\/lepreuve-de-la-maladie\/une-vie-qui-bascule\/"},"modified":"2018-04-23T17:33:29","modified_gmt":"2018-04-23T15:33:29","slug":"une-vie-qui-bascule","status":"publish","type":"page","link":"https:\/\/www.martherobin.com\/it\/sa-vie\/lepreuve-de-la-maladie\/une-vie-qui-bascule\/","title":{"rendered":"Una vita che entra in una fase nuova"},"content":{"rendered":"<p><div class=\"fw-main-row page-lvl3-block\"  >\r\n\t<div class=\"fw-container container\">\r\n\t\t<div class=\"frame\">\r\n\t\t\t<div class=\"fw-row\">\n\t<div class=\"fw-col-xs-12\">\n\t\r\n\t<h1><span>La prova della malattia<\/span><\/h1>\r\n\r\n\t<ul class=\"sous-menu\">\r\n\t\t\t<\/ul>\r\n\t<div class=\"menu-openclose\">\r\n\t\t<a href=\"#\" class=\"opener\">Una vita che entra in una fase nuova<\/a>\r\n\t\t<div class=\"slide js-slide-hidden\">\r\n\t\t\t<ul>\r\n\t\t\t\t\t\t\t<\/ul>\r\n\t\t<\/div>\r\n\t<\/div>\r\n\r\n\t<div class=\"top-area\">\r\n\t\t<h2>Una vita che entra in una fase nuova<\/h2>\r\n\t<\/div>\r\n\r\n<strong class=\"bold-text\"><p>Marthe Robin cresce come tutte le ragazzine di campagna all\u2019inizio del XX\u00b0 secolo. Ha una infanzia semplice, in una famiglia di contadini della Galaure, una zona collinare del dipartimento della Dr\u00f4me in Francia.<br \/>Marthe ama la vita; ha sogni e progetti.<br \/>Tuttavia, poco a poco dolori insopportabili, svenimenti e una paralisi progressiva la fanno entrare in un mondo di sofferenza fino ad allora sconosciuto.<\/p><\/strong><\/div>\n<\/div>\n\n<div class=\"fw-row\">\n\t<div class=\"fw-col-xs-12 fw-col-sm-8\">\n\t\r\n<p>Tutto sembra crollare di fronte alla prova, al non-senso del dolore. Dov\u2019\u00e8 Dio? Che cosa vuole per lei? Deve affrontare tantissime domande in questo momento in cui la sua vita entra in una fase nuova.<\/p><div class=\"fw-heading fw-heading-h3 \">\r\n\t<h3 class=\"fw-special-title \"><span class=\"\">Marthe, contadina della Galaure<\/span><\/h3>\t<\/div>\r\n\r\n<p>Marthe, nata all\u2019inizio del XX\u00b0 secolo, il 13 marzo 1902 a Ch\u00e2teauneuf-de-Galaure, un piccolo villaggio della \u201cDr\u00f4me des collines\u201d, \u00e8 figlia della campagna. In cima alla collina, su un altipiano che si chiama inspiegabilmente \u201cla Plaine\u201d, (= la Pianura) l\u2019orizzonte \u00e8 vasto e il vento soffia.<br \/>\u201c<em>Dal pioppo si vede un quarto della Francia<\/em>\u201d. <\/p><p>Nella sua frazione di \u201cMo\u00eflles\u201d, ci si sente assai lontani dal villaggio sottostante che si trova a due chilometri. La cascina dipendeva in quel tempo dalla parrocchia di St Bonnet-de-Galaure. E\u2019 l\u00e0 che Marthe \u00e8 battezzata il 5 aprile 1902.<\/p><p>Fin dalla sua pi\u00f9 tenera et\u00e0, e malgrado una salute fragile dovuta a una febbre tifoide contratta a l\u2019et\u00e0 di un anno, percorre la strada a piedi per andare a scuola, al catechismo o per fare la spesa. Segue il ritmo delle stagioni e dei lavori dei campi, vicino alla natura e agli animali. Occorre lavorare con impegno per vivere. Appena \u00e8 in grado di farlo, partecipa ai lavori della cascina in cui ciascuno fa il suo servizio.<\/p><p>Marthe sviluppa un rapporto personale e intimo con Dio.<br \/>\u201c<em>Ho sempre amato enormemente il buon Dio come una sua figlioletta<\/em>\u201d.<br \/>Le sue radici resteranno profondamente legate alla terra. Marthe, piena di buon senso, unisce una spiritualit\u00e0 profonda e un realismo infallibile.<\/p><p>La sua infanzia \u00e8 simile a quella di tante altre bambine. Marthe, che ha una natura gioiosa e birichina, pesta addirittura i piedi quando non \u00e8 contenta. Le veglie intorno al camino insieme ai vicini le procurano grande gioia. Si sbucciano le castagne o si schiacciano le noci ascoltando racconti delle leggende regionali. Una volta tirati fuori gli strumenti musicali, si comincia spontaneamente a ballare insieme.<br \/>Marthe nutre un profondo affetto per tutti i suoi e parla di suoi genitori come dei \u201c<em>due esseri pi\u00f9 cari che ho quaggi\u00f9<\/em>\u201d.<\/p><\/div>\n<div class=\"fw-col-xs-12 fw-col-sm-4\">\n\t<div class=\"text-right\"><img decoding=\"async\" src=\"\/\/www.martherobin.com\/wp-content\/uploads\/2016\/09\/Marthe-fauteuil.bmp\" alt=\"\/\/www.martherobin.com\/wp-content\/uploads\/2016\/09\/Marthe-fauteuil.bmp\" \/><\/div><\/div>\n<\/div>\n\n<div class=\"fw-row\">\n\t<div class=\"fw-col-xs-12\">\n\t\r\n<div class=\"col-md-10 pull-right\"><blockquote><p>Ho sempre amato enormemente il buon Dio come una sua figlioletta.<\/p><\/blockquote><\/div><\/div>\n<\/div>\n\n<div class=\"fw-row\">\n\t<div class=\"fw-col-xs-12 fw-col-sm-8\">\n\t<div class=\"fw-heading fw-heading-h3 \">\r\n\t<h3 class=\"fw-special-title \"><span class=\"\">La prova della malattia<\/span><\/h3>\t<\/div>\r\n\r\n<p>Quando \u00e8 adolescente, Marthe \u00e8 colpita da un\u2019encefalite. Cade per terra in cucina e chiede un dottore con grandi grida. Nessuno sa cosa possa avere. Si pensa a dei reumatismi.<br \/>Soffre dolori insopportabili, svenimenti e paralisi senza che i medici possano fare una diagnosi precisa.<\/p><p>La malattia avanza gradualmente, progredendo e regredendo. Nel 1919, le gambe si paralizzano. Fino al 1927 Marthe pu\u00f2 utilizzare le sue braccia. Nel 1930, una seconda fase della malattia provoca una paralisi totale delle vie digestive. Nel 1939, in un terzo momento di crisi sono colpiti i nervi oculari. Il pi\u00f9 debole raggio di luce la fa molto soffrire. Da questa data in poi vive nella penombra.<\/p><div class=\"fw-heading fw-heading-h3 \">\r\n\t<h3 class=\"fw-special-title \"><span class=\"\">Ribellione, scoraggiamento, speranza<\/span><\/h3>\t<\/div>\r\n\r\n<p>Dopo aver sperato di guarire, Marthe prova lo scoraggiamento. Si ribella. Vuole vivere, lotta per la sua salute. Si mette a ricamare per potersi comprare le medicine. Fa cure termali, ma senza ottenere alcun risultato. Combatte come ogni persona giovane che ama la vita e mette tutte le sue forze in questa battaglia per l\u2019esistenza. Tuttavia il suo futuro sembra sbarrato.<\/p><p>Che cosa vuole il Signore da lei? Come affrontare la malattia? A un\u2019et\u00e0 in cui si hanno tantissimi sogni, queste domande rimangono senza risposta.<br \/>\u201d<em>Tutti possono, e devono compiere la propria vocazione, ma io no\u2026 la vita si \u00e8 incaricata di togliermi le mie illusioni e di distruggere i miei progetti<\/em>\u201d.<\/p><p>Soffre anche a causa della solitudine. La sua famiglia lavora nei campi. Nei dintorni c\u2019\u00e8 sconcerto per questa malattia sconosciuta. E\u2019 contagiosa? E\u2019 forse pazza Marthe? Nessuno viene a trovarla.<\/p><\/div>\n<\/div>\n\n<div class=\"fw-row\">\n\t<div class=\"fw-col-xs-12\">\n\t\r\n<div class=\"col-md-10 pull-right\"><blockquote><p>Ho lottato con Dio. Secondo me starei molto meglio sotto terra che sopra.<\/p><\/blockquote><\/div><\/div>\n<\/div>\n\n<div class=\"fw-row\">\n\t<div class=\"fw-col-xs-12 fw-col-sm-8\">\n\t<div class=\"fw-heading fw-heading-h3 \">\r\n\t<h3 class=\"fw-special-title \"><span class=\"\">Fecondit\u00e0 di una vita di malata<\/span><\/h3>\t<\/div>\r\n\r\n<p>Marthe, nella sua situazione non si lascia andare e non si compiace nella sofferenza. Ma come dare un significato alla sua vita di malata?<\/p><p>Va avanti affrontando questa lotta. Non perde n\u00e9 la fede, n\u00e9 l\u2019amore, n\u00e9 la speranza. Si stabilisce una pace profonda in lei.<br \/><em>\" La pace durevole e profonda nasce nella preghiera e, pi\u00f9 sovente, nella sofferenza; assomiglia a un ruscello che scorre limpido, calmo e pacifico fra due rive fiorite. La pace \u00e8 buona, salutare mille volte pi\u00f9 del successo.\"<\/em><\/p><p>Nel mese di novembre 1928, avvolta in una profonda notte spirituale, Marthe vive un stravolgimento interiore. L\u2019esperienza dell\u2019amore infinito di Dio per lei le procura una consolazione infinita. Nulla sar\u00e0 pi\u00f9 come prima.<\/p><p>Nel 1930 Marthe scriver\u00e0:<\/p><\/div>\n<\/div>\n\n<div class=\"fw-row\">\n\t<div class=\"fw-col-xs-12\">\n\t\r\n<div class=\"col-md-10 pull-right\"><blockquote><p>Due anni fa desideravo ardentemente di morire per vedere Dio [...]. Ora sento che ho una missione da compiere.<br \/>Lotto passo per passo con la malattia.<\/p><\/blockquote><\/div><\/div>\n<\/div>\n\n<div class=\"fw-row\">\n\t<div class=\"fw-col-xs-12 fw-col-sm-8\">\n\t\r\n<p>Marthe ha ribaltato una situazione spaventosa, dandole un valore:<br \/>\u201c<em>Credo che la sofferenza fisica e morale abbia un effetto molto efficace e favorevole sulla mia attivit\u00e0 spirituale<\/em>\u201d.<br \/>\u201c<em>La sofferenza \u00e8 la scuola incomparabile del vero amore<\/em>\u201d.<\/p><p>Trova nella terribile prova della malattia, che avrebbe potuto annientarla, una sorgente di vita e di fecondit\u00e0.<br \/>\u201c<em>Il dolore, la sofferenza, non vengono dal Cielo, ma il soccorso s\u00ec, e la felicit\u00e0 \u00e8 l\u00ec<\/em>\u201d.<\/p><p>Il parroco e gli abitanti del villaggio si accorgono del cambiamento che c\u2019\u00e8 stato in Marthe.<\/p><p>Poco a poco si rinnovano le amicizie. Marthe, nella sua cameretta riceve sempre pi\u00f9 visitatori, che da lei si sentono subito a proprio agio. Ascolta, capisce, incoraggia.<\/p><\/div>\n<\/div>\n\n<div class=\"fw-row\">\n\t<div class=\"fw-col-xs-12\">\n\t\r\n<div class=\"col-md-10 pull-right\"><blockquote><p>Ora conosco la gioia pi\u00f9 pura che si possa conoscere, cio\u00e8 quella di vivere per gli altri e per la loro felicit\u00e0.<\/p><\/blockquote><\/div><\/div>\n<\/div>\n\n<div class=\"fw-row\">\n\t<div class=\"fw-col-xs-12\">\n\t\r\n<div class=\"col-md-10 pull-right\"><blockquote><p>Mio adorabile Ges\u00f9 (\u2026),<br \/>fai in modo che tutte le persone che mi avvicinano,<br \/>escano dalla mia stanza consolate se piangono,<br \/>sollevate se sono angosciate.<br \/>Contente per giorni interi,<br \/>grazie al ricordo di una parola, di uno sguardo, di un sorriso.<\/p><\/blockquote><\/div><\/div>\n<\/div>\n\n<div class=\"fw-row\">\n\t<div class=\"fw-col-xs-12 fw-col-sm-8\">\n\t\r\n<div><span class=\"line\">Leggere :<\/span><ul class=\"in-links\"><li><a href=\"https:\/\/www.martherobin.com\/it\/sa-vie\/lepreuve-de-la-maladie\/les-joies-et-les-peines-de-la-famille-de-marthe\/\">Le gioie e le pene della famiglia di Marthe<\/a><\/li><\/ul><\/div><\/div>\n<\/div>\n\n\t\t<\/div>\r\n\t<\/div>\r\n<\/div>\r\n<section class=\"fw-main-row discover-block\"  >\r\n\t<div class=\"fw-container container\">\r\n\t\t<div class=\"\">\r\n\t\t\t<div class=\"fw-row\">\n\t<div class=\"fw-col-xs-12\">\n\t<div class=\"shortcode-widget-area\"><div class=\"heading\">\r\n            <span class=\"title\">Approfondimento<\/span>\r\n        <\/div><div class=\"hold\"><div class=\"row\"><div class=\"col col-sm-4 col-md-3\">\r\n                    <div class=\"wrap\">\r\n                        <div class=\"img-holder\">\r\n                            <a href=\"https:\/\/www.martherobin.com\/it\/son-message\/paroles-et-prieres\/parcourir-le-journal\/\">\r\n                                <img decoding=\"async\" src=\"https:\/\/www.martherobin.com\/wp-content\/uploads\/2016\/12\/couverture_Journal-MartheRobin_1366202009153-263x263.png\" alt=\"Sfogliare il &#8220;Diario&#8221;\">\r\n                            <\/a>\r\n                            \r\n                        <\/div>\r\n                        <div class=\"desc\">\r\n                            <span class=\"category\">Preghiere, parole e scritti<\/span>\r\n                            <span class=\"post-title\">\r\n                                <a href=\"https:\/\/www.martherobin.com\/it\/son-message\/paroles-et-prieres\/parcourir-le-journal\/\">Sfogliare il &#8220;Diario&#8221;<\/a>\r\n                            <\/span>\r\n                            <div class=\"text\">\r\n                                <p>Le cheminement int\u00e9rieur de Marthe Robin est d\u00e9voil\u00e9 gr\u00e2ce \u00e0 la publication de son \"Journal\". D\u00e9couvrez-le en ligne...<\/p>\r\n                            <\/div>\r\n                        <\/div>\r\n                    <\/div>\r\n                <\/div><div class=\"col col-sm-4 col-md-3\">\r\n                    <div class=\"wrap\">\r\n                        <div class=\"img-holder\">\r\n                            <a href=\"https:\/\/www.martherobin.com\/it\/son-heritage\/les-foyers-de-charite\/video-decouvrir-les-retraites-spirituelles-en-3-minutes\/\">\r\n                                <img decoding=\"async\" src=\"https:\/\/www.martherobin.com\/wp-content\/uploads\/2017\/02\/3minutes_DecouvrirRetraiteSpi-263x263.jpg\" alt=\"VIDEO : Scoprire i ritiri spirituali in 3 minuti\">\r\n                            <\/a>\r\n                            \r\n                        <\/div>\r\n                        <div class=\"desc\">\r\n                            <span class=\"category\">Il Foyers de Charit\u00e9<\/span>\r\n                            <span class=\"post-title\">\r\n                                <a href=\"https:\/\/www.martherobin.com\/it\/son-heritage\/les-foyers-de-charite\/video-decouvrir-les-retraites-spirituelles-en-3-minutes\/\">VIDEO : Scoprire i ritiri spirituali in 3 minuti<\/a>\r\n                            <\/span>\r\n                            <div class=\"text\">\r\n                                <p>Les Foyers de Charit\u00e9 VIDEO : D\u00e9couvrir les retraites spirituelles en 3...<\/p>\r\n                            <\/div>\r\n                        <\/div>\r\n                    <\/div>\r\n                <\/div><div class=\"col col-sm-4 col-md-3 add\">\r\n                    <div class=\"wrap\">\r\n                        <div class=\"img-holder\">\r\n                            <a href=\"https:\/\/www.martherobin.com\/it\/la-beatification\/marthe-robin-reconnue-venerable-par-le-pape-francois\/\">\r\n                                <img decoding=\"async\" src=\"https:\/\/www.martherobin.com\/wp-content\/uploads\/2016\/09\/beatification-etapes-e1524486373193-263x263.png\" alt=\"Marthe Robin riconosciuta \u201cvenerabile\u201d da Papa Francesco\">\r\n                            <\/a>\r\n                            \r\n                        <\/div>\r\n                        <div class=\"desc\">\r\n                            <span class=\"category\">La beatificazione<\/span>\r\n                            <span class=\"post-title\">\r\n                                <a href=\"https:\/\/www.martherobin.com\/it\/la-beatification\/marthe-robin-reconnue-venerable-par-le-pape-francois\/\">Marthe Robin riconosciuta \u201cvenerabile\u201d da Papa Francesco<\/a>\r\n                            <\/span>\r\n                            <div class=\"text\">\r\n                                <p>Une \u00e9tape essentielle vers une possible b\u00e9atification...<\/p>\r\n                            <\/div>\r\n                        <\/div>\r\n                    <\/div>\r\n                <\/div><div class=\"col col-sm-4 col-md-3\">\r\n                    <div class=\"wrap\">\r\n                        <div class=\"img-holder\">\r\n                            <a href=\"https:\/\/www.martherobin.com\/it\/son-message\/ranimer-dans-le-monde-lamour-qui-seteint\/\">\r\n                                <img decoding=\"async\" src=\"https:\/\/www.martherobin.com\/wp-content\/uploads\/2016\/09\/1-illustrations-site-rouges-22-263x263.jpg\" alt=\"Ravvivare nel mondo l\u2019amore che si spegne\">\r\n                            <\/a>\r\n                            \r\n                        <\/div>\r\n                        <div class=\"desc\">\r\n                            <span class=\"category\">Il suo messagio<\/span>\r\n                            <span class=\"post-title\">\r\n                                <a href=\"https:\/\/www.martherobin.com\/it\/son-message\/ranimer-dans-le-monde-lamour-qui-seteint\/\">Ravvivare nel mondo l\u2019amore che si spegne<\/a>\r\n                            <\/span>\r\n                            <div class=\"text\">\r\n                                <p>\u00ab Je t\u2019ai choisie pour ranimer dans le monde l\u2019Amour qui s\u2019\u00e9teint \u00bb, dira le Christ \u00e0 Marthe. Elle-m\u00eame...<\/p>\r\n                            <\/div>\r\n                        <\/div>\r\n                    <\/div>\r\n                <\/div><\/div><div class=\"row\"><div class=\"col col-sm-4 col-md-3\">\r\n                    <div class=\"wrap\">\r\n                        <div class=\"img-holder\">\r\n                            <a href=\"https:\/\/www.martherobin.com\/it\/son-message\/paroles-et-prieres\/priere-marthe-robin-o-mere-bien-aimee\/\">\r\n                                <img decoding=\"async\" src=\"https:\/\/www.martherobin.com\/wp-content\/uploads\/2016\/09\/NotreDameDuFoyer_Chateauneuf01-263x263.jpg\" alt=\"O Madre Diletta\">\r\n                            <\/a>\r\n                            \r\n                        <\/div>\r\n                        <div class=\"desc\">\r\n                            <span class=\"category\">Preghiere, parole e scritti<\/span>\r\n                            <span class=\"post-title\">\r\n                                <a href=\"https:\/\/www.martherobin.com\/it\/son-message\/paroles-et-prieres\/priere-marthe-robin-o-mere-bien-aimee\/\">O Madre Diletta<\/a>\r\n                            <\/span>\r\n                            <div class=\"text\">\r\n                                <p>\u00d4 M\u00e8re Bien-Aim\u00e9e, vous qui connaissez si bien les voies de la Saintet\u00e9 et de l\u2019Amour, apprenez-nous...<\/p>\r\n                            <\/div>\r\n                        <\/div>\r\n                    <\/div>\r\n                <\/div><div class=\"col col-sm-4 col-md-3 add\">\r\n                    <div class=\"wrap\">\r\n                        <div class=\"img-holder\">\r\n                            <a href=\"https:\/\/www.martherobin.com\/it\/son-message\/lamour-inconditionnel-de-dieu-pour-chaque-homme\/\">\r\n                                <img decoding=\"async\" src=\"https:\/\/www.martherobin.com\/wp-content\/uploads\/2016\/09\/1-illustrations-site-rouges-20-263x263.jpg\" alt=\"L\u2019amore incondizionato di Dio per ogni uomo\">\r\n                            <\/a>\r\n                            \r\n                        <\/div>\r\n                        <div class=\"desc\">\r\n                            <span class=\"category\">Il suo messagio<\/span>\r\n                            <span class=\"post-title\">\r\n                                <a href=\"https:\/\/www.martherobin.com\/it\/son-message\/lamour-inconditionnel-de-dieu-pour-chaque-homme\/\">L\u2019amore incondizionato di Dio per ogni uomo<\/a>\r\n                            <\/span>\r\n                            <div class=\"text\">\r\n                                <p>Les milliers de t\u00e9moignages concernant la fa\u00e7on dont Marthe accueillait ceux qui venaient la voir sont unanimes...<\/p>\r\n                            <\/div>\r\n                        <\/div>\r\n                    <\/div>\r\n                <\/div><div class=\"row\"><div class=\"col col-sm-4 col-md-3\">\r\n                    <div class=\"wrap\">\r\n                        <div class=\"img-holder\">\r\n                            <a href=\"https:\/\/www.martherobin.com\/it\/son-heritage\/les-foyers-de-charite\/\">\r\n                                <img decoding=\"async\" src=\"https:\/\/www.martherobin.com\/wp-content\/uploads\/2016\/09\/1-illustrations-site-rouges-24-263x263.jpg\" alt=\"Il Foyers de Charit\u00e9\">\r\n                            <\/a>\r\n                            \r\n                        <\/div>\r\n                        <div class=\"desc\">\r\n                            <span class=\"category\">La sua eredita<\/span>\r\n                            <span class=\"post-title\">\r\n                                <a href=\"https:\/\/www.martherobin.com\/it\/son-heritage\/les-foyers-de-charite\/\">Il Foyers de Charit\u00e9<\/a>\r\n                            <\/span>\r\n                            <div class=\"text\">\r\n                                <p>La cr\u00e9ation des Foyers de Charit\u00e9 repose sur la rencontre de Marthe Robin et d\u2019un pr\u00eatre, le p\u00e8re Georges Finet, en 1936. Aujourd\u2019hui pr\u00e9sents dans une quarantaine de pays, les Foyers de Charit\u00e9...<\/p>\r\n                            <\/div>\r\n                        <\/div>\r\n                    <\/div>\r\n                <\/div><div class=\"col col-sm-4 col-md-3\">\r\n                    <div class=\"wrap\">\r\n                        <div class=\"img-holder\">\r\n                            <a href=\"https:\/\/www.martherobin.com\/it\/son-message\/dieu-un-pere-tendre-et-compatissant\/stetherese-une-grande-soeur-pour-marthe-robin\/\">\r\n                                <img decoding=\"async\" src=\"https:\/\/www.martherobin.com\/wp-content\/uploads\/2016\/11\/Thrse-de-lEJ-10--263x263.jpg\" alt=\"Santa Teresa, una &#8220;sorella maggiore&#8221; per Marthe Robin\">\r\n                            <\/a>\r\n                            \r\n                        <\/div>\r\n                        <div class=\"desc\">\r\n                            <span class=\"category\">Dio, un padre tenero e compassionevole<\/span>\r\n                            <span class=\"post-title\">\r\n                                <a href=\"https:\/\/www.martherobin.com\/it\/son-message\/dieu-un-pere-tendre-et-compatissant\/stetherese-une-grande-soeur-pour-marthe-robin\/\">Santa Teresa, una &#8220;sorella maggiore&#8221; per Marthe Robin<\/a>\r\n                            <\/span>\r\n                            <div class=\"text\">\r\n                                <p>Entre Marthe Robin et Sainte Th\u00e9r\u00e8se de Lisieux, il existe une relation si forte qu'on peut parler d'amiti\u00e9 ou de parent\u00e9 spirituelle...<\/p>\r\n                            <\/div>\r\n                        <\/div>\r\n                    <\/div>\r\n                <\/div><div class=\"col col-sm-4 col-md-3 add\">\r\n                    <div class=\"wrap\">\r\n                        <div class=\"img-holder\">\r\n                            <a href=\"https:\/\/www.martherobin.com\/temoignage\/les-passions-de-marthe-robin-sophie-guex\/\">\r\n                                <img decoding=\"async\" src=\"https:\/\/www.martherobin.com\/wp-content\/uploads\/2017\/05\/SophieGuex2-e1523632218396-263x263.jpg\" alt=\"Sophie Guex : Comment se d\u00e9roulaient les &#8220;passions&#8221; de Marthe Robin ?\">\r\n                            <\/a>\r\n                            \r\n                        <\/div>\r\n                        <div class=\"desc\">\r\n                            <span class=\"category\">T\u00e9moignage<\/span>\r\n                            <span class=\"post-title\">\r\n                                <a href=\"https:\/\/www.martherobin.com\/temoignage\/les-passions-de-marthe-robin-sophie-guex\/\">Sophie Guex : Comment se d\u00e9roulaient les &#8220;passions&#8221; de Marthe Robin ?<\/a>\r\n                            <\/span>\r\n                            <div class=\"text\">\r\n                                <p>[VIDEO] Les carnets du p\u00e8re Faure nous permettent de retracer les \"Passions\" v\u00e9cues par Marthe Robin...<\/p>\r\n                            <\/div>\r\n                        <\/div>\r\n                    <\/div>\r\n                <\/div><div class=\"col col-sm-4 col-md-3\">\r\n                    <div class=\"wrap\">\r\n                        <div class=\"img-holder\">\r\n                            <a href=\"https:\/\/www.martherobin.com\/son-heritage\/les-communautes-liees-avec-marthe-robin\/video-marthe-est-une-grande-soeur-pour-moi-raphael-cornu-thenard\/\">\r\n                                <img decoding=\"async\" src=\"https:\/\/www.martherobin.com\/wp-content\/uploads\/2017\/02\/ITWRaphaelCornuThenard-263x263.jpg\" alt=\"VIDEO &#8220;Marthe est une grande soeur pour moi !&#8221; Rapha\u00ebl Cornu-Th\u00e9nard\">\r\n                            <\/a>\r\n                            \r\n                        <\/div>\r\n                        <div class=\"desc\">\r\n                            <span class=\"category\">Les communaut\u00e9s li\u00e9es avec Marthe Robin<\/span>\r\n                            <span class=\"post-title\">\r\n                                <a href=\"https:\/\/www.martherobin.com\/son-heritage\/les-communautes-liees-avec-marthe-robin\/video-marthe-est-une-grande-soeur-pour-moi-raphael-cornu-thenard\/\">VIDEO &#8220;Marthe est une grande soeur pour moi !&#8221; Rapha\u00ebl Cornu-Th\u00e9nard<\/a>\r\n                            <\/span>\r\n                            <div class=\"text\">\r\n                                <p>Interview de Rapha\u00ebl Cornu-Th\u00e9nard (Anuncio - Congr\u00e8s Mission) sur la place de Marthe Robin dans sa vie de \"disciple-missionnaire\" engag\u00e9 dans la nouvelle \u00e9vang\u00e9lisation...<\/p>\r\n                            <\/div>\r\n                        <\/div>\r\n                    <\/div>\r\n                <\/div><\/div><\/div><\/div>\n<\/div>\n<\/div>\n\n\t\t<\/div>\r\n\t<\/div>\r\n<\/section>\r\n<\/p>\n","protected":false},"excerpt":{"rendered":"La prova della malattia Una vita che entra in una fase nuova Una vita che entra in una fase nuova Marthe Robin cresce come tutte le ragazzine di campagna all\u2019inizio del XX\u00b0 secolo. Ha una infanzia semplice, in una famiglia di contadini della Galaure, una zona collinare del dipartimento della Dr\u00f4me in Francia.Marthe ama la&#8230; <a class=\"view-article\" href=\"https:\/\/www.martherobin.com\/it\/sa-vie\/lepreuve-de-la-maladie\/une-vie-qui-bascule\/\">Mostra articolo<\/a>","protected":false},"author":6,"featured_media":0,"parent":6722,"menu_order":2,"comment_status":"closed","ping_status":"closed","template":"templates\/page-lvl3.php","meta":{"footnotes":""},"class_list":["post-7082","page","type-page","status-publish","hentry"],"_links":{"self":[{"href":"https:\/\/www.martherobin.com\/it\/wp-json\/wp\/v2\/pages\/7082","targetHints":{"allow":["GET"]}}],"collection":[{"href":"https:\/\/www.martherobin.com\/it\/wp-json\/wp\/v2\/pages"}],"about":[{"href":"https:\/\/www.martherobin.com\/it\/wp-json\/wp\/v2\/types\/page"}],"author":[{"embeddable":true,"href":"https:\/\/www.martherobin.com\/it\/wp-json\/wp\/v2\/users\/6"}],"replies":[{"embeddable":true,"href":"https:\/\/www.martherobin.com\/it\/wp-json\/wp\/v2\/comments?post=7082"}],"version-history":[{"count":0,"href":"https:\/\/www.martherobin.com\/it\/wp-json\/wp\/v2\/pages\/7082\/revisions"}],"up":[{"embeddable":true,"href":"https:\/\/www.martherobin.com\/it\/wp-json\/wp\/v2\/pages\/6722"}],"wp:attachment":[{"href":"https:\/\/www.martherobin.com\/it\/wp-json\/wp\/v2\/media?parent=7082"}],"curies":[{"name":"wp","href":"https:\/\/api.w.org\/{rel}","templated":true}]}}