{"id":7062,"date":"2017-02-16T17:11:01","date_gmt":"2017-02-16T16:11:01","guid":{"rendered":"https:\/\/www.martherobin.com\/son-message\/ranimer-dans-le-monde-lamour-qui-seteint\/lappel-a-la-saintete-de-tous-les-baptises\/"},"modified":"2018-04-23T16:30:18","modified_gmt":"2018-04-23T14:30:18","slug":"lappel-a-la-saintete-de-tous-les-baptises","status":"publish","type":"page","link":"https:\/\/www.martherobin.com\/it\/son-message\/ranimer-dans-le-monde-lamour-qui-seteint\/lappel-a-la-saintete-de-tous-les-baptises\/","title":{"rendered":"La chiamata alla santit\u00e0 di tutti i battezzati"},"content":{"rendered":"<p><div class=\"fw-main-row page-lvl3-block\"  >\r\n\t<div class=\"fw-container container\">\r\n\t\t<div class=\"frame\">\r\n\t\t\t<div class=\"fw-row\">\n\t<div class=\"fw-col-xs-12\">\n\t\r\n\t<h1><span>Ravvivare nel mondo l\u2019amore che si spegne<\/span><\/h1>\r\n\r\n\t<ul class=\"sous-menu\">\r\n\t\t\t<\/ul>\r\n\t<div class=\"menu-openclose\">\r\n\t\t<a href=\"#\" class=\"opener\">La chiamata alla santit\u00e0 di tutti i battezzati<\/a>\r\n\t\t<div class=\"slide js-slide-hidden\">\r\n\t\t\t<ul>\r\n\t\t\t\t\t\t\t<\/ul>\r\n\t\t<\/div>\r\n\t<\/div>\r\n\r\n\t<div class=\"top-area\">\r\n\t\t<h2>La chiamata alla santit\u00e0 di tutti i battezzati<\/h2>\r\n\t<\/div>\r\n\r\n<strong class=\"bold-text\"><p>\"<em>Mediante il nostro battesimo siamo stati inseriti, incorporati al Cristo<\/em>\".<br \/>Abbiamo pochi testi in cui Marthe parla esplicitamente del battesimo. Troviamo al contrario molti brani in cui parla della fede, di cui il battesimo \u00e8 una fonte.<\/p><\/strong><\/div>\n<\/div>\n\n<div class=\"fw-row\">\n\t<div class=\"fw-col-xs-12 fw-col-sm-8\">\n\t\r\n<p>Il sacramento del battesimo contiene in se tutto ci\u00f2 che \u00e8 necessario per una vita cristiana ricca e intensa. Tuttavia c\u2019\u00e8 bisogno di preghiera e di approfondimento della conoscenza della fede per sviluppare tutti i suoi doni:<\/p><p><em>\"Non si crede pi\u00f9 quando non si prega pi\u00f9. La fede, la speranza e la carit\u00e0 sono date con il Battesimo. Bisogna coltivare questo dono con la preghiera. La Santa Vergine ce lo insegner\u00e0\"<\/em><\/p><p>Il battesimo \u00e8 un trampolino verso la santit\u00e0 e l\u2019intimit\u00e0 con Dio!<\/p><div class=\"fw-heading fw-heading-h3 \">\r\n\t<h3 class=\"fw-special-title \"><span class=\"\">Il regalo del Battesimo<\/span><\/h3>\t<\/div>\r\n\r\n<p>Marthe \u00e8 stata battezzata nel piccolo battistero della chiesa di Saint-Bonnet-de-Galaure il 5 aprile 1902. Scoprir\u00e0 che ci\u00f2 che ha ricevuto quel giorno \u00e8 un dono immenso. Quando pensa al suo Battesimo, il suo primo riflesso \u00e8 la riconoscenza:<br \/>\u201c<em>Quante grazie nella nostra vita: la grazia del santo Battesimo, la grazia dell\u2019educazione cristiana, della prima comunione, della conversione, della vocazione, della perseveranza<\/em>\u201d.<\/p><p>Invita tutti i battezzati a questa preghiera di lode:<br \/>\u201c<em>Canta le meraviglie straordinarie operate in te: Egli ti ha creata figlia del suo Amore, ti ha adottata al battesimo, ti ha perdonato tutti i tuoi peccati, ti ha voluta per Lui solo, ti ha risuscitata nel suo Amore, Egli si dona a te per assimilarti a Lui, affinch\u00e9 tu sia la sua copia fedele, affinch\u00e9 tu scompaia in Lui e divenga un altro Lui\u2026<\/em>\u201d.<\/p><div class=\"fw-heading fw-heading-h3 \">\r\n\t<h3 class=\"fw-special-title \"><span class=\"\">Inizio della vita intima con Dio<\/span><\/h3>\t<\/div>\r\n\r\n<p>Nella vita di ogni cristiano, Marthe considera il Battesimo come l\u2019inizio di ci\u00f2 che lei chiama la \u201cvita intima con Dio\u201d: \u201c<em>Vita intima della creatura con il suo Creatore, con suo Padre, con Dio che l\u2019ama e la vivifica incessantemente<\/em>\u201d.<\/p><p>Per lei, questa \u201cvita intima con Dio\u201d non \u00e8 riservata a una categoria di cristiani; \u00e8 offerta a tutti. A un sacerdote, che era venuto a trovarla, Marthe faceva capire come tutto cambierebbe se si accettasse di vivere coscientemente con la Santa Trinit\u00e0, avendo un rapporto semplice, vivo, affettuoso con il Padre, il Figlio e lo Spirito Santo. <\/p><p>\"<em>Egli \u00e8 con voi, \u00e8 in voi<\/em>\u201d, diceva spesso.<\/p><\/div>\n<div class=\"fw-col-xs-12 fw-col-sm-4\">\n\t<div class=\"text-right\"><img decoding=\"async\" src=\"\/\/www.martherobin.com\/wp-content\/uploads\/2016\/09\/lappel-a-la-saintete-.png\" alt=\"\/\/www.martherobin.com\/wp-content\/uploads\/2016\/09\/lappel-a-la-saintete-.png\" \/><\/div><\/div>\n<\/div>\n\n<div class=\"fw-row\">\n\t<div class=\"fw-col-xs-12 fw-col-sm-8\">\n\t<div class=\"fw-heading fw-heading-h3 \">\r\n\t<h3 class=\"fw-special-title \"><span class=\"\">La potenza della preghiera<\/span><\/h3>\t<\/div>\r\n\r\n<p>A volte, quando i suoi \"visitatori\u201d venivano a cercare presso di lei luci per una decisione da prendere, Marthe non esitava a rinviarli alla presenza dello Spirito Santo in loro, che \u00e8 l\u00ec per consigliare e illuminare: \u201c<em>Non ho la missione di sostituirmi allo Spirito Santo<\/em>\u201d, disse un giorno a uno di loro, \u201c<em>Lei deve abituarsi a cercare con lo Spirito Santo le soluzioni secondo la volont\u00e0 di Dio<\/em>\u201d.<\/p><p>Un\u2019altra volta, Marthe risponde con fermezza: \"<em>Non sono i miei consigli che vi aiuteranno, \u00e8 la mia preghiera. Se ci fosse qualcosa di meglio della preghiera, il Signore nostro ce l\u2019avrebbe insegnato!<\/em>\u201d<\/p><p>Marthe incoraggia ed esorta chi afferma di aver perso la fede: <\/p><\/div>\n<\/div>\n\n<div class=\"fw-row\">\n\t<div class=\"fw-col-xs-12\">\n\t\r\n<div class=\"col-md-10 pull-right\"><blockquote><p>Alcuni ritengono di avere smarrito la fede, ma ce l'hanno sotto uno strato di cenere. Occorre soffiarci sopra per ravvivare la fiamma.<\/p><\/blockquote><\/div><\/div>\n<\/div>\n\n<div class=\"fw-row\">\n\t<div class=\"fw-col-xs-12 fw-col-sm-8\">\n\t<div class=\"fw-heading fw-heading-h3 \">\r\n\t<h3 class=\"fw-special-title \"><span class=\"\">Un dono da sviluppare per aumentare la fede <\/span><\/h3>\t<\/div>\r\n\r\n<p>Tuttavia, questo dono ricevuto al Battesimo, deve essere \u201cattivato\u201d, \u201csviluppato\u201d: \u201c<em>Dobbiamo incessantemente coltivare e far crescere questa vita interiore, la vita vera, coltivando e facendo crescere in noi la grande vita della fede e dell\u2019amore<\/em>\u201d. <\/p><p>Cos\u00ec Marthe chiede: \u201c<em>Ci ricordiamo di sviluppare la nostra fede?<\/em>\u201d. Marthe stessa ha costantemente cercato di comprendere meglio, di approfondire e sviluppare la fede del suo Battesimo. Sappiamo che ha letto molto fin dalla sua giovinezza, e che si era perfino abbonata a qualche rivista destinata alla formazione dei sacerdoti.<\/p><p>Marthe, una semplice contadina della Galaure, ci dona una delle sue regole di vita: <\/p><\/div>\n<\/div>\n\n<div class=\"fw-row\">\n\t<div class=\"fw-col-xs-12\">\n\t\r\n<div class=\"col-md-10 pull-right\"><blockquote><p>La nostra fede deve essere chiara e semplice, pia e intelligente. Bisogna studiare, riflettere per farsi delle convinzioni, delle idee sicure, bisogna impegnarsi per andare fino in fondo a se stessi e a ci\u00f2 che crediamo.<\/p><\/blockquote><\/div><\/div>\n<\/div>\n\n<div class=\"fw-row\">\n\t<div class=\"fw-col-xs-12 fw-col-sm-8\">\n\t\r\n<p>E\u2019 tutto il contrario di una religione semplicistica! La vita cristiana \u00e8 un tesoro, di cui noi siamo i primi responsabili.<\/p><div class=\"fw-heading fw-heading-h3 \">\r\n\t<h3 class=\"fw-special-title \"><span class=\"\">Figlia di Dio e missionaria<\/span><\/h3>\t<\/div>\r\n\r\n<p>Infine, Marthe sa che \u00e8 figlia di Dio fin dal Battesimo: \u201c<em>Dio \u00e8 mio Padre<\/em>\u201d. L\u2019ha detto e si \u00e8 impegnata a viverlo, a crederlo, anche se le prove e le umiliazioni sembravano provarle il contrario.<\/p><p><em>\u00ab Vorrei trovarmi in ogni luogo contemporaneamente per dire e ridire al mondo quanto il Buon Dio \u00e8 buono. Quanto Egli \u00e8 Padre, e Padre pieno di bont\u00e0 e di misericordia. \u00bb<\/em> Questa frase \u00e8 bella, ma colpisce ancora di pi\u00f9 sapendo che Marthe l\u2019ha pronunciata quando aveva 28 anni e si stava contorcendo sul suo divano da quasi un anno, mentre la malattia avanzava e il suo futuro era incerto.<\/p><p>Marthe ci insegna a vivere questa vita figliale col Padre, \u201c<em>non accontentandoci di ripetere certe formule, alcune belle preghiere alle quali dedichiamo tutta la nostra attenzione, ma coltivando nel nostro cuore una fede viva, che \u00e8 la base e la condizione essenziale della nostra vita in Dio e che Ges\u00f9 ha tanto richiesto in tutto il suo Vangelo<\/em>\u201d.<\/p><\/div>\n<\/div>\n\n<div class=\"fw-row\">\n\t<div class=\"fw-col-xs-12\">\n\t\r\n<div class=\"col-md-10 pull-right\"><blockquote><p>Vorrei trovarmi in ogni luogo contemporaneamente per dire e ridire al mondo quanto il Buon Dio \u00e8 buono. Quanto Egli \u00e8 Padre, e Padre pieno di bont\u00e0 e di misericordia.<\/p><\/blockquote><\/div><\/div>\n<\/div>\n\n<div class=\"fw-row\">\n\t<div class=\"fw-col-xs-12 fw-col-sm-8\">\n\t\r\n<div><span class=\"line\">Leggere :<\/span><ul class=\"in-links\"><li><a href=\"https:\/\/www.martherobin.com\/it\/son-message\/ranimer-dans-le-monde-lamour-qui-seteint\/une-femme-de-foi-et-une-pionniere-de-la-nouvelle-evangelisation\/\">Una donna di fede e pioniera della Nuova Evangelizzazione<\/a><\/li><\/ul><\/div><\/div>\n<\/div>\n\n\t\t<\/div>\r\n\t<\/div>\r\n<\/div>\r\n<section class=\"fw-main-row discover-block\"  >\r\n\t<div class=\"fw-container container\">\r\n\t\t<div class=\"\">\r\n\t\t\t<div class=\"fw-row\">\n\t<div class=\"fw-col-xs-12\">\n\t<div class=\"shortcode-widget-area\"><div class=\"heading\">\r\n            <span class=\"title\">Approfondimento<\/span>\r\n        <\/div><div class=\"hold\"><div class=\"row\"><div class=\"col col-sm-4 col-md-3\">\r\n                    <div class=\"wrap\">\r\n                        <div class=\"img-holder\">\r\n                            <a href=\"https:\/\/www.martherobin.com\/it\/son-message\/paroles-et-prieres\/parcourir-le-journal\/\">\r\n                                <img decoding=\"async\" src=\"https:\/\/www.martherobin.com\/wp-content\/uploads\/2016\/12\/couverture_Journal-MartheRobin_1366202009153-263x263.png\" alt=\"Sfogliare il &#8220;Diario&#8221;\">\r\n                            <\/a>\r\n                            \r\n                        <\/div>\r\n                        <div class=\"desc\">\r\n                            <span class=\"category\">Preghiere, parole e scritti<\/span>\r\n                            <span class=\"post-title\">\r\n                                <a href=\"https:\/\/www.martherobin.com\/it\/son-message\/paroles-et-prieres\/parcourir-le-journal\/\">Sfogliare il &#8220;Diario&#8221;<\/a>\r\n                            <\/span>\r\n                            <div class=\"text\">\r\n                                <p>Le cheminement int\u00e9rieur de Marthe Robin est d\u00e9voil\u00e9 gr\u00e2ce \u00e0 la publication de son \"Journal\". D\u00e9couvrez-le en ligne...<\/p>\r\n                            <\/div>\r\n                        <\/div>\r\n                    <\/div>\r\n                <\/div><div class=\"col col-sm-4 col-md-3\">\r\n                    <div class=\"wrap\">\r\n                        <div class=\"img-holder\">\r\n                            <a href=\"https:\/\/www.martherobin.com\/it\/son-heritage\/les-foyers-de-charite\/video-decouvrir-les-retraites-spirituelles-en-3-minutes\/\">\r\n                                <img decoding=\"async\" src=\"https:\/\/www.martherobin.com\/wp-content\/uploads\/2017\/02\/3minutes_DecouvrirRetraiteSpi-263x263.jpg\" alt=\"VIDEO : Scoprire i ritiri spirituali in 3 minuti\">\r\n                            <\/a>\r\n                            \r\n                        <\/div>\r\n                        <div class=\"desc\">\r\n                            <span class=\"category\">Il Foyers de Charit\u00e9<\/span>\r\n                            <span class=\"post-title\">\r\n                                <a href=\"https:\/\/www.martherobin.com\/it\/son-heritage\/les-foyers-de-charite\/video-decouvrir-les-retraites-spirituelles-en-3-minutes\/\">VIDEO : Scoprire i ritiri spirituali in 3 minuti<\/a>\r\n                            <\/span>\r\n                            <div class=\"text\">\r\n                                <p>Les Foyers de Charit\u00e9 VIDEO : D\u00e9couvrir les retraites spirituelles en 3...<\/p>\r\n                            <\/div>\r\n                        <\/div>\r\n                    <\/div>\r\n                <\/div><div class=\"col col-sm-4 col-md-3 add\">\r\n                    <div class=\"wrap\">\r\n                        <div class=\"img-holder\">\r\n                            <a href=\"https:\/\/www.martherobin.com\/it\/la-beatification\/marthe-robin-reconnue-venerable-par-le-pape-francois\/\">\r\n                                <img decoding=\"async\" src=\"https:\/\/www.martherobin.com\/wp-content\/uploads\/2016\/09\/beatification-etapes-e1524486373193-263x263.png\" alt=\"Marthe Robin riconosciuta \u201cvenerabile\u201d da Papa Francesco\">\r\n                            <\/a>\r\n                            \r\n                        <\/div>\r\n                        <div class=\"desc\">\r\n                            <span class=\"category\">La beatificazione<\/span>\r\n                            <span class=\"post-title\">\r\n                                <a href=\"https:\/\/www.martherobin.com\/it\/la-beatification\/marthe-robin-reconnue-venerable-par-le-pape-francois\/\">Marthe Robin riconosciuta \u201cvenerabile\u201d da Papa Francesco<\/a>\r\n                            <\/span>\r\n                            <div class=\"text\">\r\n                                <p>Une \u00e9tape essentielle vers une possible b\u00e9atification...<\/p>\r\n                            <\/div>\r\n                        <\/div>\r\n                    <\/div>\r\n                <\/div><div class=\"col col-sm-4 col-md-3\">\r\n                    <div class=\"wrap\">\r\n                        <div class=\"img-holder\">\r\n                            <a href=\"https:\/\/www.martherobin.com\/it\/son-message\/ranimer-dans-le-monde-lamour-qui-seteint\/\">\r\n                                <img decoding=\"async\" src=\"https:\/\/www.martherobin.com\/wp-content\/uploads\/2016\/09\/1-illustrations-site-rouges-22-263x263.jpg\" alt=\"Ravvivare nel mondo l\u2019amore che si spegne\">\r\n                            <\/a>\r\n                            \r\n                        <\/div>\r\n                        <div class=\"desc\">\r\n                            <span class=\"category\">Il suo messagio<\/span>\r\n                            <span class=\"post-title\">\r\n                                <a href=\"https:\/\/www.martherobin.com\/it\/son-message\/ranimer-dans-le-monde-lamour-qui-seteint\/\">Ravvivare nel mondo l\u2019amore che si spegne<\/a>\r\n                            <\/span>\r\n                            <div class=\"text\">\r\n                                <p>\u00ab Je t\u2019ai choisie pour ranimer dans le monde l\u2019Amour qui s\u2019\u00e9teint \u00bb, dira le Christ \u00e0 Marthe. Elle-m\u00eame...<\/p>\r\n                            <\/div>\r\n                        <\/div>\r\n                    <\/div>\r\n                <\/div><\/div><div class=\"row\"><div class=\"col col-sm-4 col-md-3\">\r\n                    <div class=\"wrap\">\r\n                        <div class=\"img-holder\">\r\n                            <a href=\"https:\/\/www.martherobin.com\/it\/son-message\/paroles-et-prieres\/priere-marthe-robin-o-mere-bien-aimee\/\">\r\n                                <img decoding=\"async\" src=\"https:\/\/www.martherobin.com\/wp-content\/uploads\/2016\/09\/NotreDameDuFoyer_Chateauneuf01-263x263.jpg\" alt=\"O Madre Diletta\">\r\n                            <\/a>\r\n                            \r\n                        <\/div>\r\n                        <div class=\"desc\">\r\n                            <span class=\"category\">Preghiere, parole e scritti<\/span>\r\n                            <span class=\"post-title\">\r\n                                <a href=\"https:\/\/www.martherobin.com\/it\/son-message\/paroles-et-prieres\/priere-marthe-robin-o-mere-bien-aimee\/\">O Madre Diletta<\/a>\r\n                            <\/span>\r\n                            <div class=\"text\">\r\n                                <p>\u00d4 M\u00e8re Bien-Aim\u00e9e, vous qui connaissez si bien les voies de la Saintet\u00e9 et de l\u2019Amour, apprenez-nous...<\/p>\r\n                            <\/div>\r\n                        <\/div>\r\n                    <\/div>\r\n                <\/div><div class=\"col col-sm-4 col-md-3 add\">\r\n                    <div class=\"wrap\">\r\n                        <div class=\"img-holder\">\r\n                            <a href=\"https:\/\/www.martherobin.com\/it\/son-message\/lamour-inconditionnel-de-dieu-pour-chaque-homme\/\">\r\n                                <img decoding=\"async\" src=\"https:\/\/www.martherobin.com\/wp-content\/uploads\/2016\/09\/1-illustrations-site-rouges-20-263x263.jpg\" alt=\"L\u2019amore incondizionato di Dio per ogni uomo\">\r\n                            <\/a>\r\n                            \r\n                        <\/div>\r\n                        <div class=\"desc\">\r\n                            <span class=\"category\">Il suo messagio<\/span>\r\n                            <span class=\"post-title\">\r\n                                <a href=\"https:\/\/www.martherobin.com\/it\/son-message\/lamour-inconditionnel-de-dieu-pour-chaque-homme\/\">L\u2019amore incondizionato di Dio per ogni uomo<\/a>\r\n                            <\/span>\r\n                            <div class=\"text\">\r\n                                <p>Les milliers de t\u00e9moignages concernant la fa\u00e7on dont Marthe accueillait ceux qui venaient la voir sont unanimes...<\/p>\r\n                            <\/div>\r\n                        <\/div>\r\n                    <\/div>\r\n                <\/div><div class=\"row\"><div class=\"col col-sm-4 col-md-3\">\r\n                    <div class=\"wrap\">\r\n                        <div class=\"img-holder\">\r\n                            <a href=\"https:\/\/www.martherobin.com\/it\/son-heritage\/les-foyers-de-charite\/\">\r\n                                <img decoding=\"async\" src=\"https:\/\/www.martherobin.com\/wp-content\/uploads\/2016\/09\/1-illustrations-site-rouges-24-263x263.jpg\" alt=\"Il Foyers de Charit\u00e9\">\r\n                            <\/a>\r\n                            \r\n                        <\/div>\r\n                        <div class=\"desc\">\r\n                            <span class=\"category\">La sua eredita<\/span>\r\n                            <span class=\"post-title\">\r\n                                <a href=\"https:\/\/www.martherobin.com\/it\/son-heritage\/les-foyers-de-charite\/\">Il Foyers de Charit\u00e9<\/a>\r\n                            <\/span>\r\n                            <div class=\"text\">\r\n                                <p>La cr\u00e9ation des Foyers de Charit\u00e9 repose sur la rencontre de Marthe Robin et d\u2019un pr\u00eatre, le p\u00e8re Georges Finet, en 1936. Aujourd\u2019hui pr\u00e9sents dans une quarantaine de pays, les Foyers de Charit\u00e9...<\/p>\r\n                            <\/div>\r\n                        <\/div>\r\n                    <\/div>\r\n                <\/div><div class=\"col col-sm-4 col-md-3\">\r\n                    <div class=\"wrap\">\r\n                        <div class=\"img-holder\">\r\n                            <a href=\"https:\/\/www.martherobin.com\/it\/son-message\/dieu-un-pere-tendre-et-compatissant\/stetherese-une-grande-soeur-pour-marthe-robin\/\">\r\n                                <img decoding=\"async\" src=\"https:\/\/www.martherobin.com\/wp-content\/uploads\/2016\/11\/Thrse-de-lEJ-10--263x263.jpg\" alt=\"Santa Teresa, una &#8220;sorella maggiore&#8221; per Marthe Robin\">\r\n                            <\/a>\r\n                            \r\n                        <\/div>\r\n                        <div class=\"desc\">\r\n                            <span class=\"category\">Dio, un padre tenero e compassionevole<\/span>\r\n                            <span class=\"post-title\">\r\n                                <a href=\"https:\/\/www.martherobin.com\/it\/son-message\/dieu-un-pere-tendre-et-compatissant\/stetherese-une-grande-soeur-pour-marthe-robin\/\">Santa Teresa, una &#8220;sorella maggiore&#8221; per Marthe Robin<\/a>\r\n                            <\/span>\r\n                            <div class=\"text\">\r\n                                <p>Entre Marthe Robin et Sainte Th\u00e9r\u00e8se de Lisieux, il existe une relation si forte qu'on peut parler d'amiti\u00e9 ou de parent\u00e9 spirituelle...<\/p>\r\n                            <\/div>\r\n                        <\/div>\r\n                    <\/div>\r\n                <\/div><div class=\"col col-sm-4 col-md-3 add\">\r\n                    <div class=\"wrap\">\r\n                        <div class=\"img-holder\">\r\n                            <a href=\"https:\/\/www.martherobin.com\/temoignage\/les-passions-de-marthe-robin-sophie-guex\/\">\r\n                                <img decoding=\"async\" src=\"https:\/\/www.martherobin.com\/wp-content\/uploads\/2017\/05\/SophieGuex2-e1523632218396-263x263.jpg\" alt=\"Sophie Guex : Comment se d\u00e9roulaient les &#8220;passions&#8221; de Marthe Robin ?\">\r\n                            <\/a>\r\n                            \r\n                        <\/div>\r\n                        <div class=\"desc\">\r\n                            <span class=\"category\">T\u00e9moignage<\/span>\r\n                            <span class=\"post-title\">\r\n                                <a href=\"https:\/\/www.martherobin.com\/temoignage\/les-passions-de-marthe-robin-sophie-guex\/\">Sophie Guex : Comment se d\u00e9roulaient les &#8220;passions&#8221; de Marthe Robin ?<\/a>\r\n                            <\/span>\r\n                            <div class=\"text\">\r\n                                <p>[VIDEO] Les carnets du p\u00e8re Faure nous permettent de retracer les \"Passions\" v\u00e9cues par Marthe Robin...<\/p>\r\n                            <\/div>\r\n                        <\/div>\r\n                    <\/div>\r\n                <\/div><div class=\"col col-sm-4 col-md-3\">\r\n                    <div class=\"wrap\">\r\n                        <div class=\"img-holder\">\r\n                            <a href=\"https:\/\/www.martherobin.com\/son-heritage\/les-communautes-liees-avec-marthe-robin\/video-marthe-est-une-grande-soeur-pour-moi-raphael-cornu-thenard\/\">\r\n                                <img decoding=\"async\" src=\"https:\/\/www.martherobin.com\/wp-content\/uploads\/2017\/02\/ITWRaphaelCornuThenard-263x263.jpg\" alt=\"VIDEO &#8220;Marthe est une grande soeur pour moi !&#8221; Rapha\u00ebl Cornu-Th\u00e9nard\">\r\n                            <\/a>\r\n                            \r\n                        <\/div>\r\n                        <div class=\"desc\">\r\n                            <span class=\"category\">Les communaut\u00e9s li\u00e9es avec Marthe Robin<\/span>\r\n                            <span class=\"post-title\">\r\n                                <a href=\"https:\/\/www.martherobin.com\/son-heritage\/les-communautes-liees-avec-marthe-robin\/video-marthe-est-une-grande-soeur-pour-moi-raphael-cornu-thenard\/\">VIDEO &#8220;Marthe est une grande soeur pour moi !&#8221; Rapha\u00ebl Cornu-Th\u00e9nard<\/a>\r\n                            <\/span>\r\n                            <div class=\"text\">\r\n                                <p>Interview de Rapha\u00ebl Cornu-Th\u00e9nard (Anuncio - Congr\u00e8s Mission) sur la place de Marthe Robin dans sa vie de \"disciple-missionnaire\" engag\u00e9 dans la nouvelle \u00e9vang\u00e9lisation...<\/p>\r\n                            <\/div>\r\n                        <\/div>\r\n                    <\/div>\r\n                <\/div><\/div><\/div><\/div>\n<\/div>\n<\/div>\n\n\t\t<\/div>\r\n\t<\/div>\r\n<\/section>\r\n<\/p>\n","protected":false},"excerpt":{"rendered":"Ravvivare nel mondo l\u2019amore che si spegne La chiamata alla santit\u00e0 di tutti i battezzati La chiamata alla santit\u00e0 di tutti i battezzati &#8220;Mediante il nostro battesimo siamo stati inseriti, incorporati al Cristo&#8221;.Abbiamo pochi testi in cui Marthe parla esplicitamente del battesimo. Troviamo al contrario molti brani in cui parla della fede, di cui il&#8230; <a class=\"view-article\" href=\"https:\/\/www.martherobin.com\/it\/son-message\/ranimer-dans-le-monde-lamour-qui-seteint\/lappel-a-la-saintete-de-tous-les-baptises\/\">Mostra articolo<\/a>","protected":false},"author":6,"featured_media":5449,"parent":6915,"menu_order":1,"comment_status":"closed","ping_status":"closed","template":"templates\/page-lvl3.php","meta":{"footnotes":""},"class_list":["post-7062","page","type-page","status-publish","has-post-thumbnail","hentry"],"_links":{"self":[{"href":"https:\/\/www.martherobin.com\/it\/wp-json\/wp\/v2\/pages\/7062","targetHints":{"allow":["GET"]}}],"collection":[{"href":"https:\/\/www.martherobin.com\/it\/wp-json\/wp\/v2\/pages"}],"about":[{"href":"https:\/\/www.martherobin.com\/it\/wp-json\/wp\/v2\/types\/page"}],"author":[{"embeddable":true,"href":"https:\/\/www.martherobin.com\/it\/wp-json\/wp\/v2\/users\/6"}],"replies":[{"embeddable":true,"href":"https:\/\/www.martherobin.com\/it\/wp-json\/wp\/v2\/comments?post=7062"}],"version-history":[{"count":0,"href":"https:\/\/www.martherobin.com\/it\/wp-json\/wp\/v2\/pages\/7062\/revisions"}],"up":[{"embeddable":true,"href":"https:\/\/www.martherobin.com\/it\/wp-json\/wp\/v2\/pages\/6915"}],"wp:featuredmedia":[{"embeddable":true,"href":"https:\/\/www.martherobin.com\/it\/wp-json\/wp\/v2\/media\/5449"}],"wp:attachment":[{"href":"https:\/\/www.martherobin.com\/it\/wp-json\/wp\/v2\/media?parent=7062"}],"curies":[{"name":"wp","href":"https:\/\/api.w.org\/{rel}","templated":true}]}}