{"id":6915,"date":"2016-12-08T23:43:51","date_gmt":"2016-12-08T22:43:51","guid":{"rendered":"https:\/\/www.martherobin.com\/son-message\/ranimer-dans-le-monde-lamour-qui-seteint\/"},"modified":"2018-04-20T19:22:14","modified_gmt":"2018-04-20T17:22:14","slug":"ranimer-dans-le-monde-lamour-qui-seteint","status":"publish","type":"page","link":"https:\/\/www.martherobin.com\/it\/son-message\/ranimer-dans-le-monde-lamour-qui-seteint\/","title":{"rendered":"Ravvivare nel mondo l\u2019amore che si spegne"},"content":{"rendered":"<p><div class=\"fw-main-row page-lvl3-block\"  >\r\n\t<div class=\"fw-container container\">\r\n\t\t<div class=\"frame\">\r\n\t\t\t<div class=\"fw-row\">\n\t<div class=\"fw-col-xs-12\">\n\t\r\n\t<h1><span>Il suo messagio<\/span><\/h1>\r\n\r\n\t<ul class=\"sous-menu\">\r\n\t\t\t\t<li>\r\n            <a href=\"https:\/\/www.martherobin.com\/it\/son-message\/dieu-un-pere-tendre-et-compatissant\/\">\r\n                <img decoding=\"async\" src=\"https:\/\/www.martherobin.com\/wp-content\/uploads\/2016\/09\/message-g-3.png\" alt=\"Dio, un padre tenero e compassionevole\"\/>\r\n                <span class=\"title\">Dio, un padre tenero e compassionevole<\/span>\r\n            <\/a>\r\n        <\/li>\r\n\t\t\t<li>\r\n            <a href=\"https:\/\/www.martherobin.com\/it\/son-message\/ranimer-dans-le-monde-lamour-qui-seteint\/\">\r\n                <img decoding=\"async\" src=\"https:\/\/www.martherobin.com\/wp-content\/uploads\/2016\/09\/Message-4.png\" alt=\"Ravvivare nel mondo l\u2019amore che si spegne\"\/>\r\n                <span class=\"title\">Ravvivare nel mondo l\u2019amore che si spegne<\/span>\r\n            <\/a>\r\n        <\/li>\r\n\t\t\t<li>\r\n            <a href=\"https:\/\/www.martherobin.com\/it\/son-message\/lamour-inconditionnel-de-dieu-pour-chaque-homme\/\">\r\n                <img decoding=\"async\" src=\"https:\/\/www.martherobin.com\/wp-content\/uploads\/2016\/09\/message-g-2.png\" alt=\"L\u2019amore incondizionato di Dio per ogni uomo\"\/>\r\n                <span class=\"title\">L\u2019amore incondizionato di Dio per ogni uomo<\/span>\r\n            <\/a>\r\n        <\/li>\r\n\t\t\t<li>\r\n            <a href=\"https:\/\/www.martherobin.com\/it\/son-message\/lamour-plus-fort-que-la-souffrance\/\">\r\n                <img decoding=\"async\" src=\"https:\/\/www.martherobin.com\/wp-content\/uploads\/2016\/09\/message-g-1.png\" alt=\"L\u2019amore pi\u00f9 forte della sofferenza\"\/>\r\n                <span class=\"title\">L\u2019amore pi\u00f9 forte della sofferenza<\/span>\r\n            <\/a>\r\n        <\/li>\r\n\t\t\t<li>\r\n            <a href=\"https:\/\/www.martherobin.com\/it\/son-message\/paroles-et-prieres\/\">\r\n                <img decoding=\"async\" src=\"https:\/\/www.martherobin.com\/wp-content\/uploads\/2016\/09\/message-g-5.png\" alt=\"Preghiere, parole e scritti\"\/>\r\n                <span class=\"title\">Preghiere, parole e scritti<\/span>\r\n            <\/a>\r\n        <\/li>\r\n\t\t<\/ul>\r\n\t<div class=\"menu-openclose\">\r\n\t\t<a href=\"#\" class=\"opener\">Ravvivare nel mondo l\u2019amore che si spegne<\/a>\r\n\t\t<div class=\"slide js-slide-hidden\">\r\n\t\t\t<ul>\r\n\t\t\t\t\t\t\t\t<li><a href=\"https:\/\/www.martherobin.com\/it\/son-message\/dieu-un-pere-tendre-et-compatissant\/\">Dio, un padre tenero e compassionevole<\/a><\/li>\r\n\t\t\t\t\t\t\t\t<li><a href=\"https:\/\/www.martherobin.com\/it\/son-message\/ranimer-dans-le-monde-lamour-qui-seteint\/\">Ravvivare nel mondo l\u2019amore che si spegne<\/a><\/li>\r\n\t\t\t\t\t\t\t\t<li><a href=\"https:\/\/www.martherobin.com\/it\/son-message\/lamour-inconditionnel-de-dieu-pour-chaque-homme\/\">L\u2019amore incondizionato di Dio per ogni uomo<\/a><\/li>\r\n\t\t\t\t\t\t\t\t<li><a href=\"https:\/\/www.martherobin.com\/it\/son-message\/lamour-plus-fort-que-la-souffrance\/\">L\u2019amore pi\u00f9 forte della sofferenza<\/a><\/li>\r\n\t\t\t\t\t\t\t\t<li><a href=\"https:\/\/www.martherobin.com\/it\/son-message\/paroles-et-prieres\/\">Preghiere, parole e scritti<\/a><\/li>\r\n\t\t\t\t\t\t\t<\/ul>\r\n\t\t<\/div>\r\n\t<\/div>\r\n\r\n\t<div class=\"top-area\">\r\n\t\t<h2>Ravvivare nel mondo l\u2019amore che si spegne<\/h2>\r\n\t<\/div>\r\n\r\n<strong class=\"bold-text\"><p><strong>Le intuizioni di Marthe Robin, per la loro profondezza, hanno scosso a lungo la Chiesa. Parecchie sue intuizioni fanno parte di ci\u00f2 che i Papi chiameranno la \u201cNuova Evangelizzazione\u201d: un impegno missionario rinnovato dei cristiani, preti e battezzati insieme, in un mondo via via pi\u00f9 secolarizzato. Per fare ci\u00f2, \u00e8 necessario che i laici accedano a una formazione rigorosa alla luce della fede, nutrita da una frequentazione assidua di Dio attraverso la preghiera e i sacramenti.<\/strong><\/p><\/strong><\/div>\n<\/div>\n\n<div class=\"fw-row\">\n\t<div class=\"fw-col-xs-12 fw-col-sm-8\">\n\t\r\n<p><em>\u00abTi ho scelta per ravvivare nel mondo l\u2019Amore che si spegne\u00bb<\/em>, dir\u00e0 Ges\u00f9 a Marthe.<\/p><p>Il cammino vissuto e proposto da Marthe, cammino fatto d\u2019interiorit\u00e0 profonda e di contemplazione, contrasta con il mondo agitato e frastornante in cui viviamo. Ma sarebbe un errore considerare che Marthe, inferma e reclusa in una casa sperduta del dipartimento francese della Dr\u00f4me, non abbia piena consapevolezza del frastuono e dell\u2019agitazione proprie del XX\u00b0 secolo. Al contrario, lei ne ha una consapevolezza profonda, innanzitutto attraverso le numerosissime visite che riceve, e poi perch\u00e9 i dolori che accompagnano la sua vita quotidiana non la abbandonano mai: questo aspetto della sofferenza e della fatica che lei vive, e che \u00e8 paragonabile alla fatica che deriva dall\u2019eccesso di attivit\u00e0 e dal brusio incessante del mondo contemporaneo, permettono senza dubbio a Marthe di poter comprendere profondamente la vita degli uomini e delle donne d\u2019oggi.<\/p><div class=\"fw-heading fw-heading-h3 \">\r\n\t<h3 class=\"fw-special-title \"><span class=\"\">\u201cBisogna studiare, riflettere per farsi delle convinzioni\u201d<\/span><\/h3>\t<\/div>\r\n\r\n<p>Senza alcun dubbio, un aspetto di cui Marthe Robin sente particolare bisogno, \u00e8 quello di astrarsi dal quotidiano per ritrovare il Signore, cuore a cuore, isolata dal mondo, per seminare meglio la parola di Dio nel mondo. E\u2019 per questo motivo che Marthe insiste molto sulla formazione dei laici:<\/p><\/div>\n<div class=\"fw-col-xs-12 fw-col-sm-4\">\n\t<div class=\"text-right\"><img decoding=\"async\" src=\"\/\/www.martherobin.com\/wp-content\/uploads\/2016\/09\/pentecote.jpg\" alt=\"\/\/www.martherobin.com\/wp-content\/uploads\/2016\/09\/pentecote.jpg\" height=\"200\" \/><\/div><\/div>\n<\/div>\n\n<div class=\"fw-row\">\n\t<div class=\"fw-col-xs-12\">\n\t\r\n<div class=\"col-md-10 pull-right\"><blockquote><p>Alcuni ritengono di avere smarrito la fede, ma ce l\u2019hanno sotto uno strato di cenere.<br \/>Occorre soffiarci sopra per ravvivare la fiamma<\/p><\/blockquote><\/div><\/div>\n<\/div>\n\n<div class=\"fw-row\">\n\t<div class=\"fw-col-xs-12 fw-col-sm-8\">\n\t\r\n<p>Il battesimo getta un seme che deve essere accompagnato in profondit\u00e0 perch\u00e9 possa crescere rigoglioso:<br \/>\u00ab <em>Questa vita interiore, questa vita vera, dobbiamo coltivarla e farla crescere senza fine, coltivando e facendo crescere in noi la grande vita della fede e dell\u2019amore<\/em>\u00bb.<\/p><p>Lei stessa legge tantissimo e cerca, senza stancarsi mai, di conoscere:<\/p><\/div>\n<\/div>\n\n<div class=\"fw-row\">\n\t<div class=\"fw-col-xs-12\">\n\t\r\n<div class=\"col-md-10 pull-right\"><blockquote><p>La nostra fede deve essere chiara e semplice, pia e intelligente.<br \/>Bisogna studiare, riflettere per farsi delle convinzioni, delle idee sicure, bisogna impegnarsi per andare fino in fondo a se stessi e a ci\u00f2 che crediamo<\/p><\/blockquote><\/div><\/div>\n<\/div>\n\n<div class=\"fw-row\">\n\t<div class=\"fw-col-xs-12 fw-col-sm-8\">\n\t<div class=\"fw-heading fw-heading-h3 \">\r\n\t<h3 class=\"fw-special-title \"><span class=\"\">Una nuova Pentecoste d\u2019amore sul mondo<\/span><\/h3>\t<\/div>\r\n\r\n<p>A partire dal 1936, Marthe riceve la rivelazione di una \u201cNuova Pentecoste d\u2019Amore\u201d che deve irradiarsi sul mondo dopo un rinnovamento della Chiesa, e nella quale i laici avranno un grande ruolo. Questa \u00e8 la ragione profonda della creazione dei Foyer de Charit\u00e9. Nello spirito di Marthe, la missione e l\u2019evangelizzazione non devono essere l\u2019opera riservata di sacerdoti e religiosi. La sua intuizione, che pare totalmente innovatrice per l\u2019epoca, \u00e8 che ogni battezzato \u00e8 co-responsabile del messaggio del Vangelo, ci\u00f2 che il Vaticano II chiamer\u00e0 diversi anni pi\u00f9 tardi il \u201csacerdozio universale dei fedeli\u201d. <\/p><p>\u00c8 proprio nella relazione fruttuosa tra il sacerdote e i laici che si svilupper\u00e0 nel mondo un nuovo annuncio del Vangelo. I Foyer de Charit\u00e9 sono proprio questo: dei luoghi in cui vivono laici formati intellettualmente e spiritualmente, sotto la direzione spirituale di un sacerdote, che aiutano a far emergere, nel popolo di Dio, la vocazione naturale del battezzato all\u2019evangelizzazione di se stesso e del mondo.<\/p><p>Dal momento che il sacerdote non \u00e8 dimenticato nella visione di Marthe, nella sua preghiera, lei chiede a Dio: \u201c<em>Moltiplica i santi attraverso i tuoi sacerdoti affinch\u00e9, per mezzo di essi, i santi si moltiplichino a loro volta nel mondo<\/em>\u201d. E\u2019 attraverso i sacerdoti che i laici possono affermare e aumentare la loro fede, ed \u00e8 sotto la loro paterna direzione che il popolo di Dio crescer\u00e0 e si santificher\u00e0.<\/p><\/div>\n<\/div>\n\n<div class=\"fw-row\">\n\t<div class=\"fw-col-xs-12\">\n\t\r\n<div class=\"col-md-10 pull-right\"><blockquote><p>\u00abMoltiplica i santi attraverso i tuoi sacerdoti affinch\u00e9, per mezzo di essi, i santi si moltiplichino a loro volta nel mondo.\u00bb<\/p><\/blockquote><\/div><\/div>\n<\/div>\n\n<div class=\"fw-row\">\n\t<div class=\"fw-col-xs-12 fw-col-sm-8\">\n\t<div class=\"fw-heading fw-heading-h3 \">\r\n\t<h3 class=\"fw-special-title \"><span class=\"\">Marthe, apostolo della Nuova Evangelizzazione<\/span><\/h3>\t<\/div>\r\n\r\n<p>Un giorno, il filosofo e Accademico di Francia Jean Guitton chiese a Marthe come lei si rappresentasse la \u201cPentecoste d\u2019Amore\u201d di cui parlava. La risposta di Marthe fu luminosa:<\/p><p><em>\u00a0\" Oh! Per nulla sotto una forma straordinaria. La vedo come pacifica, lenta. Penso che si manifester\u00e0 un po\u2019 alla volta, passo dopo passo. Penso anche che sia gi\u00e0 cominciata. Quanto all\u2019avvenire, lei sa che mi si attribuiscono parecchie idee riguardo all\u2019avvenire. Io non so niente, salvo una cosa: che l\u2019avvenire \u00e8 Ges\u00f9.\"<\/em><\/p><p>Questa nuova Pentecoste, Marthe non la vede quindi come un evento straordinario e improvviso, ma piuttosto come una maturazione lenta, progressiva e quasi invisibile, sull\u2019immagine della presenza discreta di Dio sul Monte Oreb. E in nessun caso, questa speranza di un rinnovamento profondo posa su una visione critica e pessimista della Chiesa, di cui lei rimane sempre una figlia obbediente, in pienezza e senza vincoli. Al contrario, la sua intuizione di una nuova Pentecoste \u00e8 una speranza piena di gioia e di fiducia.<\/p><\/div>\n<\/div>\n\n<div class=\"fw-row\">\n\t<div class=\"fw-col-xs-12\">\n\t\r\n<div class=\"col-md-10 pull-right\"><p>Molti sono coloro che vedono in Marthe un vero apostolo della Nuova Evangelizzazione. E ancora oggi, i membri dei Foyer de Charit\u00e9, come anche la ventina di altre nuove comunit\u00e0 che Marthe ha accompagnato o aiutato nella crescita, vivono di questa intuizione: <strong>che \u00e8 grazie ai laici che questi luoghi di santit\u00e0 (i Foyer), chiamati ad espandersi sempre di pi\u00f9 fino a ricoprire la terra, cambieranno il mondo in profondit\u00e0<\/strong>.<\/p><\/div><\/div>\n<\/div>\n\n<div class=\"fw-row\">\n\t<div class=\"fw-col-xs-12 fw-col-sm-8\">\n\t\r\n<p><span class=\"line\">Leggere :<\/span><ul class=\"in-links\"><li><a href=\"https:\/\/www.martherobin.com\/it\/son-message\/ranimer-dans-le-monde-lamour-qui-seteint\/une-femme-de-foi-et-une-pionniere-de-la-nouvelle-evangelisation\/\">Una donna di fede e pioniera della Nuova Evangelizzazione<\/a><\/li><li><a href=\"https:\/\/www.martherobin.com\/it\/son-message\/ranimer-dans-le-monde-lamour-qui-seteint\/lappel-a-la-saintete-de-tous-les-baptises\/\">La chiamata alla santit\u00e0 di tutti i battezzati<\/a><\/li><\/ul><\/p><\/div>\n<\/div>\n\n\t\t<\/div>\r\n\t<\/div>\r\n<\/div>\r\n<section class=\"fw-main-row discover-block\"  >\r\n\t<div class=\"fw-container container\">\r\n\t\t<div class=\"\">\r\n\t\t\t<div class=\"fw-row\">\n\t<div class=\"fw-col-xs-12\">\n\t<div class=\"shortcode-widget-area\"><div class=\"heading\">\r\n            <span class=\"title\">Approfondimento<\/span>\r\n        <\/div><div class=\"hold\"><div class=\"row\"><div class=\"col col-sm-4 col-md-3\">\r\n                    <div class=\"wrap\">\r\n                        <div class=\"img-holder\">\r\n                            <a href=\"https:\/\/www.martherobin.com\/it\/son-message\/paroles-et-prieres\/parcourir-le-journal\/\">\r\n                                <img decoding=\"async\" src=\"https:\/\/www.martherobin.com\/wp-content\/uploads\/2016\/12\/couverture_Journal-MartheRobin_1366202009153-263x263.png\" alt=\"Sfogliare il &#8220;Diario&#8221;\">\r\n                            <\/a>\r\n                            \r\n                        <\/div>\r\n                        <div class=\"desc\">\r\n                            <span class=\"category\">Preghiere, parole e scritti<\/span>\r\n                            <span class=\"post-title\">\r\n                                <a href=\"https:\/\/www.martherobin.com\/it\/son-message\/paroles-et-prieres\/parcourir-le-journal\/\">Sfogliare il &#8220;Diario&#8221;<\/a>\r\n                            <\/span>\r\n                            <div class=\"text\">\r\n                                <p>Le cheminement int\u00e9rieur de Marthe Robin est d\u00e9voil\u00e9 gr\u00e2ce \u00e0 la publication de son \"Journal\". D\u00e9couvrez-le en ligne...<\/p>\r\n                            <\/div>\r\n                        <\/div>\r\n                    <\/div>\r\n                <\/div><div class=\"col col-sm-4 col-md-3\">\r\n                    <div class=\"wrap\">\r\n                        <div class=\"img-holder\">\r\n                            <a href=\"https:\/\/www.martherobin.com\/it\/son-heritage\/les-foyers-de-charite\/video-decouvrir-les-retraites-spirituelles-en-3-minutes\/\">\r\n                                <img decoding=\"async\" src=\"https:\/\/www.martherobin.com\/wp-content\/uploads\/2017\/02\/3minutes_DecouvrirRetraiteSpi-263x263.jpg\" alt=\"VIDEO : Scoprire i ritiri spirituali in 3 minuti\">\r\n                            <\/a>\r\n                            \r\n                        <\/div>\r\n                        <div class=\"desc\">\r\n                            <span class=\"category\">Il Foyers de Charit\u00e9<\/span>\r\n                            <span class=\"post-title\">\r\n                                <a href=\"https:\/\/www.martherobin.com\/it\/son-heritage\/les-foyers-de-charite\/video-decouvrir-les-retraites-spirituelles-en-3-minutes\/\">VIDEO : Scoprire i ritiri spirituali in 3 minuti<\/a>\r\n                            <\/span>\r\n                            <div class=\"text\">\r\n                                <p>Les Foyers de Charit\u00e9 VIDEO : D\u00e9couvrir les retraites spirituelles en 3...<\/p>\r\n                            <\/div>\r\n                        <\/div>\r\n                    <\/div>\r\n                <\/div><div class=\"col col-sm-4 col-md-3 add\">\r\n                    <div class=\"wrap\">\r\n                        <div class=\"img-holder\">\r\n                            <a href=\"https:\/\/www.martherobin.com\/it\/la-beatification\/marthe-robin-reconnue-venerable-par-le-pape-francois\/\">\r\n                                <img decoding=\"async\" src=\"https:\/\/www.martherobin.com\/wp-content\/uploads\/2016\/09\/beatification-etapes-e1524486373193-263x263.png\" alt=\"Marthe Robin riconosciuta \u201cvenerabile\u201d da Papa Francesco\">\r\n                            <\/a>\r\n                            \r\n                        <\/div>\r\n                        <div class=\"desc\">\r\n                            <span class=\"category\">La beatificazione<\/span>\r\n                            <span class=\"post-title\">\r\n                                <a href=\"https:\/\/www.martherobin.com\/it\/la-beatification\/marthe-robin-reconnue-venerable-par-le-pape-francois\/\">Marthe Robin riconosciuta \u201cvenerabile\u201d da Papa Francesco<\/a>\r\n                            <\/span>\r\n                            <div class=\"text\">\r\n                                <p>Une \u00e9tape essentielle vers une possible b\u00e9atification...<\/p>\r\n                            <\/div>\r\n                        <\/div>\r\n                    <\/div>\r\n                <\/div><div class=\"col col-sm-4 col-md-3\">\r\n                    <div class=\"wrap\">\r\n                        <div class=\"img-holder\">\r\n                            <a href=\"https:\/\/www.martherobin.com\/it\/son-message\/ranimer-dans-le-monde-lamour-qui-seteint\/\">\r\n                                <img decoding=\"async\" src=\"https:\/\/www.martherobin.com\/wp-content\/uploads\/2016\/09\/1-illustrations-site-rouges-22-263x263.jpg\" alt=\"Ravvivare nel mondo l\u2019amore che si spegne\">\r\n                            <\/a>\r\n                            \r\n                        <\/div>\r\n                        <div class=\"desc\">\r\n                            <span class=\"category\">Il suo messagio<\/span>\r\n                            <span class=\"post-title\">\r\n                                <a href=\"https:\/\/www.martherobin.com\/it\/son-message\/ranimer-dans-le-monde-lamour-qui-seteint\/\">Ravvivare nel mondo l\u2019amore che si spegne<\/a>\r\n                            <\/span>\r\n                            <div class=\"text\">\r\n                                <p>\u00ab Je t\u2019ai choisie pour ranimer dans le monde l\u2019Amour qui s\u2019\u00e9teint \u00bb, dira le Christ \u00e0 Marthe. Elle-m\u00eame...<\/p>\r\n                            <\/div>\r\n                        <\/div>\r\n                    <\/div>\r\n                <\/div><\/div><div class=\"row\"><div class=\"col col-sm-4 col-md-3\">\r\n                    <div class=\"wrap\">\r\n                        <div class=\"img-holder\">\r\n                            <a href=\"https:\/\/www.martherobin.com\/it\/son-message\/paroles-et-prieres\/priere-marthe-robin-o-mere-bien-aimee\/\">\r\n                                <img decoding=\"async\" src=\"https:\/\/www.martherobin.com\/wp-content\/uploads\/2016\/09\/NotreDameDuFoyer_Chateauneuf01-263x263.jpg\" alt=\"O Madre Diletta\">\r\n                            <\/a>\r\n                            \r\n                        <\/div>\r\n                        <div class=\"desc\">\r\n                            <span class=\"category\">Preghiere, parole e scritti<\/span>\r\n                            <span class=\"post-title\">\r\n                                <a href=\"https:\/\/www.martherobin.com\/it\/son-message\/paroles-et-prieres\/priere-marthe-robin-o-mere-bien-aimee\/\">O Madre Diletta<\/a>\r\n                            <\/span>\r\n                            <div class=\"text\">\r\n                                <p>\u00d4 M\u00e8re Bien-Aim\u00e9e, vous qui connaissez si bien les voies de la Saintet\u00e9 et de l\u2019Amour, apprenez-nous...<\/p>\r\n                            <\/div>\r\n                        <\/div>\r\n                    <\/div>\r\n                <\/div><div class=\"col col-sm-4 col-md-3 add\">\r\n                    <div class=\"wrap\">\r\n                        <div class=\"img-holder\">\r\n                            <a href=\"https:\/\/www.martherobin.com\/it\/son-message\/lamour-inconditionnel-de-dieu-pour-chaque-homme\/\">\r\n                                <img decoding=\"async\" src=\"https:\/\/www.martherobin.com\/wp-content\/uploads\/2016\/09\/1-illustrations-site-rouges-20-263x263.jpg\" alt=\"L\u2019amore incondizionato di Dio per ogni uomo\">\r\n                            <\/a>\r\n                            \r\n                        <\/div>\r\n                        <div class=\"desc\">\r\n                            <span class=\"category\">Il suo messagio<\/span>\r\n                            <span class=\"post-title\">\r\n                                <a href=\"https:\/\/www.martherobin.com\/it\/son-message\/lamour-inconditionnel-de-dieu-pour-chaque-homme\/\">L\u2019amore incondizionato di Dio per ogni uomo<\/a>\r\n                            <\/span>\r\n                            <div class=\"text\">\r\n                                <p>Les milliers de t\u00e9moignages concernant la fa\u00e7on dont Marthe accueillait ceux qui venaient la voir sont unanimes...<\/p>\r\n                            <\/div>\r\n                        <\/div>\r\n                    <\/div>\r\n                <\/div><div class=\"row\"><div class=\"col col-sm-4 col-md-3\">\r\n                    <div class=\"wrap\">\r\n                        <div class=\"img-holder\">\r\n                            <a href=\"https:\/\/www.martherobin.com\/it\/son-heritage\/les-foyers-de-charite\/\">\r\n                                <img decoding=\"async\" src=\"https:\/\/www.martherobin.com\/wp-content\/uploads\/2016\/09\/1-illustrations-site-rouges-24-263x263.jpg\" alt=\"Il Foyers de Charit\u00e9\">\r\n                            <\/a>\r\n                            \r\n                        <\/div>\r\n                        <div class=\"desc\">\r\n                            <span class=\"category\">La sua eredita<\/span>\r\n                            <span class=\"post-title\">\r\n                                <a href=\"https:\/\/www.martherobin.com\/it\/son-heritage\/les-foyers-de-charite\/\">Il Foyers de Charit\u00e9<\/a>\r\n                            <\/span>\r\n                            <div class=\"text\">\r\n                                <p>La cr\u00e9ation des Foyers de Charit\u00e9 repose sur la rencontre de Marthe Robin et d\u2019un pr\u00eatre, le p\u00e8re Georges Finet, en 1936. Aujourd\u2019hui pr\u00e9sents dans une quarantaine de pays, les Foyers de Charit\u00e9...<\/p>\r\n                            <\/div>\r\n                        <\/div>\r\n                    <\/div>\r\n                <\/div><div class=\"col col-sm-4 col-md-3\">\r\n                    <div class=\"wrap\">\r\n                        <div class=\"img-holder\">\r\n                            <a href=\"https:\/\/www.martherobin.com\/it\/son-message\/dieu-un-pere-tendre-et-compatissant\/stetherese-une-grande-soeur-pour-marthe-robin\/\">\r\n                                <img decoding=\"async\" src=\"https:\/\/www.martherobin.com\/wp-content\/uploads\/2016\/11\/Thrse-de-lEJ-10--263x263.jpg\" alt=\"Santa Teresa, una &#8220;sorella maggiore&#8221; per Marthe Robin\">\r\n                            <\/a>\r\n                            \r\n                        <\/div>\r\n                        <div class=\"desc\">\r\n                            <span class=\"category\">Dio, un padre tenero e compassionevole<\/span>\r\n                            <span class=\"post-title\">\r\n                                <a href=\"https:\/\/www.martherobin.com\/it\/son-message\/dieu-un-pere-tendre-et-compatissant\/stetherese-une-grande-soeur-pour-marthe-robin\/\">Santa Teresa, una &#8220;sorella maggiore&#8221; per Marthe Robin<\/a>\r\n                            <\/span>\r\n                            <div class=\"text\">\r\n                                <p>Entre Marthe Robin et Sainte Th\u00e9r\u00e8se de Lisieux, il existe une relation si forte qu'on peut parler d'amiti\u00e9 ou de parent\u00e9 spirituelle...<\/p>\r\n                            <\/div>\r\n                        <\/div>\r\n                    <\/div>\r\n                <\/div><div class=\"col col-sm-4 col-md-3 add\">\r\n                    <div class=\"wrap\">\r\n                        <div class=\"img-holder\">\r\n                            <a href=\"https:\/\/www.martherobin.com\/temoignage\/les-passions-de-marthe-robin-sophie-guex\/\">\r\n                                <img decoding=\"async\" src=\"https:\/\/www.martherobin.com\/wp-content\/uploads\/2017\/05\/SophieGuex2-e1523632218396-263x263.jpg\" alt=\"Sophie Guex : Comment se d\u00e9roulaient les &#8220;passions&#8221; de Marthe Robin ?\">\r\n                            <\/a>\r\n                            \r\n                        <\/div>\r\n                        <div class=\"desc\">\r\n                            <span class=\"category\">T\u00e9moignage<\/span>\r\n                            <span class=\"post-title\">\r\n                                <a href=\"https:\/\/www.martherobin.com\/temoignage\/les-passions-de-marthe-robin-sophie-guex\/\">Sophie Guex : Comment se d\u00e9roulaient les &#8220;passions&#8221; de Marthe Robin ?<\/a>\r\n                            <\/span>\r\n                            <div class=\"text\">\r\n                                <p>[VIDEO] Les carnets du p\u00e8re Faure nous permettent de retracer les \"Passions\" v\u00e9cues par Marthe Robin...<\/p>\r\n                            <\/div>\r\n                        <\/div>\r\n                    <\/div>\r\n                <\/div><div class=\"col col-sm-4 col-md-3\">\r\n                    <div class=\"wrap\">\r\n                        <div class=\"img-holder\">\r\n                            <a href=\"https:\/\/www.martherobin.com\/son-heritage\/les-communautes-liees-avec-marthe-robin\/video-marthe-est-une-grande-soeur-pour-moi-raphael-cornu-thenard\/\">\r\n                                <img decoding=\"async\" src=\"https:\/\/www.martherobin.com\/wp-content\/uploads\/2017\/02\/ITWRaphaelCornuThenard-263x263.jpg\" alt=\"VIDEO &#8220;Marthe est une grande soeur pour moi !&#8221; Rapha\u00ebl Cornu-Th\u00e9nard\">\r\n                            <\/a>\r\n                            \r\n                        <\/div>\r\n                        <div class=\"desc\">\r\n                            <span class=\"category\">Les communaut\u00e9s li\u00e9es avec Marthe Robin<\/span>\r\n                            <span class=\"post-title\">\r\n                                <a href=\"https:\/\/www.martherobin.com\/son-heritage\/les-communautes-liees-avec-marthe-robin\/video-marthe-est-une-grande-soeur-pour-moi-raphael-cornu-thenard\/\">VIDEO &#8220;Marthe est une grande soeur pour moi !&#8221; Rapha\u00ebl Cornu-Th\u00e9nard<\/a>\r\n                            <\/span>\r\n                            <div class=\"text\">\r\n                                <p>Interview de Rapha\u00ebl Cornu-Th\u00e9nard (Anuncio - Congr\u00e8s Mission) sur la place de Marthe Robin dans sa vie de \"disciple-missionnaire\" engag\u00e9 dans la nouvelle \u00e9vang\u00e9lisation...<\/p>\r\n                            <\/div>\r\n                        <\/div>\r\n                    <\/div>\r\n                <\/div><\/div><\/div><\/div>\n<\/div>\n<\/div>\n\n\t\t<\/div>\r\n\t<\/div>\r\n<\/section>\r\n<\/p>\n","protected":false},"excerpt":{"rendered":"\u00ab Je t\u2019ai choisie pour ranimer dans le monde l\u2019Amour qui s\u2019\u00e9teint \u00bb, dira le Christ \u00e0 Marthe. Elle-m\u00eame&#8230;","protected":false},"author":6,"featured_media":5397,"parent":6781,"menu_order":1,"comment_status":"closed","ping_status":"closed","template":"templates\/page-lvl3.php","meta":{"footnotes":""},"class_list":["post-6915","page","type-page","status-publish","has-post-thumbnail","hentry"],"_links":{"self":[{"href":"https:\/\/www.martherobin.com\/it\/wp-json\/wp\/v2\/pages\/6915","targetHints":{"allow":["GET"]}}],"collection":[{"href":"https:\/\/www.martherobin.com\/it\/wp-json\/wp\/v2\/pages"}],"about":[{"href":"https:\/\/www.martherobin.com\/it\/wp-json\/wp\/v2\/types\/page"}],"author":[{"embeddable":true,"href":"https:\/\/www.martherobin.com\/it\/wp-json\/wp\/v2\/users\/6"}],"replies":[{"embeddable":true,"href":"https:\/\/www.martherobin.com\/it\/wp-json\/wp\/v2\/comments?post=6915"}],"version-history":[{"count":0,"href":"https:\/\/www.martherobin.com\/it\/wp-json\/wp\/v2\/pages\/6915\/revisions"}],"up":[{"embeddable":true,"href":"https:\/\/www.martherobin.com\/it\/wp-json\/wp\/v2\/pages\/6781"}],"wp:featuredmedia":[{"embeddable":true,"href":"https:\/\/www.martherobin.com\/it\/wp-json\/wp\/v2\/media\/5397"}],"wp:attachment":[{"href":"https:\/\/www.martherobin.com\/it\/wp-json\/wp\/v2\/media?parent=6915"}],"curies":[{"name":"wp","href":"https:\/\/api.w.org\/{rel}","templated":true}]}}