{"id":6786,"date":"2016-12-08T23:35:11","date_gmt":"2016-12-08T22:35:11","guid":{"rendered":"https:\/\/www.martherobin.com\/son-message\/dieu-un-pere-tendre-et-compatissant\/"},"modified":"2018-04-18T17:20:00","modified_gmt":"2018-04-18T15:20:00","slug":"dieu-un-pere-tendre-et-compatissant","status":"publish","type":"page","link":"https:\/\/www.martherobin.com\/it\/son-message\/dieu-un-pere-tendre-et-compatissant\/","title":{"rendered":"Dio, un padre tenero e compassionevole"},"content":{"rendered":"<p><div class=\"fw-main-row page-lvl3-block\"  >\r\n\t<div class=\"fw-container container\">\r\n\t\t<div class=\"frame\">\r\n\t\t\t<div class=\"fw-row\">\n\t<div class=\"fw-col-xs-12\">\n\t\r\n\t<h1><span>Il suo messagio<\/span><\/h1>\r\n\r\n\t<ul class=\"sous-menu\">\r\n\t\t\t\t<li>\r\n            <a href=\"https:\/\/www.martherobin.com\/it\/son-message\/dieu-un-pere-tendre-et-compatissant\/\">\r\n                <img decoding=\"async\" src=\"https:\/\/www.martherobin.com\/wp-content\/uploads\/2016\/09\/Message-3.png\" alt=\"Dio, un padre tenero e compassionevole\"\/>\r\n                <span class=\"title\">Dio, un padre tenero e compassionevole<\/span>\r\n            <\/a>\r\n        <\/li>\r\n\t\t\t<li>\r\n            <a href=\"https:\/\/www.martherobin.com\/it\/son-message\/ranimer-dans-le-monde-lamour-qui-seteint\/\">\r\n                <img decoding=\"async\" src=\"https:\/\/www.martherobin.com\/wp-content\/uploads\/2016\/09\/message-g-4.png\" alt=\"Ravvivare nel mondo l\u2019amore che si spegne\"\/>\r\n                <span class=\"title\">Ravvivare nel mondo l\u2019amore che si spegne<\/span>\r\n            <\/a>\r\n        <\/li>\r\n\t\t\t<li>\r\n            <a href=\"https:\/\/www.martherobin.com\/it\/son-message\/lamour-inconditionnel-de-dieu-pour-chaque-homme\/\">\r\n                <img decoding=\"async\" src=\"https:\/\/www.martherobin.com\/wp-content\/uploads\/2016\/09\/message-g-2.png\" alt=\"L\u2019amore incondizionato di Dio per ogni uomo\"\/>\r\n                <span class=\"title\">L\u2019amore incondizionato di Dio per ogni uomo<\/span>\r\n            <\/a>\r\n        <\/li>\r\n\t\t\t<li>\r\n            <a href=\"https:\/\/www.martherobin.com\/it\/son-message\/lamour-plus-fort-que-la-souffrance\/\">\r\n                <img decoding=\"async\" src=\"https:\/\/www.martherobin.com\/wp-content\/uploads\/2016\/09\/message-g-1.png\" alt=\"L\u2019amore pi\u00f9 forte della sofferenza\"\/>\r\n                <span class=\"title\">L\u2019amore pi\u00f9 forte della sofferenza<\/span>\r\n            <\/a>\r\n        <\/li>\r\n\t\t\t<li>\r\n            <a href=\"https:\/\/www.martherobin.com\/it\/son-message\/paroles-et-prieres\/\">\r\n                <img decoding=\"async\" src=\"https:\/\/www.martherobin.com\/wp-content\/uploads\/2016\/09\/message-g-5.png\" alt=\"Preghiere, parole e scritti\"\/>\r\n                <span class=\"title\">Preghiere, parole e scritti<\/span>\r\n            <\/a>\r\n        <\/li>\r\n\t\t<\/ul>\r\n\t<div class=\"menu-openclose\">\r\n\t\t<a href=\"#\" class=\"opener\">Dio, un padre tenero e compassionevole<\/a>\r\n\t\t<div class=\"slide js-slide-hidden\">\r\n\t\t\t<ul>\r\n\t\t\t\t\t\t\t\t<li><a href=\"https:\/\/www.martherobin.com\/it\/son-message\/dieu-un-pere-tendre-et-compatissant\/\">Dio, un padre tenero e compassionevole<\/a><\/li>\r\n\t\t\t\t\t\t\t\t<li><a href=\"https:\/\/www.martherobin.com\/it\/son-message\/ranimer-dans-le-monde-lamour-qui-seteint\/\">Ravvivare nel mondo l\u2019amore che si spegne<\/a><\/li>\r\n\t\t\t\t\t\t\t\t<li><a href=\"https:\/\/www.martherobin.com\/it\/son-message\/lamour-inconditionnel-de-dieu-pour-chaque-homme\/\">L\u2019amore incondizionato di Dio per ogni uomo<\/a><\/li>\r\n\t\t\t\t\t\t\t\t<li><a href=\"https:\/\/www.martherobin.com\/it\/son-message\/lamour-plus-fort-que-la-souffrance\/\">L\u2019amore pi\u00f9 forte della sofferenza<\/a><\/li>\r\n\t\t\t\t\t\t\t\t<li><a href=\"https:\/\/www.martherobin.com\/it\/son-message\/paroles-et-prieres\/\">Preghiere, parole e scritti<\/a><\/li>\r\n\t\t\t\t\t\t\t<\/ul>\r\n\t\t<\/div>\r\n\t<\/div>\r\n\r\n\t<div class=\"top-area\">\r\n\t\t<h2>Dio, un padre tenero e compassionevole<\/h2>\r\n\t<\/div>\r\n\r\n<strong class=\"bold-text\"><p><strong>Marthe Robin ha vissuto in maniera incredibile l\u2019affetto di Dio, non solo Padre ma, oseremmo dire, anche \u201cPap\u00e0\u201d. Sull\u2019esempio di Santa Teresa del Bambino Ges\u00f9, la tenerezza di Dio \u00e8 il cuore del suo messaggio. Questa tenerezza si \u00e8 manifestata a Marthe in maniera concreta durante tutta la sua vita, anche nella sofferenza pi\u00f9 intensa, vedendola sempre impegnata a farla conoscere in maniera tangibile.<\/strong><\/p><\/strong><\/div>\n<\/div>\n\n<div class=\"fw-row\">\n\t<div class=\"fw-col-xs-12 fw-col-sm-8\">\n\t\r\n<p>L\u2019amore di Dio come Padre \u00e8 un aspetto essenziale in Marthe. Quando Marthe prende l\u2019impegno decisivo ad affidare la sua vita nelle mani di Dio, in maniera del tutto naturale lei cerca la paternit\u00e0 consolante di Colui che Ges\u00f9 ci ha manifestato come Padre. Scrive: \u201c<em>Il mio cuore palpita e vibra di riconoscenza nel continuo pensiero che questo Dio cos\u00ec grande non \u00e8 soltanto buono, vero, amabile, misericordioso, compassionevole, ma ci ama anche. Prova per noi pi\u00f9 che una semplice bont\u00e0. Lui ci ama e il suo amore \u00e8 infinito proprio come Lui<\/em>\u201d.<\/p>\r\n<blockquote><p>L\u2019amore di Dio \u00e8 l\u2019amore forte e protettivo di un padre, l\u2019amore straordinario di una madre<\/p><\/blockquote><div class=\"fw-heading fw-heading-h3 \">\r\n\t<h3 class=\"fw-special-title \"><span class=\"\">La paternit\u00e0 di Dio \u00e8 guaritrice<\/span><\/h3>\t<\/div>\r\n\r\n<p>La paternit\u00e0 di Dio non \u00e8 soltanto una paternit\u00e0 sostitutiva, una proiezione di una paternit\u00e0 perfetta il cui scopo \u00e8 di rimediare alle mancanze del padre terreno. Tant\u2019\u00e8 che pi\u00f9 Marthe si rivolge al Padre celeste, pi\u00f9 ama il suo pap\u00e0 terreno con tutti i suoi limiti. Se ne ha la testimonianza nei suoi scritti, ma anche nelle parole commoventi che lei pronuncia spesso il venerd\u00ec quando rivive con Ges\u00f9 la sua Passione: in quei momenti lei prega intensamente per Joseph Robin, offrendo per lui le sue sofferenze: \u201c<em>Benedici i miei genitori. Benedici il mio pap\u00e0, benedici la mia mamma, benedici mio fratello\u2026 Benedici le mie sorelle\u2026 Benedici tutti i loro figli\u2026 <\/em>\u201c.<\/p><p><!--more--><\/p><p>Una delle ferite meno conosciute della vita di Marthe Robin \u00e8 proprio la relazione difficile con suo padre. Alla sua nascita, il pettegolezzo che Marthe non sia sua figlia ma quella di un operaio dell\u2019azienda agricola di famiglia. Joseph Robin riconoscer\u00e0 poi Marthe come sua figlia, volendole bene; ma la malattia render\u00e0 il loro rapporto complicato. Diversi testimoni lo udiranno rivolgersi al Cielo dicendo: \u201c<em>Che cosa ho fatto per meritarmi una figlia cos\u00ec<\/em>?\u201d, e rifiuta addirittura di pronunciare il suo nome. Una lettera di Marthe del 1927 testimonia di questa difficolt\u00e0 di pap\u00e0 Robin nell\u2019entrare in relazione con sua figlia, al riguardo di uno degli episodi della sua malattia: \u201c<em>E\u2019 stato necessario dire parole un po\u2019 dure a mio padre e fargli provare vergogna perch\u00e9 riuscissi a farlo andare a cercarmi dell\u2019aiuto \u2013 deve ben sforzarsi per avere un cuore cos\u00ec duro che nulla fa vibrare, nemmeno il sangue del suo sangue disteso sulla croce\u2026 povero sfortunato padre, lo compiango per essere cos\u00ec duro, \u00e8 vero che in questi cinque anni che sono stata malata lui non si sia per nulla turbato pi\u00f9 che non per il suo cane [\u2026] Desidero per lui solo felicit\u00e0 e tenerezza, per me \u00e8 cos\u00ec dolce amare, ma non glielo dimostro nemmeno pi\u00f9, \u00e8 al di sopra delle mie forze; ed \u00e8 perch\u00e9 sono cristiana che dimostro semplicemente dell\u2019indifferenza<\/em>\u201d. <\/p><div class=\"fw-heading fw-heading-h3 \">\r\n\t<h3 class=\"fw-special-title \"><span class=\"\">Rivelare il viso di bont\u00e0 di Dio<\/span><\/h3>\t<\/div>\r\n\r\n<p>Nella vita di Marthe, la paternit\u00e0 di Dio si esprime innanzitutto attraverso la sua relazione con il suo primo padre spirituale, padre Faure, un prete della sua parrocchia. E\u2019 per mezzo di lui che Marthe gusta, dopo aver ricevuto il Cristo come sposo, amico e fratello, la tenera paternit\u00e0 di Dio.<\/p><\/div>\n<div class=\"fw-col-xs-12 fw-col-sm-4\">\n\t<div class=\"text-right\"><img decoding=\"async\" src=\"\/\/www.martherobin.com\/wp-content\/uploads\/2016\/09\/Dieu-un-pere-tendre.jpg\" alt=\"\/\/www.martherobin.com\/wp-content\/uploads\/2016\/09\/Dieu-un-pere-tendre.jpg\" \/><\/div><\/div>\n<\/div>\n\n<div class=\"fw-row\">\n\t<div class=\"fw-col-xs-12\">\n\t\r\n<div class=\"col-md-10 pull-right\"><blockquote><p>\u00abVorrei trovarmi in ogni luogo contemporaneamente per dire e ridire al mondo intero quanto il Buon Dio \u00e8 buono. Fino a che punto Egli \u00e8 Padre, e Padre pieno di bont\u00e0 e misericordia. \u00bb<\/p><\/blockquote><\/div><\/div>\n<\/div>\n\n<div class=\"fw-row\">\n\t<div class=\"fw-col-xs-12 fw-col-sm-8\">\n\t\r\n<p>Questa frase di Marthe la dice lunga sulla gioiosa famigliarit\u00e0 che la unisce a Dio, famigliarit\u00e0 ben lontana dall\u2019immagine di un Dio vendicativo o anche semplicemente indifferente all\u2019umanit\u00e0.<\/p><\/div>\n<\/div>\n\n<div class=\"fw-row\">\n\t<div class=\"fw-col-xs-12\">\n\t\r\n<div class=\"col-md-10 pull-right\"><blockquote><p>\u00ab Quando si \u00e8 capito che Dio \u00e8 amore, che \u00e8 nostro Padre e che ci ama, ebbene, credo che si abbia capito tutto. Il buon Dio non fa mai paura, la paura non \u00e8 un atteggiamento da bambino, un bambino non ha paura del suo pap\u00e0.\u00bb<\/p><\/blockquote><\/div><\/div>\n<\/div>\n\n<div class=\"fw-row\">\n\t<div class=\"fw-col-xs-12 fw-col-sm-8\">\n\t<div class=\"fw-heading fw-heading-h3 \">\r\n\t<h3 class=\"fw-special-title \"><span class=\"\">La paternit\u00e0 spirituale del prete<\/span><\/h3>\t<\/div>\r\n\r\n<p>L\u2019arrivo di padre Finet nella vita di Marthe cambia totalmente le loro esistenze. Il loro carattere, le loro esperienze si completano.<\/p><p>Padre Finet \u00e8 profondamente consapevole della sua paternit\u00e0 spirituale nei confronti di Marthe. E\u2019 lui che attraverso l\u2019Eucarestia e il sacramento della Riconciliazione, le dona la vita di Dio. Egli \u00e8 al servizio di questa vita presso la sua figlia spirituale. Questa paternit\u00e0 lo edifica sempre di pi\u00f9 interiormente, man mano che egli la esercita, anche se in forme diverse, nei confronti dei membri del Foyer, e allo stesso modo, in maniera ancora diversa, nei confronti dei partecipanti ai ritiri spirituali.<\/p><p>Si tratta di una paternit\u00e0 fatta di bont\u00e0, indulgenza, fiducia nelle persone, ma anche di esigenza e di rispetto della verit\u00e0. Sa essere dolce o, al contrario, autorevole. Marthe lo rinvia continuamente a questa paternit\u00e0.<\/p><\/div>\n<\/div>\n\n<div class=\"fw-row\">\n\t<div class=\"fw-col-xs-12 fw-col-sm-8\">\n\t<div class=\"fw-heading fw-heading-h3 \">\r\n\t<h3 class=\"fw-special-title \"><span class=\"\">Vivere come figli del Padre<\/span><\/h3>\t<\/div>\r\n\r\n<p>Marthe sa di essere figlia di Dio a partire dal suo Battesimo. Lei ci insegna a vivere questa vita figliale, a viverla \u201c<em>non accontentandosi di ripetere certe formule, alcune belle preghiere alle quali dedichiamo tutta la nostra attenzione, ma coltivando nel nostro cuore una fede viva, che \u00e8 la base e la condizione essenziale della nostra vita in Dio e che Ges\u00f9 ha tanto richiesto in tutto il suo Vangelo<\/em>\u201d.<\/p><p>In maniera molto concreta, Marthe faceva conoscere questo amore del Padre a coloro che venivano a trovarla. Innanzitutto, impegnandoli nella preghiera, al fine di renderli ricettivi a questo amore che mai si impone. Quindi lasciando, durante le visite che riceveva, fuoriuscire questo amore. Non era raro che lei pianga con coloro che piangono, che lei mostri una compassione e un\u2019empatia veramente soprannaturale. E\u2019 per questa ragione che il dono della consolazione di cui lei era provvista ha prodotto dei frutti eccezionali.<\/p><p>Ancora oggi, la sua intercessione amorosa ci permette di percepire l\u2019immensa tenerezza di Dio per ciascuno di noi.<\/p>\r\n<p><span class=\"line\">Leggere :<\/span><ul class=\"in-links\"><li><a href=\"https:\/\/www.martherobin.com\/it\/son-message\/dieu-un-pere-tendre-et-compatissant\/stetherese-une-grande-soeur-pour-marthe-robin\/\">Santa Teresa, una \"sorella maggiore\" per Marthe Robin<\/a><\/li><li><a href=\"https:\/\/www.martherobin.com\/it\/son-message\/dieu-un-pere-tendre-et-compatissant\/reveler-au-monde-qui-est-dieu\/\">Rivelare al mondo chi \u00e8 Dio<\/a><\/li><\/ul><\/p><\/div>\n<\/div>\n\n\t\t<\/div>\r\n\t<\/div>\r\n<\/div>\r\n<section class=\"fw-main-row discover-block\"  >\r\n\t<div class=\"fw-container container\">\r\n\t\t<div class=\"\">\r\n\t\t\t<div class=\"fw-row\">\n\t<div class=\"fw-col-xs-12\">\n\t<div class=\"shortcode-widget-area\"><div class=\"heading\">\r\n            <span class=\"title\">Approfondimento<\/span>\r\n        <\/div><div class=\"hold\"><div class=\"row\"><div class=\"col col-sm-4 col-md-3\">\r\n                    <div class=\"wrap\">\r\n                        <div class=\"img-holder\">\r\n                            <a href=\"https:\/\/www.martherobin.com\/it\/son-message\/paroles-et-prieres\/parcourir-le-journal\/\">\r\n                                <img decoding=\"async\" src=\"https:\/\/www.martherobin.com\/wp-content\/uploads\/2016\/12\/couverture_Journal-MartheRobin_1366202009153-263x263.png\" alt=\"Sfogliare il &#8220;Diario&#8221;\">\r\n                            <\/a>\r\n                            \r\n                        <\/div>\r\n                        <div class=\"desc\">\r\n                            <span class=\"category\">Preghiere, parole e scritti<\/span>\r\n                            <span class=\"post-title\">\r\n                                <a href=\"https:\/\/www.martherobin.com\/it\/son-message\/paroles-et-prieres\/parcourir-le-journal\/\">Sfogliare il &#8220;Diario&#8221;<\/a>\r\n                            <\/span>\r\n                            <div class=\"text\">\r\n                                <p>Le cheminement int\u00e9rieur de Marthe Robin est d\u00e9voil\u00e9 gr\u00e2ce \u00e0 la publication de son \"Journal\". D\u00e9couvrez-le en ligne...<\/p>\r\n                            <\/div>\r\n                        <\/div>\r\n                    <\/div>\r\n                <\/div><div class=\"col col-sm-4 col-md-3\">\r\n                    <div class=\"wrap\">\r\n                        <div class=\"img-holder\">\r\n                            <a href=\"https:\/\/www.martherobin.com\/it\/son-heritage\/les-foyers-de-charite\/video-decouvrir-les-retraites-spirituelles-en-3-minutes\/\">\r\n                                <img decoding=\"async\" src=\"https:\/\/www.martherobin.com\/wp-content\/uploads\/2017\/02\/3minutes_DecouvrirRetraiteSpi-263x263.jpg\" alt=\"VIDEO : Scoprire i ritiri spirituali in 3 minuti\">\r\n                            <\/a>\r\n                            \r\n                        <\/div>\r\n                        <div class=\"desc\">\r\n                            <span class=\"category\">Il Foyers de Charit\u00e9<\/span>\r\n                            <span class=\"post-title\">\r\n                                <a href=\"https:\/\/www.martherobin.com\/it\/son-heritage\/les-foyers-de-charite\/video-decouvrir-les-retraites-spirituelles-en-3-minutes\/\">VIDEO : Scoprire i ritiri spirituali in 3 minuti<\/a>\r\n                            <\/span>\r\n                            <div class=\"text\">\r\n                                <p>Les Foyers de Charit\u00e9 VIDEO : D\u00e9couvrir les retraites spirituelles en 3...<\/p>\r\n                            <\/div>\r\n                        <\/div>\r\n                    <\/div>\r\n                <\/div><div class=\"col col-sm-4 col-md-3 add\">\r\n                    <div class=\"wrap\">\r\n                        <div class=\"img-holder\">\r\n                            <a href=\"https:\/\/www.martherobin.com\/it\/la-beatification\/marthe-robin-reconnue-venerable-par-le-pape-francois\/\">\r\n                                <img decoding=\"async\" src=\"https:\/\/www.martherobin.com\/wp-content\/uploads\/2016\/09\/beatification-etapes-e1524486373193-263x263.png\" alt=\"Marthe Robin riconosciuta \u201cvenerabile\u201d da Papa Francesco\">\r\n                            <\/a>\r\n                            \r\n                        <\/div>\r\n                        <div class=\"desc\">\r\n                            <span class=\"category\">La beatificazione<\/span>\r\n                            <span class=\"post-title\">\r\n                                <a href=\"https:\/\/www.martherobin.com\/it\/la-beatification\/marthe-robin-reconnue-venerable-par-le-pape-francois\/\">Marthe Robin riconosciuta \u201cvenerabile\u201d da Papa Francesco<\/a>\r\n                            <\/span>\r\n                            <div class=\"text\">\r\n                                <p>Une \u00e9tape essentielle vers une possible b\u00e9atification...<\/p>\r\n                            <\/div>\r\n                        <\/div>\r\n                    <\/div>\r\n                <\/div><div class=\"col col-sm-4 col-md-3\">\r\n                    <div class=\"wrap\">\r\n                        <div class=\"img-holder\">\r\n                            <a href=\"https:\/\/www.martherobin.com\/it\/son-message\/ranimer-dans-le-monde-lamour-qui-seteint\/\">\r\n                                <img decoding=\"async\" src=\"https:\/\/www.martherobin.com\/wp-content\/uploads\/2016\/09\/1-illustrations-site-rouges-22-263x263.jpg\" alt=\"Ravvivare nel mondo l\u2019amore che si spegne\">\r\n                            <\/a>\r\n                            \r\n                        <\/div>\r\n                        <div class=\"desc\">\r\n                            <span class=\"category\">Il suo messagio<\/span>\r\n                            <span class=\"post-title\">\r\n                                <a href=\"https:\/\/www.martherobin.com\/it\/son-message\/ranimer-dans-le-monde-lamour-qui-seteint\/\">Ravvivare nel mondo l\u2019amore che si spegne<\/a>\r\n                            <\/span>\r\n                            <div class=\"text\">\r\n                                <p>\u00ab Je t\u2019ai choisie pour ranimer dans le monde l\u2019Amour qui s\u2019\u00e9teint \u00bb, dira le Christ \u00e0 Marthe. Elle-m\u00eame...<\/p>\r\n                            <\/div>\r\n                        <\/div>\r\n                    <\/div>\r\n                <\/div><\/div><div class=\"row\"><div class=\"col col-sm-4 col-md-3\">\r\n                    <div class=\"wrap\">\r\n                        <div class=\"img-holder\">\r\n                            <a href=\"https:\/\/www.martherobin.com\/it\/son-message\/paroles-et-prieres\/priere-marthe-robin-o-mere-bien-aimee\/\">\r\n                                <img decoding=\"async\" src=\"https:\/\/www.martherobin.com\/wp-content\/uploads\/2016\/09\/NotreDameDuFoyer_Chateauneuf01-263x263.jpg\" alt=\"O Madre Diletta\">\r\n                            <\/a>\r\n                            \r\n                        <\/div>\r\n                        <div class=\"desc\">\r\n                            <span class=\"category\">Preghiere, parole e scritti<\/span>\r\n                            <span class=\"post-title\">\r\n                                <a href=\"https:\/\/www.martherobin.com\/it\/son-message\/paroles-et-prieres\/priere-marthe-robin-o-mere-bien-aimee\/\">O Madre Diletta<\/a>\r\n                            <\/span>\r\n                            <div class=\"text\">\r\n                                <p>\u00d4 M\u00e8re Bien-Aim\u00e9e, vous qui connaissez si bien les voies de la Saintet\u00e9 et de l\u2019Amour, apprenez-nous...<\/p>\r\n                            <\/div>\r\n                        <\/div>\r\n                    <\/div>\r\n                <\/div><div class=\"col col-sm-4 col-md-3 add\">\r\n                    <div class=\"wrap\">\r\n                        <div class=\"img-holder\">\r\n                            <a href=\"https:\/\/www.martherobin.com\/it\/son-message\/lamour-inconditionnel-de-dieu-pour-chaque-homme\/\">\r\n                                <img decoding=\"async\" src=\"https:\/\/www.martherobin.com\/wp-content\/uploads\/2016\/09\/1-illustrations-site-rouges-20-263x263.jpg\" alt=\"L\u2019amore incondizionato di Dio per ogni uomo\">\r\n                            <\/a>\r\n                            \r\n                        <\/div>\r\n                        <div class=\"desc\">\r\n                            <span class=\"category\">Il suo messagio<\/span>\r\n                            <span class=\"post-title\">\r\n                                <a href=\"https:\/\/www.martherobin.com\/it\/son-message\/lamour-inconditionnel-de-dieu-pour-chaque-homme\/\">L\u2019amore incondizionato di Dio per ogni uomo<\/a>\r\n                            <\/span>\r\n                            <div class=\"text\">\r\n                                <p>Les milliers de t\u00e9moignages concernant la fa\u00e7on dont Marthe accueillait ceux qui venaient la voir sont unanimes...<\/p>\r\n                            <\/div>\r\n                        <\/div>\r\n                    <\/div>\r\n                <\/div><div class=\"row\"><div class=\"col col-sm-4 col-md-3\">\r\n                    <div class=\"wrap\">\r\n                        <div class=\"img-holder\">\r\n                            <a href=\"https:\/\/www.martherobin.com\/it\/son-heritage\/les-foyers-de-charite\/\">\r\n                                <img decoding=\"async\" src=\"https:\/\/www.martherobin.com\/wp-content\/uploads\/2016\/09\/1-illustrations-site-rouges-24-263x263.jpg\" alt=\"Il Foyers de Charit\u00e9\">\r\n                            <\/a>\r\n                            \r\n                        <\/div>\r\n                        <div class=\"desc\">\r\n                            <span class=\"category\">La sua eredita<\/span>\r\n                            <span class=\"post-title\">\r\n                                <a href=\"https:\/\/www.martherobin.com\/it\/son-heritage\/les-foyers-de-charite\/\">Il Foyers de Charit\u00e9<\/a>\r\n                            <\/span>\r\n                            <div class=\"text\">\r\n                                <p>La cr\u00e9ation des Foyers de Charit\u00e9 repose sur la rencontre de Marthe Robin et d\u2019un pr\u00eatre, le p\u00e8re Georges Finet, en 1936. Aujourd\u2019hui pr\u00e9sents dans une quarantaine de pays, les Foyers de Charit\u00e9...<\/p>\r\n                            <\/div>\r\n                        <\/div>\r\n                    <\/div>\r\n                <\/div><div class=\"col col-sm-4 col-md-3\">\r\n                    <div class=\"wrap\">\r\n                        <div class=\"img-holder\">\r\n                            <a href=\"https:\/\/www.martherobin.com\/it\/son-message\/dieu-un-pere-tendre-et-compatissant\/stetherese-une-grande-soeur-pour-marthe-robin\/\">\r\n                                <img decoding=\"async\" src=\"https:\/\/www.martherobin.com\/wp-content\/uploads\/2016\/11\/Thrse-de-lEJ-10--263x263.jpg\" alt=\"Santa Teresa, una &#8220;sorella maggiore&#8221; per Marthe Robin\">\r\n                            <\/a>\r\n                            \r\n                        <\/div>\r\n                        <div class=\"desc\">\r\n                            <span class=\"category\">Dio, un padre tenero e compassionevole<\/span>\r\n                            <span class=\"post-title\">\r\n                                <a href=\"https:\/\/www.martherobin.com\/it\/son-message\/dieu-un-pere-tendre-et-compatissant\/stetherese-une-grande-soeur-pour-marthe-robin\/\">Santa Teresa, una &#8220;sorella maggiore&#8221; per Marthe Robin<\/a>\r\n                            <\/span>\r\n                            <div class=\"text\">\r\n                                <p>Entre Marthe Robin et Sainte Th\u00e9r\u00e8se de Lisieux, il existe une relation si forte qu'on peut parler d'amiti\u00e9 ou de parent\u00e9 spirituelle...<\/p>\r\n                            <\/div>\r\n                        <\/div>\r\n                    <\/div>\r\n                <\/div><div class=\"col col-sm-4 col-md-3 add\">\r\n                    <div class=\"wrap\">\r\n                        <div class=\"img-holder\">\r\n                            <a href=\"https:\/\/www.martherobin.com\/temoignage\/les-passions-de-marthe-robin-sophie-guex\/\">\r\n                                <img decoding=\"async\" src=\"https:\/\/www.martherobin.com\/wp-content\/uploads\/2017\/05\/SophieGuex2-e1523632218396-263x263.jpg\" alt=\"Sophie Guex : Comment se d\u00e9roulaient les &#8220;passions&#8221; de Marthe Robin ?\">\r\n                            <\/a>\r\n                            \r\n                        <\/div>\r\n                        <div class=\"desc\">\r\n                            <span class=\"category\">T\u00e9moignage<\/span>\r\n                            <span class=\"post-title\">\r\n                                <a href=\"https:\/\/www.martherobin.com\/temoignage\/les-passions-de-marthe-robin-sophie-guex\/\">Sophie Guex : Comment se d\u00e9roulaient les &#8220;passions&#8221; de Marthe Robin ?<\/a>\r\n                            <\/span>\r\n                            <div class=\"text\">\r\n                                <p>[VIDEO] Les carnets du p\u00e8re Faure nous permettent de retracer les \"Passions\" v\u00e9cues par Marthe Robin...<\/p>\r\n                            <\/div>\r\n                        <\/div>\r\n                    <\/div>\r\n                <\/div><div class=\"col col-sm-4 col-md-3\">\r\n                    <div class=\"wrap\">\r\n                        <div class=\"img-holder\">\r\n                            <a href=\"https:\/\/www.martherobin.com\/son-heritage\/les-communautes-liees-avec-marthe-robin\/video-marthe-est-une-grande-soeur-pour-moi-raphael-cornu-thenard\/\">\r\n                                <img decoding=\"async\" src=\"https:\/\/www.martherobin.com\/wp-content\/uploads\/2017\/02\/ITWRaphaelCornuThenard-263x263.jpg\" alt=\"VIDEO &#8220;Marthe est une grande soeur pour moi !&#8221; Rapha\u00ebl Cornu-Th\u00e9nard\">\r\n                            <\/a>\r\n                            \r\n                        <\/div>\r\n                        <div class=\"desc\">\r\n                            <span class=\"category\">Les communaut\u00e9s li\u00e9es avec Marthe Robin<\/span>\r\n                            <span class=\"post-title\">\r\n                                <a href=\"https:\/\/www.martherobin.com\/son-heritage\/les-communautes-liees-avec-marthe-robin\/video-marthe-est-une-grande-soeur-pour-moi-raphael-cornu-thenard\/\">VIDEO &#8220;Marthe est une grande soeur pour moi !&#8221; Rapha\u00ebl Cornu-Th\u00e9nard<\/a>\r\n                            <\/span>\r\n                            <div class=\"text\">\r\n                                <p>Interview de Rapha\u00ebl Cornu-Th\u00e9nard (Anuncio - Congr\u00e8s Mission) sur la place de Marthe Robin dans sa vie de \"disciple-missionnaire\" engag\u00e9 dans la nouvelle \u00e9vang\u00e9lisation...<\/p>\r\n                            <\/div>\r\n                        <\/div>\r\n                    <\/div>\r\n                <\/div><\/div><\/div><\/div>\n<\/div>\n<\/div>\n\n\t\t<\/div>\r\n\t<\/div>\r\n<\/section>\r\n<\/p>\n","protected":false},"excerpt":{"rendered":"Il suo messagio Dio, un padre tenero e compassionevole Ravvivare nel mondo l\u2019amore che si spegne L\u2019amore incondizionato di Dio per ogni uomo L\u2019amore pi\u00f9 forte della sofferenza Preghiere, parole e scritti Dio, un padre tenero e compassionevole Dio, un padre tenero e compassionevole Ravvivare nel mondo l\u2019amore che si spegne L\u2019amore incondizionato di Dio&#8230; <a class=\"view-article\" href=\"https:\/\/www.martherobin.com\/it\/son-message\/dieu-un-pere-tendre-et-compatissant\/\">Mostra articolo<\/a>","protected":false},"author":6,"featured_media":5393,"parent":6781,"menu_order":0,"comment_status":"closed","ping_status":"closed","template":"templates\/page-lvl3.php","meta":{"footnotes":""},"class_list":["post-6786","page","type-page","status-publish","has-post-thumbnail","hentry"],"_links":{"self":[{"href":"https:\/\/www.martherobin.com\/it\/wp-json\/wp\/v2\/pages\/6786","targetHints":{"allow":["GET"]}}],"collection":[{"href":"https:\/\/www.martherobin.com\/it\/wp-json\/wp\/v2\/pages"}],"about":[{"href":"https:\/\/www.martherobin.com\/it\/wp-json\/wp\/v2\/types\/page"}],"author":[{"embeddable":true,"href":"https:\/\/www.martherobin.com\/it\/wp-json\/wp\/v2\/users\/6"}],"replies":[{"embeddable":true,"href":"https:\/\/www.martherobin.com\/it\/wp-json\/wp\/v2\/comments?post=6786"}],"version-history":[{"count":0,"href":"https:\/\/www.martherobin.com\/it\/wp-json\/wp\/v2\/pages\/6786\/revisions"}],"up":[{"embeddable":true,"href":"https:\/\/www.martherobin.com\/it\/wp-json\/wp\/v2\/pages\/6781"}],"wp:featuredmedia":[{"embeddable":true,"href":"https:\/\/www.martherobin.com\/it\/wp-json\/wp\/v2\/media\/5393"}],"wp:attachment":[{"href":"https:\/\/www.martherobin.com\/it\/wp-json\/wp\/v2\/media?parent=6786"}],"curies":[{"name":"wp","href":"https:\/\/api.w.org\/{rel}","templated":true}]}}