{"id":6754,"date":"2017-02-11T17:15:18","date_gmt":"2017-02-11T16:15:18","guid":{"rendered":"https:\/\/www.martherobin.com\/son-heritage\/venir-a-chateauneuf-sur-les-pas-de-marthe\/entrez-dans-la-chambre-de-marthe-robin\/"},"modified":"2018-04-18T16:16:27","modified_gmt":"2018-04-18T14:16:27","slug":"entrez-dans-la-chambre-de-marthe-robin","status":"publish","type":"page","link":"https:\/\/www.martherobin.com\/it\/son-heritage\/venir-a-chateauneuf-sur-les-pas-de-marthe\/entrez-dans-la-chambre-de-marthe-robin\/","title":{"rendered":"Accedere alla camera di Marthe Robin"},"content":{"rendered":"<p><div class=\"fw-main-row page-lvl3-block\"  >\r\n\t<div class=\"fw-container container\">\r\n\t\t<div class=\"frame\">\r\n\t\t\t<div class=\"fw-row\">\n\t<div class=\"fw-col-xs-12\">\n\t\r\n\t<h1><span>Venire a Ch\u00e2teauneuf sulle tracce di Marthe<\/span><\/h1>\r\n\r\n\t<ul class=\"sous-menu\">\r\n\t\t\t<\/ul>\r\n\t<div class=\"menu-openclose\">\r\n\t\t<a href=\"#\" class=\"opener\">Accedere alla camera di Marthe Robin<\/a>\r\n\t\t<div class=\"slide js-slide-hidden\">\r\n\t\t\t<ul>\r\n\t\t\t\t\t\t\t<\/ul>\r\n\t\t<\/div>\r\n\t<\/div>\r\n\r\n\t<div class=\"top-area\">\r\n\t\t<h2>Accedere alla camera di Marthe Robin<\/h2>\r\n\t<\/div>\r\n\r\n<p><iframe loading=\"lazy\" width=\"560\" height=\"315\" src=\"https:\/\/www.youtube.com\/embed\/ivaTAuE1PUs\" frameborder=\"0\" allowfullscreen><\/iframe><\/p><\/div>\n<\/div>\n\n<div class=\"fw-row\">\n\t<div class=\"fw-col-xs-12 fw-col-sm-8\">\n\t\r\n<p><strong>Per accedere alla camera di Marthe bisogna passare per diverse porte\u2026<\/strong><\/p><p>La porta principale, che apre sul cortile della cascina, \u00e8 interamente bianca. L\u00ec una croce \u00e8 stata posta sul legno da Joseph, il padre di Marthe.<\/p><p>Nella stanza principale, la vecchia stufa di ghisa \u00e8 accesa e s\u2019intravede un pezzo di legno che si consuma nel fuoco. L\u2019arredamento \u00e8 sobrio e rustico: un grande armadio, un tavolo robusto da cascina, un orologio a pendolo il cui meccanismo ci ricorda il tempo che passa. Si \u00e8 invitati a mantenere un tono di voce basso.<\/p><p>In fondo a questa stanza c\u2019\u00e8 una seconda porta che si apre verso un corridoio al termine del quale c'\u00e8 una terza porta che conduce alla camera di Marthe.<\/p><div class=\"fw-heading fw-heading-h3 \">\r\n\t<h3 class=\"fw-special-title \"><span class=\"\">Un luogo di raccoglimento e di pace <\/span><\/h3>\t<\/div>\r\n\r\n<p>La camera, immersa nella semioscurit\u00e0, \u00e8 stata conservata nello stato in cui si trovava ai tempi di Marthe. Sono presenti il piccolo divano sul quale Marthe, costretta a letto, ha vissuto, il comodino con una riproduzione del quadro della Santa Vergine, fotografie della famiglia Robin, e alcuni oggetti di devozione. Alcune sedie di paglia invitano a sedersi e a lasciarsi \u201cpacificare\u201d dalla serenit\u00e0 trasmessa dall'ambiente.<\/p><p>E\u2019 questo il momento di lasciare spazio alla preghiera, al dialogo interiore,e forse anche ad un \u201cincontro\u201d personale con Marthe che, misteriosamente, \u00e8 presente in questo luogo.<\/p><p>La casa di Marthe, e in modo particolare la sua camera, conservano la loro caratteristica di silenzio e di pace e invitano a un incontro personale con il Signore.<\/p><div class=\"fw-heading fw-heading-h3 \">\r\n\t<h3 class=\"fw-special-title \"><span class=\"\">Testimonianze video<\/span><\/h3>\t<\/div>\r\n\n\n\t<div class=\"owl-carousel owl-theme\">\n\t\t\t\t\t\t\t\t\t\t\t\t\t<div class=\"item-video\" style=\"height:200px;\">\n\t\t\t\t\t\t\t\t\t\t\t<a class=\"owl-video\" href=\"https:\/\/youtu.be\/b7YWqIcznew\"><\/a>\n\t\t\t\t\t\t\t\t\t<\/div>\n\t\t\t\t\t\t\t\t\t\t\t\t\t\t\t\t<div class=\"item-video\" style=\"height:200px;\">\n\t\t\t\t\t\t\t\t\t\t\t<a class=\"owl-video\" href=\"https:\/\/www.youtube.com\/watch?v=E7lz9HBwCAY\"><\/a>\n\t\t\t\t\t\t\t\t\t<\/div>\n\t\t\t\t\t\t\t\t\t\t\t\t\t\t\t\t<div class=\"item-video\" style=\"height:200px;\">\n\t\t\t\t\t\t\t\t\t\t\t<a class=\"owl-video\" href=\"https:\/\/www.youtube.com\/watch?v=q8gF2hr7boY\"><\/a>\n\t\t\t\t\t\t\t\t\t<\/div>\n\t\t\t\t\t\t<\/div>\n\t<script type=\"text\/javascript\">\n\t\tjQuery(document).ready(function ($) {\n\t\t\t$('.owl-carousel').owlCarousel({\n\t\t\t\titems: 1,\n\t\t\t\tloop: true,\n\t\t\t\tmargin: 10,\n\t\t\t\tvideo: true,\n\t\t\t\tcenter: true\n\t\t\t});\n\t\t});\n\t<\/script>\n\n\r\n<p><span class=\"line\">Leggere :<\/span><ul class=\"in-links\"><li><a href=\"https:\/\/www.martherobin.com\/it\/son-heritage\/venir-a-chateauneuf-sur-les-pas-de-marthe\/hebergements\/\">Alloggi<\/a><\/li><li><a href=\"https:\/\/www.martherobin.com\/it\/son-heritage\/venir-a-chateauneuf-sur-les-pas-de-marthe\/plan-acces\/\">Come arrivare<\/a><\/li><li><a href=\"https:\/\/www.martherobin.com\/it\/son-heritage\/venir-a-chateauneuf-sur-les-pas-de-marthe\/laccueil-de-la-ferme-robin-un-espace-pour-decouvrir-marthe\/\">La sala di accoglienza \"Accueil Ferme Robin\", un luogo per conoscere Marthe<\/a><\/li><li><a href=\"https:\/\/www.martherobin.com\/it\/son-heritage\/venir-a-chateauneuf-sur-les-pas-de-marthe\/3-raisons-daller-a-chateauneuf-de-galaure\/\">Tre motivi per andare a Ch\u00e2teauneuf-de-Galaure<\/a><\/li><\/ul><\/p><\/div>\n<div class=\"fw-col-xs-12 fw-col-sm-4\">\n\t<\/div>\n<\/div>\n\n\t\t<\/div>\r\n\t<\/div>\r\n<\/div>\r\n<section class=\"fw-main-row discover-block\"  >\r\n\t<div class=\"fw-container container\">\r\n\t\t<div class=\"\">\r\n\t\t\t<div class=\"fw-row\">\n\t<div class=\"fw-col-xs-12\">\n\t<div class=\"shortcode-widget-area\"><div class=\"heading\">\r\n            <span class=\"title\">Approfondimento<\/span>\r\n        <\/div><div class=\"hold\"><div class=\"row\"><div class=\"col col-sm-4 col-md-3\">\r\n                    <div class=\"wrap\">\r\n                        <div class=\"img-holder\">\r\n                            <a href=\"https:\/\/www.martherobin.com\/it\/son-message\/paroles-et-prieres\/parcourir-le-journal\/\">\r\n                                <img decoding=\"async\" src=\"https:\/\/www.martherobin.com\/wp-content\/uploads\/2016\/12\/couverture_Journal-MartheRobin_1366202009153-263x263.png\" alt=\"Sfogliare il &#8220;Diario&#8221;\">\r\n                            <\/a>\r\n                            \r\n                        <\/div>\r\n                        <div class=\"desc\">\r\n                            <span class=\"category\">Preghiere, parole e scritti<\/span>\r\n                            <span class=\"post-title\">\r\n                                <a href=\"https:\/\/www.martherobin.com\/it\/son-message\/paroles-et-prieres\/parcourir-le-journal\/\">Sfogliare il &#8220;Diario&#8221;<\/a>\r\n                            <\/span>\r\n                            <div class=\"text\">\r\n                                <p>Le cheminement int\u00e9rieur de Marthe Robin est d\u00e9voil\u00e9 gr\u00e2ce \u00e0 la publication de son \"Journal\". D\u00e9couvrez-le en ligne...<\/p>\r\n                            <\/div>\r\n                        <\/div>\r\n                    <\/div>\r\n                <\/div><div class=\"col col-sm-4 col-md-3\">\r\n                    <div class=\"wrap\">\r\n                        <div class=\"img-holder\">\r\n                            <a href=\"https:\/\/www.martherobin.com\/it\/son-heritage\/les-foyers-de-charite\/video-decouvrir-les-retraites-spirituelles-en-3-minutes\/\">\r\n                                <img decoding=\"async\" src=\"https:\/\/www.martherobin.com\/wp-content\/uploads\/2017\/02\/3minutes_DecouvrirRetraiteSpi-263x263.jpg\" alt=\"VIDEO : Scoprire i ritiri spirituali in 3 minuti\">\r\n                            <\/a>\r\n                            \r\n                        <\/div>\r\n                        <div class=\"desc\">\r\n                            <span class=\"category\">Il Foyers de Charit\u00e9<\/span>\r\n                            <span class=\"post-title\">\r\n                                <a href=\"https:\/\/www.martherobin.com\/it\/son-heritage\/les-foyers-de-charite\/video-decouvrir-les-retraites-spirituelles-en-3-minutes\/\">VIDEO : Scoprire i ritiri spirituali in 3 minuti<\/a>\r\n                            <\/span>\r\n                            <div class=\"text\">\r\n                                <p>Les Foyers de Charit\u00e9 VIDEO : D\u00e9couvrir les retraites spirituelles en 3...<\/p>\r\n                            <\/div>\r\n                        <\/div>\r\n                    <\/div>\r\n                <\/div><div class=\"col col-sm-4 col-md-3 add\">\r\n                    <div class=\"wrap\">\r\n                        <div class=\"img-holder\">\r\n                            <a href=\"https:\/\/www.martherobin.com\/it\/la-beatification\/marthe-robin-reconnue-venerable-par-le-pape-francois\/\">\r\n                                <img decoding=\"async\" src=\"https:\/\/www.martherobin.com\/wp-content\/uploads\/2016\/09\/beatification-etapes-e1524486373193-263x263.png\" alt=\"Marthe Robin riconosciuta \u201cvenerabile\u201d da Papa Francesco\">\r\n                            <\/a>\r\n                            \r\n                        <\/div>\r\n                        <div class=\"desc\">\r\n                            <span class=\"category\">La beatificazione<\/span>\r\n                            <span class=\"post-title\">\r\n                                <a href=\"https:\/\/www.martherobin.com\/it\/la-beatification\/marthe-robin-reconnue-venerable-par-le-pape-francois\/\">Marthe Robin riconosciuta \u201cvenerabile\u201d da Papa Francesco<\/a>\r\n                            <\/span>\r\n                            <div class=\"text\">\r\n                                <p>Une \u00e9tape essentielle vers une possible b\u00e9atification...<\/p>\r\n                            <\/div>\r\n                        <\/div>\r\n                    <\/div>\r\n                <\/div><div class=\"col col-sm-4 col-md-3\">\r\n                    <div class=\"wrap\">\r\n                        <div class=\"img-holder\">\r\n                            <a href=\"https:\/\/www.martherobin.com\/it\/son-message\/ranimer-dans-le-monde-lamour-qui-seteint\/\">\r\n                                <img decoding=\"async\" src=\"https:\/\/www.martherobin.com\/wp-content\/uploads\/2016\/09\/1-illustrations-site-rouges-22-263x263.jpg\" alt=\"Ravvivare nel mondo l\u2019amore che si spegne\">\r\n                            <\/a>\r\n                            \r\n                        <\/div>\r\n                        <div class=\"desc\">\r\n                            <span class=\"category\">Il suo messagio<\/span>\r\n                            <span class=\"post-title\">\r\n                                <a href=\"https:\/\/www.martherobin.com\/it\/son-message\/ranimer-dans-le-monde-lamour-qui-seteint\/\">Ravvivare nel mondo l\u2019amore che si spegne<\/a>\r\n                            <\/span>\r\n                            <div class=\"text\">\r\n                                <p>\u00ab Je t\u2019ai choisie pour ranimer dans le monde l\u2019Amour qui s\u2019\u00e9teint \u00bb, dira le Christ \u00e0 Marthe. Elle-m\u00eame...<\/p>\r\n                            <\/div>\r\n                        <\/div>\r\n                    <\/div>\r\n                <\/div><\/div><div class=\"row\"><div class=\"col col-sm-4 col-md-3\">\r\n                    <div class=\"wrap\">\r\n                        <div class=\"img-holder\">\r\n                            <a href=\"https:\/\/www.martherobin.com\/it\/son-message\/paroles-et-prieres\/priere-marthe-robin-o-mere-bien-aimee\/\">\r\n                                <img decoding=\"async\" src=\"https:\/\/www.martherobin.com\/wp-content\/uploads\/2016\/09\/NotreDameDuFoyer_Chateauneuf01-263x263.jpg\" alt=\"O Madre Diletta\">\r\n                            <\/a>\r\n                            \r\n                        <\/div>\r\n                        <div class=\"desc\">\r\n                            <span class=\"category\">Preghiere, parole e scritti<\/span>\r\n                            <span class=\"post-title\">\r\n                                <a href=\"https:\/\/www.martherobin.com\/it\/son-message\/paroles-et-prieres\/priere-marthe-robin-o-mere-bien-aimee\/\">O Madre Diletta<\/a>\r\n                            <\/span>\r\n                            <div class=\"text\">\r\n                                <p>\u00d4 M\u00e8re Bien-Aim\u00e9e, vous qui connaissez si bien les voies de la Saintet\u00e9 et de l\u2019Amour, apprenez-nous...<\/p>\r\n                            <\/div>\r\n                        <\/div>\r\n                    <\/div>\r\n                <\/div><div class=\"col col-sm-4 col-md-3 add\">\r\n                    <div class=\"wrap\">\r\n                        <div class=\"img-holder\">\r\n                            <a href=\"https:\/\/www.martherobin.com\/it\/son-message\/lamour-inconditionnel-de-dieu-pour-chaque-homme\/\">\r\n                                <img decoding=\"async\" src=\"https:\/\/www.martherobin.com\/wp-content\/uploads\/2016\/09\/1-illustrations-site-rouges-20-263x263.jpg\" alt=\"L\u2019amore incondizionato di Dio per ogni uomo\">\r\n                            <\/a>\r\n                            \r\n                        <\/div>\r\n                        <div class=\"desc\">\r\n                            <span class=\"category\">Il suo messagio<\/span>\r\n                            <span class=\"post-title\">\r\n                                <a href=\"https:\/\/www.martherobin.com\/it\/son-message\/lamour-inconditionnel-de-dieu-pour-chaque-homme\/\">L\u2019amore incondizionato di Dio per ogni uomo<\/a>\r\n                            <\/span>\r\n                            <div class=\"text\">\r\n                                <p>Les milliers de t\u00e9moignages concernant la fa\u00e7on dont Marthe accueillait ceux qui venaient la voir sont unanimes...<\/p>\r\n                            <\/div>\r\n                        <\/div>\r\n                    <\/div>\r\n                <\/div><div class=\"row\"><div class=\"col col-sm-4 col-md-3\">\r\n                    <div class=\"wrap\">\r\n                        <div class=\"img-holder\">\r\n                            <a href=\"https:\/\/www.martherobin.com\/it\/son-heritage\/les-foyers-de-charite\/\">\r\n                                <img decoding=\"async\" src=\"https:\/\/www.martherobin.com\/wp-content\/uploads\/2016\/09\/1-illustrations-site-rouges-24-263x263.jpg\" alt=\"Il Foyers de Charit\u00e9\">\r\n                            <\/a>\r\n                            \r\n                        <\/div>\r\n                        <div class=\"desc\">\r\n                            <span class=\"category\">La sua eredita<\/span>\r\n                            <span class=\"post-title\">\r\n                                <a href=\"https:\/\/www.martherobin.com\/it\/son-heritage\/les-foyers-de-charite\/\">Il Foyers de Charit\u00e9<\/a>\r\n                            <\/span>\r\n                            <div class=\"text\">\r\n                                <p>La cr\u00e9ation des Foyers de Charit\u00e9 repose sur la rencontre de Marthe Robin et d\u2019un pr\u00eatre, le p\u00e8re Georges Finet, en 1936. Aujourd\u2019hui pr\u00e9sents dans une quarantaine de pays, les Foyers de Charit\u00e9...<\/p>\r\n                            <\/div>\r\n                        <\/div>\r\n                    <\/div>\r\n                <\/div><div class=\"col col-sm-4 col-md-3\">\r\n                    <div class=\"wrap\">\r\n                        <div class=\"img-holder\">\r\n                            <a href=\"https:\/\/www.martherobin.com\/it\/son-message\/dieu-un-pere-tendre-et-compatissant\/stetherese-une-grande-soeur-pour-marthe-robin\/\">\r\n                                <img decoding=\"async\" src=\"https:\/\/www.martherobin.com\/wp-content\/uploads\/2016\/11\/Thrse-de-lEJ-10--263x263.jpg\" alt=\"Santa Teresa, una &#8220;sorella maggiore&#8221; per Marthe Robin\">\r\n                            <\/a>\r\n                            \r\n                        <\/div>\r\n                        <div class=\"desc\">\r\n                            <span class=\"category\">Dio, un padre tenero e compassionevole<\/span>\r\n                            <span class=\"post-title\">\r\n                                <a href=\"https:\/\/www.martherobin.com\/it\/son-message\/dieu-un-pere-tendre-et-compatissant\/stetherese-une-grande-soeur-pour-marthe-robin\/\">Santa Teresa, una &#8220;sorella maggiore&#8221; per Marthe Robin<\/a>\r\n                            <\/span>\r\n                            <div class=\"text\">\r\n                                <p>Entre Marthe Robin et Sainte Th\u00e9r\u00e8se de Lisieux, il existe une relation si forte qu'on peut parler d'amiti\u00e9 ou de parent\u00e9 spirituelle...<\/p>\r\n                            <\/div>\r\n                        <\/div>\r\n                    <\/div>\r\n                <\/div><div class=\"col col-sm-4 col-md-3 add\">\r\n                    <div class=\"wrap\">\r\n                        <div class=\"img-holder\">\r\n                            <a href=\"https:\/\/www.martherobin.com\/temoignage\/les-passions-de-marthe-robin-sophie-guex\/\">\r\n                                <img decoding=\"async\" src=\"https:\/\/www.martherobin.com\/wp-content\/uploads\/2017\/05\/SophieGuex2-e1523632218396-263x263.jpg\" alt=\"Sophie Guex : Comment se d\u00e9roulaient les &#8220;passions&#8221; de Marthe Robin ?\">\r\n                            <\/a>\r\n                            \r\n                        <\/div>\r\n                        <div class=\"desc\">\r\n                            <span class=\"category\">T\u00e9moignage<\/span>\r\n                            <span class=\"post-title\">\r\n                                <a href=\"https:\/\/www.martherobin.com\/temoignage\/les-passions-de-marthe-robin-sophie-guex\/\">Sophie Guex : Comment se d\u00e9roulaient les &#8220;passions&#8221; de Marthe Robin ?<\/a>\r\n                            <\/span>\r\n                            <div class=\"text\">\r\n                                <p>[VIDEO] Les carnets du p\u00e8re Faure nous permettent de retracer les \"Passions\" v\u00e9cues par Marthe Robin...<\/p>\r\n                            <\/div>\r\n                        <\/div>\r\n                    <\/div>\r\n                <\/div><div class=\"col col-sm-4 col-md-3\">\r\n                    <div class=\"wrap\">\r\n                        <div class=\"img-holder\">\r\n                            <a href=\"https:\/\/www.martherobin.com\/son-heritage\/les-communautes-liees-avec-marthe-robin\/video-marthe-est-une-grande-soeur-pour-moi-raphael-cornu-thenard\/\">\r\n                                <img decoding=\"async\" src=\"https:\/\/www.martherobin.com\/wp-content\/uploads\/2017\/02\/ITWRaphaelCornuThenard-263x263.jpg\" alt=\"VIDEO &#8220;Marthe est une grande soeur pour moi !&#8221; Rapha\u00ebl Cornu-Th\u00e9nard\">\r\n                            <\/a>\r\n                            \r\n                        <\/div>\r\n                        <div class=\"desc\">\r\n                            <span class=\"category\">Les communaut\u00e9s li\u00e9es avec Marthe Robin<\/span>\r\n                            <span class=\"post-title\">\r\n                                <a href=\"https:\/\/www.martherobin.com\/son-heritage\/les-communautes-liees-avec-marthe-robin\/video-marthe-est-une-grande-soeur-pour-moi-raphael-cornu-thenard\/\">VIDEO &#8220;Marthe est une grande soeur pour moi !&#8221; Rapha\u00ebl Cornu-Th\u00e9nard<\/a>\r\n                            <\/span>\r\n                            <div class=\"text\">\r\n                                <p>Interview de Rapha\u00ebl Cornu-Th\u00e9nard (Anuncio - Congr\u00e8s Mission) sur la place de Marthe Robin dans sa vie de \"disciple-missionnaire\" engag\u00e9 dans la nouvelle \u00e9vang\u00e9lisation...<\/p>\r\n                            <\/div>\r\n                        <\/div>\r\n                    <\/div>\r\n                <\/div><\/div><\/div><\/div>\n<\/div>\n<\/div>\n\n\t\t<\/div>\r\n\t<\/div>\r\n<\/section>\r\n<\/p>\n","protected":false},"excerpt":{"rendered":"Venire a Ch\u00e2teauneuf sulle tracce di Marthe Accedere alla camera di Marthe Robin Accedere alla camera di Marthe Robin Per accedere alla camera di Marthe bisogna passare per diverse porte\u2026La porta principale, che apre sul cortile della cascina, \u00e8 interamente bianca. L\u00ec una croce \u00e8 stata posta sul legno da Joseph, il padre di Marthe.Nella&#8230; <a class=\"view-article\" href=\"https:\/\/www.martherobin.com\/it\/son-heritage\/venir-a-chateauneuf-sur-les-pas-de-marthe\/entrez-dans-la-chambre-de-marthe-robin\/\">Mostra articolo<\/a>","protected":false},"author":6,"featured_media":4401,"parent":6748,"menu_order":2,"comment_status":"closed","ping_status":"closed","template":"templates\/page-lvl3.php","meta":{"footnotes":""},"class_list":["post-6754","page","type-page","status-publish","has-post-thumbnail","hentry"],"_links":{"self":[{"href":"https:\/\/www.martherobin.com\/it\/wp-json\/wp\/v2\/pages\/6754","targetHints":{"allow":["GET"]}}],"collection":[{"href":"https:\/\/www.martherobin.com\/it\/wp-json\/wp\/v2\/pages"}],"about":[{"href":"https:\/\/www.martherobin.com\/it\/wp-json\/wp\/v2\/types\/page"}],"author":[{"embeddable":true,"href":"https:\/\/www.martherobin.com\/it\/wp-json\/wp\/v2\/users\/6"}],"replies":[{"embeddable":true,"href":"https:\/\/www.martherobin.com\/it\/wp-json\/wp\/v2\/comments?post=6754"}],"version-history":[{"count":0,"href":"https:\/\/www.martherobin.com\/it\/wp-json\/wp\/v2\/pages\/6754\/revisions"}],"up":[{"embeddable":true,"href":"https:\/\/www.martherobin.com\/it\/wp-json\/wp\/v2\/pages\/6748"}],"wp:featuredmedia":[{"embeddable":true,"href":"https:\/\/www.martherobin.com\/it\/wp-json\/wp\/v2\/media\/4401"}],"wp:attachment":[{"href":"https:\/\/www.martherobin.com\/it\/wp-json\/wp\/v2\/media?parent=6754"}],"curies":[{"name":"wp","href":"https:\/\/api.w.org\/{rel}","templated":true}]}}