{"id":6732,"date":"2016-10-13T10:03:56","date_gmt":"2016-10-13T08:03:56","guid":{"rendered":"https:\/\/www.martherobin.com\/son-heritage\/"},"modified":"2018-04-23T20:09:25","modified_gmt":"2018-04-23T18:09:25","slug":"son-heritage","status":"publish","type":"page","link":"https:\/\/www.martherobin.com\/it\/son-heritage\/","title":{"rendered":"La sua eredita"},"content":{"rendered":"<p><div class=\"fw-main-row page-lvl2-block\"  >\r\n\t<div class=\"fw-container container\">\r\n\t\t<div class=\"\">\r\n\t\t\t<div class=\"fw-row\">\n\t<div class=\"fw-col-xs-12\">\n\t<div class=\"fw-heading fw-heading-h1 fw-heading-center\">\r\n\t<h1 class=\"fw-special-title \"><span>LA SUA EREDITA<\/span><\/h1>\t<\/div>\r\n<\/div>\n<\/div>\n\n<div class=\"fw-row\">\n\t<div class=\"fw-col-xs-12 fw-col-sm-8\">\n\t\r\n<p><strong>L\u2019eredit\u00e0 di Marthe Robin \u00e8 immensa e prosegue anche oggi, attraverso numerose comunit\u00e0 e vari movimenti ecclesiastici. In maniera pi\u00f9 specifica, la sua opera continua nel mondo intero attraverso i Foyer de Charit\u00e9, comunit\u00e0 fondata nel 1936 assieme a Padre Georges Finet. Non dimentichiamo inoltre, che migliaia di pellegrini vengono ogni anno in visita alla piccola casa di campagna di Ch\u00e2teauneuf-de-Galaure dove Marthe ha vissuto.<\/strong><\/p>\r\n<div class=\"wrap\"><blockquote><p>Fino alla fine dei tempi, sar\u00f2 l\u2019apostolo dell\u2019Amore. Fino a quando resteranno sulla terra uomini che soffriranno o che lotteranno, (\u2026) io interceder\u00f2 in loro favore, verr\u00f2 ad amarli e a soccorrerli.<\/p><\/blockquote><\/div>\r\n<div class=\"wrap wrap-custom\"><p><strong>L\u2019eredit\u00e0 pi\u00f9 evidente di Marthe Robin \u00e8 costituita sicuramente dai 76 Foyer de Charit\u00e9 sparsi in tutto il mondo<\/strong>. Si tratta di comunit\u00e0 formate da sacerdoti e da laici che vivono una vita di famiglia. Questi \u201cFoyer di Luce, di Carit\u00e0 e di Amore\u201d accolgono tutti coloro che desiderano compiere un ritiro spirituale della durata di sei giorni: \"<em>Alcuni ritengono di avere smarrito la fede, ma ce l\u2019hanno sotto uno strato di cenere. Occorre soffiarci sopra per ravvivare la fiamma.\" <\/em><\/p><p><strong>Oltre a questa opera di per s\u00e9 gi\u00e0 immensa, Marthe ha ricevuto, tra le decine di migliaia di visitatori <\/strong> giunti da lei per chiedere un consiglio, numerose persone che hanno approfondito la loro vocazione proprio grazie a Marthe. Intendiamo il termine \u201cvocazione\u201d in senso ampio: sacerdoti, religiosi, consacrati in generale, ma anche coppie di sposi da lei rese salde o semplicemente consolate e giovani orientati con gioia sulla strada del matrimonio.  Ma <strong>si contano, nel numero dei suoi visitatori, anche i fondatori di alcune delle pi\u00f9 importanti comunit\u00e0 nate nella seconda met\u00e0 del XX\u00b0 secolo<\/strong> pi\u00f9 precisamente sulla scia del Concilio Vaticano II. Marthe accompagna nella loro riflessione diversi fondatori tra cui ricordiamo: Jean Vanier (l\u2019Arca), Pierre Goursat (l\u2019Emmanuele), padre Marie-Dominique Philippe (Comunit\u00e0 di San Giovanni), padre Laurent Fabre (Chemin Neuf) e molti altri\u2026<\/p><p>Occorre precisare che Marthe non si poneva come un oracolo che faceva scendere la volont\u00e0 di Dio dall\u2019alto su chi lei sentiva chiamato a lanciare un\u2019iniziativa nuova. Al contrario, era attraverso un\u2019amicizia gioiosa e sincera, una preghiera e una riflessione condivisa che lei molto spesso li aiutava a discernere la volont\u00e0 di Dio. Tutti quelli che l\u2019hanno avvicinata testimoniano sempre della sua semplicit\u00e0 e del suo buon senso, molto pratico: ci\u00f2 che Marthe ha contribuito a fare nascere in questi fondatori non si sottrae a questa regola.<\/p><p><strong>Ancora oggi, l\u2019apostolato di Marthe continua ad attirare decine di migliaia di pellegrini a Ch\u00e2teauneuf-de-Galaure <\/strong>, nella casetta di campagna, dove lei ha trascorso tutta la sua esistenza. Qui, raccolti in preghiera, si sentono pi\u00f9 vicini a Dio. I cristiani vedono in ci\u00f2 il segno che, dal Cielo, Marthe continua a operare, come lei stessa aveva detto. <\/p><\/div><\/div>\n<div class=\"fw-col-xs-12 fw-col-sm-4\">\n\t<img loading=\"lazy\" decoding=\"async\" src=\"https:\/\/www.martherobin.com\/wp-content\/uploads\/2016\/09\/img04-300x300.jpg\" alt=\"https:\/\/www.martherobin.com\/wp-content\/uploads\/2016\/09\/img04-300x300.jpg\" width=\"300\" height=\"300\" \/><\/div>\n<\/div>\n\n\t\t<\/div>\r\n\t<\/div>\r\n<\/div>\r\n<div class=\"fw-main-row aspects-block\"  >\r\n\t<div class=\"fw-container container\">\r\n\t\t<div class=\"\">\r\n\t\t\t<div class=\"fw-row\">\n\t<div class=\"fw-col-xs-12\">\n\t<span class=\"title\">3 aspetti principali della sua eredit\u00e0<\/span>\r\n<div class=\"row\">\r\n\t\t<div class=\"col\">\r\n\t\t<div class=\"img-holder\">\r\n\t\t\t<a href=\"https:\/\/www.martherobin.com\/it\/son-heritage\/les-foyers-de-charite\/\">\r\n\t\t\t\t<img decoding=\"async\" src=\"https:\/\/www.martherobin.com\/wp-content\/uploads\/2016\/09\/Heritage-1.png\" alt=\"Il Foyers de Charit\u00e9\">\r\n\t\t\t<\/a>\r\n\t\t<\/div>\r\n\t\t<span class=\"text\">\r\n\t\t\t<a href=\"https:\/\/www.martherobin.com\/it\/son-heritage\/les-foyers-de-charite\/\">\r\n\t\t\t\tIl Foyers de Charit\u00e9\t\t\t<\/a>\r\n\t\t<\/span>\r\n\t<\/div>\r\n\t\t<div class=\"col\">\r\n\t\t<div class=\"img-holder\">\r\n\t\t\t<a href=\"https:\/\/www.martherobin.com\/it\/son-heritage\/les-communautes-liees-avec-marthe-robin\/\">\r\n\t\t\t\t<img decoding=\"async\" src=\"https:\/\/www.martherobin.com\/wp-content\/uploads\/2016\/09\/Heritage-2.png\" alt=\"Le comunit\u00e0 collegate a Marthe Robin\">\r\n\t\t\t<\/a>\r\n\t\t<\/div>\r\n\t\t<span class=\"text\">\r\n\t\t\t<a href=\"https:\/\/www.martherobin.com\/it\/son-heritage\/les-communautes-liees-avec-marthe-robin\/\">\r\n\t\t\t\tLe comunit\u00e0 collegate a Marthe Robin\t\t\t<\/a>\r\n\t\t<\/span>\r\n\t<\/div>\r\n\t\t<div class=\"col\">\r\n\t\t<div class=\"img-holder\">\r\n\t\t\t<a href=\"https:\/\/www.martherobin.com\/it\/son-heritage\/venir-a-chateauneuf-sur-les-pas-de-marthe\/\">\r\n\t\t\t\t<img decoding=\"async\" src=\"https:\/\/www.martherobin.com\/wp-content\/uploads\/2016\/09\/Heritage-3.png\" alt=\"Venire a Ch\u00e2teauneuf sulle tracce di Marthe\">\r\n\t\t\t<\/a>\r\n\t\t<\/div>\r\n\t\t<span class=\"text\">\r\n\t\t\t<a href=\"https:\/\/www.martherobin.com\/it\/son-heritage\/venir-a-chateauneuf-sur-les-pas-de-marthe\/\">\r\n\t\t\t\tVenire a Ch\u00e2teauneuf sulle tracce di Marthe\t\t\t<\/a>\r\n\t\t<\/span>\r\n\t<\/div>\r\n\t<\/div>\r\n<\/div>\n<\/div>\n\n\t\t<\/div>\r\n\t<\/div>\r\n<\/div>\r\n<section class=\"fw-main-row discover-block\"  >\r\n\t<div class=\"fw-container container\">\r\n\t\t<div class=\"\">\r\n\t\t\t<div class=\"fw-row\">\n\t<div class=\"fw-col-xs-12\">\n\t<div class=\"shortcode-widget-area\"><div class=\"heading\">\r\n            <span class=\"title\">Approfondimento<\/span>\r\n        <\/div><div class=\"hold\"><div class=\"row\"><div class=\"col col-sm-4 col-md-3\">\r\n                    <div class=\"wrap\">\r\n                        <div class=\"img-holder\">\r\n                            <a href=\"https:\/\/www.martherobin.com\/it\/son-message\/paroles-et-prieres\/parcourir-le-journal\/\">\r\n                                <img decoding=\"async\" src=\"https:\/\/www.martherobin.com\/wp-content\/uploads\/2016\/12\/couverture_Journal-MartheRobin_1366202009153-263x263.png\" alt=\"Sfogliare il &#8220;Diario&#8221;\">\r\n                            <\/a>\r\n                            \r\n                        <\/div>\r\n                        <div class=\"desc\">\r\n                            <span class=\"category\">Preghiere, parole e scritti<\/span>\r\n                            <span class=\"post-title\">\r\n                                <a href=\"https:\/\/www.martherobin.com\/it\/son-message\/paroles-et-prieres\/parcourir-le-journal\/\">Sfogliare il &#8220;Diario&#8221;<\/a>\r\n                            <\/span>\r\n                            <div class=\"text\">\r\n                                <p>Le cheminement int\u00e9rieur de Marthe Robin est d\u00e9voil\u00e9 gr\u00e2ce \u00e0 la publication de son \"Journal\". D\u00e9couvrez-le en ligne...<\/p>\r\n                            <\/div>\r\n                        <\/div>\r\n                    <\/div>\r\n                <\/div><div class=\"col col-sm-4 col-md-3\">\r\n                    <div class=\"wrap\">\r\n                        <div class=\"img-holder\">\r\n                            <a href=\"https:\/\/www.martherobin.com\/it\/son-heritage\/les-foyers-de-charite\/video-decouvrir-les-retraites-spirituelles-en-3-minutes\/\">\r\n                                <img decoding=\"async\" src=\"https:\/\/www.martherobin.com\/wp-content\/uploads\/2017\/02\/3minutes_DecouvrirRetraiteSpi-263x263.jpg\" alt=\"VIDEO : Scoprire i ritiri spirituali in 3 minuti\">\r\n                            <\/a>\r\n                            \r\n                        <\/div>\r\n                        <div class=\"desc\">\r\n                            <span class=\"category\">Il Foyers de Charit\u00e9<\/span>\r\n                            <span class=\"post-title\">\r\n                                <a href=\"https:\/\/www.martherobin.com\/it\/son-heritage\/les-foyers-de-charite\/video-decouvrir-les-retraites-spirituelles-en-3-minutes\/\">VIDEO : Scoprire i ritiri spirituali in 3 minuti<\/a>\r\n                            <\/span>\r\n                            <div class=\"text\">\r\n                                <p>Les Foyers de Charit\u00e9 VIDEO : D\u00e9couvrir les retraites spirituelles en 3...<\/p>\r\n                            <\/div>\r\n                        <\/div>\r\n                    <\/div>\r\n                <\/div><div class=\"col col-sm-4 col-md-3 add\">\r\n                    <div class=\"wrap\">\r\n                        <div class=\"img-holder\">\r\n                            <a href=\"https:\/\/www.martherobin.com\/it\/la-beatification\/marthe-robin-reconnue-venerable-par-le-pape-francois\/\">\r\n                                <img decoding=\"async\" src=\"https:\/\/www.martherobin.com\/wp-content\/uploads\/2016\/09\/beatification-etapes-e1524486373193-263x263.png\" alt=\"Marthe Robin riconosciuta \u201cvenerabile\u201d da Papa Francesco\">\r\n                            <\/a>\r\n                            \r\n                        <\/div>\r\n                        <div class=\"desc\">\r\n                            <span class=\"category\">La beatificazione<\/span>\r\n                            <span class=\"post-title\">\r\n                                <a href=\"https:\/\/www.martherobin.com\/it\/la-beatification\/marthe-robin-reconnue-venerable-par-le-pape-francois\/\">Marthe Robin riconosciuta \u201cvenerabile\u201d da Papa Francesco<\/a>\r\n                            <\/span>\r\n                            <div class=\"text\">\r\n                                <p>Une \u00e9tape essentielle vers une possible b\u00e9atification...<\/p>\r\n                            <\/div>\r\n                        <\/div>\r\n                    <\/div>\r\n                <\/div><div class=\"col col-sm-4 col-md-3\">\r\n                    <div class=\"wrap\">\r\n                        <div class=\"img-holder\">\r\n                            <a href=\"https:\/\/www.martherobin.com\/it\/son-message\/ranimer-dans-le-monde-lamour-qui-seteint\/\">\r\n                                <img decoding=\"async\" src=\"https:\/\/www.martherobin.com\/wp-content\/uploads\/2016\/09\/1-illustrations-site-rouges-22-263x263.jpg\" alt=\"Ravvivare nel mondo l\u2019amore che si spegne\">\r\n                            <\/a>\r\n                            \r\n                        <\/div>\r\n                        <div class=\"desc\">\r\n                            <span class=\"category\">Il suo messagio<\/span>\r\n                            <span class=\"post-title\">\r\n                                <a href=\"https:\/\/www.martherobin.com\/it\/son-message\/ranimer-dans-le-monde-lamour-qui-seteint\/\">Ravvivare nel mondo l\u2019amore che si spegne<\/a>\r\n                            <\/span>\r\n                            <div class=\"text\">\r\n                                <p>\u00ab Je t\u2019ai choisie pour ranimer dans le monde l\u2019Amour qui s\u2019\u00e9teint \u00bb, dira le Christ \u00e0 Marthe. Elle-m\u00eame...<\/p>\r\n                            <\/div>\r\n                        <\/div>\r\n                    <\/div>\r\n                <\/div><\/div><div class=\"row\"><div class=\"col col-sm-4 col-md-3\">\r\n                    <div class=\"wrap\">\r\n                        <div class=\"img-holder\">\r\n                            <a href=\"https:\/\/www.martherobin.com\/it\/son-message\/paroles-et-prieres\/priere-marthe-robin-o-mere-bien-aimee\/\">\r\n                                <img decoding=\"async\" src=\"https:\/\/www.martherobin.com\/wp-content\/uploads\/2016\/09\/NotreDameDuFoyer_Chateauneuf01-263x263.jpg\" alt=\"O Madre Diletta\">\r\n                            <\/a>\r\n                            \r\n                        <\/div>\r\n                        <div class=\"desc\">\r\n                            <span class=\"category\">Preghiere, parole e scritti<\/span>\r\n                            <span class=\"post-title\">\r\n                                <a href=\"https:\/\/www.martherobin.com\/it\/son-message\/paroles-et-prieres\/priere-marthe-robin-o-mere-bien-aimee\/\">O Madre Diletta<\/a>\r\n                            <\/span>\r\n                            <div class=\"text\">\r\n                                <p>\u00d4 M\u00e8re Bien-Aim\u00e9e, vous qui connaissez si bien les voies de la Saintet\u00e9 et de l\u2019Amour, apprenez-nous...<\/p>\r\n                            <\/div>\r\n                        <\/div>\r\n                    <\/div>\r\n                <\/div><div class=\"col col-sm-4 col-md-3 add\">\r\n                    <div class=\"wrap\">\r\n                        <div class=\"img-holder\">\r\n                            <a href=\"https:\/\/www.martherobin.com\/it\/son-message\/lamour-inconditionnel-de-dieu-pour-chaque-homme\/\">\r\n                                <img decoding=\"async\" src=\"https:\/\/www.martherobin.com\/wp-content\/uploads\/2016\/09\/1-illustrations-site-rouges-20-263x263.jpg\" alt=\"L\u2019amore incondizionato di Dio per ogni uomo\">\r\n                            <\/a>\r\n                            \r\n                        <\/div>\r\n                        <div class=\"desc\">\r\n                            <span class=\"category\">Il suo messagio<\/span>\r\n                            <span class=\"post-title\">\r\n                                <a href=\"https:\/\/www.martherobin.com\/it\/son-message\/lamour-inconditionnel-de-dieu-pour-chaque-homme\/\">L\u2019amore incondizionato di Dio per ogni uomo<\/a>\r\n                            <\/span>\r\n                            <div class=\"text\">\r\n                                <p>Les milliers de t\u00e9moignages concernant la fa\u00e7on dont Marthe accueillait ceux qui venaient la voir sont unanimes...<\/p>\r\n                            <\/div>\r\n                        <\/div>\r\n                    <\/div>\r\n                <\/div><div class=\"row\"><div class=\"col col-sm-4 col-md-3\">\r\n                    <div class=\"wrap\">\r\n                        <div class=\"img-holder\">\r\n                            <a href=\"https:\/\/www.martherobin.com\/it\/son-heritage\/les-foyers-de-charite\/\">\r\n                                <img decoding=\"async\" src=\"https:\/\/www.martherobin.com\/wp-content\/uploads\/2016\/09\/1-illustrations-site-rouges-24-263x263.jpg\" alt=\"Il Foyers de Charit\u00e9\">\r\n                            <\/a>\r\n                            \r\n                        <\/div>\r\n                        <div class=\"desc\">\r\n                            <span class=\"category\">La sua eredita<\/span>\r\n                            <span class=\"post-title\">\r\n                                <a href=\"https:\/\/www.martherobin.com\/it\/son-heritage\/les-foyers-de-charite\/\">Il Foyers de Charit\u00e9<\/a>\r\n                            <\/span>\r\n                            <div class=\"text\">\r\n                                <p>La cr\u00e9ation des Foyers de Charit\u00e9 repose sur la rencontre de Marthe Robin et d\u2019un pr\u00eatre, le p\u00e8re Georges Finet, en 1936. Aujourd\u2019hui pr\u00e9sents dans une quarantaine de pays, les Foyers de Charit\u00e9...<\/p>\r\n                            <\/div>\r\n                        <\/div>\r\n                    <\/div>\r\n                <\/div><div class=\"col col-sm-4 col-md-3\">\r\n                    <div class=\"wrap\">\r\n                        <div class=\"img-holder\">\r\n                            <a href=\"https:\/\/www.martherobin.com\/it\/son-message\/dieu-un-pere-tendre-et-compatissant\/stetherese-une-grande-soeur-pour-marthe-robin\/\">\r\n                                <img decoding=\"async\" src=\"https:\/\/www.martherobin.com\/wp-content\/uploads\/2016\/11\/Thrse-de-lEJ-10--263x263.jpg\" alt=\"Santa Teresa, una &#8220;sorella maggiore&#8221; per Marthe Robin\">\r\n                            <\/a>\r\n                            \r\n                        <\/div>\r\n                        <div class=\"desc\">\r\n                            <span class=\"category\">Dio, un padre tenero e compassionevole<\/span>\r\n                            <span class=\"post-title\">\r\n                                <a href=\"https:\/\/www.martherobin.com\/it\/son-message\/dieu-un-pere-tendre-et-compatissant\/stetherese-une-grande-soeur-pour-marthe-robin\/\">Santa Teresa, una &#8220;sorella maggiore&#8221; per Marthe Robin<\/a>\r\n                            <\/span>\r\n                            <div class=\"text\">\r\n                                <p>Entre Marthe Robin et Sainte Th\u00e9r\u00e8se de Lisieux, il existe une relation si forte qu'on peut parler d'amiti\u00e9 ou de parent\u00e9 spirituelle...<\/p>\r\n                            <\/div>\r\n                        <\/div>\r\n                    <\/div>\r\n                <\/div><div class=\"col col-sm-4 col-md-3 add\">\r\n                    <div class=\"wrap\">\r\n                        <div class=\"img-holder\">\r\n                            <a href=\"https:\/\/www.martherobin.com\/temoignage\/les-passions-de-marthe-robin-sophie-guex\/\">\r\n                                <img decoding=\"async\" src=\"https:\/\/www.martherobin.com\/wp-content\/uploads\/2017\/05\/SophieGuex2-e1523632218396-263x263.jpg\" alt=\"Sophie Guex : Comment se d\u00e9roulaient les &#8220;passions&#8221; de Marthe Robin ?\">\r\n                            <\/a>\r\n                            \r\n                        <\/div>\r\n                        <div class=\"desc\">\r\n                            <span class=\"category\">T\u00e9moignage<\/span>\r\n                            <span class=\"post-title\">\r\n                                <a href=\"https:\/\/www.martherobin.com\/temoignage\/les-passions-de-marthe-robin-sophie-guex\/\">Sophie Guex : Comment se d\u00e9roulaient les &#8220;passions&#8221; de Marthe Robin ?<\/a>\r\n                            <\/span>\r\n                            <div class=\"text\">\r\n                                <p>[VIDEO] Les carnets du p\u00e8re Faure nous permettent de retracer les \"Passions\" v\u00e9cues par Marthe Robin...<\/p>\r\n                            <\/div>\r\n                        <\/div>\r\n                    <\/div>\r\n                <\/div><div class=\"col col-sm-4 col-md-3\">\r\n                    <div class=\"wrap\">\r\n                        <div class=\"img-holder\">\r\n                            <a href=\"https:\/\/www.martherobin.com\/son-heritage\/les-communautes-liees-avec-marthe-robin\/video-marthe-est-une-grande-soeur-pour-moi-raphael-cornu-thenard\/\">\r\n                                <img decoding=\"async\" src=\"https:\/\/www.martherobin.com\/wp-content\/uploads\/2017\/02\/ITWRaphaelCornuThenard-263x263.jpg\" alt=\"VIDEO &#8220;Marthe est une grande soeur pour moi !&#8221; Rapha\u00ebl Cornu-Th\u00e9nard\">\r\n                            <\/a>\r\n                            \r\n                        <\/div>\r\n                        <div class=\"desc\">\r\n                            <span class=\"category\">Les communaut\u00e9s li\u00e9es avec Marthe Robin<\/span>\r\n                            <span class=\"post-title\">\r\n                                <a href=\"https:\/\/www.martherobin.com\/son-heritage\/les-communautes-liees-avec-marthe-robin\/video-marthe-est-une-grande-soeur-pour-moi-raphael-cornu-thenard\/\">VIDEO &#8220;Marthe est une grande soeur pour moi !&#8221; Rapha\u00ebl Cornu-Th\u00e9nard<\/a>\r\n                            <\/span>\r\n                            <div class=\"text\">\r\n                                <p>Interview de Rapha\u00ebl Cornu-Th\u00e9nard (Anuncio - Congr\u00e8s Mission) sur la place de Marthe Robin dans sa vie de \"disciple-missionnaire\" engag\u00e9 dans la nouvelle \u00e9vang\u00e9lisation...<\/p>\r\n                            <\/div>\r\n                        <\/div>\r\n                    <\/div>\r\n                <\/div><\/div><\/div><\/div>\n<\/div>\n<\/div>\n\n\t\t<\/div>\r\n\t<\/div>\r\n<\/section>\r\n<section class=\"fw-main-row album-block\"  >\r\n\t<div class=\"fw-container container\">\r\n\t\t<div class=\"\">\r\n\t\t\t<div class=\"fw-row\">\n\t<div class=\"fw-col-xs-12\">\n\t\r\n\t    <div class=\"box_slider_wrapper\">\r\n        <div class=\"album-slide_3col\">\r\n                                                <div class=\"slide\">\r\n                                                <a href=\"javascript:void(0);\" data-featherlight=\"#slick-slide-modal0\" style=\"background-image:url();\"><\/a>\r\n                    <\/div>\r\n                                                                                    <div class=\"slide\">\r\n                                                <a href=\"javascript:void(0);\" data-featherlight=\"#slick-slide-modal1\" style=\"background-image:url(https:\/\/www.martherobin.com\/wp-content\/uploads\/2016\/09\/IMGL1266-700x467.jpg);\"><\/a>\r\n                    <\/div>\r\n                                                                                    <div class=\"slide\">\r\n                                                <a href=\"javascript:void(0);\" data-featherlight=\"#slick-slide-modal2\" style=\"background-image:url(https:\/\/www.martherobin.com\/wp-content\/uploads\/2016\/09\/Gowi-2016-083-700x467.jpeg);\"><\/a>\r\n                    <\/div>\r\n                                                                                    <div class=\"slide\">\r\n                                                <a href=\"javascript:void(0);\" data-featherlight=\"#slick-slide-modal3\" style=\"background-image:url(https:\/\/www.martherobin.com\/wp-content\/uploads\/2016\/09\/Flatiere-2015-120-700x467.jpeg);\"><\/a>\r\n                    <\/div>\r\n                                                                                    <div class=\"slide\">\r\n                                                <a href=\"javascript:void(0);\" data-featherlight=\"#slick-slide-modal4\" style=\"background-image:url(https:\/\/www.martherobin.com\/wp-content\/uploads\/2016\/09\/Bujum-2012-038-700x466.jpeg);\"><\/a>\r\n                    <\/div>\r\n                                                                                    <div class=\"slide\">\r\n                                                <a href=\"javascript:void(0);\" data-featherlight=\"#slick-slide-modal5\" style=\"background-image:url(https:\/\/www.martherobin.com\/wp-content\/uploads\/2016\/09\/CapB-2014-086-700x467.jpeg);\"><\/a>\r\n                    <\/div>\r\n                                                                                    <div class=\"slide\">\r\n                                                <a href=\"javascript:void(0);\" data-featherlight=\"#slick-slide-modal6\" style=\"background-image:url(https:\/\/www.martherobin.com\/wp-content\/uploads\/2016\/09\/009-IMG_6769-700x525.jpg);\"><\/a>\r\n                    <\/div>\r\n                                                                                    <div class=\"slide\">\r\n                                                <a href=\"javascript:void(0);\" data-featherlight=\"#slick-slide-modal7\" style=\"background-image:url();\"><\/a>\r\n                    <\/div>\r\n                                                                                    <div class=\"slide\">\r\n                                                <a href=\"javascript:void(0);\" data-featherlight=\"#slick-slide-modal8\" style=\"background-image:url(https:\/\/www.martherobin.com\/wp-content\/uploads\/2016\/09\/Flatiere-2015-066-700x467.jpeg);\"><\/a>\r\n                    <\/div>\r\n                                                                                    <div class=\"slide\">\r\n                                                <a href=\"javascript:void(0);\" data-featherlight=\"#slick-slide-modal9\" style=\"background-image:url(https:\/\/www.martherobin.com\/wp-content\/uploads\/2016\/09\/Flatiere-2015-101-700x468.jpeg);\"><\/a>\r\n                    <\/div>\r\n                                                                                    <div class=\"slide\">\r\n                                                <a href=\"javascript:void(0);\" data-featherlight=\"#slick-slide-modal10\" style=\"background-image:url(https:\/\/www.martherobin.com\/wp-content\/uploads\/2016\/09\/DSC01528-700x525.jpg);\"><\/a>\r\n                    <\/div>\r\n                                                                                    <div class=\"slide\">\r\n                                                <a href=\"javascript:void(0);\" data-featherlight=\"#slick-slide-modal11\" style=\"background-image:url(https:\/\/www.martherobin.com\/wp-content\/uploads\/2016\/09\/MGL6871-700x467.jpg);\"><\/a>\r\n                    <\/div>\r\n                                                                                    <div class=\"slide\">\r\n                                                <a href=\"javascript:void(0);\" data-featherlight=\"#slick-slide-modal12\" style=\"background-image:url(https:\/\/www.martherobin.com\/wp-content\/uploads\/2016\/09\/Chambre_MartheRobin-2-700x469.jpg);\"><\/a>\r\n                    <\/div>\r\n                                                        <\/div>\r\n        <div class=\"btn-holder\">\r\n                                    <a href=\"https:\/\/www.martherobin.com\/mediatheque\/\" class=\"btn btn-primary\">\r\n                Approfondimento            <\/a>\r\n                    <\/div>\r\n    <\/div>\r\n\t\r\n                    <div class=\"album-modal\" id=\"slick-slide-modal0\">\r\n                        <span class=\"title\">Les Foyers de Charit\u00e9 sont pr\u00e9sents dans le monde entier...<\/span>\r\n                        <span class=\"copyright\"><\/span>\r\n                        <img decoding=\"async\" src=\"\" alt=\"Les Foyers de Charit\u00e9 sont pr\u00e9sents dans le monde entier...\"\/>\r\n                    <\/div>\r\n                    <div class=\"album-modal\" id=\"slick-slide-modal1\">\r\n                        <span class=\"title\">On compte un millier de membres (la\u00efcs ou pr\u00eaters) engag\u00e9s \u00e0 vie dans les Foyers de Charit\u00e9.<\/span>\r\n                        <span class=\"copyright\"><\/span>\r\n                        <img decoding=\"async\" src=\"https:\/\/www.martherobin.com\/wp-content\/uploads\/2016\/09\/IMGL1266-700x467.jpg\" alt=\"On compte un millier de membres (la\u00efcs ou pr\u00eaters) engag\u00e9s \u00e0 vie dans les Foyers de Charit\u00e9.\"\/>\r\n                    <\/div>\r\n                    <div class=\"album-modal\" id=\"slick-slide-modal2\">\r\n                        <span class=\"title\">Membres d'un Foyer de Charit\u00e9 en Inde<\/span>\r\n                        <span class=\"copyright\"><\/span>\r\n                        <img decoding=\"async\" src=\"https:\/\/www.martherobin.com\/wp-content\/uploads\/2016\/09\/Gowi-2016-083-700x467.jpeg\" alt=\"Membres d'un Foyer de Charit\u00e9 en Inde\"\/>\r\n                    <\/div>\r\n                    <div class=\"album-modal\" id=\"slick-slide-modal3\">\r\n                        <span class=\"title\">Membres du Foyer de Charit\u00e9 de La Flati\u00e8re, en France<\/span>\r\n                        <span class=\"copyright\"><\/span>\r\n                        <img decoding=\"async\" src=\"https:\/\/www.martherobin.com\/wp-content\/uploads\/2016\/09\/Flatiere-2015-120-700x467.jpeg\" alt=\"Membres du Foyer de Charit\u00e9 de La Flati\u00e8re, en France\"\/>\r\n                    <\/div>\r\n                    <div class=\"album-modal\" id=\"slick-slide-modal4\">\r\n                        <span class=\"title\">Membres du Foyer de Charit\u00e9 de Bujumbura (Burundi)<\/span>\r\n                        <span class=\"copyright\"><\/span>\r\n                        <img decoding=\"async\" src=\"https:\/\/www.martherobin.com\/wp-content\/uploads\/2016\/09\/Bujum-2012-038-700x466.jpeg\" alt=\"Membres du Foyer de Charit\u00e9 de Bujumbura (Burundi)\"\/>\r\n                    <\/div>\r\n                    <div class=\"album-modal\" id=\"slick-slide-modal5\">\r\n                        <span class=\"title\">Membres du Foyer de Charit\u00e9 du Cap des Biches (S\u00e9n\u00e9gal)<\/span>\r\n                        <span class=\"copyright\"><\/span>\r\n                        <img decoding=\"async\" src=\"https:\/\/www.martherobin.com\/wp-content\/uploads\/2016\/09\/CapB-2014-086-700x467.jpeg\" alt=\"Membres du Foyer de Charit\u00e9 du Cap des Biches (S\u00e9n\u00e9gal)\"\/>\r\n                    <\/div>\r\n                    <div class=\"album-modal\" id=\"slick-slide-modal6\">\r\n                        <span class=\"title\">Dans l'Eglise, de nombreuses communaut\u00e9s ou mouvements reconnaissent dans la figure de Marthe Robin une grande source d'inspiration<\/span>\r\n                        <span class=\"copyright\"><\/span>\r\n                        <img decoding=\"async\" src=\"https:\/\/www.martherobin.com\/wp-content\/uploads\/2016\/09\/009-IMG_6769-700x525.jpg\" alt=\"Dans l'Eglise, de nombreuses communaut\u00e9s ou mouvements reconnaissent dans la figure de Marthe Robin une grande source d'inspiration\"\/>\r\n                    <\/div>\r\n                    <div class=\"album-modal\" id=\"slick-slide-modal7\">\r\n                        <span class=\"title\">La mission principale des Foyers : les retraites spirituelles<\/span>\r\n                        <span class=\"copyright\"><\/span>\r\n                        <img decoding=\"async\" src=\"\" alt=\"La mission principale des Foyers : les retraites spirituelles\"\/>\r\n                    <\/div>\r\n                    <div class=\"album-modal\" id=\"slick-slide-modal8\">\r\n                        <span class=\"title\">Chaque ann\u00e9e, 50 000 personnes participent \u00e0 une retraite spirituelle dans un Foyer de Charit\u00e9<\/span>\r\n                        <span class=\"copyright\"><\/span>\r\n                        <img decoding=\"async\" src=\"https:\/\/www.martherobin.com\/wp-content\/uploads\/2016\/09\/Flatiere-2015-066-700x467.jpeg\" alt=\"Chaque ann\u00e9e, 50 000 personnes participent \u00e0 une retraite spirituelle dans un Foyer de Charit\u00e9\"\/>\r\n                    <\/div>\r\n                    <div class=\"album-modal\" id=\"slick-slide-modal9\">\r\n                        <span class=\"title\">Plusieurs \u00e9coles sont anim\u00e9es par les Foyers de Charit\u00e9, qui proposent aussi de nombreuses retraites pour les jeunes<\/span>\r\n                        <span class=\"copyright\"><\/span>\r\n                        <img decoding=\"async\" src=\"https:\/\/www.martherobin.com\/wp-content\/uploads\/2016\/09\/Flatiere-2015-101-700x468.jpeg\" alt=\"Plusieurs \u00e9coles sont anim\u00e9es par les Foyers de Charit\u00e9, qui proposent aussi de nombreuses retraites pour les jeunes\"\/>\r\n                    <\/div>\r\n                    <div class=\"album-modal\" id=\"slick-slide-modal10\">\r\n                        <span class=\"title\">A Ch\u00e2teauneuf-de-Galaure, la maison o\u00f9 v\u00e9cut Marthe Robin accueille chaque ann\u00e9e des dizaines de milliers de visiteurs ou p\u00e9lerins<\/span>\r\n                        <span class=\"copyright\"><\/span>\r\n                        <img decoding=\"async\" src=\"https:\/\/www.martherobin.com\/wp-content\/uploads\/2016\/09\/DSC01528-700x525.jpg\" alt=\"A Ch\u00e2teauneuf-de-Galaure, la maison o\u00f9 v\u00e9cut Marthe Robin accueille chaque ann\u00e9e des dizaines de milliers de visiteurs ou p\u00e9lerins\"\/>\r\n                    <\/div>\r\n                    <div class=\"album-modal\" id=\"slick-slide-modal11\">\r\n                        <span class=\"title\">Ils viennent d\u00e9couvrir la vie de Marthe Robin...<\/span>\r\n                        <span class=\"copyright\"><\/span>\r\n                        <img decoding=\"async\" src=\"https:\/\/www.martherobin.com\/wp-content\/uploads\/2016\/09\/MGL6871-700x467.jpg\" alt=\"Ils viennent d\u00e9couvrir la vie de Marthe Robin...\"\/>\r\n                    <\/div>\r\n                    <div class=\"album-modal\" id=\"slick-slide-modal12\">\r\n                        <span class=\"title\">La chambre de Marthe Robin demeure un lieu de recueillement et de pri\u00e8re<\/span>\r\n                        <span class=\"copyright\"><\/span>\r\n                        <img decoding=\"async\" src=\"https:\/\/www.martherobin.com\/wp-content\/uploads\/2016\/09\/Chambre_MartheRobin-2-700x469.jpg\" alt=\"La chambre de Marthe Robin demeure un lieu de recueillement et de pri\u00e8re\"\/>\r\n                    <\/div>\r\n<a href=\"javascript:void(0);\" data-featherlight=\"#slickslick\">01<\/a>\r\n<div id=\"slickslick\" style=\"display:none;\">slick slick<\/div><\/div>\n<\/div>\n\n\t\t<\/div>\r\n\t<\/div>\r\n<\/section>\r\n<\/p>\n","protected":false},"excerpt":{"rendered":"LA SUA EREDITA L\u2019eredit\u00e0 di Marthe Robin \u00e8 immensa e prosegue anche oggi, attraverso numerose comunit\u00e0 e vari movimenti ecclesiastici. In maniera pi\u00f9 specifica, la sua opera continua nel mondo intero attraverso i Foyer de Charit\u00e9, comunit\u00e0 fondata nel 1936 assieme a Padre Georges Finet. Non dimentichiamo inoltre, che migliaia di pellegrini vengono ogni anno&#8230; <a class=\"view-article\" href=\"https:\/\/www.martherobin.com\/it\/son-heritage\/\">Mostra articolo<\/a>","protected":false},"author":6,"featured_media":2814,"parent":0,"menu_order":0,"comment_status":"closed","ping_status":"closed","template":"templates\/page-lvl2.php","meta":{"footnotes":""},"class_list":["post-6732","page","type-page","status-publish","has-post-thumbnail","hentry"],"_links":{"self":[{"href":"https:\/\/www.martherobin.com\/it\/wp-json\/wp\/v2\/pages\/6732","targetHints":{"allow":["GET"]}}],"collection":[{"href":"https:\/\/www.martherobin.com\/it\/wp-json\/wp\/v2\/pages"}],"about":[{"href":"https:\/\/www.martherobin.com\/it\/wp-json\/wp\/v2\/types\/page"}],"author":[{"embeddable":true,"href":"https:\/\/www.martherobin.com\/it\/wp-json\/wp\/v2\/users\/6"}],"replies":[{"embeddable":true,"href":"https:\/\/www.martherobin.com\/it\/wp-json\/wp\/v2\/comments?post=6732"}],"version-history":[{"count":0,"href":"https:\/\/www.martherobin.com\/it\/wp-json\/wp\/v2\/pages\/6732\/revisions"}],"wp:featuredmedia":[{"embeddable":true,"href":"https:\/\/www.martherobin.com\/it\/wp-json\/wp\/v2\/media\/2814"}],"wp:attachment":[{"href":"https:\/\/www.martherobin.com\/it\/wp-json\/wp\/v2\/media?parent=6732"}],"curies":[{"name":"wp","href":"https:\/\/api.w.org\/{rel}","templated":true}]}}