{"id":6722,"date":"2016-10-28T15:28:07","date_gmt":"2016-10-28T13:28:07","guid":{"rendered":"https:\/\/www.martherobin.com\/lepreuve-de-la-maladie\/"},"modified":"2018-04-17T19:24:10","modified_gmt":"2018-04-17T17:24:10","slug":"lepreuve-de-la-maladie","status":"publish","type":"page","link":"https:\/\/www.martherobin.com\/it\/sa-vie\/lepreuve-de-la-maladie\/","title":{"rendered":"La prova della malattia"},"content":{"rendered":"<p><div class=\"fw-main-row page-lvl3-block\"  >\r\n\t<div class=\"fw-container container\">\r\n\t\t<div class=\"frame\">\r\n\t\t\t<div class=\"fw-row\">\n\t<div class=\"fw-col-xs-12\">\n\t\r\n\t<h1><span>La sua vita<\/span><\/h1>\r\n\r\n\t<ul class=\"sous-menu\">\r\n\t\t\t\t<li>\r\n            <a href=\"https:\/\/www.martherobin.com\/it\/sa-vie\/une-grande-mystique-francaise\/\">\r\n                <img decoding=\"async\" src=\"https:\/\/www.martherobin.com\/wp-content\/uploads\/2016\/10\/circle09.png\" alt=\"Una grande mistica francese\"\/>\r\n                <span class=\"title\">Una grande mistica francese<\/span>\r\n            <\/a>\r\n        <\/li>\r\n\t\t\t<li>\r\n            <a href=\"https:\/\/www.martherobin.com\/it\/sa-vie\/lepreuve-de-la-maladie\/\">\r\n                <img decoding=\"async\" src=\"https:\/\/www.martherobin.com\/wp-content\/uploads\/2016\/10\/circle02.png\" alt=\"La prova della malattia\"\/>\r\n                <span class=\"title\">La prova della malattia<\/span>\r\n            <\/a>\r\n        <\/li>\r\n\t\t\t<li>\r\n            <a href=\"https:\/\/www.martherobin.com\/it\/sa-vie\/un-rayonnement-immense\/\">\r\n                <img decoding=\"async\" src=\"https:\/\/www.martherobin.com\/wp-content\/uploads\/2016\/10\/circle08.png\" alt=\"Una immensa irradiazione\"\/>\r\n                <span class=\"title\">Una immensa irradiazione<\/span>\r\n            <\/a>\r\n        <\/li>\r\n\t\t<\/ul>\r\n\t<div class=\"menu-openclose\">\r\n\t\t<a href=\"#\" class=\"opener\">La prova della malattia<\/a>\r\n\t\t<div class=\"slide js-slide-hidden\">\r\n\t\t\t<ul>\r\n\t\t\t\t\t\t\t\t<li><a href=\"https:\/\/www.martherobin.com\/it\/sa-vie\/une-grande-mystique-francaise\/\">Una grande mistica francese<\/a><\/li>\r\n\t\t\t\t\t\t\t\t<li><a href=\"https:\/\/www.martherobin.com\/it\/sa-vie\/lepreuve-de-la-maladie\/\">La prova della malattia<\/a><\/li>\r\n\t\t\t\t\t\t\t\t<li><a href=\"https:\/\/www.martherobin.com\/it\/sa-vie\/un-rayonnement-immense\/\">Una immensa irradiazione<\/a><\/li>\r\n\t\t\t\t\t\t\t<\/ul>\r\n\t\t<\/div>\r\n\t<\/div>\r\n\r\n\t<div class=\"top-area\">\r\n\t\t<h2>La prova della malattia<\/h2>\r\n\t<\/div>\r\n\r\n<strong class=\"bold-text\"><p>Marthe Robin cresce come tutte le ragazzine della campagna francese dell\u2019inizio del XX\u00b0 secolo. Un\u2019infanzia semplice in una famiglia di contadini della Galaure, una zona collinare della Dr\u00f4me. Bench\u00e9 abbia ricevuto un\u2019educazione cristiana, la pratica religiosa \u00e8 condizionata dai lavori nei campi e dal fatto che la parrocchia si trova lontano, ad alcuni chilometri di distanza dall\u2019azienda familiare. La malattia che la colpir\u00e0 capovolger\u00e0 la sua vita. <\/p><\/strong><\/div>\n<\/div>\n\n<div class=\"fw-row\">\n\t<div class=\"fw-col-xs-12 fw-col-sm-8\">\n\t\r\n<p>La piccola Marthe \u00e8 conosciuta come una ragazzina birichina, vivace ed intelligente, malgrado la sua costituzione fragile. E\u2019 spesso malata, dopo essere sopravissuta alla febbre tifoide, mentre una delle sue sorelle, anch\u2019essa colpita, \u00e8 morta a causa delle sue conseguenze. Quando ha 16 anni \u00e8 colpita da forti attacchi di emicrania. Per diversi mesi si susseguono febbre, vomiti e alla fine svenimenti.<\/p><div class=\"fw-heading fw-heading-h3 \">\r\n\t<h3 class=\"fw-special-title \"><span class=\"\">Colpita da una malattia incurabile <\/span><\/h3>\t<\/div>\r\n\r\n<p>Nel dicembre 1918 finisce in coma. I medici non sanno bene cosa fare: pensano prima a un tumore cerebrale, poi all\u2019influenza spagnola. Seguiranno poi violenti attacchi di emicrania, febbre, rigidit\u00e0 istantanea e totale di tutto il corpo, coma, notevole debolezza delle membra, disturbi alla vista e un\u2019estrema sensibilit\u00e0 alla luce, con periodi di miglioramento e periodi di peggioramento. Tutti questi sintomi ci mostrano che Marthe era colpita da un\u2019encefalite letargica. <\/p><p>La malattia si sviluppa gradualmente, progredendo o recedendo. All\u2019et\u00e0 di 17 anni si paralizzano le sue gambe; a 28 anni, un secondo attacco provoca la paralisi totale delle vie digestive; un terzo attacco nel 1939, a 37 anni, colpisce i nervi oculari. La luce le procura grande sofferenza e la obbligher\u00e0 a vivere nella penombra. <\/p><div class=\"fw-heading fw-heading-h3 \">\r\n\t<h3 class=\"fw-special-title \"><span class=\"\">Di fronte all\u2019assurdit\u00e0 della sofferenza <\/span><\/h3>\t<\/div>\r\n\r\n<p>Marthe si ritrova dunque fin dalla giovane et\u00e0 in una vita quotidiana piena di sofferenze, un mondo che fino ad allora le era sconosciuto. Al dolore si aggiunge ben presto l\u2019ingiustizia della solitudine. Nel villaggio di Ch\u00e2teauneuf-de-Galaure si crede che sia colpita dalla terribile influenza spagnola: ben presto non viene pi\u00f9 nessuno a trovare Marthe, proprio lei, tanto socievole e che ama ricevere visite.<\/p><p>In pochi anni vede cos\u00ec crollare tutto il suo mondo. Non pu\u00f2 pi\u00f9 avere nessun progetto sul futuro, nessuna vocazione sembra realizzabile. E\u2019 diventata un peso per la sua famiglia. L\u2019unica cosa che vede sono le imposte della sua camera, che sono mezzo chiuse perch\u00e9 i suoi occhi non sopportano la luce del giorno. La sua unica prospettiva \u00e8 di affrontare lo sviluppo di una malattia imprevedibile che le offre momenti di recupero, seguiti da ricadute terribili. <em>\u201cTutti possono, e devono compiere la propria vocazione ma io no\u2026 La vita si \u00e8 incaricata di togliermi le mie illusioni e di distruggere i miei progetti\u201d.<\/em><\/p><p>Scrive nel 1928 alla sua grande amica, la signora Delatour: <em>\"Mi sento a pezzi fisicamente, moralmente e credo che star\u00f2 molto meglio sotto terra che sopra (\u2026).<\/em><em>Lei, mia cara amica che \u00e8 cos\u00ec buona e che mi capisce cos\u00ec bene, mi perdoner\u00e0 che sono cos\u00ec poco coraggiosa\u201d.<\/em><\/p><\/div>\n<div class=\"fw-col-xs-12 fw-col-sm-4\">\n\t<img loading=\"lazy\" decoding=\"async\" src=\"https:\/\/www.martherobin.com\/wp-content\/uploads\/2016\/10\/ChambreMartheRobin_0432-300x200.jpg\" alt=\"https:\/\/www.martherobin.com\/wp-content\/uploads\/2016\/10\/ChambreMartheRobin_0432-300x200.jpg\" width=\"300\" height=\"200\" \/><\/div>\n<\/div>\n\n<div class=\"fw-row\">\n\t<div class=\"fw-col-xs-12\">\n\t\r\n<div class=\"col-md-10 pull-right\"><blockquote><p>Tutti possono, e devono compiere la propria vocazione ma io no\u2026 La vita si \u00e8 incaricata di togliermi le mie illusioni e di distruggere i miei progetti.<\/p><\/blockquote><\/div><\/div>\n<\/div>\n\n<div class=\"fw-row\">\n\t<div class=\"fw-col-xs-12 fw-col-sm-8\">\n\t<div class=\"fw-heading fw-heading-h3 \">\r\n\t<h3 class=\"fw-special-title \"><span class=\"\">Unita a Dio, la sua vita acquista un nuovo senso <\/span><\/h3>\t<\/div>\r\n\r\n<p>Proprio la presa di coscienza di perdere ogni controllo sulla sua vita sar\u00e0 decisiva per il cammino spirituale di Marthe. L\u2019inizio di questo cammino sar\u00e0 il frutto dell\u2019incontro fondamentale con alcuni religiosi cappuccini, che la visitano durante una missione parrocchiale nel 1928. Grazie a loro, Marthe comprende che Dio, per la salvezza delle anime, sa usare persino la sofferenza. Messa di fronte alla profonda ingiustizia dell\u2019unico cammino che le \u00e8 concesso percorrere, Marthe fa due scelte fondamentali. La prima \u00e8 di vivere nonostante tutto. Piuttosto che desiderare la morte, o addirittura mettere fine alla propria vita come far\u00e0 suo fratello Henri, dice al Signore che \u00e8 pronta anche a vivere a lungo, se questa \u00e8 la Sua volont\u00e0. La seconda \u00e8 di unire questa vita martoriata a quella di Ges\u00f9. E\u2019 cos\u00ec che Marthe, meditando la Passione, vivr\u00e0 sempre pi\u00f9 intensamente le sofferenze di Ges\u00f9 arrestato, torturato e crocifisso per amore per tutti gli uomini. <\/p><\/div>\n<\/div>\n\n<div class=\"fw-row\">\n\t<div class=\"fw-col-xs-12 fw-col-sm-8\">\n\t<div class=\"fw-heading fw-heading-h3 \">\r\n\t<h3 class=\"fw-special-title \"><span class=\"\">La sua lotta contro la malattia <\/span><\/h3>\t<\/div>\r\n\r\n<p>Marthe non fa compromessi con la sofferenza. Fa tutto per non soffrire pi\u00f9, forse pi\u00f9 di chiunque altro. Segue scrupolosamente le indicazioni che le danno i suoi medici e cerca di calmare i terribili attacchi di emicrania che la colpiscono mentre cerca, nonostante le difficolt\u00e0, di leggere. Non si rassegna per niente mentre perde la mobilit\u00e0 delle sue membra, che continua a usare finch\u00e9 i momenti di miglioramento glielo permettono. Si costringe anche a ricamare nonostante la rigidit\u00e0 delle sue dita, il suo vedere doppio, i forti attacchi di emicrania, finch\u00e9 le diventer\u00e0 del tutto impossibile. Alla base di questa ostinazione c\u2019\u00e8 una preoccupazione molto concreta: vuole poter pagare lei stessa le sue medicine per non essere di peso ai suoi. <\/p><p>Le conseguenze della paralisi delle sue vie digestive e dell\u2019atrofia totale del suo esofago sono drammatiche: Marthe non si nutre pi\u00f9, salvo con la comunione che riceve ogni settimana (un apporto del tutto insufficiente per tenere in vita chiunque sia in circostanze normali).<\/p><\/div>\n<\/div>\n\n<div class=\"fw-row\">\n\t<div class=\"fw-col-xs-12 fw-col-sm-8\">\n\t<div class=\"fw-heading fw-heading-h3 \">\r\n\t<h3 class=\"fw-special-title \">La gioia di Marthe chiarisce e illumina<\/h3>\t<\/div>\r\n\r\n<span class=\"txt\"><p>Il dolore non impedisce alla ragazzina birichina di diventare una donna adulta, che ama tanto ridere e che trasmette pace intorno a se.<br \/>Una testimone racconta: \u201cQuando ci sentiva un po\u2019 tesi, ci diceva: \u00ab <em>'Vi voglio raccontare l\u2019ultima storiella che mi \u00e8 stata detta dai ragazzi di St. Bonnet [scuola fondata dai Foyer de Charit\u00e9]'! Ci metteva subito a nostro agio. Quando ci sono difficolt\u00e0, penso alla risata, alla gioia di Marthe e questo mi ridona coraggio.<\/em>\u00bb<\/p><\/span>\r\n<p>Bench\u00e9 Marthe fosse stata malata per lunghi tratti della sua vita, la malattia non \u00e8 mai stata al suo centro. Al centro della sua vita c\u2019era Ges\u00f9. Le sue sofferenze sono diventate il canale attraverso il quale la misericordia di Dio poteva raggiungere le persone che venivano a trovarla. In questo modo, le sue prove e le sue sofferenze sono state trasformate in sorgenti di vita e di speranza. <\/p>\r\n<p><span class=\"line\">Leggere :<\/span><ul class=\"in-links\"><li><a href=\"https:\/\/www.martherobin.com\/it\/sa-vie\/lepreuve-de-la-maladie\/une-vie-qui-bascule\/\">Una vita che entra in una fase nuova<\/a><\/li><li><a href=\"https:\/\/www.martherobin.com\/it\/sa-vie\/lepreuve-de-la-maladie\/les-joies-et-les-peines-de-la-famille-de-marthe\/\">Le gioie e le pene della famiglia di Marthe<\/a><\/li><\/ul><\/p><\/div>\n<\/div>\n\n\t\t<\/div>\r\n\t<\/div>\r\n<\/div>\r\n<section class=\"fw-main-row discover-block\"  >\r\n\t<div class=\"fw-container container\">\r\n\t\t<div class=\"\">\r\n\t\t\t<div class=\"fw-row\">\n\t<div class=\"fw-col-xs-12\">\n\t<div class=\"shortcode-widget-area\"><div class=\"heading\">\r\n            <span class=\"title\">Approfondimento<\/span>\r\n        <\/div><div class=\"hold\"><div class=\"row\"><div class=\"col col-sm-4 col-md-3\">\r\n                    <div class=\"wrap\">\r\n                        <div class=\"img-holder\">\r\n                            <a href=\"https:\/\/www.martherobin.com\/it\/son-message\/paroles-et-prieres\/parcourir-le-journal\/\">\r\n                                <img decoding=\"async\" src=\"https:\/\/www.martherobin.com\/wp-content\/uploads\/2016\/12\/couverture_Journal-MartheRobin_1366202009153-263x263.png\" alt=\"Sfogliare il &#8220;Diario&#8221;\">\r\n                            <\/a>\r\n                            \r\n                        <\/div>\r\n                        <div class=\"desc\">\r\n                            <span class=\"category\">Preghiere, parole e scritti<\/span>\r\n                            <span class=\"post-title\">\r\n                                <a href=\"https:\/\/www.martherobin.com\/it\/son-message\/paroles-et-prieres\/parcourir-le-journal\/\">Sfogliare il &#8220;Diario&#8221;<\/a>\r\n                            <\/span>\r\n                            <div class=\"text\">\r\n                                <p>Le cheminement int\u00e9rieur de Marthe Robin est d\u00e9voil\u00e9 gr\u00e2ce \u00e0 la publication de son \"Journal\". D\u00e9couvrez-le en ligne...<\/p>\r\n                            <\/div>\r\n                        <\/div>\r\n                    <\/div>\r\n                <\/div><div class=\"col col-sm-4 col-md-3\">\r\n                    <div class=\"wrap\">\r\n                        <div class=\"img-holder\">\r\n                            <a href=\"https:\/\/www.martherobin.com\/it\/son-heritage\/les-foyers-de-charite\/video-decouvrir-les-retraites-spirituelles-en-3-minutes\/\">\r\n                                <img decoding=\"async\" src=\"https:\/\/www.martherobin.com\/wp-content\/uploads\/2017\/02\/3minutes_DecouvrirRetraiteSpi-263x263.jpg\" alt=\"VIDEO : Scoprire i ritiri spirituali in 3 minuti\">\r\n                            <\/a>\r\n                            \r\n                        <\/div>\r\n                        <div class=\"desc\">\r\n                            <span class=\"category\">Il Foyers de Charit\u00e9<\/span>\r\n                            <span class=\"post-title\">\r\n                                <a href=\"https:\/\/www.martherobin.com\/it\/son-heritage\/les-foyers-de-charite\/video-decouvrir-les-retraites-spirituelles-en-3-minutes\/\">VIDEO : Scoprire i ritiri spirituali in 3 minuti<\/a>\r\n                            <\/span>\r\n                            <div class=\"text\">\r\n                                <p>Les Foyers de Charit\u00e9 VIDEO : D\u00e9couvrir les retraites spirituelles en 3...<\/p>\r\n                            <\/div>\r\n                        <\/div>\r\n                    <\/div>\r\n                <\/div><div class=\"col col-sm-4 col-md-3 add\">\r\n                    <div class=\"wrap\">\r\n                        <div class=\"img-holder\">\r\n                            <a href=\"https:\/\/www.martherobin.com\/it\/la-beatification\/marthe-robin-reconnue-venerable-par-le-pape-francois\/\">\r\n                                <img decoding=\"async\" src=\"https:\/\/www.martherobin.com\/wp-content\/uploads\/2016\/09\/beatification-etapes-e1524486373193-263x263.png\" alt=\"Marthe Robin riconosciuta \u201cvenerabile\u201d da Papa Francesco\">\r\n                            <\/a>\r\n                            \r\n                        <\/div>\r\n                        <div class=\"desc\">\r\n                            <span class=\"category\">La beatificazione<\/span>\r\n                            <span class=\"post-title\">\r\n                                <a href=\"https:\/\/www.martherobin.com\/it\/la-beatification\/marthe-robin-reconnue-venerable-par-le-pape-francois\/\">Marthe Robin riconosciuta \u201cvenerabile\u201d da Papa Francesco<\/a>\r\n                            <\/span>\r\n                            <div class=\"text\">\r\n                                <p>Une \u00e9tape essentielle vers une possible b\u00e9atification...<\/p>\r\n                            <\/div>\r\n                        <\/div>\r\n                    <\/div>\r\n                <\/div><div class=\"col col-sm-4 col-md-3\">\r\n                    <div class=\"wrap\">\r\n                        <div class=\"img-holder\">\r\n                            <a href=\"https:\/\/www.martherobin.com\/it\/son-message\/ranimer-dans-le-monde-lamour-qui-seteint\/\">\r\n                                <img decoding=\"async\" src=\"https:\/\/www.martherobin.com\/wp-content\/uploads\/2016\/09\/1-illustrations-site-rouges-22-263x263.jpg\" alt=\"Ravvivare nel mondo l\u2019amore che si spegne\">\r\n                            <\/a>\r\n                            \r\n                        <\/div>\r\n                        <div class=\"desc\">\r\n                            <span class=\"category\">Il suo messagio<\/span>\r\n                            <span class=\"post-title\">\r\n                                <a href=\"https:\/\/www.martherobin.com\/it\/son-message\/ranimer-dans-le-monde-lamour-qui-seteint\/\">Ravvivare nel mondo l\u2019amore che si spegne<\/a>\r\n                            <\/span>\r\n                            <div class=\"text\">\r\n                                <p>\u00ab Je t\u2019ai choisie pour ranimer dans le monde l\u2019Amour qui s\u2019\u00e9teint \u00bb, dira le Christ \u00e0 Marthe. Elle-m\u00eame...<\/p>\r\n                            <\/div>\r\n                        <\/div>\r\n                    <\/div>\r\n                <\/div><\/div><div class=\"row\"><div class=\"col col-sm-4 col-md-3\">\r\n                    <div class=\"wrap\">\r\n                        <div class=\"img-holder\">\r\n                            <a href=\"https:\/\/www.martherobin.com\/it\/son-message\/paroles-et-prieres\/priere-marthe-robin-o-mere-bien-aimee\/\">\r\n                                <img decoding=\"async\" src=\"https:\/\/www.martherobin.com\/wp-content\/uploads\/2016\/09\/NotreDameDuFoyer_Chateauneuf01-263x263.jpg\" alt=\"O Madre Diletta\">\r\n                            <\/a>\r\n                            \r\n                        <\/div>\r\n                        <div class=\"desc\">\r\n                            <span class=\"category\">Preghiere, parole e scritti<\/span>\r\n                            <span class=\"post-title\">\r\n                                <a href=\"https:\/\/www.martherobin.com\/it\/son-message\/paroles-et-prieres\/priere-marthe-robin-o-mere-bien-aimee\/\">O Madre Diletta<\/a>\r\n                            <\/span>\r\n                            <div class=\"text\">\r\n                                <p>\u00d4 M\u00e8re Bien-Aim\u00e9e, vous qui connaissez si bien les voies de la Saintet\u00e9 et de l\u2019Amour, apprenez-nous...<\/p>\r\n                            <\/div>\r\n                        <\/div>\r\n                    <\/div>\r\n                <\/div><div class=\"col col-sm-4 col-md-3 add\">\r\n                    <div class=\"wrap\">\r\n                        <div class=\"img-holder\">\r\n                            <a href=\"https:\/\/www.martherobin.com\/it\/son-message\/lamour-inconditionnel-de-dieu-pour-chaque-homme\/\">\r\n                                <img decoding=\"async\" src=\"https:\/\/www.martherobin.com\/wp-content\/uploads\/2016\/09\/1-illustrations-site-rouges-20-263x263.jpg\" alt=\"L\u2019amore incondizionato di Dio per ogni uomo\">\r\n                            <\/a>\r\n                            \r\n                        <\/div>\r\n                        <div class=\"desc\">\r\n                            <span class=\"category\">Il suo messagio<\/span>\r\n                            <span class=\"post-title\">\r\n                                <a href=\"https:\/\/www.martherobin.com\/it\/son-message\/lamour-inconditionnel-de-dieu-pour-chaque-homme\/\">L\u2019amore incondizionato di Dio per ogni uomo<\/a>\r\n                            <\/span>\r\n                            <div class=\"text\">\r\n                                <p>Les milliers de t\u00e9moignages concernant la fa\u00e7on dont Marthe accueillait ceux qui venaient la voir sont unanimes...<\/p>\r\n                            <\/div>\r\n                        <\/div>\r\n                    <\/div>\r\n                <\/div><div class=\"row\"><div class=\"col col-sm-4 col-md-3\">\r\n                    <div class=\"wrap\">\r\n                        <div class=\"img-holder\">\r\n                            <a href=\"https:\/\/www.martherobin.com\/it\/son-heritage\/les-foyers-de-charite\/\">\r\n                                <img decoding=\"async\" src=\"https:\/\/www.martherobin.com\/wp-content\/uploads\/2016\/09\/1-illustrations-site-rouges-24-263x263.jpg\" alt=\"Il Foyers de Charit\u00e9\">\r\n                            <\/a>\r\n                            \r\n                        <\/div>\r\n                        <div class=\"desc\">\r\n                            <span class=\"category\">La sua eredita<\/span>\r\n                            <span class=\"post-title\">\r\n                                <a href=\"https:\/\/www.martherobin.com\/it\/son-heritage\/les-foyers-de-charite\/\">Il Foyers de Charit\u00e9<\/a>\r\n                            <\/span>\r\n                            <div class=\"text\">\r\n                                <p>La cr\u00e9ation des Foyers de Charit\u00e9 repose sur la rencontre de Marthe Robin et d\u2019un pr\u00eatre, le p\u00e8re Georges Finet, en 1936. Aujourd\u2019hui pr\u00e9sents dans une quarantaine de pays, les Foyers de Charit\u00e9...<\/p>\r\n                            <\/div>\r\n                        <\/div>\r\n                    <\/div>\r\n                <\/div><div class=\"col col-sm-4 col-md-3\">\r\n                    <div class=\"wrap\">\r\n                        <div class=\"img-holder\">\r\n                            <a href=\"https:\/\/www.martherobin.com\/it\/son-message\/dieu-un-pere-tendre-et-compatissant\/stetherese-une-grande-soeur-pour-marthe-robin\/\">\r\n                                <img decoding=\"async\" src=\"https:\/\/www.martherobin.com\/wp-content\/uploads\/2016\/11\/Thrse-de-lEJ-10--263x263.jpg\" alt=\"Santa Teresa, una &#8220;sorella maggiore&#8221; per Marthe Robin\">\r\n                            <\/a>\r\n                            \r\n                        <\/div>\r\n                        <div class=\"desc\">\r\n                            <span class=\"category\">Dio, un padre tenero e compassionevole<\/span>\r\n                            <span class=\"post-title\">\r\n                                <a href=\"https:\/\/www.martherobin.com\/it\/son-message\/dieu-un-pere-tendre-et-compatissant\/stetherese-une-grande-soeur-pour-marthe-robin\/\">Santa Teresa, una &#8220;sorella maggiore&#8221; per Marthe Robin<\/a>\r\n                            <\/span>\r\n                            <div class=\"text\">\r\n                                <p>Entre Marthe Robin et Sainte Th\u00e9r\u00e8se de Lisieux, il existe une relation si forte qu'on peut parler d'amiti\u00e9 ou de parent\u00e9 spirituelle...<\/p>\r\n                            <\/div>\r\n                        <\/div>\r\n                    <\/div>\r\n                <\/div><div class=\"col col-sm-4 col-md-3 add\">\r\n                    <div class=\"wrap\">\r\n                        <div class=\"img-holder\">\r\n                            <a href=\"https:\/\/www.martherobin.com\/temoignage\/les-passions-de-marthe-robin-sophie-guex\/\">\r\n                                <img decoding=\"async\" src=\"https:\/\/www.martherobin.com\/wp-content\/uploads\/2017\/05\/SophieGuex2-e1523632218396-263x263.jpg\" alt=\"Sophie Guex : Comment se d\u00e9roulaient les &#8220;passions&#8221; de Marthe Robin ?\">\r\n                            <\/a>\r\n                            \r\n                        <\/div>\r\n                        <div class=\"desc\">\r\n                            <span class=\"category\">T\u00e9moignage<\/span>\r\n                            <span class=\"post-title\">\r\n                                <a href=\"https:\/\/www.martherobin.com\/temoignage\/les-passions-de-marthe-robin-sophie-guex\/\">Sophie Guex : Comment se d\u00e9roulaient les &#8220;passions&#8221; de Marthe Robin ?<\/a>\r\n                            <\/span>\r\n                            <div class=\"text\">\r\n                                <p>[VIDEO] Les carnets du p\u00e8re Faure nous permettent de retracer les \"Passions\" v\u00e9cues par Marthe Robin...<\/p>\r\n                            <\/div>\r\n                        <\/div>\r\n                    <\/div>\r\n                <\/div><div class=\"col col-sm-4 col-md-3\">\r\n                    <div class=\"wrap\">\r\n                        <div class=\"img-holder\">\r\n                            <a href=\"https:\/\/www.martherobin.com\/son-heritage\/les-communautes-liees-avec-marthe-robin\/video-marthe-est-une-grande-soeur-pour-moi-raphael-cornu-thenard\/\">\r\n                                <img decoding=\"async\" src=\"https:\/\/www.martherobin.com\/wp-content\/uploads\/2017\/02\/ITWRaphaelCornuThenard-263x263.jpg\" alt=\"VIDEO &#8220;Marthe est une grande soeur pour moi !&#8221; Rapha\u00ebl Cornu-Th\u00e9nard\">\r\n                            <\/a>\r\n                            \r\n                        <\/div>\r\n                        <div class=\"desc\">\r\n                            <span class=\"category\">Les communaut\u00e9s li\u00e9es avec Marthe Robin<\/span>\r\n                            <span class=\"post-title\">\r\n                                <a href=\"https:\/\/www.martherobin.com\/son-heritage\/les-communautes-liees-avec-marthe-robin\/video-marthe-est-une-grande-soeur-pour-moi-raphael-cornu-thenard\/\">VIDEO &#8220;Marthe est une grande soeur pour moi !&#8221; Rapha\u00ebl Cornu-Th\u00e9nard<\/a>\r\n                            <\/span>\r\n                            <div class=\"text\">\r\n                                <p>Interview de Rapha\u00ebl Cornu-Th\u00e9nard (Anuncio - Congr\u00e8s Mission) sur la place de Marthe Robin dans sa vie de \"disciple-missionnaire\" engag\u00e9 dans la nouvelle \u00e9vang\u00e9lisation...<\/p>\r\n                            <\/div>\r\n                        <\/div>\r\n                    <\/div>\r\n                <\/div><\/div><\/div><\/div>\n<\/div>\n<\/div>\n\n\t\t<\/div>\r\n\t<\/div>\r\n<\/section>\r\n<\/p>\n","protected":false},"excerpt":{"rendered":"La sua vita Una grande mistica francese La prova della malattia Una immensa irradiazione La prova della malattia Una grande mistica francese La prova della malattia Una immensa irradiazione La prova della malattia Marthe Robin cresce come tutte le ragazzine della campagna francese dell\u2019inizio del XX\u00b0 secolo. Un\u2019infanzia semplice in una famiglia di contadini della&#8230; <a class=\"view-article\" href=\"https:\/\/www.martherobin.com\/it\/sa-vie\/lepreuve-de-la-maladie\/\">Mostra articolo<\/a>","protected":false},"author":6,"featured_media":5377,"parent":6793,"menu_order":2,"comment_status":"closed","ping_status":"closed","template":"templates\/page-lvl3.php","meta":{"footnotes":""},"class_list":["post-6722","page","type-page","status-publish","has-post-thumbnail","hentry"],"_links":{"self":[{"href":"https:\/\/www.martherobin.com\/it\/wp-json\/wp\/v2\/pages\/6722","targetHints":{"allow":["GET"]}}],"collection":[{"href":"https:\/\/www.martherobin.com\/it\/wp-json\/wp\/v2\/pages"}],"about":[{"href":"https:\/\/www.martherobin.com\/it\/wp-json\/wp\/v2\/types\/page"}],"author":[{"embeddable":true,"href":"https:\/\/www.martherobin.com\/it\/wp-json\/wp\/v2\/users\/6"}],"replies":[{"embeddable":true,"href":"https:\/\/www.martherobin.com\/it\/wp-json\/wp\/v2\/comments?post=6722"}],"version-history":[{"count":0,"href":"https:\/\/www.martherobin.com\/it\/wp-json\/wp\/v2\/pages\/6722\/revisions"}],"up":[{"embeddable":true,"href":"https:\/\/www.martherobin.com\/it\/wp-json\/wp\/v2\/pages\/6793"}],"wp:featuredmedia":[{"embeddable":true,"href":"https:\/\/www.martherobin.com\/it\/wp-json\/wp\/v2\/media\/5377"}],"wp:attachment":[{"href":"https:\/\/www.martherobin.com\/it\/wp-json\/wp\/v2\/media?parent=6722"}],"curies":[{"name":"wp","href":"https:\/\/api.w.org\/{rel}","templated":true}]}}