{"id":6699,"date":"2016-12-30T15:25:25","date_gmt":"2016-12-30T14:25:25","guid":{"rendered":"https:\/\/www.martherobin.com\/la-beatification\/marthe-robin-reconnue-venerable-par-le-pape-francois\/"},"modified":"2018-04-17T17:12:32","modified_gmt":"2018-04-17T15:12:32","slug":"marthe-robin-reconnue-venerable-par-le-pape-francois","status":"publish","type":"page","link":"https:\/\/www.martherobin.com\/it\/la-beatification\/marthe-robin-reconnue-venerable-par-le-pape-francois\/","title":{"rendered":"Marthe Robin riconosciuta \u201cvenerabile\u201d da Papa Francesco"},"content":{"rendered":"<p><div class=\"fw-main-row page-lvl3-block\"  >\r\n\t<div class=\"fw-container container\">\r\n\t\t<div class=\"frame\">\r\n\t\t\t<div class=\"fw-row\">\n\t<div class=\"fw-col-xs-12\">\n\t\r\n\t<h1><span>La beatificazione<\/span><\/h1>\r\n\r\n\t<ul class=\"sous-menu\">\r\n\t\t\t<\/ul>\r\n\t<div class=\"menu-openclose\">\r\n\t\t<a href=\"#\" class=\"opener\">Marthe Robin riconosciuta \u201cvenerabile\u201d da Papa Francesco<\/a>\r\n\t\t<div class=\"slide js-slide-hidden\">\r\n\t\t\t<ul>\r\n\t\t\t\t\t\t\t<\/ul>\r\n\t\t<\/div>\r\n\t<\/div>\r\n\r\n\t<div class=\"top-area\">\r\n\t\t<h2>Marthe Robin riconosciuta \u201cvenerabile\u201d da Papa Francesco<\/h2>\r\n\t<\/div>\r\n\r\n<strong class=\"bold-text\"><p>Il 7 novembre 2014, con l\u2019autorizzazione di Papa Francesco, la Congregazione per le Cause dei Santi promulga un decreto che riconosce l\u2019eroicit\u00e0 delle virt\u00f9 di Marthe Robin (1902-1981) laica francese, fondatrice dei Foyers de Charit\u00e9. Si tratta di una tappa decisiva verso la beatificazione.<\/p><\/strong><\/div>\n<\/div>\n\n<div class=\"fw-row\">\n\t<div class=\"fw-col-xs-12 fw-col-sm-8\">\n\t<div class=\"fw-heading fw-heading-h3 \">\r\n\t<h3 class=\"fw-special-title \"><span class=\"\">Che cos\u2019\u00e8 la \u201ceroicit\u00e0 delle virt\u00f9\u201d?<\/span><\/h3>\t<\/div>\r\n\r\n<p>Una persona deceduta con la fama di santit\u00e0 \u00e8 venerabile se la sua \u00aberoicit\u00e0 delle virt\u00f9\u00bb \u00e8 stata riconosciuta dalla Chiesa cattolica. <\/p><p>La \u201ceroicit\u00e0 delle virt\u00f9\u201d indica l\u2019impegno fatto dalla persona per migliorare, accogliere la grazia di Dio, praticare la carit\u00e0, conformarsi al Vangelo ed essere fedele alla Chiesa. Questo criterio \u00e8 molto pi\u00f9 importante di fatti straordinari, addirittura miracolosi, realizzati durante la vita del cristiano del quale la causa \u00e8 in corso. <\/p><p>Proclamandola \u201cvenerabile\u201d, la Chiesa propone come modello per i cristiani il modo con cui Marthe Robin ha vissuto le virt\u00f9 teologali (fede, speranza e carit\u00e0) e cardinali (giustizia, prudenza, forza e temperanza). Riconosce cos\u00ec il valore esemplare della vita di Marthe, che si \u00e8 interamente donata a Dio e agli altri senza egoismo, affrontando le situazioni difficili della vita con una forza che non \u00e8 semplicemente umana.<\/p><div class=\"fw-heading fw-heading-h3 \">\r\n\t<h3 class=\"fw-special-title \"><span class=\"\">Come Marthe Robin \u00e8 diventata \u201cvenerabile\u201d?<\/span><\/h3>\t<\/div>\r\n\r\n<p><strong>L\u2019inizio del processo, cinque anni dopo la sua morte<br \/><\/strong>Marthe Robin muore il 6 febbraio 1981. Cinque anni pi\u00f9 tardi, i Foyer de Charit\u00e9 chiedono al Vescovo di Valence, Monsignor Marchand, di aprire il processo di beatificazione. Il Vescovo nomina come postulatore della causa un membro dei Foyer de Charit\u00e9, padre Ravanel. Inizia cos\u00ec, nel 1986, l'inchiesta diocesana per la beatificazione della \"Serva di Dio\".<\/p><p><strong>L\u2019inchiesta diocesana<br \/><\/strong>Due esperti (un teologo e uno storico) sono nominati nel 1988 per dirigere l'inchiesta. Il primo elemento preso in considerazione \u00e8 la fama di santit\u00e0 di Marthe Robin presso il popolo di Dio. In seguito, tra il 1988 e il 1996, sono ascoltati pi\u00f9 di 120 testimoni ed esperti. Al termine dell'inchiesta, un dossier di 17.000 pagine (biografia critica, testimonianze, gli scritti e altri documenti) \u00e8 depositato presso la Congregazione delle Cause dei Santi a Roma. In questa fase, Marthe Robin \u00e8 chiamata \"Serva di Dio\".<\/p><p><strong>L\u2019esame della Congregazione delle Cause dei Santi<br \/><\/strong>Il 24 aprile 1998, la Congregazione delle Cause dei Santi promulga il decreto che sancisce la validit\u00e0 dell'inchiesta diocesana. E\u2019 quindi preparata la documentazione da sottoporre all'esame degli storici e dei teologi, che danno il loro parere. La documentazione \u00e8 analizzata anche dal Prelato teologo (il \"Promotor fidei\", un tempo detto anche \"avvocato del diavolo\") il cui ruolo \u00e8 presentare eventuali argomenti contrari alla beatificazione o alla canonizzazione. L'ultima parola spetta ai Cardinali e ai Vescovi. L'esame si conclude il 6 maggio 2010 con la stesura della Positio, un documento di 2000 pagine che riassume il dossier di beatificazione dell'inchiesta diocesana.<\/p><p><strong>L\u2019eroicit\u00e0 delle virt\u00f9<br \/><\/strong>A questo punto spetta alla Congregazione dei Cardinali e dei Vescovi decidere se sottoporre il caso al Santo Padre per la dichiarazione dell'eroicit\u00e0 delle virt\u00f9, ossia \u201cun perfetto amore umano e cristiano, testimoniato durante tutta la vita\u201d. Marthe Robin \u00e8 stata dichiarata \"venerabile\" da papa Francesco il 7 novembre 2014.<\/p><\/div>\n<div class=\"fw-col-xs-12 fw-col-sm-4\">\n\t<div class=\"text-right\"><img decoding=\"async\" src=\"\/\/www.martherobin.com\/wp-content\/uploads\/2016\/09\/Le-3-avril-dernier-pape-Francois-arrive-place-Saint-Pierre-Rome-pour-audience-hebdomadaire_0_730_485.jpg\" alt=\"\/\/www.martherobin.com\/wp-content\/uploads\/2016\/09\/Le-3-avril-dernier-pape-Francois-arrive-place-Saint-Pierre-Rome-pour-audience-hebdomadaire_0_730_485.jpg\" \/><\/div><\/div>\n<\/div>\n\n<div class=\"fw-row\">\n\t<div class=\"fw-col-xs-12\">\n\t\r\n<div class=\"col-md-10 pull-right\"><blockquote><p><em>Sacro Cuore di Ges\u00f9,<br \/>Tu hai manifestato a Marthe il tuo grande disegno di amore e di vita, per attirare a te tutti coloro che ti cercano o ti hanno dimenticato, e perch\u00e9 la sua incessante offerta di compassione e di misericordia partecipi ad una nuova Pentecoste.<br \/><\/em><em>Noi ti domandiamo che la sua beatificazione da parte della Chiesa serva a far conoscere te, Parola viva d\u2019amore e di pace, e che, grazie all\u2019intercessione di Maria, seguiamo il suo esempio per rispondere al grido di aiuto di tutti i nostri fratelli.<br \/><\/em><em>Degnati di esaudire le preghiere che ti rivolgiamo attraverso la tua serva Marthe,<br \/>affinch\u00e9 si manifestino la tua gioia e la tua gloria.<br \/><\/em><em>Amen.<\/em><\/p><\/blockquote><\/div><\/div>\n<\/div>\n\n<div class=\"fw-row\">\n\t<div class=\"fw-col-xs-12 fw-col-sm-8\">\n\t<div class=\"fw-heading fw-heading-h3 \">\r\n\t<h3 class=\"fw-special-title \"><span class=\"\">Quali sono le prossime tappe?<\/span><\/h3>\t<\/div>\r\n\r\n<p><strong>Il riconoscimento di un miracolo<br \/><\/strong>Il Postulatore della Causa di Beatificazione, padre Bernard Peyrous, ha deposto a Roma un dossier su un miracolo ottenuto grazie all'intercessione di Marthe Robin. Questo miracolo \u00e8 stato oggetto di un'inchiesta diocesana e sar\u00e0 studiato dalla Congregazione delle Cause dei Santi che si avvarr\u00e0 di testimonianze, documenti e analisi scientifiche.<br \/><strong>La beatificazione<br \/><\/strong>Se la commissione incaricata di questo esame riconoscer\u00e0 la validit\u00e0 del miracolo, il Papa potr\u00e0 allora decidere di dichiarare Marthe Robin \"beata\" alla data che lui riterr\u00e0 opportuna.<\/p><\/div>\n<div class=\"fw-col-xs-12 fw-col-sm-4\">\n\t<div class=\"video-wrapper shortcode-container\">\n\t<iframe loading=\"lazy\" width=\"300\" height=\"169\" src=\"https:\/\/www.youtube.com\/embed\/jnNc1gi9G4Y?feature=oembed\" frameborder=\"0\" allowfullscreen><\/iframe><\/div>\n<\/div>\n<\/div>\n\n\t\t<\/div>\r\n\t<\/div>\r\n<\/div>\r\n<section class=\"fw-main-row discover-block\"  >\r\n\t<div class=\"fw-container container\">\r\n\t\t<div class=\"\">\r\n\t\t\t<div class=\"fw-row\">\n\t<div class=\"fw-col-xs-12\">\n\t<div class=\"shortcode-widget-area\"><div class=\"heading\">\r\n            <span class=\"title\">Approfondimento<\/span>\r\n        <\/div><div class=\"hold\"><div class=\"row\"><div class=\"col col-sm-4 col-md-3\">\r\n                    <div class=\"wrap\">\r\n                        <div class=\"img-holder\">\r\n                            <a href=\"https:\/\/www.martherobin.com\/it\/son-message\/paroles-et-prieres\/parcourir-le-journal\/\">\r\n                                <img decoding=\"async\" src=\"https:\/\/www.martherobin.com\/wp-content\/uploads\/2016\/12\/couverture_Journal-MartheRobin_1366202009153-263x263.png\" alt=\"Sfogliare il &#8220;Diario&#8221;\">\r\n                            <\/a>\r\n                            \r\n                        <\/div>\r\n                        <div class=\"desc\">\r\n                            <span class=\"category\">Preghiere, parole e scritti<\/span>\r\n                            <span class=\"post-title\">\r\n                                <a href=\"https:\/\/www.martherobin.com\/it\/son-message\/paroles-et-prieres\/parcourir-le-journal\/\">Sfogliare il &#8220;Diario&#8221;<\/a>\r\n                            <\/span>\r\n                            <div class=\"text\">\r\n                                <p>Le cheminement int\u00e9rieur de Marthe Robin est d\u00e9voil\u00e9 gr\u00e2ce \u00e0 la publication de son \"Journal\". D\u00e9couvrez-le en ligne...<\/p>\r\n                            <\/div>\r\n                        <\/div>\r\n                    <\/div>\r\n                <\/div><div class=\"col col-sm-4 col-md-3\">\r\n                    <div class=\"wrap\">\r\n                        <div class=\"img-holder\">\r\n                            <a href=\"https:\/\/www.martherobin.com\/it\/son-heritage\/les-foyers-de-charite\/video-decouvrir-les-retraites-spirituelles-en-3-minutes\/\">\r\n                                <img decoding=\"async\" src=\"https:\/\/www.martherobin.com\/wp-content\/uploads\/2017\/02\/3minutes_DecouvrirRetraiteSpi-263x263.jpg\" alt=\"VIDEO : Scoprire i ritiri spirituali in 3 minuti\">\r\n                            <\/a>\r\n                            \r\n                        <\/div>\r\n                        <div class=\"desc\">\r\n                            <span class=\"category\">Il Foyers de Charit\u00e9<\/span>\r\n                            <span class=\"post-title\">\r\n                                <a href=\"https:\/\/www.martherobin.com\/it\/son-heritage\/les-foyers-de-charite\/video-decouvrir-les-retraites-spirituelles-en-3-minutes\/\">VIDEO : Scoprire i ritiri spirituali in 3 minuti<\/a>\r\n                            <\/span>\r\n                            <div class=\"text\">\r\n                                <p>Les Foyers de Charit\u00e9 VIDEO : D\u00e9couvrir les retraites spirituelles en 3...<\/p>\r\n                            <\/div>\r\n                        <\/div>\r\n                    <\/div>\r\n                <\/div><div class=\"col col-sm-4 col-md-3 add\">\r\n                    <div class=\"wrap\">\r\n                        <div class=\"img-holder\">\r\n                            <a href=\"https:\/\/www.martherobin.com\/it\/la-beatification\/marthe-robin-reconnue-venerable-par-le-pape-francois\/\">\r\n                                <img decoding=\"async\" src=\"https:\/\/www.martherobin.com\/wp-content\/uploads\/2016\/09\/beatification-etapes-e1524486373193-263x263.png\" alt=\"Marthe Robin riconosciuta \u201cvenerabile\u201d da Papa Francesco\">\r\n                            <\/a>\r\n                            \r\n                        <\/div>\r\n                        <div class=\"desc\">\r\n                            <span class=\"category\">La beatificazione<\/span>\r\n                            <span class=\"post-title\">\r\n                                <a href=\"https:\/\/www.martherobin.com\/it\/la-beatification\/marthe-robin-reconnue-venerable-par-le-pape-francois\/\">Marthe Robin riconosciuta \u201cvenerabile\u201d da Papa Francesco<\/a>\r\n                            <\/span>\r\n                            <div class=\"text\">\r\n                                <p>Une \u00e9tape essentielle vers une possible b\u00e9atification...<\/p>\r\n                            <\/div>\r\n                        <\/div>\r\n                    <\/div>\r\n                <\/div><div class=\"col col-sm-4 col-md-3\">\r\n                    <div class=\"wrap\">\r\n                        <div class=\"img-holder\">\r\n                            <a href=\"https:\/\/www.martherobin.com\/it\/son-message\/ranimer-dans-le-monde-lamour-qui-seteint\/\">\r\n                                <img decoding=\"async\" src=\"https:\/\/www.martherobin.com\/wp-content\/uploads\/2016\/09\/1-illustrations-site-rouges-22-263x263.jpg\" alt=\"Ravvivare nel mondo l\u2019amore che si spegne\">\r\n                            <\/a>\r\n                            \r\n                        <\/div>\r\n                        <div class=\"desc\">\r\n                            <span class=\"category\">Il suo messagio<\/span>\r\n                            <span class=\"post-title\">\r\n                                <a href=\"https:\/\/www.martherobin.com\/it\/son-message\/ranimer-dans-le-monde-lamour-qui-seteint\/\">Ravvivare nel mondo l\u2019amore che si spegne<\/a>\r\n                            <\/span>\r\n                            <div class=\"text\">\r\n                                <p>\u00ab Je t\u2019ai choisie pour ranimer dans le monde l\u2019Amour qui s\u2019\u00e9teint \u00bb, dira le Christ \u00e0 Marthe. Elle-m\u00eame...<\/p>\r\n                            <\/div>\r\n                        <\/div>\r\n                    <\/div>\r\n                <\/div><\/div><div class=\"row\"><div class=\"col col-sm-4 col-md-3\">\r\n                    <div class=\"wrap\">\r\n                        <div class=\"img-holder\">\r\n                            <a href=\"https:\/\/www.martherobin.com\/it\/son-message\/paroles-et-prieres\/priere-marthe-robin-o-mere-bien-aimee\/\">\r\n                                <img decoding=\"async\" src=\"https:\/\/www.martherobin.com\/wp-content\/uploads\/2016\/09\/NotreDameDuFoyer_Chateauneuf01-263x263.jpg\" alt=\"O Madre Diletta\">\r\n                            <\/a>\r\n                            \r\n                        <\/div>\r\n                        <div class=\"desc\">\r\n                            <span class=\"category\">Preghiere, parole e scritti<\/span>\r\n                            <span class=\"post-title\">\r\n                                <a href=\"https:\/\/www.martherobin.com\/it\/son-message\/paroles-et-prieres\/priere-marthe-robin-o-mere-bien-aimee\/\">O Madre Diletta<\/a>\r\n                            <\/span>\r\n                            <div class=\"text\">\r\n                                <p>\u00d4 M\u00e8re Bien-Aim\u00e9e, vous qui connaissez si bien les voies de la Saintet\u00e9 et de l\u2019Amour, apprenez-nous...<\/p>\r\n                            <\/div>\r\n                        <\/div>\r\n                    <\/div>\r\n                <\/div><div class=\"col col-sm-4 col-md-3 add\">\r\n                    <div class=\"wrap\">\r\n                        <div class=\"img-holder\">\r\n                            <a href=\"https:\/\/www.martherobin.com\/it\/son-message\/lamour-inconditionnel-de-dieu-pour-chaque-homme\/\">\r\n                                <img decoding=\"async\" src=\"https:\/\/www.martherobin.com\/wp-content\/uploads\/2016\/09\/1-illustrations-site-rouges-20-263x263.jpg\" alt=\"L\u2019amore incondizionato di Dio per ogni uomo\">\r\n                            <\/a>\r\n                            \r\n                        <\/div>\r\n                        <div class=\"desc\">\r\n                            <span class=\"category\">Il suo messagio<\/span>\r\n                            <span class=\"post-title\">\r\n                                <a href=\"https:\/\/www.martherobin.com\/it\/son-message\/lamour-inconditionnel-de-dieu-pour-chaque-homme\/\">L\u2019amore incondizionato di Dio per ogni uomo<\/a>\r\n                            <\/span>\r\n                            <div class=\"text\">\r\n                                <p>Les milliers de t\u00e9moignages concernant la fa\u00e7on dont Marthe accueillait ceux qui venaient la voir sont unanimes...<\/p>\r\n                            <\/div>\r\n                        <\/div>\r\n                    <\/div>\r\n                <\/div><div class=\"row\"><div class=\"col col-sm-4 col-md-3\">\r\n                    <div class=\"wrap\">\r\n                        <div class=\"img-holder\">\r\n                            <a href=\"https:\/\/www.martherobin.com\/it\/son-heritage\/les-foyers-de-charite\/\">\r\n                                <img decoding=\"async\" src=\"https:\/\/www.martherobin.com\/wp-content\/uploads\/2016\/09\/1-illustrations-site-rouges-24-263x263.jpg\" alt=\"Il Foyers de Charit\u00e9\">\r\n                            <\/a>\r\n                            \r\n                        <\/div>\r\n                        <div class=\"desc\">\r\n                            <span class=\"category\">La sua eredita<\/span>\r\n                            <span class=\"post-title\">\r\n                                <a href=\"https:\/\/www.martherobin.com\/it\/son-heritage\/les-foyers-de-charite\/\">Il Foyers de Charit\u00e9<\/a>\r\n                            <\/span>\r\n                            <div class=\"text\">\r\n                                <p>La cr\u00e9ation des Foyers de Charit\u00e9 repose sur la rencontre de Marthe Robin et d\u2019un pr\u00eatre, le p\u00e8re Georges Finet, en 1936. Aujourd\u2019hui pr\u00e9sents dans une quarantaine de pays, les Foyers de Charit\u00e9...<\/p>\r\n                            <\/div>\r\n                        <\/div>\r\n                    <\/div>\r\n                <\/div><div class=\"col col-sm-4 col-md-3\">\r\n                    <div class=\"wrap\">\r\n                        <div class=\"img-holder\">\r\n                            <a href=\"https:\/\/www.martherobin.com\/it\/son-message\/dieu-un-pere-tendre-et-compatissant\/stetherese-une-grande-soeur-pour-marthe-robin\/\">\r\n                                <img decoding=\"async\" src=\"https:\/\/www.martherobin.com\/wp-content\/uploads\/2016\/11\/Thrse-de-lEJ-10--263x263.jpg\" alt=\"Santa Teresa, una &#8220;sorella maggiore&#8221; per Marthe Robin\">\r\n                            <\/a>\r\n                            \r\n                        <\/div>\r\n                        <div class=\"desc\">\r\n                            <span class=\"category\">Dio, un padre tenero e compassionevole<\/span>\r\n                            <span class=\"post-title\">\r\n                                <a href=\"https:\/\/www.martherobin.com\/it\/son-message\/dieu-un-pere-tendre-et-compatissant\/stetherese-une-grande-soeur-pour-marthe-robin\/\">Santa Teresa, una &#8220;sorella maggiore&#8221; per Marthe Robin<\/a>\r\n                            <\/span>\r\n                            <div class=\"text\">\r\n                                <p>Entre Marthe Robin et Sainte Th\u00e9r\u00e8se de Lisieux, il existe une relation si forte qu'on peut parler d'amiti\u00e9 ou de parent\u00e9 spirituelle...<\/p>\r\n                            <\/div>\r\n                        <\/div>\r\n                    <\/div>\r\n                <\/div><div class=\"col col-sm-4 col-md-3 add\">\r\n                    <div class=\"wrap\">\r\n                        <div class=\"img-holder\">\r\n                            <a href=\"https:\/\/www.martherobin.com\/temoignage\/les-passions-de-marthe-robin-sophie-guex\/\">\r\n                                <img decoding=\"async\" src=\"https:\/\/www.martherobin.com\/wp-content\/uploads\/2017\/05\/SophieGuex2-e1523632218396-263x263.jpg\" alt=\"Sophie Guex : Comment se d\u00e9roulaient les &#8220;passions&#8221; de Marthe Robin ?\">\r\n                            <\/a>\r\n                            \r\n                        <\/div>\r\n                        <div class=\"desc\">\r\n                            <span class=\"category\">T\u00e9moignage<\/span>\r\n                            <span class=\"post-title\">\r\n                                <a href=\"https:\/\/www.martherobin.com\/temoignage\/les-passions-de-marthe-robin-sophie-guex\/\">Sophie Guex : Comment se d\u00e9roulaient les &#8220;passions&#8221; de Marthe Robin ?<\/a>\r\n                            <\/span>\r\n                            <div class=\"text\">\r\n                                <p>[VIDEO] Les carnets du p\u00e8re Faure nous permettent de retracer les \"Passions\" v\u00e9cues par Marthe Robin...<\/p>\r\n                            <\/div>\r\n                        <\/div>\r\n                    <\/div>\r\n                <\/div><div class=\"col col-sm-4 col-md-3\">\r\n                    <div class=\"wrap\">\r\n                        <div class=\"img-holder\">\r\n                            <a href=\"https:\/\/www.martherobin.com\/son-heritage\/les-communautes-liees-avec-marthe-robin\/video-marthe-est-une-grande-soeur-pour-moi-raphael-cornu-thenard\/\">\r\n                                <img decoding=\"async\" src=\"https:\/\/www.martherobin.com\/wp-content\/uploads\/2017\/02\/ITWRaphaelCornuThenard-263x263.jpg\" alt=\"VIDEO &#8220;Marthe est une grande soeur pour moi !&#8221; Rapha\u00ebl Cornu-Th\u00e9nard\">\r\n                            <\/a>\r\n                            \r\n                        <\/div>\r\n                        <div class=\"desc\">\r\n                            <span class=\"category\">Les communaut\u00e9s li\u00e9es avec Marthe Robin<\/span>\r\n                            <span class=\"post-title\">\r\n                                <a href=\"https:\/\/www.martherobin.com\/son-heritage\/les-communautes-liees-avec-marthe-robin\/video-marthe-est-une-grande-soeur-pour-moi-raphael-cornu-thenard\/\">VIDEO &#8220;Marthe est une grande soeur pour moi !&#8221; Rapha\u00ebl Cornu-Th\u00e9nard<\/a>\r\n                            <\/span>\r\n                            <div class=\"text\">\r\n                                <p>Interview de Rapha\u00ebl Cornu-Th\u00e9nard (Anuncio - Congr\u00e8s Mission) sur la place de Marthe Robin dans sa vie de \"disciple-missionnaire\" engag\u00e9 dans la nouvelle \u00e9vang\u00e9lisation...<\/p>\r\n                            <\/div>\r\n                        <\/div>\r\n                    <\/div>\r\n                <\/div><\/div><\/div><\/div>\n<\/div>\n<\/div>\n\n\t\t<\/div>\r\n\t<\/div>\r\n<\/section>\r\n<\/p>\n","protected":false},"excerpt":{"rendered":"Une \u00e9tape essentielle vers une possible b\u00e9atification&#8230;","protected":false},"author":6,"featured_media":5434,"parent":6686,"menu_order":2,"comment_status":"closed","ping_status":"closed","template":"templates\/page-lvl3.php","meta":{"footnotes":""},"class_list":["post-6699","page","type-page","status-publish","has-post-thumbnail","hentry"],"_links":{"self":[{"href":"https:\/\/www.martherobin.com\/it\/wp-json\/wp\/v2\/pages\/6699","targetHints":{"allow":["GET"]}}],"collection":[{"href":"https:\/\/www.martherobin.com\/it\/wp-json\/wp\/v2\/pages"}],"about":[{"href":"https:\/\/www.martherobin.com\/it\/wp-json\/wp\/v2\/types\/page"}],"author":[{"embeddable":true,"href":"https:\/\/www.martherobin.com\/it\/wp-json\/wp\/v2\/users\/6"}],"replies":[{"embeddable":true,"href":"https:\/\/www.martherobin.com\/it\/wp-json\/wp\/v2\/comments?post=6699"}],"version-history":[{"count":0,"href":"https:\/\/www.martherobin.com\/it\/wp-json\/wp\/v2\/pages\/6699\/revisions"}],"up":[{"embeddable":true,"href":"https:\/\/www.martherobin.com\/it\/wp-json\/wp\/v2\/pages\/6686"}],"wp:featuredmedia":[{"embeddable":true,"href":"https:\/\/www.martherobin.com\/it\/wp-json\/wp\/v2\/media\/5434"}],"wp:attachment":[{"href":"https:\/\/www.martherobin.com\/it\/wp-json\/wp\/v2\/media?parent=6699"}],"curies":[{"name":"wp","href":"https:\/\/api.w.org\/{rel}","templated":true}]}}