{"id":6686,"date":"2016-10-13T12:06:08","date_gmt":"2016-10-13T10:06:08","guid":{"rendered":"https:\/\/www.martherobin.com\/la-beatification\/"},"modified":"2018-04-17T16:31:45","modified_gmt":"2018-04-17T14:31:45","slug":"la-beatification","status":"publish","type":"page","link":"https:\/\/www.martherobin.com\/it\/la-beatification\/","title":{"rendered":"La beatificazione"},"content":{"rendered":"<p><div class=\"fw-main-row page-lvl2-block\"  >\r\n\t<div class=\"fw-container container\">\r\n\t\t<div class=\"\">\r\n\t\t\t<div class=\"fw-row\">\n\t<div class=\"fw-col-xs-12\">\n\t<div class=\"fw-heading fw-heading-h1 fw-heading-center\">\r\n\t<h1 class=\"fw-special-title \"><span>LA BEATIFICAZIONE<\/span><\/h1>\t<\/div>\r\n<\/div>\n<\/div>\n\n<div class=\"fw-row\">\n\t<div class=\"fw-col-xs-12 fw-col-sm-8\">\n\t\r\n<div class=\"wrap\"><blockquote><p>Non si diventa santi imitando i santi,<br \/>Si diventa santi nell\u2019unione con Ges\u00f9<\/p><\/blockquote><\/div>\r\n<p><strong>Marthe \u00e8 stata dichiarata \u201cvenerabile\u201d nel novembre 2014 da Papa Francesco. Il riconoscimento della \u201ceroicit\u00e0 delle virt\u00f9\u201d di Marthe da parte di papa Francesco \u00e8 una tappa decisiva nella Causa della sua beatificazione. Un dossier riguardante una guarigione inspiegabile ottenuta grazie alla sua intercessione \u00e8 in corso di approfondimento a Roma. <\/strong><\/p><\/div>\n<div class=\"fw-col-xs-12 fw-col-sm-4\">\n\t<img loading=\"lazy\" decoding=\"async\" src=\"https:\/\/www.martherobin.com\/wp-content\/uploads\/2016\/09\/beatification-300x200.png\" alt=\"https:\/\/www.martherobin.com\/wp-content\/uploads\/2016\/09\/beatification-300x200.png\" width=\"300\" height=\"200\" \/><\/div>\n<\/div>\n\n<div class=\"fw-row\">\n\t<div class=\"fw-col-xs-12 fw-col-sm-8\">\n\t\r\n<div class=\"wrap wrap-custom\"><p>Proclamandola \u201cvenerabile\u201d, la Chiesa propone come modello per i cristiani il modo con cui Marthe Robin ha vissuto le virt\u00f9 teologali (fede, speranza e carit\u00e0) e cardinali (giustizia, prudenza, forza e temperanza). Riconosce cos\u00ec il valore esemplare della vita di Marthe, che si \u00e8 interamente donata a Dio e agli altri senza egoismo, affrontando le situazioni difficili della vita con una forza che non \u00e8 semplicemente umana. Tuttavia, il cammino verso la beatificazione non \u00e8 finito! <\/p><\/div>\r\n<h4><strong>Per saperne di pi\u00f9:<\/strong><\/h4><ul><li><a href=\"http:\/\/bcove.me\/9m3xgkcp\" target=\"_blank\" rel=\"noopener\">Come fare a diventare santi?<\/a> (VIDEO)<\/li><li><a href=\"http:\/\/www.martherobin.com\/it\/la-beatification\/etapes-de-la-cause-de-beatification-de-marthe-robin\/\" target=\"_blank\" rel=\"noopener\">Le tappe fondamentali della Causa di beatificazione di<\/a> Marthe Robin<\/li><li><a href=\"http:\/\/www.martherobin.com\/it\/la-beatification\/marthe-robin-reconnue-venerable-par-le-pape-francois\/\" target=\"_blank\" rel=\"noopener\">Marthe Robin, Venerabile<\/a><\/li><li><a href=\"http:\/\/www.martherobin.com\/it\/la-beatification\/je-soutiens-par-la-priere\/\">Pregare per la sua beatificazione<\/a><\/li><\/ul><div class=\"fw-heading fw-heading-h3 \">\r\n\t<h3 class=\"fw-special-title \">L\u2019esame di un miracolo<\/h3>\t<\/div>\r\n\r\n<p>Nel corso di dicembre 2014 \u00e8 stato depositato a Roma un dossier riguardante una guarigione inspiegabile ottenuta grazie all'intercessione di Marthe Robin. Questo miracolo \u00e8 stato dapprima oggetto di un'inchiesta diocesana e sar\u00e0 studiato dalla Congregazione delle Cause dei Santi che si avvarr\u00e0 di testimonianze, documenti e analisi scientifiche. Se la commissione incaricata di questo esame riconoscer\u00e0 la validit\u00e0 del miracolo, il Papa potr\u00e0 allora decidere di dichiarare Marthe Robin \"beata\" alla data che lui riterr\u00e0 opportuna.<\/p><\/div>\n<div class=\"fw-col-xs-12 fw-col-sm-4\">\n\t<img loading=\"lazy\" decoding=\"async\" src=\"https:\/\/www.martherobin.com\/wp-content\/uploads\/2016\/09\/Ascension-Ciel-300x200.jpg\" alt=\"https:\/\/www.martherobin.com\/wp-content\/uploads\/2016\/09\/Ascension-Ciel-300x200.jpg\" width=\"300\" height=\"200\" \/><\/div>\n<\/div>\n\n<div class=\"fw-row\">\n\t<div class=\"fw-col-xs-12 fw-col-sm-8\">\n\t<div class=\"fw-heading fw-heading-h3 \">\r\n\t<h3 class=\"fw-special-title \">Un esame lungo e minuzioso<\/h3>\t<\/div>\r\n\r\n<p>Dopo la trasmissione al Vaticano del dossier sul miracolo, seguiranno altre tappe decisive. Prima di tutto devono essere nominati due esperti in materia della malattia di cui soffriva la persona affinch\u00e9 studino il caso a grandi linee. In seguito una commissione di medici lavorer\u00e0 minuziosamente sul dossier. Nel caso essi giungano alla conclusione che la guarigione \u00e8 inspiegabile secondo lo stato attuale della scienza, spetter\u00e0 poi a un comitato di teologi valutare se si possa parlare, nell\u2019ordine della fede, di un \u201cmiracolo\u201d. <\/p><p>decide se conviene sottomettere il caso al giudizio finale del Papa, che, lui solo, pu\u00f2 firmare il riconoscimento del miracolo. Questo atto costituisce la condizione necessaria per la beatificazione, ed \u00e8 il risultato di un lungo processo sul quale in ultima istanza soltanto il Papa pu\u00f2 decidere. <\/p>\r\n<div class=\"tab-holder\">\r\n\t<div class=\"tab-area\">\r\n\t\t<ul class=\"nav nav-tabs\" role=\"tablist\">\r\n\t\t\t\t\t\t<li role=\"presentation\" class=\"active\">\r\n\t\t\t\t<a href=\"#fw-tabs-69f1a6efb7a0f-1\" aria-controls=\"fw-tabs-69f1a6efb7a0f-1\" role=\"tab\" data-toggle=\"tab\" aria-expanded=\"false\">\r\n\t\t\t\t\tChi \u00e8 un santo, una santa?\t\t\t\t<\/a>\r\n\t\t\t<\/li>\r\n\t\t\t\t\t\t<li role=\"presentation\" class=\"\">\r\n\t\t\t\t<a href=\"#fw-tabs-69f1a6efb7a0f-2\" aria-controls=\"fw-tabs-69f1a6efb7a0f-2\" role=\"tab\" data-toggle=\"tab\" aria-expanded=\"false\">\r\n\t\t\t\t\tBeatificazione o canonizzazione?\t\t\t\t<\/a>\r\n\t\t\t<\/li>\r\n\t\t\t\t\t<\/ul>\r\n\t\t<div class=\"tab-content\">\r\n\t\t\t\t\t\t<div role=\"tabpanel\" class=\"tab-pane active\" id=\"fw-tabs-69f1a6efb7a0f-1\">\r\n\t\t\t\t<h3><span>Chi \u00e8 un santo, una santa?<\/span><\/h3>\r\n\t\t\t\t<p>In virt\u00f9 del battesimo nello Spirito Santo, tutti i cristiani sono chiamanti alla santit\u00e0. Tuttavia, la Chiesa cattolica distingue alcuni cristiani defunti che vuole proporre ai fedeli come modelli di vita e come intercessori presso Dio, per sostenere la loro speranza. La Chiesa, attraverso un atto proprio del magistero del Papa, dichiara solennemente questi uomini e queste donne beati attraverso la beatificazione. L'ultima, eventuale, tappa \u00e8 la canonizzazione con cui sono proclamati santi.\r\n\r\nI criteri della santit\u00e0 non sono opere straordinarie, n\u00e9 una reputazione di grande bont\u00e0, e neanche prodigi compiuti, bens\u00ec \u201cla perfezione della carit\u00e0 nell'edificazione degli altri\u201d, la continua perfezione dell'amore, nella conformit\u00e0 alla volont\u00e0 di Dio in tutti gli impegni di una vita.<\/p>\r\n\t\t\t<\/div>\r\n\t\t\t\t\t\t<div role=\"tabpanel\" class=\"tab-pane \" id=\"fw-tabs-69f1a6efb7a0f-2\">\r\n\t\t\t\t<h3><span>Beatificazione o canonizzazione?<\/span><\/h3>\r\n\t\t\t\t<p>Beatificazione e canonizzazione sono due tappe di uno stesso percorso, ma sono trattate separatamente. In altre parole, alcuni fedeli sono proclamati beati, ma non saranno proclamati santi. I beati sono oggetto di un culto pubblico limitato a certe diocesi o comunit\u00e0 religiose.\r\n\r\nI santi possono essere venerati nella Chiesa universale. Sono iscritti nel calendario liturgico della preghiera pubblica della Chiesa, per essere celebrati in un giorno specifico.<\/p>\r\n\t\t\t<\/div>\r\n\t\t\t\t\t<\/div>\r\n\t<\/div>\r\n<!--\t<div class=\"more-hold\">-->\r\n<!--\t\t<span><a href=\"#\">+<\/a><\/span>-->\r\n<!--\t<\/div>-->\r\n<\/div>\r\n<\/div>\n<div class=\"fw-col-xs-12 fw-col-sm-4\">\n\t<img loading=\"lazy\" decoding=\"async\" src=\"https:\/\/www.martherobin.com\/wp-content\/uploads\/2016\/09\/PapeFrancois-300x200.jpg\" alt=\"https:\/\/www.martherobin.com\/wp-content\/uploads\/2016\/09\/PapeFrancois-300x200.jpg\" width=\"300\" height=\"200\" \/><\/div>\n<\/div>\n\n\t\t<\/div>\r\n\t<\/div>\r\n<\/div>\r\n<section class=\"fw-main-row discover-block\"  >\r\n\t<div class=\"fw-container container\">\r\n\t\t<div class=\"\">\r\n\t\t\t<div class=\"fw-row\">\n\t<div class=\"fw-col-xs-12\">\n\t<div class=\"shortcode-widget-area\"><div class=\"heading\">\r\n            <span class=\"title\">Approfondimento<\/span>\r\n        <\/div><div class=\"hold\"><div class=\"row\"><div class=\"col col-sm-4 col-md-3\">\r\n                    <div class=\"wrap\">\r\n                        <div class=\"img-holder\">\r\n                            <a href=\"https:\/\/www.martherobin.com\/it\/son-message\/paroles-et-prieres\/parcourir-le-journal\/\">\r\n                                <img decoding=\"async\" src=\"https:\/\/www.martherobin.com\/wp-content\/uploads\/2016\/12\/couverture_Journal-MartheRobin_1366202009153-263x263.png\" alt=\"Sfogliare il &#8220;Diario&#8221;\">\r\n                            <\/a>\r\n                            \r\n                        <\/div>\r\n                        <div class=\"desc\">\r\n                            <span class=\"category\">Preghiere, parole e scritti<\/span>\r\n                            <span class=\"post-title\">\r\n                                <a href=\"https:\/\/www.martherobin.com\/it\/son-message\/paroles-et-prieres\/parcourir-le-journal\/\">Sfogliare il &#8220;Diario&#8221;<\/a>\r\n                            <\/span>\r\n                            <div class=\"text\">\r\n                                <p>Le cheminement int\u00e9rieur de Marthe Robin est d\u00e9voil\u00e9 gr\u00e2ce \u00e0 la publication de son \"Journal\". D\u00e9couvrez-le en ligne...<\/p>\r\n                            <\/div>\r\n                        <\/div>\r\n                    <\/div>\r\n                <\/div><div class=\"col col-sm-4 col-md-3\">\r\n                    <div class=\"wrap\">\r\n                        <div class=\"img-holder\">\r\n                            <a href=\"https:\/\/www.martherobin.com\/it\/son-heritage\/les-foyers-de-charite\/video-decouvrir-les-retraites-spirituelles-en-3-minutes\/\">\r\n                                <img decoding=\"async\" src=\"https:\/\/www.martherobin.com\/wp-content\/uploads\/2017\/02\/3minutes_DecouvrirRetraiteSpi-263x263.jpg\" alt=\"VIDEO : Scoprire i ritiri spirituali in 3 minuti\">\r\n                            <\/a>\r\n                            \r\n                        <\/div>\r\n                        <div class=\"desc\">\r\n                            <span class=\"category\">Il Foyers de Charit\u00e9<\/span>\r\n                            <span class=\"post-title\">\r\n                                <a href=\"https:\/\/www.martherobin.com\/it\/son-heritage\/les-foyers-de-charite\/video-decouvrir-les-retraites-spirituelles-en-3-minutes\/\">VIDEO : Scoprire i ritiri spirituali in 3 minuti<\/a>\r\n                            <\/span>\r\n                            <div class=\"text\">\r\n                                <p>Les Foyers de Charit\u00e9 VIDEO : D\u00e9couvrir les retraites spirituelles en 3...<\/p>\r\n                            <\/div>\r\n                        <\/div>\r\n                    <\/div>\r\n                <\/div><div class=\"col col-sm-4 col-md-3 add\">\r\n                    <div class=\"wrap\">\r\n                        <div class=\"img-holder\">\r\n                            <a href=\"https:\/\/www.martherobin.com\/it\/la-beatification\/marthe-robin-reconnue-venerable-par-le-pape-francois\/\">\r\n                                <img decoding=\"async\" src=\"https:\/\/www.martherobin.com\/wp-content\/uploads\/2016\/09\/beatification-etapes-e1524486373193-263x263.png\" alt=\"Marthe Robin riconosciuta \u201cvenerabile\u201d da Papa Francesco\">\r\n                            <\/a>\r\n                            \r\n                        <\/div>\r\n                        <div class=\"desc\">\r\n                            <span class=\"category\">La beatificazione<\/span>\r\n                            <span class=\"post-title\">\r\n                                <a href=\"https:\/\/www.martherobin.com\/it\/la-beatification\/marthe-robin-reconnue-venerable-par-le-pape-francois\/\">Marthe Robin riconosciuta \u201cvenerabile\u201d da Papa Francesco<\/a>\r\n                            <\/span>\r\n                            <div class=\"text\">\r\n                                <p>Une \u00e9tape essentielle vers une possible b\u00e9atification...<\/p>\r\n                            <\/div>\r\n                        <\/div>\r\n                    <\/div>\r\n                <\/div><div class=\"col col-sm-4 col-md-3\">\r\n                    <div class=\"wrap\">\r\n                        <div class=\"img-holder\">\r\n                            <a href=\"https:\/\/www.martherobin.com\/it\/son-message\/ranimer-dans-le-monde-lamour-qui-seteint\/\">\r\n                                <img decoding=\"async\" src=\"https:\/\/www.martherobin.com\/wp-content\/uploads\/2016\/09\/1-illustrations-site-rouges-22-263x263.jpg\" alt=\"Ravvivare nel mondo l\u2019amore che si spegne\">\r\n                            <\/a>\r\n                            \r\n                        <\/div>\r\n                        <div class=\"desc\">\r\n                            <span class=\"category\">Il suo messagio<\/span>\r\n                            <span class=\"post-title\">\r\n                                <a href=\"https:\/\/www.martherobin.com\/it\/son-message\/ranimer-dans-le-monde-lamour-qui-seteint\/\">Ravvivare nel mondo l\u2019amore che si spegne<\/a>\r\n                            <\/span>\r\n                            <div class=\"text\">\r\n                                <p>\u00ab Je t\u2019ai choisie pour ranimer dans le monde l\u2019Amour qui s\u2019\u00e9teint \u00bb, dira le Christ \u00e0 Marthe. Elle-m\u00eame...<\/p>\r\n                            <\/div>\r\n                        <\/div>\r\n                    <\/div>\r\n                <\/div><\/div><div class=\"row\"><div class=\"col col-sm-4 col-md-3\">\r\n                    <div class=\"wrap\">\r\n                        <div class=\"img-holder\">\r\n                            <a href=\"https:\/\/www.martherobin.com\/it\/son-message\/paroles-et-prieres\/priere-marthe-robin-o-mere-bien-aimee\/\">\r\n                                <img decoding=\"async\" src=\"https:\/\/www.martherobin.com\/wp-content\/uploads\/2016\/09\/NotreDameDuFoyer_Chateauneuf01-263x263.jpg\" alt=\"O Madre Diletta\">\r\n                            <\/a>\r\n                            \r\n                        <\/div>\r\n                        <div class=\"desc\">\r\n                            <span class=\"category\">Preghiere, parole e scritti<\/span>\r\n                            <span class=\"post-title\">\r\n                                <a href=\"https:\/\/www.martherobin.com\/it\/son-message\/paroles-et-prieres\/priere-marthe-robin-o-mere-bien-aimee\/\">O Madre Diletta<\/a>\r\n                            <\/span>\r\n                            <div class=\"text\">\r\n                                <p>\u00d4 M\u00e8re Bien-Aim\u00e9e, vous qui connaissez si bien les voies de la Saintet\u00e9 et de l\u2019Amour, apprenez-nous...<\/p>\r\n                            <\/div>\r\n                        <\/div>\r\n                    <\/div>\r\n                <\/div><div class=\"col col-sm-4 col-md-3 add\">\r\n                    <div class=\"wrap\">\r\n                        <div class=\"img-holder\">\r\n                            <a href=\"https:\/\/www.martherobin.com\/it\/son-message\/lamour-inconditionnel-de-dieu-pour-chaque-homme\/\">\r\n                                <img decoding=\"async\" src=\"https:\/\/www.martherobin.com\/wp-content\/uploads\/2016\/09\/1-illustrations-site-rouges-20-263x263.jpg\" alt=\"L\u2019amore incondizionato di Dio per ogni uomo\">\r\n                            <\/a>\r\n                            \r\n                        <\/div>\r\n                        <div class=\"desc\">\r\n                            <span class=\"category\">Il suo messagio<\/span>\r\n                            <span class=\"post-title\">\r\n                                <a href=\"https:\/\/www.martherobin.com\/it\/son-message\/lamour-inconditionnel-de-dieu-pour-chaque-homme\/\">L\u2019amore incondizionato di Dio per ogni uomo<\/a>\r\n                            <\/span>\r\n                            <div class=\"text\">\r\n                                <p>Les milliers de t\u00e9moignages concernant la fa\u00e7on dont Marthe accueillait ceux qui venaient la voir sont unanimes...<\/p>\r\n                            <\/div>\r\n                        <\/div>\r\n                    <\/div>\r\n                <\/div><div class=\"row\"><div class=\"col col-sm-4 col-md-3\">\r\n                    <div class=\"wrap\">\r\n                        <div class=\"img-holder\">\r\n                            <a href=\"https:\/\/www.martherobin.com\/it\/son-heritage\/les-foyers-de-charite\/\">\r\n                                <img decoding=\"async\" src=\"https:\/\/www.martherobin.com\/wp-content\/uploads\/2016\/09\/1-illustrations-site-rouges-24-263x263.jpg\" alt=\"Il Foyers de Charit\u00e9\">\r\n                            <\/a>\r\n                            \r\n                        <\/div>\r\n                        <div class=\"desc\">\r\n                            <span class=\"category\">La sua eredita<\/span>\r\n                            <span class=\"post-title\">\r\n                                <a href=\"https:\/\/www.martherobin.com\/it\/son-heritage\/les-foyers-de-charite\/\">Il Foyers de Charit\u00e9<\/a>\r\n                            <\/span>\r\n                            <div class=\"text\">\r\n                                <p>La cr\u00e9ation des Foyers de Charit\u00e9 repose sur la rencontre de Marthe Robin et d\u2019un pr\u00eatre, le p\u00e8re Georges Finet, en 1936. Aujourd\u2019hui pr\u00e9sents dans une quarantaine de pays, les Foyers de Charit\u00e9...<\/p>\r\n                            <\/div>\r\n                        <\/div>\r\n                    <\/div>\r\n                <\/div><div class=\"col col-sm-4 col-md-3\">\r\n                    <div class=\"wrap\">\r\n                        <div class=\"img-holder\">\r\n                            <a href=\"https:\/\/www.martherobin.com\/it\/son-message\/dieu-un-pere-tendre-et-compatissant\/stetherese-une-grande-soeur-pour-marthe-robin\/\">\r\n                                <img decoding=\"async\" src=\"https:\/\/www.martherobin.com\/wp-content\/uploads\/2016\/11\/Thrse-de-lEJ-10--263x263.jpg\" alt=\"Santa Teresa, una &#8220;sorella maggiore&#8221; per Marthe Robin\">\r\n                            <\/a>\r\n                            \r\n                        <\/div>\r\n                        <div class=\"desc\">\r\n                            <span class=\"category\">Dio, un padre tenero e compassionevole<\/span>\r\n                            <span class=\"post-title\">\r\n                                <a href=\"https:\/\/www.martherobin.com\/it\/son-message\/dieu-un-pere-tendre-et-compatissant\/stetherese-une-grande-soeur-pour-marthe-robin\/\">Santa Teresa, una &#8220;sorella maggiore&#8221; per Marthe Robin<\/a>\r\n                            <\/span>\r\n                            <div class=\"text\">\r\n                                <p>Entre Marthe Robin et Sainte Th\u00e9r\u00e8se de Lisieux, il existe une relation si forte qu'on peut parler d'amiti\u00e9 ou de parent\u00e9 spirituelle...<\/p>\r\n                            <\/div>\r\n                        <\/div>\r\n                    <\/div>\r\n                <\/div><div class=\"col col-sm-4 col-md-3 add\">\r\n                    <div class=\"wrap\">\r\n                        <div class=\"img-holder\">\r\n                            <a href=\"https:\/\/www.martherobin.com\/temoignage\/les-passions-de-marthe-robin-sophie-guex\/\">\r\n                                <img decoding=\"async\" src=\"https:\/\/www.martherobin.com\/wp-content\/uploads\/2017\/05\/SophieGuex2-e1523632218396-263x263.jpg\" alt=\"Sophie Guex : Comment se d\u00e9roulaient les &#8220;passions&#8221; de Marthe Robin ?\">\r\n                            <\/a>\r\n                            \r\n                        <\/div>\r\n                        <div class=\"desc\">\r\n                            <span class=\"category\">T\u00e9moignage<\/span>\r\n                            <span class=\"post-title\">\r\n                                <a href=\"https:\/\/www.martherobin.com\/temoignage\/les-passions-de-marthe-robin-sophie-guex\/\">Sophie Guex : Comment se d\u00e9roulaient les &#8220;passions&#8221; de Marthe Robin ?<\/a>\r\n                            <\/span>\r\n                            <div class=\"text\">\r\n                                <p>[VIDEO] Les carnets du p\u00e8re Faure nous permettent de retracer les \"Passions\" v\u00e9cues par Marthe Robin...<\/p>\r\n                            <\/div>\r\n                        <\/div>\r\n                    <\/div>\r\n                <\/div><div class=\"col col-sm-4 col-md-3\">\r\n                    <div class=\"wrap\">\r\n                        <div class=\"img-holder\">\r\n                            <a href=\"https:\/\/www.martherobin.com\/son-heritage\/les-communautes-liees-avec-marthe-robin\/video-marthe-est-une-grande-soeur-pour-moi-raphael-cornu-thenard\/\">\r\n                                <img decoding=\"async\" src=\"https:\/\/www.martherobin.com\/wp-content\/uploads\/2017\/02\/ITWRaphaelCornuThenard-263x263.jpg\" alt=\"VIDEO &#8220;Marthe est une grande soeur pour moi !&#8221; Rapha\u00ebl Cornu-Th\u00e9nard\">\r\n                            <\/a>\r\n                            \r\n                        <\/div>\r\n                        <div class=\"desc\">\r\n                            <span class=\"category\">Les communaut\u00e9s li\u00e9es avec Marthe Robin<\/span>\r\n                            <span class=\"post-title\">\r\n                                <a href=\"https:\/\/www.martherobin.com\/son-heritage\/les-communautes-liees-avec-marthe-robin\/video-marthe-est-une-grande-soeur-pour-moi-raphael-cornu-thenard\/\">VIDEO &#8220;Marthe est une grande soeur pour moi !&#8221; Rapha\u00ebl Cornu-Th\u00e9nard<\/a>\r\n                            <\/span>\r\n                            <div class=\"text\">\r\n                                <p>Interview de Rapha\u00ebl Cornu-Th\u00e9nard (Anuncio - Congr\u00e8s Mission) sur la place de Marthe Robin dans sa vie de \"disciple-missionnaire\" engag\u00e9 dans la nouvelle \u00e9vang\u00e9lisation...<\/p>\r\n                            <\/div>\r\n                        <\/div>\r\n                    <\/div>\r\n                <\/div><\/div><\/div><\/div>\n<\/div>\n<\/div>\n\n\t\t<\/div>\r\n\t<\/div>\r\n<\/section>\r\n<\/p>\n","protected":false},"excerpt":{"rendered":"LA BEATIFICAZIONE Non si diventa santi imitando i santi,Si diventa santi nell\u2019unione con Ges\u00f9 Marthe \u00e8 stata dichiarata \u201cvenerabile\u201d nel novembre 2014 da Papa Francesco. Il riconoscimento della \u201ceroicit\u00e0 delle virt\u00f9\u201d di Marthe da parte di papa Francesco \u00e8 una tappa decisiva nella Causa della sua beatificazione. Un dossier riguardante una guarigione inspiegabile ottenuta grazie&#8230; <a class=\"view-article\" href=\"https:\/\/www.martherobin.com\/it\/la-beatification\/\">Mostra articolo<\/a>","protected":false},"author":6,"featured_media":5441,"parent":0,"menu_order":0,"comment_status":"closed","ping_status":"closed","template":"templates\/page-lvl2.php","meta":{"footnotes":""},"class_list":["post-6686","page","type-page","status-publish","has-post-thumbnail","hentry"],"_links":{"self":[{"href":"https:\/\/www.martherobin.com\/it\/wp-json\/wp\/v2\/pages\/6686","targetHints":{"allow":["GET"]}}],"collection":[{"href":"https:\/\/www.martherobin.com\/it\/wp-json\/wp\/v2\/pages"}],"about":[{"href":"https:\/\/www.martherobin.com\/it\/wp-json\/wp\/v2\/types\/page"}],"author":[{"embeddable":true,"href":"https:\/\/www.martherobin.com\/it\/wp-json\/wp\/v2\/users\/6"}],"replies":[{"embeddable":true,"href":"https:\/\/www.martherobin.com\/it\/wp-json\/wp\/v2\/comments?post=6686"}],"version-history":[{"count":0,"href":"https:\/\/www.martherobin.com\/it\/wp-json\/wp\/v2\/pages\/6686\/revisions"}],"wp:featuredmedia":[{"embeddable":true,"href":"https:\/\/www.martherobin.com\/it\/wp-json\/wp\/v2\/media\/5441"}],"wp:attachment":[{"href":"https:\/\/www.martherobin.com\/it\/wp-json\/wp\/v2\/media?parent=6686"}],"curies":[{"name":"wp","href":"https:\/\/api.w.org\/{rel}","templated":true}]}}