{"id":7596,"date":"2017-02-14T17:45:38","date_gmt":"2017-02-14T16:45:38","guid":{"rendered":"https:\/\/www.martherobin.com\/son-message\/paroles-et-prieres\/priere-de-marthe-robin-mon-dieu-allumez-le-feu-de-votre-charite\/"},"modified":"2018-07-25T10:13:00","modified_gmt":"2018-07-25T08:13:00","slug":"priere-de-marthe-robin-mon-dieu-allumez-le-feu-de-votre-charite","status":"publish","type":"page","link":"https:\/\/www.martherobin.com\/es\/son-message\/paroles-et-prieres\/priere-de-marthe-robin-mon-dieu-allumez-le-feu-de-votre-charite\/","title":{"rendered":"Dios m\u00edo, enciende el fuego de tu caridad&#8230;"},"content":{"rendered":"<p><div class=\"fw-main-row page-lvl3-block\"  >\r\n\t<div class=\"fw-container container\">\r\n\t\t<div class=\"frame\">\r\n\t\t\t<div class=\"fw-row\">\n\t<div class=\"fw-col-xs-12\">\n\t\r\n\t<h1><span>Oraciones, palabras y escritos<\/span><\/h1>\r\n\r\n\t<ul class=\"sous-menu\">\r\n\t\t\t<\/ul>\r\n\t<div class=\"menu-openclose\">\r\n\t\t<a href=\"#\" class=\"opener\">Dios m\u00edo, enciende el fuego de tu caridad...<\/a>\r\n\t\t<div class=\"slide js-slide-hidden\">\r\n\t\t\t<ul>\r\n\t\t\t\t\t\t\t<\/ul>\r\n\t\t<\/div>\r\n\t<\/div>\r\n\r\n\t<div class=\"top-area\">\r\n\t\t<h2>Dios m\u00edo, enciende el fuego de tu caridad...<\/h2>\r\n\t<\/div>\r\n<\/div>\n<\/div>\n\n<div class=\"fw-row\">\n\t<div class=\"fw-col-xs-12 fw-col-sm-8\">\n\t\r\n<p>Mon Dieu, allumez le feu de votre charit\u00e9<br \/>dans tous les c\u0153urs, sur toute la terre.<br \/>R\u00e9pandez partout le grand souffle de votre Esprit d'amour<br \/>et le coeur de tous les hommes<br \/>et toute la terre seront renouvel\u00e9s et chang\u00e9s.<br \/>O mon Dieu,<br \/>r\u00e9pandez \u00e0 flots les gr\u00e2ces infinies de votre R\u00e9demption<br \/>sur le monde tout entier.<br \/>Renouvelez tout, \u00f4 mon Dieu, dans votre Amour,<br \/>ressuscitez tout dans votre sang divin.<br \/>Ramenez tous les hommes et toutes choses<br \/>\u00e0 la v\u00e9rit\u00e9, \u00e0 la lumi\u00e8re, \u00e0 la vie divine.<\/p><\/div>\n<div class=\"fw-col-xs-12 fw-col-sm-4\">\n\t<div class=\"text-right\"><img decoding=\"async\" src=\"\/\/www.martherobin.com\/wp-content\/uploads\/2016\/09\/mon-dieu-allumez.jpg\" alt=\"\/\/www.martherobin.com\/wp-content\/uploads\/2016\/09\/mon-dieu-allumez.jpg\" \/><\/div><\/div>\n<\/div>\n\n<div class=\"fw-row\">\n\t<div class=\"fw-col-xs-12 fw-col-sm-8\">\n\t\r\n<p><span class=\"line\">Para leer:<\/span><ul class=\"in-links\"><li><a href=\"https:\/\/www.martherobin.com\/es\/son-message\/paroles-et-prieres\/priere-marthe-robin-acte-d-abandon-et-offrande-a-l-amour-et-a-la-volonte-de-dieu\/\">Acto de rendici\u00f3n y offrenda al amor y la voluntad de Dios<\/a><\/li><li><a href=\"https:\/\/www.martherobin.com\/es\/son-message\/paroles-et-prieres\/les-paroles-en-images\/\">Palabras en fotos<\/a><\/li><li><a href=\"https:\/\/www.martherobin.com\/es\/son-message\/paroles-et-prieres\/recits-de-la-passion-par-marthe-robin\/\">Relatos de la Pasi\u00f3n<\/a><\/li><li><a href=\"https:\/\/www.martherobin.com\/es\/son-message\/paroles-et-prieres\/priere-de-marthe-robin-pour-les-pretres\/\">Oraci\u00f3n por los sacerdotes<\/a><\/li><li><a href=\"https:\/\/www.martherobin.com\/es\/son-message\/paroles-et-prieres\/priere-de-marthe-robin-pour-les-pretres-et-pour-le-monde\/\">Oraci\u00f3n por los sacerdotes y el mundo<\/a><\/li><li><a href=\"https:\/\/www.martherobin.com\/es\/son-message\/paroles-et-prieres\/priere-de-marthe-robin-vierge-immaculee\/\">Oraci\u00f3n \"Virgen Immaculada\"<\/a><\/li><li><a href=\"https:\/\/www.martherobin.com\/es\/son-message\/paroles-et-prieres\/priere-de-marthe-robin-o-marie-mere-de-misericorde\/\">Oraci\u00f3n \"Oh, Madre de Misericordia\"<\/a><\/li><li><a href=\"https:\/\/www.martherobin.com\/es\/son-message\/paroles-et-prieres\/priere-de-marthe-robin-pour-la-france\/\">Oraci\u00f3n por Francia<\/a><\/li><li><a href=\"https:\/\/www.martherobin.com\/es\/son-message\/paroles-et-prieres\/priere-de-marthe-robin-pour-une-conversion\/\">Oraci\u00f3n por una convers\u00edon<\/a><\/li><li><a href=\"https:\/\/www.martherobin.com\/es\/son-message\/paroles-et-prieres\/priere-de-marthe-robin-offrande-dans-lepreuve\/\">Ofrenda de la adversidad<\/a><\/li><\/ul><\/p><\/div>\n<\/div>\n\n\t\t<\/div>\r\n\t<\/div>\r\n<\/div>\r\n<section class=\"fw-main-row discover-block\"  >\r\n\t<div class=\"fw-container container\">\r\n\t\t<div class=\"\">\r\n\t\t\t<div class=\"fw-row\">\n\t<div class=\"fw-col-xs-12\">\n\t<div class=\"shortcode-widget-area\"><div class=\"heading\">\r\n            <span class=\"title\">Descubrir<\/span>\r\n        <\/div><div class=\"hold\"><div class=\"row\"><div class=\"col col-sm-4 col-md-3\">\r\n                    <div class=\"wrap\">\r\n                        <div class=\"img-holder\">\r\n                            <a href=\"https:\/\/www.martherobin.com\/es\/son-message\/paroles-et-prieres\/parcourir-le-journal\/\">\r\n                                <img decoding=\"async\" src=\"https:\/\/www.martherobin.com\/wp-content\/uploads\/2016\/12\/couverture_Journal-MartheRobin_1366202009153-263x263.png\" alt=\"Leer el \u00abDiario\u00bb\">\r\n                            <\/a>\r\n                            \r\n                        <\/div>\r\n                        <div class=\"desc\">\r\n                            <span class=\"category\">Oraciones, palabras y escritos<\/span>\r\n                            <span class=\"post-title\">\r\n                                <a href=\"https:\/\/www.martherobin.com\/es\/son-message\/paroles-et-prieres\/parcourir-le-journal\/\">Leer el \u00abDiario\u00bb<\/a>\r\n                            <\/span>\r\n                            <div class=\"text\">\r\n                                <p>Le cheminement int\u00e9rieur de Marthe Robin est d\u00e9voil\u00e9 gr\u00e2ce \u00e0 la publication de son \"Journal\". D\u00e9couvrez-le en ligne...<\/p>\r\n                            <\/div>\r\n                        <\/div>\r\n                    <\/div>\r\n                <\/div><div class=\"col col-sm-4 col-md-3\">\r\n                    <div class=\"wrap\">\r\n                        <div class=\"img-holder\">\r\n                            <a href=\"https:\/\/www.martherobin.com\/son-heritage\/les-foyers-de-charite\/video-decouvrir-les-retraites-spirituelles-en-3-minutes\/\">\r\n                                <img decoding=\"async\" src=\"https:\/\/www.martherobin.com\/wp-content\/uploads\/2017\/02\/3minutes_DecouvrirRetraiteSpi-263x263.jpg\" alt=\"VIDEO : D\u00e9couvrir les retraites spirituelles en 3 minutes\">\r\n                            <\/a>\r\n                            \r\n                        <\/div>\r\n                        <div class=\"desc\">\r\n                            <span class=\"category\">Les Foyers de Charit\u00e9<\/span>\r\n                            <span class=\"post-title\">\r\n                                <a href=\"https:\/\/www.martherobin.com\/son-heritage\/les-foyers-de-charite\/video-decouvrir-les-retraites-spirituelles-en-3-minutes\/\">VIDEO : D\u00e9couvrir les retraites spirituelles en 3 minutes<\/a>\r\n                            <\/span>\r\n                            <div class=\"text\">\r\n                                <p>Les Foyers de Charit\u00e9 VIDEO : D\u00e9couvrir les retraites spirituelles en 3...<\/p>\r\n                            <\/div>\r\n                        <\/div>\r\n                    <\/div>\r\n                <\/div><div class=\"col col-sm-4 col-md-3 add\">\r\n                    <div class=\"wrap\">\r\n                        <div class=\"img-holder\">\r\n                            <a href=\"https:\/\/www.martherobin.com\/es\/la-beatification\/marthe-robin-reconnue-venerable-par-le-pape-francois\/\">\r\n                                <img decoding=\"async\" src=\"https:\/\/www.martherobin.com\/wp-content\/uploads\/2016\/09\/beatification-etapes-e1524486340379-263x263.png\" alt=\"Marta Robin reconocida como \u201cvenerable\u201d por el Papa Francisco\">\r\n                            <\/a>\r\n                            \r\n                        <\/div>\r\n                        <div class=\"desc\">\r\n                            <span class=\"category\">La beatificaci\u00f3n<\/span>\r\n                            <span class=\"post-title\">\r\n                                <a href=\"https:\/\/www.martherobin.com\/es\/la-beatification\/marthe-robin-reconnue-venerable-par-le-pape-francois\/\">Marta Robin reconocida como \u201cvenerable\u201d por el Papa Francisco<\/a>\r\n                            <\/span>\r\n                            <div class=\"text\">\r\n                                <p>Une \u00e9tape essentielle vers une possible b\u00e9atification...<\/p>\r\n                            <\/div>\r\n                        <\/div>\r\n                    <\/div>\r\n                <\/div><div class=\"col col-sm-4 col-md-3\">\r\n                    <div class=\"wrap\">\r\n                        <div class=\"img-holder\">\r\n                            <a href=\"https:\/\/www.martherobin.com\/es\/son-message\/ranimer-dans-le-monde-lamour-qui-seteint\/\">\r\n                                <img decoding=\"async\" src=\"https:\/\/www.martherobin.com\/wp-content\/uploads\/2016\/09\/1-illustrations-site-rouges-22-263x263.jpg\" alt=\"Reavivar en el mundo el amor que se apaga\">\r\n                            <\/a>\r\n                            \r\n                        <\/div>\r\n                        <div class=\"desc\">\r\n                            <span class=\"category\">Su mensaje<\/span>\r\n                            <span class=\"post-title\">\r\n                                <a href=\"https:\/\/www.martherobin.com\/es\/son-message\/ranimer-dans-le-monde-lamour-qui-seteint\/\">Reavivar en el mundo el amor que se apaga<\/a>\r\n                            <\/span>\r\n                            <div class=\"text\">\r\n                                <p>\u00ab Je t\u2019ai choisie pour ranimer dans le monde l\u2019Amour qui s\u2019\u00e9teint \u00bb, dira le Christ \u00e0 Marthe. Elle-m\u00eame...<\/p>\r\n                            <\/div>\r\n                        <\/div>\r\n                    <\/div>\r\n                <\/div><\/div><div class=\"row\"><div class=\"col col-sm-4 col-md-3\">\r\n                    <div class=\"wrap\">\r\n                        <div class=\"img-holder\">\r\n                            <a href=\"https:\/\/www.martherobin.com\/es\/son-message\/paroles-et-prieres\/priere-marthe-robin-o-mere-bien-aimee\/\">\r\n                                <img decoding=\"async\" src=\"https:\/\/www.martherobin.com\/wp-content\/uploads\/2016\/09\/NotreDameDuFoyer_Chateauneuf01-263x263.jpg\" alt=\"Oh, Madre Amad\u00edsima\">\r\n                            <\/a>\r\n                            \r\n                        <\/div>\r\n                        <div class=\"desc\">\r\n                            <span class=\"category\">Oraciones, palabras y escritos<\/span>\r\n                            <span class=\"post-title\">\r\n                                <a href=\"https:\/\/www.martherobin.com\/es\/son-message\/paroles-et-prieres\/priere-marthe-robin-o-mere-bien-aimee\/\">Oh, Madre Amad\u00edsima<\/a>\r\n                            <\/span>\r\n                            <div class=\"text\">\r\n                                <p>\u00d4 M\u00e8re Bien-Aim\u00e9e, vous qui connaissez si bien les voies de la Saintet\u00e9 et de l\u2019Amour, apprenez-nous...<\/p>\r\n                            <\/div>\r\n                        <\/div>\r\n                    <\/div>\r\n                <\/div><div class=\"col col-sm-4 col-md-3 add\">\r\n                    <div class=\"wrap\">\r\n                        <div class=\"img-holder\">\r\n                            <a href=\"https:\/\/www.martherobin.com\/es\/son-message\/lamour-inconditionnel-de-dieu-pour-chaque-homme\/\">\r\n                                <img decoding=\"async\" src=\"https:\/\/www.martherobin.com\/wp-content\/uploads\/2016\/09\/1-illustrations-site-rouges-20-263x263.jpg\" alt=\"El amor incondicional de Dios a cada hombre\">\r\n                            <\/a>\r\n                            \r\n                        <\/div>\r\n                        <div class=\"desc\">\r\n                            <span class=\"category\">Su mensaje<\/span>\r\n                            <span class=\"post-title\">\r\n                                <a href=\"https:\/\/www.martherobin.com\/es\/son-message\/lamour-inconditionnel-de-dieu-pour-chaque-homme\/\">El amor incondicional de Dios a cada hombre<\/a>\r\n                            <\/span>\r\n                            <div class=\"text\">\r\n                                <p>Les milliers de t\u00e9moignages concernant la fa\u00e7on dont Marthe accueillait ceux qui venaient la voir sont unanimes...<\/p>\r\n                            <\/div>\r\n                        <\/div>\r\n                    <\/div>\r\n                <\/div><div class=\"row\"><div class=\"col col-sm-4 col-md-3\">\r\n                    <div class=\"wrap\">\r\n                        <div class=\"img-holder\">\r\n                            <a href=\"https:\/\/www.martherobin.com\/es\/son-heritage\/les-foyers-de-charite\/\">\r\n                                <img decoding=\"async\" src=\"https:\/\/www.martherobin.com\/wp-content\/uploads\/2016\/09\/1-illustrations-site-rouges-24-263x263.jpg\" alt=\"Los Foyers de Charit\u00e9\">\r\n                            <\/a>\r\n                            \r\n                        <\/div>\r\n                        <div class=\"desc\">\r\n                            <span class=\"category\">Su herencia<\/span>\r\n                            <span class=\"post-title\">\r\n                                <a href=\"https:\/\/www.martherobin.com\/es\/son-heritage\/les-foyers-de-charite\/\">Los Foyers de Charit\u00e9<\/a>\r\n                            <\/span>\r\n                            <div class=\"text\">\r\n                                <p>La cr\u00e9ation des Foyers de Charit\u00e9 repose sur la rencontre de Marthe Robin et d\u2019un pr\u00eatre, le p\u00e8re Georges Finet, en 1936. Aujourd\u2019hui pr\u00e9sents dans une quarantaine de pays, les Foyers de Charit\u00e9...<\/p>\r\n                            <\/div>\r\n                        <\/div>\r\n                    <\/div>\r\n                <\/div><div class=\"col col-sm-4 col-md-3\">\r\n                    <div class=\"wrap\">\r\n                        <div class=\"img-holder\">\r\n                            <a href=\"https:\/\/www.martherobin.com\/son-message\/dieu-un-pere-tendre-et-compatissant\/stetherese-une-grande-soeur-pour-marthe-robin\/\">\r\n                                <img decoding=\"async\" src=\"https:\/\/www.martherobin.com\/wp-content\/uploads\/2016\/11\/Thrse-de-lEJ-10--263x263.jpg\" alt=\"Ste Th\u00e9r\u00e8se, une \u00ab grande s\u0153ur \u00bb pour Marthe Robin\">\r\n                            <\/a>\r\n                            \r\n                        <\/div>\r\n                        <div class=\"desc\">\r\n                            <span class=\"category\">Dieu, un P\u00e8re tendre et compatissant<\/span>\r\n                            <span class=\"post-title\">\r\n                                <a href=\"https:\/\/www.martherobin.com\/son-message\/dieu-un-pere-tendre-et-compatissant\/stetherese-une-grande-soeur-pour-marthe-robin\/\">Ste Th\u00e9r\u00e8se, une \u00ab grande s\u0153ur \u00bb pour Marthe Robin<\/a>\r\n                            <\/span>\r\n                            <div class=\"text\">\r\n                                <p>Entre Marthe Robin et Sainte Th\u00e9r\u00e8se de Lisieux, il existe une relation si forte qu'on peut parler d'amiti\u00e9 ou de parent\u00e9 spirituelle...<\/p>\r\n                            <\/div>\r\n                        <\/div>\r\n                    <\/div>\r\n                <\/div><div class=\"col col-sm-4 col-md-3 add\">\r\n                    <div class=\"wrap\">\r\n                        <div class=\"img-holder\">\r\n                            <a href=\"https:\/\/www.martherobin.com\/temoignage\/les-passions-de-marthe-robin-sophie-guex\/\">\r\n                                <img decoding=\"async\" src=\"https:\/\/www.martherobin.com\/wp-content\/uploads\/2017\/05\/SophieGuex2-e1523632218396-263x263.jpg\" alt=\"Sophie Guex : Comment se d\u00e9roulaient les \u00abpassions\u00bb de Marthe Robin ?\">\r\n                            <\/a>\r\n                            \r\n                        <\/div>\r\n                        <div class=\"desc\">\r\n                            <span class=\"category\">T\u00e9moignage<\/span>\r\n                            <span class=\"post-title\">\r\n                                <a href=\"https:\/\/www.martherobin.com\/temoignage\/les-passions-de-marthe-robin-sophie-guex\/\">Sophie Guex : Comment se d\u00e9roulaient les \u00abpassions\u00bb de Marthe Robin ?<\/a>\r\n                            <\/span>\r\n                            <div class=\"text\">\r\n                                <p>[VIDEO] Les carnets du p\u00e8re Faure nous permettent de retracer les \"Passions\" v\u00e9cues par Marthe Robin...<\/p>\r\n                            <\/div>\r\n                        <\/div>\r\n                    <\/div>\r\n                <\/div><div class=\"col col-sm-4 col-md-3\">\r\n                    <div class=\"wrap\">\r\n                        <div class=\"img-holder\">\r\n                            <a href=\"https:\/\/www.martherobin.com\/son-heritage\/les-communautes-liees-avec-marthe-robin\/video-marthe-est-une-grande-soeur-pour-moi-raphael-cornu-thenard\/\">\r\n                                <img decoding=\"async\" src=\"https:\/\/www.martherobin.com\/wp-content\/uploads\/2017\/02\/ITWRaphaelCornuThenard-263x263.jpg\" alt=\"VIDEO \u00abMarthe est une grande soeur pour moi !\u00bb Rapha\u00ebl Cornu-Th\u00e9nard\">\r\n                            <\/a>\r\n                            \r\n                        <\/div>\r\n                        <div class=\"desc\">\r\n                            <span class=\"category\">Les communaut\u00e9s li\u00e9es avec Marthe Robin<\/span>\r\n                            <span class=\"post-title\">\r\n                                <a href=\"https:\/\/www.martherobin.com\/son-heritage\/les-communautes-liees-avec-marthe-robin\/video-marthe-est-une-grande-soeur-pour-moi-raphael-cornu-thenard\/\">VIDEO \u00abMarthe est une grande soeur pour moi !\u00bb Rapha\u00ebl Cornu-Th\u00e9nard<\/a>\r\n                            <\/span>\r\n                            <div class=\"text\">\r\n                                <p>Interview de Rapha\u00ebl Cornu-Th\u00e9nard (Anuncio - Congr\u00e8s Mission) sur la place de Marthe Robin dans sa vie de \"disciple-missionnaire\" engag\u00e9 dans la nouvelle \u00e9vang\u00e9lisation...<\/p>\r\n                            <\/div>\r\n                        <\/div>\r\n                    <\/div>\r\n                <\/div><\/div><\/div><\/div>\n<\/div>\n<\/div>\n\n\t\t<\/div>\r\n\t<\/div>\r\n<\/section>\r\n<\/p>\n","protected":false},"excerpt":{"rendered":"Oraciones, palabras y escritos Dios m\u00edo, enciende el fuego de tu caridad&#8230; Dios m\u00edo, enciende el fuego de tu caridad&#8230; Mon Dieu, allumez le feu de votre charit\u00e9dans tous les c\u0153urs, sur toute la terre.R\u00e9pandez partout le grand souffle de votre Esprit d&#8217;amouret le coeur de tous les hommeset toute la terre seront renouvel\u00e9s et&#8230; <a class=\"view-article\" href=\"https:\/\/www.martherobin.com\/es\/son-message\/paroles-et-prieres\/priere-de-marthe-robin-mon-dieu-allumez-le-feu-de-votre-charite\/\">Ver art\u00edculo<\/a>","protected":false},"author":6,"featured_media":5479,"parent":6396,"menu_order":3,"comment_status":"closed","ping_status":"closed","template":"templates\/page-lvl3.php","meta":{"footnotes":""},"class_list":["post-7596","page","type-page","status-publish","has-post-thumbnail","hentry"],"_links":{"self":[{"href":"https:\/\/www.martherobin.com\/es\/wp-json\/wp\/v2\/pages\/7596","targetHints":{"allow":["GET"]}}],"collection":[{"href":"https:\/\/www.martherobin.com\/es\/wp-json\/wp\/v2\/pages"}],"about":[{"href":"https:\/\/www.martherobin.com\/es\/wp-json\/wp\/v2\/types\/page"}],"author":[{"embeddable":true,"href":"https:\/\/www.martherobin.com\/es\/wp-json\/wp\/v2\/users\/6"}],"replies":[{"embeddable":true,"href":"https:\/\/www.martherobin.com\/es\/wp-json\/wp\/v2\/comments?post=7596"}],"version-history":[{"count":0,"href":"https:\/\/www.martherobin.com\/es\/wp-json\/wp\/v2\/pages\/7596\/revisions"}],"up":[{"embeddable":true,"href":"https:\/\/www.martherobin.com\/es\/wp-json\/wp\/v2\/pages\/6396"}],"wp:featuredmedia":[{"embeddable":true,"href":"https:\/\/www.martherobin.com\/es\/wp-json\/wp\/v2\/media\/5479"}],"wp:attachment":[{"href":"https:\/\/www.martherobin.com\/es\/wp-json\/wp\/v2\/media?parent=7596"}],"curies":[{"name":"wp","href":"https:\/\/api.w.org\/{rel}","templated":true}]}}