{"id":7589,"date":"2018-02-14T18:25:30","date_gmt":"2018-02-14T17:25:30","guid":{"rendered":"https:\/\/www.martherobin.com\/son-message\/paroles-et-prieres\/priere-marthe-robin-acte-d-abandon-et-offrande-a-l-amour-et-a-la-volonte-de-dieu\/"},"modified":"2018-07-25T10:09:01","modified_gmt":"2018-07-25T08:09:01","slug":"priere-marthe-robin-acte-d-abandon-et-offrande-a-l-amour-et-a-la-volonte-de-dieu","status":"publish","type":"page","link":"https:\/\/www.martherobin.com\/es\/son-message\/paroles-et-prieres\/priere-marthe-robin-acte-d-abandon-et-offrande-a-l-amour-et-a-la-volonte-de-dieu\/","title":{"rendered":"Acto de rendici\u00f3n y offrenda al amor y la voluntad de Dios"},"content":{"rendered":"<p><div class=\"fw-main-row page-lvl3-block\"  >\r\n\t<div class=\"fw-container container\">\r\n\t\t<div class=\"frame\">\r\n\t\t\t<div class=\"fw-row\">\n\t<div class=\"fw-col-xs-12\">\n\t\r\n\t<h1><span>Oraciones, palabras y escritos<\/span><\/h1>\r\n\r\n\t<ul class=\"sous-menu\">\r\n\t\t\t<\/ul>\r\n\t<div class=\"menu-openclose\">\r\n\t\t<a href=\"#\" class=\"opener\">Acto de rendici\u00f3n y offrenda al amor y la voluntad de Dios<\/a>\r\n\t\t<div class=\"slide js-slide-hidden\">\r\n\t\t\t<ul>\r\n\t\t\t\t\t\t\t<\/ul>\r\n\t\t<\/div>\r\n\t<\/div>\r\n\r\n\t<div class=\"top-area\">\r\n\t\t<h2>Acto de rendici\u00f3n y offrenda al amor y la voluntad de Dios<\/h2>\r\n\t<\/div>\r\n<\/div>\n<\/div>\n\n<div class=\"fw-row\">\n\t<div class=\"fw-col-xs-12 fw-col-sm-8\">\n\t\r\n<p><strong><em>Texte de Marthe Robin, dat\u00e9 du 15 octobre 1925<\/em><\/strong><\/p><p>Dieu \u00e9ternel, Amour infini ! \u00f4 mon P\u00e8re ! Vous avez tout demand\u00e9 \u00e0 votre petite victime ; prenez donc et recevez tout... En ce jour, je me donne et me consacre \u00e0 vous, tout enti\u00e8re et sans retour. \u00d4 le Bien-Aim\u00e9 de mon \u00e2me, mon doux J\u00e9sus, c\u2019est vous seul que je veux, et pour votre amour, je renonce \u00e0 tout !<\/p><p>Mon Dieu, prenez ma m\u00e9moire et tous ses souvenirs ; prenez mon c\u0153ur et toutes ses affections ; prenez mon intelligence et toutes ses facult\u00e9s, faites qu\u2019elle ne serve qu\u2019\u00e0 votre plus grande gloire. Prenez ma volont\u00e9 tout enti\u00e8re, c\u2019est \u00e0 jamais que je l\u2019an\u00e9antis dans la v\u00f4tre. Non plus ce que je veux, \u00f4 mon tr\u00e8s doux J\u00e9sus, mais toujours tout ce que vous voulez ! Prenez-moi, recevez-moi, dirigez-moi, guidez-moi ! \u00c0 vous je me livre et je m\u2019abandonne. Je me livre \u00e0 vous comme une petite hostie d\u2019amour, de louange et d\u2019action de gr\u00e2ces, pour la gloire de votre saint nom, pour la jouissance de votre amour, le triomphe de votre Sacr\u00e9-C\u0153ur, et pour le parfait accomplissement de tous vos desseins en moi et autour de moi.<\/p><p>\u00d4 mon Dieu, tout mon pauvre moi est \u00e0 vous ! Faites-en, je vous en supplie, votre petite humanit\u00e9 de surcro\u00eet, toute v\u00f4tre...toute \u00e0 vous... toute pour vous... votre ciel d\u2019amour sur la terre. Que je n\u2019aie plus de pens\u00e9es, de vouloirs, de d\u00e9sirs, d\u2019int\u00e9r\u00eats, de joies et de souffrances que les v\u00f4tres.<\/p><p>D\u00e9truisez en moi tout ce qui peut vous r\u00e9sister, vous g\u00eaner, vous d\u00e9plaire ; consumez tout dans votre immense amour, r\u00e9duisez tout \u00e0 votre aimable empire ! Plus de moi... plus de mien...plus de rien... Vous seul, \u00f4 mon J\u00e9sus... rien que vous seul toujours ! Soyez vraiment ma vie, mon amour et mon tout ! Que je puisse dire en toute v\u00e9rit\u00e9 : mon moi, c\u2019est J\u00e9sus, sa volont\u00e9, son esprit, l\u2019amour infini, le Dieu bon, le Dieu saint qui vit en moi et s\u2019exprime par toutes mes \u0153uvres.<\/p><p>Que toute ma joie ici-bas soit de vous faire conna\u00eetre bon comme vous \u00eates bon, de vous aimer, de vous imiter, de vous offrir au nom de et pour toutes les cr\u00e9atures. Que ma vie soit la reproduction parfaite et incessante de votre vie, la manifestation de votre amour et la continuation de celle de Marie vierge et martyre. Que tout en moi exprime mon amour pour vous et que je sois toujours pr\u00eate au sacrifice.<\/p><p>\u00d4 Sauveur adorable ! Vous \u00eates l\u2019unique Possesseur de mon \u00e2me et de tout mon \u00eatre ! Recevez l\u2019immolation que chaque jour et \u00e0 tout instant je vous offre en silence. Daignez l\u2019agr\u00e9er et la faire servir au bien spirituel et divin de tant de millions de c\u0153urs qui ne vous aiment pas, \u00e0 la conversion des p\u00e9cheurs, au retour des \u00e9gar\u00e9s et des infid\u00e8les, \u00e0 la sanctification de tous vos bien- aim\u00e9s pr\u00eatres, et en faveur de toutes les cr\u00e9atures.<\/p><p>\u00d4 J\u00e9sus, prenez mon c\u0153ur, tout mon c\u0153ur, il ne demande et soupire de n\u2019appartenir jamais qu\u2019\u00e0 vous seul ! Gardez-le toujours pr\u00e8s du v\u00f4tre ; gardez-le tout entier dans le v\u00f4tre, gardez-le \u00e0 jamais pour le v\u00f4tre, afin qu\u2019il ne se livre et ne s\u2019\u00e9panche dans aucune cr\u00e9ature. \u00d4 J\u00e9sus ! que mon c\u0153ur soit vraiment l\u2019autel de votre amour et que ma langue publie \u00e0 jamais vos mis\u00e9ricordes !<\/p><p>Daignez, je vous en supplie, sanctifier toutes mes paroles, toutes mes actions, toutes mes intentions, tous mes d\u00e9sirs ! Soyez vraiment \u00e0 mon \u00e2me son tr\u00e9sor et son tout ! \u00c0 Vous je la donne et je l\u2019abandonne.<\/p><p>J\u2019accepte avec amour tout ce qui me vient de vous, tout ce que vous voulez et voudrez encore dans la suite. Je m\u2019abandonne humblement \u00e0 vous par Marie ma bien-aim\u00e9e Maman, en m\u2019appuyant uniquement sur le secours de votre infinie mis\u00e9ricorde, et je vous promets la fid\u00e9lit\u00e9 la plus sinc\u00e8re. Plus rien de moi... par moi... pour moi... Je renonce \u00e0 jamais \u00e0 moi-m\u00eame et \u00e0 tout et me voue tout enti\u00e8re \u00e0 la pri\u00e8re, \u00e0 la souffrance, \u00e0 l\u2019amour.<\/p><p>\u00d4 divin R\u00e9dempteur ! en victime d\u2019amour pour l\u2019\u00c9glise et les \u00e2mes, \u00e0 vous je me livre et je m\u2019abandonne ! Daignez, je vous prie, agr\u00e9er favorablement mon offrande et je serai heureuse et confiante. H\u00e9las ! c\u2019est bien peu, je le sais, mais je n\u2019ai rien de plus et je vous donne tout. J\u2019aime mon indigence et ma faiblesse, parce qu\u2019elles me valent toute votre mis\u00e9ricorde et vos plus tendres sollicitudes.<\/p><p>Mon Dieu, vous connaissez ma fragilit\u00e9 et l\u2019ab\u00eeme sans fond de ma mis\u00e8re... Si je devais un jour \u00eatre infid\u00e8le \u00e0 votre souveraine volont\u00e9 sur moi ; si je devais reculer devant la souffrance et la croix et d\u00e9serter votre chemin si doux en fuyant le tendre appui de vos bras, oh ! je vous en supplie et vous en conjure, faites-moi la gr\u00e2ce de mourir \u00e0 l\u2019instant. Exaucez-moi, \u00f4 C\u0153ur tr\u00e8s aimant de mon Dieu, exaucez-moi par votre tr\u00e8s doux nom de J\u00e9sus, par l\u2019amour de votre Tr\u00e8s Sainte M\u00e8re, par l\u2019intercession de saint Joseph, de saint Jean le bien-aim\u00e9 et de tous les autres saints, et par votre divine ardeur \u00e0 accomplir en tout la volont\u00e9 de votre P\u00e8re.<\/p><p>\u00d4 mon J\u00e9sus, divin soleil d\u2019amour ! \u00d4 ma voie, ma lumi\u00e8re et ma vie ! Je vous aime, je vous adore, je vous b\u00e9nis, je m\u2019abandonne \u00e0 vous, je me confie \u00e0 vous. Gardez-moi bien toujours toute v\u00f4tre, cachez-moi bien toujours tout enti\u00e8re en vous, parce que ma pauvre nature tremble et g\u00e9mit sous le fardeau des cruelles \u00e9preuves qui l\u2019enveloppent de toutes parts, et que je suis seule, toujours.<\/p><p>Marie, \u00f4 ma M\u00e8re ch\u00e9rie, donnez-moi vous-m\u00eame \u00e0 J\u00e9sus.<\/p><p>Offrez vous-m\u00eame \u00e0 Dieu cette petite hostie ; qu\u2019il daigne venir habiter en elle, reposant en son c\u0153ur comme en son tabernacle. Pour demeurer, h\u00e9las ! il n\u2019aura que ma mis\u00e8re, mais il y trouvera du moins l\u2019amour, la reconnaissance, la fid\u00e9lit\u00e9, la g\u00e9n\u00e9rosit\u00e9, l\u2019abandon, l\u2019humble et joyeuse confiance pour le d\u00e9dommager, consoler, r\u00e9jouir, glorifier son Sacr\u00e9-C\u0153ur et lui donner des \u00e2mes, en union avec vous, \u00f4 ma si ch\u00e8re Maman.<\/p><p><strong>15 octobre 1925<br \/><\/strong>(Dans ce texte, Marthe Robin s'inspire d'un \"Acte d'abandon\" du P\u00e8re de Bouchaud, qu'elle personnalise.)<\/p>\r\n<p><span class=\"line\">Para leer:<\/span><ul class=\"in-links\"><li><a href=\"https:\/\/www.martherobin.com\/es\/son-message\/paroles-et-prieres\/les-paroles-en-images\/\">Palabras en fotos<\/a><\/li><li><a href=\"https:\/\/www.martherobin.com\/es\/son-message\/paroles-et-prieres\/recits-de-la-passion-par-marthe-robin\/\">Relatos de la Pasi\u00f3n<\/a><\/li><li><a href=\"https:\/\/www.martherobin.com\/es\/son-message\/paroles-et-prieres\/priere-de-marthe-robin-pour-les-pretres\/\">Oraci\u00f3n por los sacerdotes<\/a><\/li><li><a href=\"https:\/\/www.martherobin.com\/es\/son-message\/paroles-et-prieres\/priere-de-marthe-robin-pour-les-pretres-et-pour-le-monde\/\">Oraci\u00f3n por los sacerdotes y el mundo<\/a><\/li><li><a href=\"https:\/\/www.martherobin.com\/es\/son-message\/paroles-et-prieres\/priere-de-marthe-robin-vierge-immaculee\/\">Oraci\u00f3n \"Virgen Immaculada\"<\/a><\/li><li><a href=\"https:\/\/www.martherobin.com\/es\/son-message\/paroles-et-prieres\/priere-de-marthe-robin-o-marie-mere-de-misericorde\/\">Oraci\u00f3n \"Oh, Madre de Misericordia\"<\/a><\/li><li><a href=\"https:\/\/www.martherobin.com\/es\/son-message\/paroles-et-prieres\/priere-de-marthe-robin-pour-la-france\/\">Oraci\u00f3n por Francia<\/a><\/li><li><a href=\"https:\/\/www.martherobin.com\/es\/son-message\/paroles-et-prieres\/priere-de-marthe-robin-pour-une-conversion\/\">Oraci\u00f3n por una convers\u00edon<\/a><\/li><li><a href=\"https:\/\/www.martherobin.com\/es\/son-message\/paroles-et-prieres\/priere-de-marthe-robin-offrande-dans-lepreuve\/\">Ofrenda de la adversidad<\/a><\/li><li><a href=\"https:\/\/www.martherobin.com\/es\/son-message\/paroles-et-prieres\/priere-de-marthe-robin-apres-la-communion\/\">Orac\u00edon despu\u00e9s de la comuni\u00f3n<\/a><\/li><\/ul><\/p><\/div>\n<div class=\"fw-col-xs-12 fw-col-sm-4\">\n\t<div class=\"text-right\"><img decoding=\"async\" src=\"\/\/www.martherobin.com\/wp-content\/uploads\/2016\/09\/NotreDameDuFoyer_Chateauneuf01.jpg\" alt=\"\/\/www.martherobin.com\/wp-content\/uploads\/2016\/09\/NotreDameDuFoyer_Chateauneuf01.jpg\" \/><\/div><\/div>\n<\/div>\n\n\t\t<\/div>\r\n\t<\/div>\r\n<\/div>\r\n<section class=\"fw-main-row discover-block\"  >\r\n\t<div class=\"fw-container container\">\r\n\t\t<div class=\"\">\r\n\t\t\t<div class=\"fw-row\">\n\t<div class=\"fw-col-xs-12\">\n\t<div class=\"shortcode-widget-area\"><div class=\"heading\">\r\n            <span class=\"title\">Descubrir<\/span>\r\n        <\/div><div class=\"hold\"><div class=\"row\"><div class=\"col col-sm-4 col-md-3\">\r\n                    <div class=\"wrap\">\r\n                        <div class=\"img-holder\">\r\n                            <a href=\"https:\/\/www.martherobin.com\/es\/son-message\/paroles-et-prieres\/parcourir-le-journal\/\">\r\n                                <img decoding=\"async\" src=\"https:\/\/www.martherobin.com\/wp-content\/uploads\/2016\/12\/couverture_Journal-MartheRobin_1366202009153-263x263.png\" alt=\"Leer el \u00abDiario\u00bb\">\r\n                            <\/a>\r\n                            \r\n                        <\/div>\r\n                        <div class=\"desc\">\r\n                            <span class=\"category\">Oraciones, palabras y escritos<\/span>\r\n                            <span class=\"post-title\">\r\n                                <a href=\"https:\/\/www.martherobin.com\/es\/son-message\/paroles-et-prieres\/parcourir-le-journal\/\">Leer el \u00abDiario\u00bb<\/a>\r\n                            <\/span>\r\n                            <div class=\"text\">\r\n                                <p>Le cheminement int\u00e9rieur de Marthe Robin est d\u00e9voil\u00e9 gr\u00e2ce \u00e0 la publication de son \"Journal\". D\u00e9couvrez-le en ligne...<\/p>\r\n                            <\/div>\r\n                        <\/div>\r\n                    <\/div>\r\n                <\/div><div class=\"col col-sm-4 col-md-3\">\r\n                    <div class=\"wrap\">\r\n                        <div class=\"img-holder\">\r\n                            <a href=\"https:\/\/www.martherobin.com\/son-heritage\/les-foyers-de-charite\/video-decouvrir-les-retraites-spirituelles-en-3-minutes\/\">\r\n                                <img decoding=\"async\" src=\"https:\/\/www.martherobin.com\/wp-content\/uploads\/2017\/02\/3minutes_DecouvrirRetraiteSpi-263x263.jpg\" alt=\"VIDEO : D\u00e9couvrir les retraites spirituelles en 3 minutes\">\r\n                            <\/a>\r\n                            \r\n                        <\/div>\r\n                        <div class=\"desc\">\r\n                            <span class=\"category\">Les Foyers de Charit\u00e9<\/span>\r\n                            <span class=\"post-title\">\r\n                                <a href=\"https:\/\/www.martherobin.com\/son-heritage\/les-foyers-de-charite\/video-decouvrir-les-retraites-spirituelles-en-3-minutes\/\">VIDEO : D\u00e9couvrir les retraites spirituelles en 3 minutes<\/a>\r\n                            <\/span>\r\n                            <div class=\"text\">\r\n                                <p>Les Foyers de Charit\u00e9 VIDEO : D\u00e9couvrir les retraites spirituelles en 3...<\/p>\r\n                            <\/div>\r\n                        <\/div>\r\n                    <\/div>\r\n                <\/div><div class=\"col col-sm-4 col-md-3 add\">\r\n                    <div class=\"wrap\">\r\n                        <div class=\"img-holder\">\r\n                            <a href=\"https:\/\/www.martherobin.com\/es\/la-beatification\/marthe-robin-reconnue-venerable-par-le-pape-francois\/\">\r\n                                <img decoding=\"async\" src=\"https:\/\/www.martherobin.com\/wp-content\/uploads\/2016\/09\/beatification-etapes-e1524486340379-263x263.png\" alt=\"Marta Robin reconocida como \u201cvenerable\u201d por el Papa Francisco\">\r\n                            <\/a>\r\n                            \r\n                        <\/div>\r\n                        <div class=\"desc\">\r\n                            <span class=\"category\">La beatificaci\u00f3n<\/span>\r\n                            <span class=\"post-title\">\r\n                                <a href=\"https:\/\/www.martherobin.com\/es\/la-beatification\/marthe-robin-reconnue-venerable-par-le-pape-francois\/\">Marta Robin reconocida como \u201cvenerable\u201d por el Papa Francisco<\/a>\r\n                            <\/span>\r\n                            <div class=\"text\">\r\n                                <p>Une \u00e9tape essentielle vers une possible b\u00e9atification...<\/p>\r\n                            <\/div>\r\n                        <\/div>\r\n                    <\/div>\r\n                <\/div><div class=\"col col-sm-4 col-md-3\">\r\n                    <div class=\"wrap\">\r\n                        <div class=\"img-holder\">\r\n                            <a href=\"https:\/\/www.martherobin.com\/es\/son-message\/ranimer-dans-le-monde-lamour-qui-seteint\/\">\r\n                                <img decoding=\"async\" src=\"https:\/\/www.martherobin.com\/wp-content\/uploads\/2016\/09\/1-illustrations-site-rouges-22-263x263.jpg\" alt=\"Reavivar en el mundo el amor que se apaga\">\r\n                            <\/a>\r\n                            \r\n                        <\/div>\r\n                        <div class=\"desc\">\r\n                            <span class=\"category\">Su mensaje<\/span>\r\n                            <span class=\"post-title\">\r\n                                <a href=\"https:\/\/www.martherobin.com\/es\/son-message\/ranimer-dans-le-monde-lamour-qui-seteint\/\">Reavivar en el mundo el amor que se apaga<\/a>\r\n                            <\/span>\r\n                            <div class=\"text\">\r\n                                <p>\u00ab Je t\u2019ai choisie pour ranimer dans le monde l\u2019Amour qui s\u2019\u00e9teint \u00bb, dira le Christ \u00e0 Marthe. Elle-m\u00eame...<\/p>\r\n                            <\/div>\r\n                        <\/div>\r\n                    <\/div>\r\n                <\/div><\/div><div class=\"row\"><div class=\"col col-sm-4 col-md-3\">\r\n                    <div class=\"wrap\">\r\n                        <div class=\"img-holder\">\r\n                            <a href=\"https:\/\/www.martherobin.com\/es\/son-message\/paroles-et-prieres\/priere-marthe-robin-o-mere-bien-aimee\/\">\r\n                                <img decoding=\"async\" src=\"https:\/\/www.martherobin.com\/wp-content\/uploads\/2016\/09\/NotreDameDuFoyer_Chateauneuf01-263x263.jpg\" alt=\"Oh, Madre Amad\u00edsima\">\r\n                            <\/a>\r\n                            \r\n                        <\/div>\r\n                        <div class=\"desc\">\r\n                            <span class=\"category\">Oraciones, palabras y escritos<\/span>\r\n                            <span class=\"post-title\">\r\n                                <a href=\"https:\/\/www.martherobin.com\/es\/son-message\/paroles-et-prieres\/priere-marthe-robin-o-mere-bien-aimee\/\">Oh, Madre Amad\u00edsima<\/a>\r\n                            <\/span>\r\n                            <div class=\"text\">\r\n                                <p>\u00d4 M\u00e8re Bien-Aim\u00e9e, vous qui connaissez si bien les voies de la Saintet\u00e9 et de l\u2019Amour, apprenez-nous...<\/p>\r\n                            <\/div>\r\n                        <\/div>\r\n                    <\/div>\r\n                <\/div><div class=\"col col-sm-4 col-md-3 add\">\r\n                    <div class=\"wrap\">\r\n                        <div class=\"img-holder\">\r\n                            <a href=\"https:\/\/www.martherobin.com\/es\/son-message\/lamour-inconditionnel-de-dieu-pour-chaque-homme\/\">\r\n                                <img decoding=\"async\" src=\"https:\/\/www.martherobin.com\/wp-content\/uploads\/2016\/09\/1-illustrations-site-rouges-20-263x263.jpg\" alt=\"El amor incondicional de Dios a cada hombre\">\r\n                            <\/a>\r\n                            \r\n                        <\/div>\r\n                        <div class=\"desc\">\r\n                            <span class=\"category\">Su mensaje<\/span>\r\n                            <span class=\"post-title\">\r\n                                <a href=\"https:\/\/www.martherobin.com\/es\/son-message\/lamour-inconditionnel-de-dieu-pour-chaque-homme\/\">El amor incondicional de Dios a cada hombre<\/a>\r\n                            <\/span>\r\n                            <div class=\"text\">\r\n                                <p>Les milliers de t\u00e9moignages concernant la fa\u00e7on dont Marthe accueillait ceux qui venaient la voir sont unanimes...<\/p>\r\n                            <\/div>\r\n                        <\/div>\r\n                    <\/div>\r\n                <\/div><div class=\"row\"><div class=\"col col-sm-4 col-md-3\">\r\n                    <div class=\"wrap\">\r\n                        <div class=\"img-holder\">\r\n                            <a href=\"https:\/\/www.martherobin.com\/es\/son-heritage\/les-foyers-de-charite\/\">\r\n                                <img decoding=\"async\" src=\"https:\/\/www.martherobin.com\/wp-content\/uploads\/2016\/09\/1-illustrations-site-rouges-24-263x263.jpg\" alt=\"Los Foyers de Charit\u00e9\">\r\n                            <\/a>\r\n                            \r\n                        <\/div>\r\n                        <div class=\"desc\">\r\n                            <span class=\"category\">Su herencia<\/span>\r\n                            <span class=\"post-title\">\r\n                                <a href=\"https:\/\/www.martherobin.com\/es\/son-heritage\/les-foyers-de-charite\/\">Los Foyers de Charit\u00e9<\/a>\r\n                            <\/span>\r\n                            <div class=\"text\">\r\n                                <p>La cr\u00e9ation des Foyers de Charit\u00e9 repose sur la rencontre de Marthe Robin et d\u2019un pr\u00eatre, le p\u00e8re Georges Finet, en 1936. Aujourd\u2019hui pr\u00e9sents dans une quarantaine de pays, les Foyers de Charit\u00e9...<\/p>\r\n                            <\/div>\r\n                        <\/div>\r\n                    <\/div>\r\n                <\/div><div class=\"col col-sm-4 col-md-3\">\r\n                    <div class=\"wrap\">\r\n                        <div class=\"img-holder\">\r\n                            <a href=\"https:\/\/www.martherobin.com\/son-message\/dieu-un-pere-tendre-et-compatissant\/stetherese-une-grande-soeur-pour-marthe-robin\/\">\r\n                                <img decoding=\"async\" src=\"https:\/\/www.martherobin.com\/wp-content\/uploads\/2016\/11\/Thrse-de-lEJ-10--263x263.jpg\" alt=\"Ste Th\u00e9r\u00e8se, une \u00ab grande s\u0153ur \u00bb pour Marthe Robin\">\r\n                            <\/a>\r\n                            \r\n                        <\/div>\r\n                        <div class=\"desc\">\r\n                            <span class=\"category\">Dieu, un P\u00e8re tendre et compatissant<\/span>\r\n                            <span class=\"post-title\">\r\n                                <a href=\"https:\/\/www.martherobin.com\/son-message\/dieu-un-pere-tendre-et-compatissant\/stetherese-une-grande-soeur-pour-marthe-robin\/\">Ste Th\u00e9r\u00e8se, une \u00ab grande s\u0153ur \u00bb pour Marthe Robin<\/a>\r\n                            <\/span>\r\n                            <div class=\"text\">\r\n                                <p>Entre Marthe Robin et Sainte Th\u00e9r\u00e8se de Lisieux, il existe une relation si forte qu'on peut parler d'amiti\u00e9 ou de parent\u00e9 spirituelle...<\/p>\r\n                            <\/div>\r\n                        <\/div>\r\n                    <\/div>\r\n                <\/div><div class=\"col col-sm-4 col-md-3 add\">\r\n                    <div class=\"wrap\">\r\n                        <div class=\"img-holder\">\r\n                            <a href=\"https:\/\/www.martherobin.com\/temoignage\/les-passions-de-marthe-robin-sophie-guex\/\">\r\n                                <img decoding=\"async\" src=\"https:\/\/www.martherobin.com\/wp-content\/uploads\/2017\/05\/SophieGuex2-e1523632218396-263x263.jpg\" alt=\"Sophie Guex : Comment se d\u00e9roulaient les \u00abpassions\u00bb de Marthe Robin ?\">\r\n                            <\/a>\r\n                            \r\n                        <\/div>\r\n                        <div class=\"desc\">\r\n                            <span class=\"category\">T\u00e9moignage<\/span>\r\n                            <span class=\"post-title\">\r\n                                <a href=\"https:\/\/www.martherobin.com\/temoignage\/les-passions-de-marthe-robin-sophie-guex\/\">Sophie Guex : Comment se d\u00e9roulaient les \u00abpassions\u00bb de Marthe Robin ?<\/a>\r\n                            <\/span>\r\n                            <div class=\"text\">\r\n                                <p>[VIDEO] Les carnets du p\u00e8re Faure nous permettent de retracer les \"Passions\" v\u00e9cues par Marthe Robin...<\/p>\r\n                            <\/div>\r\n                        <\/div>\r\n                    <\/div>\r\n                <\/div><div class=\"col col-sm-4 col-md-3\">\r\n                    <div class=\"wrap\">\r\n                        <div class=\"img-holder\">\r\n                            <a href=\"https:\/\/www.martherobin.com\/son-heritage\/les-communautes-liees-avec-marthe-robin\/video-marthe-est-une-grande-soeur-pour-moi-raphael-cornu-thenard\/\">\r\n                                <img decoding=\"async\" src=\"https:\/\/www.martherobin.com\/wp-content\/uploads\/2017\/02\/ITWRaphaelCornuThenard-263x263.jpg\" alt=\"VIDEO \u00abMarthe est une grande soeur pour moi !\u00bb Rapha\u00ebl Cornu-Th\u00e9nard\">\r\n                            <\/a>\r\n                            \r\n                        <\/div>\r\n                        <div class=\"desc\">\r\n                            <span class=\"category\">Les communaut\u00e9s li\u00e9es avec Marthe Robin<\/span>\r\n                            <span class=\"post-title\">\r\n                                <a href=\"https:\/\/www.martherobin.com\/son-heritage\/les-communautes-liees-avec-marthe-robin\/video-marthe-est-une-grande-soeur-pour-moi-raphael-cornu-thenard\/\">VIDEO \u00abMarthe est une grande soeur pour moi !\u00bb Rapha\u00ebl Cornu-Th\u00e9nard<\/a>\r\n                            <\/span>\r\n                            <div class=\"text\">\r\n                                <p>Interview de Rapha\u00ebl Cornu-Th\u00e9nard (Anuncio - Congr\u00e8s Mission) sur la place de Marthe Robin dans sa vie de \"disciple-missionnaire\" engag\u00e9 dans la nouvelle \u00e9vang\u00e9lisation...<\/p>\r\n                            <\/div>\r\n                        <\/div>\r\n                    <\/div>\r\n                <\/div><\/div><\/div><\/div>\n<\/div>\n<\/div>\n\n\t\t<\/div>\r\n\t<\/div>\r\n<\/section>\r\n<\/p>\n","protected":false},"excerpt":{"rendered":"\u00d4 M\u00e8re Bien-Aim\u00e9e, vous qui connaissez si bien les voies de la Saintet\u00e9 et de l\u2019Amour, apprenez-nous&#8230;","protected":false},"author":6,"featured_media":3419,"parent":6396,"menu_order":2,"comment_status":"closed","ping_status":"closed","template":"templates\/page-lvl3.php","meta":{"footnotes":""},"class_list":["post-7589","page","type-page","status-publish","has-post-thumbnail","hentry"],"_links":{"self":[{"href":"https:\/\/www.martherobin.com\/es\/wp-json\/wp\/v2\/pages\/7589","targetHints":{"allow":["GET"]}}],"collection":[{"href":"https:\/\/www.martherobin.com\/es\/wp-json\/wp\/v2\/pages"}],"about":[{"href":"https:\/\/www.martherobin.com\/es\/wp-json\/wp\/v2\/types\/page"}],"author":[{"embeddable":true,"href":"https:\/\/www.martherobin.com\/es\/wp-json\/wp\/v2\/users\/6"}],"replies":[{"embeddable":true,"href":"https:\/\/www.martherobin.com\/es\/wp-json\/wp\/v2\/comments?post=7589"}],"version-history":[{"count":0,"href":"https:\/\/www.martherobin.com\/es\/wp-json\/wp\/v2\/pages\/7589\/revisions"}],"up":[{"embeddable":true,"href":"https:\/\/www.martherobin.com\/es\/wp-json\/wp\/v2\/pages\/6396"}],"wp:featuredmedia":[{"embeddable":true,"href":"https:\/\/www.martherobin.com\/es\/wp-json\/wp\/v2\/media\/3419"}],"wp:attachment":[{"href":"https:\/\/www.martherobin.com\/es\/wp-json\/wp\/v2\/media?parent=7589"}],"curies":[{"name":"wp","href":"https:\/\/api.w.org\/{rel}","templated":true}]}}