{"id":6336,"date":"2016-12-08T23:43:51","date_gmt":"2016-12-08T22:43:51","guid":{"rendered":"https:\/\/www.martherobin.com\/ranimer-dans-le-monde-lamour-qui-seteint\/"},"modified":"2018-07-25T13:07:43","modified_gmt":"2018-07-25T11:07:43","slug":"ranimer-dans-le-monde-lamour-qui-seteint","status":"publish","type":"page","link":"https:\/\/www.martherobin.com\/es\/son-message\/ranimer-dans-le-monde-lamour-qui-seteint\/","title":{"rendered":"Reavivar en el mundo el amor que se apaga"},"content":{"rendered":"<p><div class=\"fw-main-row page-lvl3-block\"  >\r\n\t<div class=\"fw-container container\">\r\n\t\t<div class=\"frame\">\r\n\t\t\t<div class=\"fw-row\">\n\t<div class=\"fw-col-xs-12\">\n\t\r\n\t<h1><span>Su mensaje<\/span><\/h1>\r\n\r\n\t<ul class=\"sous-menu\">\r\n\t\t\t\t<li>\r\n            <a href=\"https:\/\/www.martherobin.com\/es\/son-message\/dieu-un-pere-tendre-et-compatissant\/\">\r\n                <img decoding=\"async\" src=\"https:\/\/www.martherobin.com\/wp-content\/uploads\/2016\/09\/message-g-3.png\" alt=\"Dios, un Padre tierno y compasivo\"\/>\r\n                <span class=\"title\">Dios, un Padre tierno y compasivo<\/span>\r\n            <\/a>\r\n        <\/li>\r\n\t\t\t<li>\r\n            <a href=\"https:\/\/www.martherobin.com\/es\/son-message\/ranimer-dans-le-monde-lamour-qui-seteint\/\">\r\n                <img decoding=\"async\" src=\"https:\/\/www.martherobin.com\/wp-content\/uploads\/2016\/09\/Message-4.png\" alt=\"Reavivar en el mundo el amor que se apaga\"\/>\r\n                <span class=\"title\">Reavivar en el mundo el amor que se apaga<\/span>\r\n            <\/a>\r\n        <\/li>\r\n\t\t\t<li>\r\n            <a href=\"https:\/\/www.martherobin.com\/es\/son-message\/lamour-inconditionnel-de-dieu-pour-chaque-homme\/\">\r\n                <img decoding=\"async\" src=\"https:\/\/www.martherobin.com\/wp-content\/uploads\/2016\/09\/message-g-2.png\" alt=\"El amor incondicional de Dios a cada hombre\"\/>\r\n                <span class=\"title\">El amor incondicional de Dios a cada hombre<\/span>\r\n            <\/a>\r\n        <\/li>\r\n\t\t\t<li>\r\n            <a href=\"https:\/\/www.martherobin.com\/es\/son-message\/lamour-plus-fort-que-la-souffrance\/\">\r\n                <img decoding=\"async\" src=\"https:\/\/www.martherobin.com\/wp-content\/uploads\/2016\/09\/message-g-1.png\" alt=\"El amor m\u00e1s fuerte que el sufrimiento\"\/>\r\n                <span class=\"title\">El amor m\u00e1s fuerte que el sufrimiento<\/span>\r\n            <\/a>\r\n        <\/li>\r\n\t\t\t<li>\r\n            <a href=\"https:\/\/www.martherobin.com\/es\/son-message\/paroles-et-prieres\/\">\r\n                <img decoding=\"async\" src=\"https:\/\/www.martherobin.com\/wp-content\/uploads\/2016\/09\/message-g-5.png\" alt=\"Oraciones, palabras y escritos\"\/>\r\n                <span class=\"title\">Oraciones, palabras y escritos<\/span>\r\n            <\/a>\r\n        <\/li>\r\n\t\t<\/ul>\r\n\t<div class=\"menu-openclose\">\r\n\t\t<a href=\"#\" class=\"opener\">Reavivar en el mundo el amor que se apaga<\/a>\r\n\t\t<div class=\"slide js-slide-hidden\">\r\n\t\t\t<ul>\r\n\t\t\t\t\t\t\t\t<li><a href=\"https:\/\/www.martherobin.com\/es\/son-message\/dieu-un-pere-tendre-et-compatissant\/\">Dios, un Padre tierno y compasivo<\/a><\/li>\r\n\t\t\t\t\t\t\t\t<li><a href=\"https:\/\/www.martherobin.com\/es\/son-message\/ranimer-dans-le-monde-lamour-qui-seteint\/\">Reavivar en el mundo el amor que se apaga<\/a><\/li>\r\n\t\t\t\t\t\t\t\t<li><a href=\"https:\/\/www.martherobin.com\/es\/son-message\/lamour-inconditionnel-de-dieu-pour-chaque-homme\/\">El amor incondicional de Dios a cada hombre<\/a><\/li>\r\n\t\t\t\t\t\t\t\t<li><a href=\"https:\/\/www.martherobin.com\/es\/son-message\/lamour-plus-fort-que-la-souffrance\/\">El amor m\u00e1s fuerte que el sufrimiento<\/a><\/li>\r\n\t\t\t\t\t\t\t\t<li><a href=\"https:\/\/www.martherobin.com\/es\/son-message\/paroles-et-prieres\/\">Oraciones, palabras y escritos<\/a><\/li>\r\n\t\t\t\t\t\t\t<\/ul>\r\n\t\t<\/div>\r\n\t<\/div>\r\n\r\n\t<div class=\"top-area\">\r\n\t\t<h2>Reavivar en el mundo el amor que se apaga<\/h2>\r\n\t<\/div>\r\n\r\n<strong class=\"bold-text\"><p><strong>Las inspiraciones de Marta Robin han revolucionado por su profundidad a la Iglesia de forma duradera. Muchas de ellas son uno de los componentes que los papas llamar\u00e1n la \u201cNueva Evangelizaci\u00f3n\u201d: un compromiso misionero renovado por los cristianos, sacerdotes y bautizados juntos, en un mundo cada vez m\u00e1s secularizado. Para ello es necesario que los laicos accedan a una formaci\u00f3n rigurosa en la inteligencia de la fe, alimentada por una relaci\u00f3n asidua con Dios mediante la oraci\u00f3n y los sacramentos.<\/strong><\/p><\/strong><\/div>\n<\/div>\n\n<div class=\"fw-row\">\n\t<div class=\"fw-col-xs-12 fw-col-sm-8\">\n\t\r\n<p><em>\u00ab\u00a0Te he elegido para reavivar en el mundo el Amor que se apaga\u00a0\u00bb<\/em>, le dir\u00e1 Cristo a Marta.<\/p><p>El camino vivido y propuesto por Marta, un camino de interioridad profunda y de contemplaci\u00f3n, desentona con el mundo agitado y ruidoso en el que vivimos. Sin embargo, ser\u00eda un error considerar que, como inv\u00e1lida recluida en una aldea perdida de Dr\u00f4me, Marta no sea plenamente consciente del ruido y la agitaci\u00f3n propios del siglo XX. Al contrario, tiene una conciencia aguda de ello. Por un lado, por las innumerables visitas que recibe; por otro, porque los dolores que acompa\u00f1an cada d\u00eda su vida no le dejan ning\u00fan descanso: ese aspecto del sufrimiento, el del cansancio que \u00e9ste genera y que se puede comparar al cansancio nacido del exceso de actividades y ruidos incesantes, le permite sin duda compadecerse profundamente de la vida de los hombres y las mujeres modernos.<\/p><div class=\"fw-heading fw-heading-h3 \">\r\n\t<h3 class=\"fw-special-title \"><span class=\"\">\u201cHay que estudiar, reflexionar para formar convicciones\u201d<\/span><\/h3>\t<\/div>\r\n\r\n<p>Sin duda, Marta Robin siente m\u00e1s que ninguno y de forma imperiosa la necesidad de abstraerse de lo cotidiano para volver a encontrar al Se\u00f1or en un cara a cara interior aislado del mundo... para sembrar mejor este mundo. Por ello, insiste tanto en la formaci\u00f3n de los laicos: <\/p><\/div>\n<div class=\"fw-col-xs-12 fw-col-sm-4\">\n\t<div class=\"text-right\"><img decoding=\"async\" src=\"\/\/www.martherobin.com\/wp-content\/uploads\/2016\/09\/pentecote.jpg\" alt=\"\/\/www.martherobin.com\/wp-content\/uploads\/2016\/09\/pentecote.jpg\" height=\"200\" \/><\/div><\/div>\n<\/div>\n\n<div class=\"fw-row\">\n\t<div class=\"fw-col-xs-12\">\n\t\r\n<div class=\"col-md-10 pull-right\"><blockquote><p>Algunos creen que ya no tienen fe, pero la tienen bajo cenizas.<br \/>Hay que soplar para avivar la llama\u201d<\/p><\/blockquote><\/div><\/div>\n<\/div>\n\n<div class=\"fw-row\">\n\t<div class=\"fw-col-xs-12 fw-col-sm-8\">\n\t\r\n<p>El bautismo siembra una semilla que es necesaria acompa\u00f1ar en profundidad para crecer:<br \/>\u00ab <em>Esa vida interior, la aut\u00e9ntica vida, debemos cultivarla y aumentarla sin parar, cultivando y aumentando en nosotros la gran vida de la fe y del amor<\/em>\u00bb.<\/p><p>Ella misma lee much\u00edsimo, tratando sin cesar de comprender: <\/p><\/div>\n<\/div>\n\n<div class=\"fw-row\">\n\t<div class=\"fw-col-xs-12\">\n\t\r\n<div class=\"col-md-10 pull-right\"><blockquote><p>Nuestra fe debe ser sencilla y clara, piadosa e inteligente.<br \/>Hay que estudiar, reflexionar para formar convicciones, ideas seguras, esforzarse para llegar hasta el fondo de s\u00ed mismo, de sus creencias.<\/p><\/blockquote><\/div><\/div>\n<\/div>\n\n<div class=\"fw-row\">\n\t<div class=\"fw-col-xs-12 fw-col-sm-8\">\n\t<div class=\"fw-heading fw-heading-h3 \">\r\n\t<h3 class=\"fw-special-title \"><span class=\"\">Un Nuevo Pentecost\u00e9s de Amor en el mundo<\/span><\/h3>\t<\/div>\r\n\r\n<p>Desde 1936, Marta recibe la revelaci\u00f3n de un \u201cNuevo Pentecost\u00e9s de Amor\u201d que debe extenderse por el mundo despu\u00e9s de una renovaci\u00f3n de la Iglesia, una renovaci\u00f3n en la que los laicos desempe\u00f1ar\u00e1n un papel importante. \u00c9sa es la profunda raz\u00f3n de la fundaci\u00f3n de los Foyers de Charit\u00e9. En la mente de Marta, la misi\u00f3n y la evangelizaci\u00f3n no han de ser \u00fanicamente la obra de los sacerdotes y religiosos. Su inspiraci\u00f3n, que parece totalmente nueva para aquella \u00e9poca, es que cada bautizado es corresponsable del mensaje del Evangelio, lo que el Vaticano II llamar\u00e1 muchos a\u00f1os m\u00e1s tarde el \u201csacerdocio com\u00fan de los fieles\u201d.<\/p><p>De la relaci\u00f3n fruct\u00edfera entre el sacerdote y los laicos surgir\u00e1 un nuevo anuncio del Evangelio para el mundo. Los Foyers de Charit\u00e9 no son otra cosa: lugares llevados por laicos formados intelectual y espiritualmente bajo la direcci\u00f3n espiritual de un sacerdote, que ayudan a hacer surgir del pueblo de Dios la vocaci\u00f3n natural del bautizado para la evangelizaci\u00f3n de s\u00ed mismo y del mundo. <\/p><p>En efecto, Marta no olvida al sacerdote en su visi\u00f3n. En su oraci\u00f3n, le pide a Dios: <em>\u00ab\u00a0Multiplica a los santos entre tus sacerdotes para que, gracias a ellos, los santos se multipliquen tambi\u00e9n en el mundo.\u00a0\u00bb<\/em> A trav\u00e9s de los sacerdotes los laicos pueden consolidar y aumentar su propia fe, es bajo su direcci\u00f3n paternal como el pueblo de Dios crecer\u00e1 y se santificar\u00e1.<\/p><\/div>\n<\/div>\n\n<div class=\"fw-row\">\n\t<div class=\"fw-col-xs-12\">\n\t\r\n<div class=\"col-md-10 pull-right\"><blockquote><p>\u00abMultiplica a los santos entre tus sacerdotes para que, gracias a ellos, los santos se multipliquen tambi\u00e9n en el mundo.\u00a0\u00bb<\/p><\/blockquote><\/div><\/div>\n<\/div>\n\n<div class=\"fw-row\">\n\t<div class=\"fw-col-xs-12 fw-col-sm-8\">\n\t<div class=\"fw-heading fw-heading-h3 \">\r\n\t<h3 class=\"fw-special-title \"><span class=\"\">Marta, ap\u00f3stol de la Nueva Evangelizaci\u00f3n<\/span><\/h3>\t<\/div>\r\n\r\n<p>Un d\u00eda, el fil\u00f3sofo y acad\u00e9mico Jean Guitton le pregunt\u00f3 a Marta c\u00f3mo se representaba al \u201cPentecost\u00e9s de Amor\u201d del que hablaba. La respuesta fue clarificadora:<\/p><p><em>\u00a0\" \u00a1Oh! En absoluto de forma extraordinaria. Lo veo tranquilo, lento. Pienso que ir\u00e1 haci\u00e9ndose poco a poco. Pienso incluso que ya ha empezado. En cuanto al porvenir, sabe usted que me atribuyen muchas ideas sobre el porvenir. No s\u00e9 nada, salvo una cosa: que el porvenir es Jes\u00fas.\"<\/em><\/p><p>Por tanto, Marta no ve ese nuevo Pentecost\u00e9s como un acontecimiento extraordinario y repentino, sino como una maduraci\u00f3n lenta, progresiva y casi invisible, a imagen y semejanza de la discreci\u00f3n de Dios en el Horeb. En ning\u00fan caso, esa esperanza de una renovaci\u00f3n profunda se apoya en una visi\u00f3n cr\u00edtica y pesimista de la Iglesia, de la que siempre sigui\u00f3 siendo la hija obediente, enteramente y sin restricciones. Al contrario, su intuici\u00f3n de ese nuevo Pentecost\u00e9s es una esperanza llena de alegr\u00eda y confianza. <\/p><\/div>\n<\/div>\n\n<div class=\"fw-row\">\n\t<div class=\"fw-col-xs-12\">\n\t\r\n<div class=\"col-md-10 pull-right\"><p>Son muchos los que ven en Marta Robin un aut\u00e9ntico Ap\u00f3stol de la Nueva Evangelizaci\u00f3n. Hoy d\u00eda, los miembros de los Foyers de Charit\u00e9, como la veintena de nuevas comunidades que Marta acompa\u00f1\u00f3 o ayud\u00f3 a crecer, a\u00fan viven de esa inspiraci\u00f3n que <strong>es para los laicos como un oasis de santidad, llamado a extenderse cada vez m\u00e1s hasta recubrir la Tierra, cambiando el mundo en profundidad.<\/strong><\/p><\/div><\/div>\n<\/div>\n\n<div class=\"fw-row\">\n\t<div class=\"fw-col-xs-12 fw-col-sm-8\">\n\t\r\n<p><span class=\"line\">Para leer:<\/span><ul class=\"in-links\"><li><a href=\"https:\/\/www.martherobin.com\/es\/son-message\/paroles-et-prieres\/\">Oraciones, palabras y escritos<\/a><\/li><li><a href=\"https:\/\/www.martherobin.com\/es\/son-message\/dieu-un-pere-tendre-et-compatissant\/\">Dios, un Padre tierno y compasivo<\/a><\/li><li><a href=\"https:\/\/www.martherobin.com\/es\/son-message\/lamour-plus-fort-que-la-souffrance\/\">El amor m\u00e1s fuerte que el sufrimiento<\/a><\/li><li><a href=\"https:\/\/www.martherobin.com\/es\/son-message\/lamour-inconditionnel-de-dieu-pour-chaque-homme\/\">El amor incondicional de Dios a cada hombre<\/a><\/li><\/ul><\/p><\/div>\n<\/div>\n\n\t\t<\/div>\r\n\t<\/div>\r\n<\/div>\r\n<section class=\"fw-main-row discover-block\"  >\r\n\t<div class=\"fw-container container\">\r\n\t\t<div class=\"\">\r\n\t\t\t<div class=\"fw-row\">\n\t<div class=\"fw-col-xs-12\">\n\t<div class=\"shortcode-widget-area\"><div class=\"heading\">\r\n            <span class=\"title\">Descubrir<\/span>\r\n        <\/div><div class=\"hold\"><div class=\"row\"><div class=\"col col-sm-4 col-md-3\">\r\n                    <div class=\"wrap\">\r\n                        <div class=\"img-holder\">\r\n                            <a href=\"https:\/\/www.martherobin.com\/es\/son-message\/paroles-et-prieres\/parcourir-le-journal\/\">\r\n                                <img decoding=\"async\" src=\"https:\/\/www.martherobin.com\/wp-content\/uploads\/2016\/12\/couverture_Journal-MartheRobin_1366202009153-263x263.png\" alt=\"Leer el \u00abDiario\u00bb\">\r\n                            <\/a>\r\n                            \r\n                        <\/div>\r\n                        <div class=\"desc\">\r\n                            <span class=\"category\">Oraciones, palabras y escritos<\/span>\r\n                            <span class=\"post-title\">\r\n                                <a href=\"https:\/\/www.martherobin.com\/es\/son-message\/paroles-et-prieres\/parcourir-le-journal\/\">Leer el \u00abDiario\u00bb<\/a>\r\n                            <\/span>\r\n                            <div class=\"text\">\r\n                                <p>Le cheminement int\u00e9rieur de Marthe Robin est d\u00e9voil\u00e9 gr\u00e2ce \u00e0 la publication de son \"Journal\". D\u00e9couvrez-le en ligne...<\/p>\r\n                            <\/div>\r\n                        <\/div>\r\n                    <\/div>\r\n                <\/div><div class=\"col col-sm-4 col-md-3\">\r\n                    <div class=\"wrap\">\r\n                        <div class=\"img-holder\">\r\n                            <a href=\"https:\/\/www.martherobin.com\/son-heritage\/les-foyers-de-charite\/video-decouvrir-les-retraites-spirituelles-en-3-minutes\/\">\r\n                                <img decoding=\"async\" src=\"https:\/\/www.martherobin.com\/wp-content\/uploads\/2017\/02\/3minutes_DecouvrirRetraiteSpi-263x263.jpg\" alt=\"VIDEO : D\u00e9couvrir les retraites spirituelles en 3 minutes\">\r\n                            <\/a>\r\n                            \r\n                        <\/div>\r\n                        <div class=\"desc\">\r\n                            <span class=\"category\">Les Foyers de Charit\u00e9<\/span>\r\n                            <span class=\"post-title\">\r\n                                <a href=\"https:\/\/www.martherobin.com\/son-heritage\/les-foyers-de-charite\/video-decouvrir-les-retraites-spirituelles-en-3-minutes\/\">VIDEO : D\u00e9couvrir les retraites spirituelles en 3 minutes<\/a>\r\n                            <\/span>\r\n                            <div class=\"text\">\r\n                                <p>Les Foyers de Charit\u00e9 VIDEO : D\u00e9couvrir les retraites spirituelles en 3...<\/p>\r\n                            <\/div>\r\n                        <\/div>\r\n                    <\/div>\r\n                <\/div><div class=\"col col-sm-4 col-md-3 add\">\r\n                    <div class=\"wrap\">\r\n                        <div class=\"img-holder\">\r\n                            <a href=\"https:\/\/www.martherobin.com\/es\/la-beatification\/marthe-robin-reconnue-venerable-par-le-pape-francois\/\">\r\n                                <img decoding=\"async\" src=\"https:\/\/www.martherobin.com\/wp-content\/uploads\/2016\/09\/beatification-etapes-e1524486340379-263x263.png\" alt=\"Marta Robin reconocida como \u201cvenerable\u201d por el Papa Francisco\">\r\n                            <\/a>\r\n                            \r\n                        <\/div>\r\n                        <div class=\"desc\">\r\n                            <span class=\"category\">La beatificaci\u00f3n<\/span>\r\n                            <span class=\"post-title\">\r\n                                <a href=\"https:\/\/www.martherobin.com\/es\/la-beatification\/marthe-robin-reconnue-venerable-par-le-pape-francois\/\">Marta Robin reconocida como \u201cvenerable\u201d por el Papa Francisco<\/a>\r\n                            <\/span>\r\n                            <div class=\"text\">\r\n                                <p>Une \u00e9tape essentielle vers une possible b\u00e9atification...<\/p>\r\n                            <\/div>\r\n                        <\/div>\r\n                    <\/div>\r\n                <\/div><div class=\"col col-sm-4 col-md-3\">\r\n                    <div class=\"wrap\">\r\n                        <div class=\"img-holder\">\r\n                            <a href=\"https:\/\/www.martherobin.com\/es\/son-message\/ranimer-dans-le-monde-lamour-qui-seteint\/\">\r\n                                <img decoding=\"async\" src=\"https:\/\/www.martherobin.com\/wp-content\/uploads\/2016\/09\/1-illustrations-site-rouges-22-263x263.jpg\" alt=\"Reavivar en el mundo el amor que se apaga\">\r\n                            <\/a>\r\n                            \r\n                        <\/div>\r\n                        <div class=\"desc\">\r\n                            <span class=\"category\">Su mensaje<\/span>\r\n                            <span class=\"post-title\">\r\n                                <a href=\"https:\/\/www.martherobin.com\/es\/son-message\/ranimer-dans-le-monde-lamour-qui-seteint\/\">Reavivar en el mundo el amor que se apaga<\/a>\r\n                            <\/span>\r\n                            <div class=\"text\">\r\n                                <p>\u00ab Je t\u2019ai choisie pour ranimer dans le monde l\u2019Amour qui s\u2019\u00e9teint \u00bb, dira le Christ \u00e0 Marthe. Elle-m\u00eame...<\/p>\r\n                            <\/div>\r\n                        <\/div>\r\n                    <\/div>\r\n                <\/div><\/div><div class=\"row\"><div class=\"col col-sm-4 col-md-3\">\r\n                    <div class=\"wrap\">\r\n                        <div class=\"img-holder\">\r\n                            <a href=\"https:\/\/www.martherobin.com\/es\/son-message\/paroles-et-prieres\/priere-marthe-robin-o-mere-bien-aimee\/\">\r\n                                <img decoding=\"async\" src=\"https:\/\/www.martherobin.com\/wp-content\/uploads\/2016\/09\/NotreDameDuFoyer_Chateauneuf01-263x263.jpg\" alt=\"Oh, Madre Amad\u00edsima\">\r\n                            <\/a>\r\n                            \r\n                        <\/div>\r\n                        <div class=\"desc\">\r\n                            <span class=\"category\">Oraciones, palabras y escritos<\/span>\r\n                            <span class=\"post-title\">\r\n                                <a href=\"https:\/\/www.martherobin.com\/es\/son-message\/paroles-et-prieres\/priere-marthe-robin-o-mere-bien-aimee\/\">Oh, Madre Amad\u00edsima<\/a>\r\n                            <\/span>\r\n                            <div class=\"text\">\r\n                                <p>\u00d4 M\u00e8re Bien-Aim\u00e9e, vous qui connaissez si bien les voies de la Saintet\u00e9 et de l\u2019Amour, apprenez-nous...<\/p>\r\n                            <\/div>\r\n                        <\/div>\r\n                    <\/div>\r\n                <\/div><div class=\"col col-sm-4 col-md-3 add\">\r\n                    <div class=\"wrap\">\r\n                        <div class=\"img-holder\">\r\n                            <a href=\"https:\/\/www.martherobin.com\/es\/son-message\/lamour-inconditionnel-de-dieu-pour-chaque-homme\/\">\r\n                                <img decoding=\"async\" src=\"https:\/\/www.martherobin.com\/wp-content\/uploads\/2016\/09\/1-illustrations-site-rouges-20-263x263.jpg\" alt=\"El amor incondicional de Dios a cada hombre\">\r\n                            <\/a>\r\n                            \r\n                        <\/div>\r\n                        <div class=\"desc\">\r\n                            <span class=\"category\">Su mensaje<\/span>\r\n                            <span class=\"post-title\">\r\n                                <a href=\"https:\/\/www.martherobin.com\/es\/son-message\/lamour-inconditionnel-de-dieu-pour-chaque-homme\/\">El amor incondicional de Dios a cada hombre<\/a>\r\n                            <\/span>\r\n                            <div class=\"text\">\r\n                                <p>Les milliers de t\u00e9moignages concernant la fa\u00e7on dont Marthe accueillait ceux qui venaient la voir sont unanimes...<\/p>\r\n                            <\/div>\r\n                        <\/div>\r\n                    <\/div>\r\n                <\/div><div class=\"row\"><div class=\"col col-sm-4 col-md-3\">\r\n                    <div class=\"wrap\">\r\n                        <div class=\"img-holder\">\r\n                            <a href=\"https:\/\/www.martherobin.com\/es\/son-heritage\/les-foyers-de-charite\/\">\r\n                                <img decoding=\"async\" src=\"https:\/\/www.martherobin.com\/wp-content\/uploads\/2016\/09\/1-illustrations-site-rouges-24-263x263.jpg\" alt=\"Los Foyers de Charit\u00e9\">\r\n                            <\/a>\r\n                            \r\n                        <\/div>\r\n                        <div class=\"desc\">\r\n                            <span class=\"category\">Su herencia<\/span>\r\n                            <span class=\"post-title\">\r\n                                <a href=\"https:\/\/www.martherobin.com\/es\/son-heritage\/les-foyers-de-charite\/\">Los Foyers de Charit\u00e9<\/a>\r\n                            <\/span>\r\n                            <div class=\"text\">\r\n                                <p>La cr\u00e9ation des Foyers de Charit\u00e9 repose sur la rencontre de Marthe Robin et d\u2019un pr\u00eatre, le p\u00e8re Georges Finet, en 1936. Aujourd\u2019hui pr\u00e9sents dans une quarantaine de pays, les Foyers de Charit\u00e9...<\/p>\r\n                            <\/div>\r\n                        <\/div>\r\n                    <\/div>\r\n                <\/div><div class=\"col col-sm-4 col-md-3\">\r\n                    <div class=\"wrap\">\r\n                        <div class=\"img-holder\">\r\n                            <a href=\"https:\/\/www.martherobin.com\/son-message\/dieu-un-pere-tendre-et-compatissant\/stetherese-une-grande-soeur-pour-marthe-robin\/\">\r\n                                <img decoding=\"async\" src=\"https:\/\/www.martherobin.com\/wp-content\/uploads\/2016\/11\/Thrse-de-lEJ-10--263x263.jpg\" alt=\"Ste Th\u00e9r\u00e8se, une \u00ab grande s\u0153ur \u00bb pour Marthe Robin\">\r\n                            <\/a>\r\n                            \r\n                        <\/div>\r\n                        <div class=\"desc\">\r\n                            <span class=\"category\">Dieu, un P\u00e8re tendre et compatissant<\/span>\r\n                            <span class=\"post-title\">\r\n                                <a href=\"https:\/\/www.martherobin.com\/son-message\/dieu-un-pere-tendre-et-compatissant\/stetherese-une-grande-soeur-pour-marthe-robin\/\">Ste Th\u00e9r\u00e8se, une \u00ab grande s\u0153ur \u00bb pour Marthe Robin<\/a>\r\n                            <\/span>\r\n                            <div class=\"text\">\r\n                                <p>Entre Marthe Robin et Sainte Th\u00e9r\u00e8se de Lisieux, il existe une relation si forte qu'on peut parler d'amiti\u00e9 ou de parent\u00e9 spirituelle...<\/p>\r\n                            <\/div>\r\n                        <\/div>\r\n                    <\/div>\r\n                <\/div><div class=\"col col-sm-4 col-md-3 add\">\r\n                    <div class=\"wrap\">\r\n                        <div class=\"img-holder\">\r\n                            <a href=\"https:\/\/www.martherobin.com\/temoignage\/les-passions-de-marthe-robin-sophie-guex\/\">\r\n                                <img decoding=\"async\" src=\"https:\/\/www.martherobin.com\/wp-content\/uploads\/2017\/05\/SophieGuex2-e1523632218396-263x263.jpg\" alt=\"Sophie Guex : Comment se d\u00e9roulaient les \u00abpassions\u00bb de Marthe Robin ?\">\r\n                            <\/a>\r\n                            \r\n                        <\/div>\r\n                        <div class=\"desc\">\r\n                            <span class=\"category\">T\u00e9moignage<\/span>\r\n                            <span class=\"post-title\">\r\n                                <a href=\"https:\/\/www.martherobin.com\/temoignage\/les-passions-de-marthe-robin-sophie-guex\/\">Sophie Guex : Comment se d\u00e9roulaient les \u00abpassions\u00bb de Marthe Robin ?<\/a>\r\n                            <\/span>\r\n                            <div class=\"text\">\r\n                                <p>[VIDEO] Les carnets du p\u00e8re Faure nous permettent de retracer les \"Passions\" v\u00e9cues par Marthe Robin...<\/p>\r\n                            <\/div>\r\n                        <\/div>\r\n                    <\/div>\r\n                <\/div><div class=\"col col-sm-4 col-md-3\">\r\n                    <div class=\"wrap\">\r\n                        <div class=\"img-holder\">\r\n                            <a href=\"https:\/\/www.martherobin.com\/son-heritage\/les-communautes-liees-avec-marthe-robin\/video-marthe-est-une-grande-soeur-pour-moi-raphael-cornu-thenard\/\">\r\n                                <img decoding=\"async\" src=\"https:\/\/www.martherobin.com\/wp-content\/uploads\/2017\/02\/ITWRaphaelCornuThenard-263x263.jpg\" alt=\"VIDEO \u00abMarthe est une grande soeur pour moi !\u00bb Rapha\u00ebl Cornu-Th\u00e9nard\">\r\n                            <\/a>\r\n                            \r\n                        <\/div>\r\n                        <div class=\"desc\">\r\n                            <span class=\"category\">Les communaut\u00e9s li\u00e9es avec Marthe Robin<\/span>\r\n                            <span class=\"post-title\">\r\n                                <a href=\"https:\/\/www.martherobin.com\/son-heritage\/les-communautes-liees-avec-marthe-robin\/video-marthe-est-une-grande-soeur-pour-moi-raphael-cornu-thenard\/\">VIDEO \u00abMarthe est une grande soeur pour moi !\u00bb Rapha\u00ebl Cornu-Th\u00e9nard<\/a>\r\n                            <\/span>\r\n                            <div class=\"text\">\r\n                                <p>Interview de Rapha\u00ebl Cornu-Th\u00e9nard (Anuncio - Congr\u00e8s Mission) sur la place de Marthe Robin dans sa vie de \"disciple-missionnaire\" engag\u00e9 dans la nouvelle \u00e9vang\u00e9lisation...<\/p>\r\n                            <\/div>\r\n                        <\/div>\r\n                    <\/div>\r\n                <\/div><\/div><\/div><\/div>\n<\/div>\n<\/div>\n\n\t\t<\/div>\r\n\t<\/div>\r\n<\/section>\r\n<\/p>\n","protected":false},"excerpt":{"rendered":"\u00ab Je t\u2019ai choisie pour ranimer dans le monde l\u2019Amour qui s\u2019\u00e9teint \u00bb, dira le Christ \u00e0 Marthe. Elle-m\u00eame&#8230;","protected":false},"author":6,"featured_media":5399,"parent":6354,"menu_order":1,"comment_status":"closed","ping_status":"closed","template":"templates\/page-lvl3.php","meta":{"footnotes":""},"class_list":["post-6336","page","type-page","status-publish","has-post-thumbnail","hentry"],"_links":{"self":[{"href":"https:\/\/www.martherobin.com\/es\/wp-json\/wp\/v2\/pages\/6336","targetHints":{"allow":["GET"]}}],"collection":[{"href":"https:\/\/www.martherobin.com\/es\/wp-json\/wp\/v2\/pages"}],"about":[{"href":"https:\/\/www.martherobin.com\/es\/wp-json\/wp\/v2\/types\/page"}],"author":[{"embeddable":true,"href":"https:\/\/www.martherobin.com\/es\/wp-json\/wp\/v2\/users\/6"}],"replies":[{"embeddable":true,"href":"https:\/\/www.martherobin.com\/es\/wp-json\/wp\/v2\/comments?post=6336"}],"version-history":[{"count":0,"href":"https:\/\/www.martherobin.com\/es\/wp-json\/wp\/v2\/pages\/6336\/revisions"}],"up":[{"embeddable":true,"href":"https:\/\/www.martherobin.com\/es\/wp-json\/wp\/v2\/pages\/6354"}],"wp:featuredmedia":[{"embeddable":true,"href":"https:\/\/www.martherobin.com\/es\/wp-json\/wp\/v2\/media\/5399"}],"wp:attachment":[{"href":"https:\/\/www.martherobin.com\/es\/wp-json\/wp\/v2\/media?parent=6336"}],"curies":[{"name":"wp","href":"https:\/\/api.w.org\/{rel}","templated":true}]}}