{"id":6308,"date":"2016-10-28T15:29:07","date_gmt":"2016-10-28T13:29:07","guid":{"rendered":"https:\/\/www.martherobin.com\/sa-vie\/un-rayonnement-immense\/"},"modified":"2018-07-25T12:01:53","modified_gmt":"2018-07-25T10:01:53","slug":"un-rayonnement-immense","status":"publish","type":"page","link":"https:\/\/www.martherobin.com\/es\/sa-vie\/un-rayonnement-immense\/","title":{"rendered":"Una influencia inmensa"},"content":{"rendered":"<p><div class=\"fw-main-row page-lvl3-block\"  >\r\n\t<div class=\"fw-container container\">\r\n\t\t<div class=\"frame\">\r\n\t\t\t<div class=\"fw-row\">\n\t<div class=\"fw-col-xs-12\">\n\t\r\n\t<h1><span>Su vida<\/span><\/h1>\r\n\r\n\t<ul class=\"sous-menu\">\r\n\t\t\t\t<li>\r\n            <a href=\"https:\/\/www.martherobin.com\/es\/sa-vie\/une-grande-mystique-francaise\/\">\r\n                <img decoding=\"async\" src=\"https:\/\/www.martherobin.com\/wp-content\/uploads\/2016\/10\/circle09.png\" alt=\"Una gran m\u00edstica francesa\"\/>\r\n                <span class=\"title\">Una gran m\u00edstica francesa<\/span>\r\n            <\/a>\r\n        <\/li>\r\n\t\t\t<li>\r\n            <a href=\"https:\/\/www.martherobin.com\/es\/sa-vie\/lepreuve-de-la-maladie\/\">\r\n                <img decoding=\"async\" src=\"https:\/\/www.martherobin.com\/wp-content\/uploads\/2016\/09\/circle07.png\" alt=\"La adversidad de la enfermedad\"\/>\r\n                <span class=\"title\">La adversidad de la enfermedad<\/span>\r\n            <\/a>\r\n        <\/li>\r\n\t\t\t<li>\r\n            <a href=\"https:\/\/www.martherobin.com\/es\/sa-vie\/un-rayonnement-immense\/\">\r\n                <img decoding=\"async\" src=\"https:\/\/www.martherobin.com\/wp-content\/uploads\/2016\/10\/circle03.png\" alt=\"Una influencia inmensa\"\/>\r\n                <span class=\"title\">Una influencia inmensa<\/span>\r\n            <\/a>\r\n        <\/li>\r\n\t\t<\/ul>\r\n\t<div class=\"menu-openclose\">\r\n\t\t<a href=\"#\" class=\"opener\">Una influencia inmensa<\/a>\r\n\t\t<div class=\"slide js-slide-hidden\">\r\n\t\t\t<ul>\r\n\t\t\t\t\t\t\t\t<li><a href=\"https:\/\/www.martherobin.com\/es\/sa-vie\/une-grande-mystique-francaise\/\">Una gran m\u00edstica francesa<\/a><\/li>\r\n\t\t\t\t\t\t\t\t<li><a href=\"https:\/\/www.martherobin.com\/es\/sa-vie\/lepreuve-de-la-maladie\/\">La adversidad de la enfermedad<\/a><\/li>\r\n\t\t\t\t\t\t\t\t<li><a href=\"https:\/\/www.martherobin.com\/es\/sa-vie\/un-rayonnement-immense\/\">Una influencia inmensa<\/a><\/li>\r\n\t\t\t\t\t\t\t<\/ul>\r\n\t\t<\/div>\r\n\t<\/div>\r\n\r\n\t<div class=\"top-area\">\r\n\t\t<h2>Una influencia inmensa<\/h2>\r\n\t<\/div>\r\n\r\n<strong class=\"bold-text\"><p>Aunque el nombre de Marta Robin es indisociable de los Foyers de Charit\u00e9, su influencia sobrepasa considerablemente esa \u00fanica fundaci\u00f3n. Portadora de una intuici\u00f3n que el Concilio Vaticano II confirmar\u00e1 ampliamente, la espiritualidad de Marta permiti\u00f3 crecer y desarrollar en la Iglesia un mont\u00f3n de iniciativas. Recibe y aconseja a m\u00e1s de 100.000 personas, entre los que se encuentran sacerdotes, obispos, intelectuales, fundadores de comunidades. Tiene una profunda influencia sobre la Iglesia y la sociedad.<\/p><\/strong><\/div>\n<\/div>\n\n<div class=\"fw-row\">\n\t<div class=\"fw-col-xs-12 fw-col-sm-8\">\n\t\r\n<p>Entre los 27 y 29 a\u00f1os, durante el tiempo que sigue la visita decisiva de los dos capuchinos en 1928, Marta comprende poco a poco que el Se\u00f1or quiere confiarle una misi\u00f3n. Al principio, quiere escabullirse, consciente de sus limitaciones... Sin embargo, en 1933 recibe una revelaci\u00f3n de Cristo y entiende que el Se\u00f1or la ha elegido para una Obra que quiere comenzar en Ch\u00e2teauneuf-de-Galaure, con un sacerdote que le<em> \u201char\u00eda conocer en su momento\u201d<\/em>, una Obra que \u00e9l llama \u201c<em>la Gran Obra de mi Amor<\/em>\u201d.  Por tanto, hay que dar a conocer el amor y la misericordia de Dios.<\/p><div class=\"fw-heading fw-heading-h3 \">\r\n\t<h3 class=\"fw-special-title \"><span class=\"\">Primera etapa: la fundaci\u00f3n de la escuela<\/span><\/h3>\t<\/div>\r\n\r\n<p>El primer ladrillo de ese edificio: una escuela. Una escuela en la que las ni\u00f1as aprender\u00e1n <em>\u201ca conocer a Dios y a amarlo\u201d<\/em>, en ese pueblo en el que el ate\u00edsmo militante es fuerte. Seg\u00fan Marta, la infancia es el momento privilegiado para encontrarse con Dios; ella ve esa escuela como el lugar por excelencia para<em> \u201caprender a amar todo lo que hacen: trabajo, ocio, descanso, oraci\u00f3n, favores hechos por amor\u201d<\/em>. No obstante, el contexto parece tan hostil que Marta vivir\u00e1 una aut\u00e9ntica lucha interior para lograr hablarle a su p\u00e1rroco, el padre Faure, de ese proyecto. El sacerdote se toma tiempo para discernir y, ya puesta en marcha, la iniciativa encuentra efectivamente numerosos obst\u00e1culos. Sin embargo, siete ni\u00f1as siguen el camino de las escolares en el inicio de las clases de 1934.<\/p><div class=\"fw-heading fw-heading-h3 \">\r\n\t<h3 class=\"fw-special-title \"><span class=\"\">Segunda etapa: los Foyers de Charit\u00e9<\/span><\/h3>\t<\/div>\r\n\r\n<p>La segunda etapa constituir\u00e1 la creaci\u00f3n de los Foyers de Charit\u00e9. El 10 de febrero de 1936 tiene lugar el encuentro entre Marta Robin y el padre espiritual que la ayudar\u00e1 a discernir su propia vocaci\u00f3n. En cuanto al padre Jorge Finet, \u00e9l ha encontrado en Marta el instrumento que Dios le conf\u00eda para salvar a las almas. Juntos, concretan los futuros Foyers de Charit\u00e9 a partir de estas palabras de Cristo a Marta en su oraci\u00f3n:<br \/><em>\u00ab Yo quiero que [la Obra] sea un Foyer que resplandezca Luz, Caridad, Amor [...]; el Oasis vivificante para las almas [...] desanimadas, [...] la Casa de mi Coraz\u00f3n abierto a todos<\/em> \u00bb.<\/p><p>La inspiraci\u00f3n es nueva. Otras comunidades m\u00e1s tarde, en particular despu\u00e9s del Concilio Vaticano II, recuperar\u00e1n ese modo de vida comunitario, pero Marta Robin y el Padre Finet son sus verdaderos precursores. La obra se convertir\u00e1 en una obra internacional, extendida por el mundo entero.<\/p><\/div>\n<div class=\"fw-col-xs-12 fw-col-sm-4\">\n\t<div class=\"text-right\"><img decoding=\"async\" src=\"\/\/www.martherobin.com\/wp-content\/uploads\/2016\/09\/Eglise_Maison-de-Famille-1.jpg\" alt=\"\/\/www.martherobin.com\/wp-content\/uploads\/2016\/09\/Eglise_Maison-de-Famille-1.jpg\" \/><\/div><\/div>\n<\/div>\n\n<div class=\"fw-row\">\n\t<div class=\"fw-col-xs-12 fw-col-sm-8\">\n\t<div class=\"fw-heading fw-heading-h3 \">\r\n\t<h3 class=\"fw-special-title \"><span class=\"\">Una gran figura espiritual del siglo XX<\/span><\/h3>\t<\/div>\r\n\r\n<p>Durante la Segunda Guerra Mundial, Marta comienza a recibir a varios grandes te\u00f3logos. Los padres R\u00e9ginald Garrigou-Lagrange, Paul Philippe, Andr\u00e9 Feuillet, Henri Manteau-Bonamy vienen a ver a esa peque\u00f1a campesina que ni pudo obtener el t\u00edtulo de estudios primarios a causa de sus problemas de salud. Regresan influenciados y convencidos en sus trabajos teol\u00f3gicos.<\/p><p>Marta Robin vive tambi\u00e9n grandes amistades con intelectuales de aquella \u00e9poca como Paul-Louis Couchoud, catedr\u00e1tico de Letras, doctor en Medicina y descre\u00eddo conocido hasta su conversi\u00f3n, o el fil\u00f3sofo Jean Guitton de la Academia Francesa.<\/p><\/div>\n<\/div>\n\n<div class=\"fw-row\">\n\t<div class=\"fw-col-xs-12\">\n\t\r\n<div class=\"col-md-10 pull-right\"><blockquote><p>El mayor personaje del siglo XX<br \/>no es ni el general de Gaulle ni Juan XXIII, es Marta Robin.<\/p><\/blockquote><p><strong>Cardenal Dani\u00e9lou<\/strong><\/p><\/div><\/div>\n<\/div>\n\n<div class=\"fw-row\">\n\t<div class=\"fw-col-xs-12 fw-col-sm-8\">\n\t<div class=\"fw-heading fw-heading-h3 \">\r\n\t<h3 class=\"fw-special-title \"><span class=\"\">Un nuevo impulso para la Iglesia<\/span><\/h3>\t<\/div>\r\n\r\n<p>En la efervescencia espiritual que sigue el Concilio Vaticano II, numerosos futuros fundadores vienen a conocer a Marta para descubrir gracias a ella el camino que Dios les pide recorrer.  Otros vienen a verla para reponer fuerzas o para que acompa\u00f1e activamente por medio de la oraci\u00f3n las comunidades que est\u00e1n viendo la luz. <\/p><p>Por tanto, entre los visitantes asiduos de Marta se encuentran: el padre Epagneul, fundador de los Hermanos Misioneros del Campo; sor Magdeleine de J\u00e9sus, fundadora de las Hermanitas de Carlos de Foucauld; el padre Talvas, creador del Nid, una asociaci\u00f3n de ayuda a las prostitutas; Jean Vanier, fundador del Arca. Numerosas comunidades nuevas han mantenido consecuentemente una profunda afecci\u00f3n y s\u00f3lidos lazos espirituales con Marta: la Comunidad de Emmanuel, la Comunidad de las Bienaventuranzas, la Congregaci\u00f3n San Juan, los Hermanitos de Mar\u00eda-Madre del Redentor, las Hermanitas de Nazareth, los Misioneros de Nuestra Se\u00f1ora, los hogares \u201cClaire Amiti\u00e9\u201d, la Fraternidad Bel\u00e9n-San-Benito, la Comunidad Nueva Alianza, L\u2019Eau vive, los Focolares...<\/p><\/div>\n<\/div>\n\n<div class=\"fw-row\">\n\t<div class=\"fw-col-xs-12\">\n\t\r\n<div class=\"col-md-10 pull-right\"><blockquote><p>(El Nuevo Pentecost\u00e9s de Amor) lo veo tranquilo, lento. Pienso que ir\u00e1 haci\u00e9ndose poco a poco. Pienso incluso que ya ha empezado.<br \/>En cuanto al porvenir, sabe usted que me atribuyen muchas ideas sobre el porvenir. No s\u00e9 nada, salvo una cosa: que el porvenir es Jes\u00fas<\/p><\/blockquote><p>.<\/p><\/div><\/div>\n<\/div>\n\n<div class=\"fw-row\">\n\t<div class=\"fw-col-xs-12 fw-col-sm-8\">\n\t<div class=\"fw-heading fw-heading-h3 \">\r\n\t<h3 class=\"fw-special-title \"><span class=\"\">100.000 personas vienen a conocerla<\/span><\/h3>\t<\/div>\r\n\r\n<p>De este modo, tendida en la penumbra de una habitaci\u00f3n que nunca abandon\u00f3, Marta se convirti\u00f3, a lo largo de los a\u00f1os, en una figura espiritual imprescindible. Durante su vida, recibi\u00f3 en su habitaci\u00f3n a m\u00e1s de 100.000 personas. Actrices y gente muy sencilla, ministros y camioneros, compositores, periodistas y agricultores de la comarca, numerosos sacerdotes y obispos... tantos visitantes tan distintos, recibidos y escuchados.<\/p><\/div>\n<\/div>\n\n<div class=\"fw-row\">\n\t<div class=\"fw-col-xs-12\">\n\t\r\n<div class=\"col-md-10 pull-right\"><blockquote><p>Adorable Jes\u00fas m\u00edo,<br \/>haz que todas esas personas que se acercan a m\u00ed, al dejarme queden consoladas cuando lloran, recuperadas cuando est\u00e1n abatidas,<br \/>felices durante d\u00edas gracias al recuerdo de una palabra, de una mirada, de una sonrisa<\/p><\/blockquote><\/div><\/div>\n<\/div>\n\n<div class=\"fw-row\">\n\t<div class=\"fw-col-xs-12 fw-col-sm-8\">\n\t\r\n<span class=\"txt\"><p>Entrar en casa de Marta es sentir, a trav\u00e9s de ella, la misericordia del Padre. Adem\u00e1s, ese resplandor no desapareci\u00f3 cuando muri\u00f3: hoy, todav\u00eda 40.000 personas, cada a\u00f1o, vienen a visitar la finca en la que viv\u00eda, como el que va a casa de una amiga, para encontrar all\u00ed consuelo y paz.<\/p><\/span><\/div>\n<\/div>\n\n<div class=\"fw-row\">\n\t<div class=\"fw-col-xs-12 fw-col-sm-8\">\n\t\r\n<span class=\"txt\"><p><span class=\"line\">Para leer:<\/span><ul class=\"in-links\"><li><a href=\"https:\/\/www.martherobin.com\/es\/sa-vie\/sa-vie-chronologie-longue\/\">Cronolog\u00eda completa<\/a><\/li><li><a href=\"https:\/\/www.martherobin.com\/es\/sa-vie\/lepreuve-de-la-maladie\/\">La adversidad de la enfermedad<\/a><\/li><li><a href=\"https:\/\/www.martherobin.com\/es\/sa-vie\/une-grande-mystique-francaise\/\">Una gran m\u00edstica francesa<\/a><\/li><\/ul><\/p><\/span><\/div>\n<\/div>\n\n\t\t<\/div>\r\n\t<\/div>\r\n<\/div>\r\n<section class=\"fw-main-row discover-block\"  >\r\n\t<div class=\"fw-container container\">\r\n\t\t<div class=\"\">\r\n\t\t\t<div class=\"fw-row\">\n\t<div class=\"fw-col-xs-12\">\n\t<div class=\"shortcode-widget-area\"><div class=\"heading\">\r\n            <span class=\"title\">Descubrir<\/span>\r\n        <\/div><div class=\"hold\"><div class=\"row\"><div class=\"col col-sm-4 col-md-3\">\r\n                    <div class=\"wrap\">\r\n                        <div class=\"img-holder\">\r\n                            <a href=\"https:\/\/www.martherobin.com\/es\/son-message\/paroles-et-prieres\/parcourir-le-journal\/\">\r\n                                <img decoding=\"async\" src=\"https:\/\/www.martherobin.com\/wp-content\/uploads\/2016\/12\/couverture_Journal-MartheRobin_1366202009153-263x263.png\" alt=\"Leer el \u00abDiario\u00bb\">\r\n                            <\/a>\r\n                            \r\n                        <\/div>\r\n                        <div class=\"desc\">\r\n                            <span class=\"category\">Oraciones, palabras y escritos<\/span>\r\n                            <span class=\"post-title\">\r\n                                <a href=\"https:\/\/www.martherobin.com\/es\/son-message\/paroles-et-prieres\/parcourir-le-journal\/\">Leer el \u00abDiario\u00bb<\/a>\r\n                            <\/span>\r\n                            <div class=\"text\">\r\n                                <p>Le cheminement int\u00e9rieur de Marthe Robin est d\u00e9voil\u00e9 gr\u00e2ce \u00e0 la publication de son \"Journal\". D\u00e9couvrez-le en ligne...<\/p>\r\n                            <\/div>\r\n                        <\/div>\r\n                    <\/div>\r\n                <\/div><div class=\"col col-sm-4 col-md-3\">\r\n                    <div class=\"wrap\">\r\n                        <div class=\"img-holder\">\r\n                            <a href=\"https:\/\/www.martherobin.com\/son-heritage\/les-foyers-de-charite\/video-decouvrir-les-retraites-spirituelles-en-3-minutes\/\">\r\n                                <img decoding=\"async\" src=\"https:\/\/www.martherobin.com\/wp-content\/uploads\/2017\/02\/3minutes_DecouvrirRetraiteSpi-263x263.jpg\" alt=\"VIDEO : D\u00e9couvrir les retraites spirituelles en 3 minutes\">\r\n                            <\/a>\r\n                            \r\n                        <\/div>\r\n                        <div class=\"desc\">\r\n                            <span class=\"category\">Les Foyers de Charit\u00e9<\/span>\r\n                            <span class=\"post-title\">\r\n                                <a href=\"https:\/\/www.martherobin.com\/son-heritage\/les-foyers-de-charite\/video-decouvrir-les-retraites-spirituelles-en-3-minutes\/\">VIDEO : D\u00e9couvrir les retraites spirituelles en 3 minutes<\/a>\r\n                            <\/span>\r\n                            <div class=\"text\">\r\n                                <p>Les Foyers de Charit\u00e9 VIDEO : D\u00e9couvrir les retraites spirituelles en 3...<\/p>\r\n                            <\/div>\r\n                        <\/div>\r\n                    <\/div>\r\n                <\/div><div class=\"col col-sm-4 col-md-3 add\">\r\n                    <div class=\"wrap\">\r\n                        <div class=\"img-holder\">\r\n                            <a href=\"https:\/\/www.martherobin.com\/es\/la-beatification\/marthe-robin-reconnue-venerable-par-le-pape-francois\/\">\r\n                                <img decoding=\"async\" src=\"https:\/\/www.martherobin.com\/wp-content\/uploads\/2016\/09\/beatification-etapes-e1524486340379-263x263.png\" alt=\"Marta Robin reconocida como \u201cvenerable\u201d por el Papa Francisco\">\r\n                            <\/a>\r\n                            \r\n                        <\/div>\r\n                        <div class=\"desc\">\r\n                            <span class=\"category\">La beatificaci\u00f3n<\/span>\r\n                            <span class=\"post-title\">\r\n                                <a href=\"https:\/\/www.martherobin.com\/es\/la-beatification\/marthe-robin-reconnue-venerable-par-le-pape-francois\/\">Marta Robin reconocida como \u201cvenerable\u201d por el Papa Francisco<\/a>\r\n                            <\/span>\r\n                            <div class=\"text\">\r\n                                <p>Une \u00e9tape essentielle vers une possible b\u00e9atification...<\/p>\r\n                            <\/div>\r\n                        <\/div>\r\n                    <\/div>\r\n                <\/div><div class=\"col col-sm-4 col-md-3\">\r\n                    <div class=\"wrap\">\r\n                        <div class=\"img-holder\">\r\n                            <a href=\"https:\/\/www.martherobin.com\/es\/son-message\/ranimer-dans-le-monde-lamour-qui-seteint\/\">\r\n                                <img decoding=\"async\" src=\"https:\/\/www.martherobin.com\/wp-content\/uploads\/2016\/09\/1-illustrations-site-rouges-22-263x263.jpg\" alt=\"Reavivar en el mundo el amor que se apaga\">\r\n                            <\/a>\r\n                            \r\n                        <\/div>\r\n                        <div class=\"desc\">\r\n                            <span class=\"category\">Su mensaje<\/span>\r\n                            <span class=\"post-title\">\r\n                                <a href=\"https:\/\/www.martherobin.com\/es\/son-message\/ranimer-dans-le-monde-lamour-qui-seteint\/\">Reavivar en el mundo el amor que se apaga<\/a>\r\n                            <\/span>\r\n                            <div class=\"text\">\r\n                                <p>\u00ab Je t\u2019ai choisie pour ranimer dans le monde l\u2019Amour qui s\u2019\u00e9teint \u00bb, dira le Christ \u00e0 Marthe. Elle-m\u00eame...<\/p>\r\n                            <\/div>\r\n                        <\/div>\r\n                    <\/div>\r\n                <\/div><\/div><div class=\"row\"><div class=\"col col-sm-4 col-md-3\">\r\n                    <div class=\"wrap\">\r\n                        <div class=\"img-holder\">\r\n                            <a href=\"https:\/\/www.martherobin.com\/es\/son-message\/paroles-et-prieres\/priere-marthe-robin-o-mere-bien-aimee\/\">\r\n                                <img decoding=\"async\" src=\"https:\/\/www.martherobin.com\/wp-content\/uploads\/2016\/09\/NotreDameDuFoyer_Chateauneuf01-263x263.jpg\" alt=\"Oh, Madre Amad\u00edsima\">\r\n                            <\/a>\r\n                            \r\n                        <\/div>\r\n                        <div class=\"desc\">\r\n                            <span class=\"category\">Oraciones, palabras y escritos<\/span>\r\n                            <span class=\"post-title\">\r\n                                <a href=\"https:\/\/www.martherobin.com\/es\/son-message\/paroles-et-prieres\/priere-marthe-robin-o-mere-bien-aimee\/\">Oh, Madre Amad\u00edsima<\/a>\r\n                            <\/span>\r\n                            <div class=\"text\">\r\n                                <p>\u00d4 M\u00e8re Bien-Aim\u00e9e, vous qui connaissez si bien les voies de la Saintet\u00e9 et de l\u2019Amour, apprenez-nous...<\/p>\r\n                            <\/div>\r\n                        <\/div>\r\n                    <\/div>\r\n                <\/div><div class=\"col col-sm-4 col-md-3 add\">\r\n                    <div class=\"wrap\">\r\n                        <div class=\"img-holder\">\r\n                            <a href=\"https:\/\/www.martherobin.com\/es\/son-message\/lamour-inconditionnel-de-dieu-pour-chaque-homme\/\">\r\n                                <img decoding=\"async\" src=\"https:\/\/www.martherobin.com\/wp-content\/uploads\/2016\/09\/1-illustrations-site-rouges-20-263x263.jpg\" alt=\"El amor incondicional de Dios a cada hombre\">\r\n                            <\/a>\r\n                            \r\n                        <\/div>\r\n                        <div class=\"desc\">\r\n                            <span class=\"category\">Su mensaje<\/span>\r\n                            <span class=\"post-title\">\r\n                                <a href=\"https:\/\/www.martherobin.com\/es\/son-message\/lamour-inconditionnel-de-dieu-pour-chaque-homme\/\">El amor incondicional de Dios a cada hombre<\/a>\r\n                            <\/span>\r\n                            <div class=\"text\">\r\n                                <p>Les milliers de t\u00e9moignages concernant la fa\u00e7on dont Marthe accueillait ceux qui venaient la voir sont unanimes...<\/p>\r\n                            <\/div>\r\n                        <\/div>\r\n                    <\/div>\r\n                <\/div><div class=\"row\"><div class=\"col col-sm-4 col-md-3\">\r\n                    <div class=\"wrap\">\r\n                        <div class=\"img-holder\">\r\n                            <a href=\"https:\/\/www.martherobin.com\/es\/son-heritage\/les-foyers-de-charite\/\">\r\n                                <img decoding=\"async\" src=\"https:\/\/www.martherobin.com\/wp-content\/uploads\/2016\/09\/1-illustrations-site-rouges-24-263x263.jpg\" alt=\"Los Foyers de Charit\u00e9\">\r\n                            <\/a>\r\n                            \r\n                        <\/div>\r\n                        <div class=\"desc\">\r\n                            <span class=\"category\">Su herencia<\/span>\r\n                            <span class=\"post-title\">\r\n                                <a href=\"https:\/\/www.martherobin.com\/es\/son-heritage\/les-foyers-de-charite\/\">Los Foyers de Charit\u00e9<\/a>\r\n                            <\/span>\r\n                            <div class=\"text\">\r\n                                <p>La cr\u00e9ation des Foyers de Charit\u00e9 repose sur la rencontre de Marthe Robin et d\u2019un pr\u00eatre, le p\u00e8re Georges Finet, en 1936. Aujourd\u2019hui pr\u00e9sents dans une quarantaine de pays, les Foyers de Charit\u00e9...<\/p>\r\n                            <\/div>\r\n                        <\/div>\r\n                    <\/div>\r\n                <\/div><div class=\"col col-sm-4 col-md-3\">\r\n                    <div class=\"wrap\">\r\n                        <div class=\"img-holder\">\r\n                            <a href=\"https:\/\/www.martherobin.com\/son-message\/dieu-un-pere-tendre-et-compatissant\/stetherese-une-grande-soeur-pour-marthe-robin\/\">\r\n                                <img decoding=\"async\" src=\"https:\/\/www.martherobin.com\/wp-content\/uploads\/2016\/11\/Thrse-de-lEJ-10--263x263.jpg\" alt=\"Ste Th\u00e9r\u00e8se, une \u00ab grande s\u0153ur \u00bb pour Marthe Robin\">\r\n                            <\/a>\r\n                            \r\n                        <\/div>\r\n                        <div class=\"desc\">\r\n                            <span class=\"category\">Dieu, un P\u00e8re tendre et compatissant<\/span>\r\n                            <span class=\"post-title\">\r\n                                <a href=\"https:\/\/www.martherobin.com\/son-message\/dieu-un-pere-tendre-et-compatissant\/stetherese-une-grande-soeur-pour-marthe-robin\/\">Ste Th\u00e9r\u00e8se, une \u00ab grande s\u0153ur \u00bb pour Marthe Robin<\/a>\r\n                            <\/span>\r\n                            <div class=\"text\">\r\n                                <p>Entre Marthe Robin et Sainte Th\u00e9r\u00e8se de Lisieux, il existe une relation si forte qu'on peut parler d'amiti\u00e9 ou de parent\u00e9 spirituelle...<\/p>\r\n                            <\/div>\r\n                        <\/div>\r\n                    <\/div>\r\n                <\/div><div class=\"col col-sm-4 col-md-3 add\">\r\n                    <div class=\"wrap\">\r\n                        <div class=\"img-holder\">\r\n                            <a href=\"https:\/\/www.martherobin.com\/temoignage\/les-passions-de-marthe-robin-sophie-guex\/\">\r\n                                <img decoding=\"async\" src=\"https:\/\/www.martherobin.com\/wp-content\/uploads\/2017\/05\/SophieGuex2-e1523632218396-263x263.jpg\" alt=\"Sophie Guex : Comment se d\u00e9roulaient les \u00abpassions\u00bb de Marthe Robin ?\">\r\n                            <\/a>\r\n                            \r\n                        <\/div>\r\n                        <div class=\"desc\">\r\n                            <span class=\"category\">T\u00e9moignage<\/span>\r\n                            <span class=\"post-title\">\r\n                                <a href=\"https:\/\/www.martherobin.com\/temoignage\/les-passions-de-marthe-robin-sophie-guex\/\">Sophie Guex : Comment se d\u00e9roulaient les \u00abpassions\u00bb de Marthe Robin ?<\/a>\r\n                            <\/span>\r\n                            <div class=\"text\">\r\n                                <p>[VIDEO] Les carnets du p\u00e8re Faure nous permettent de retracer les \"Passions\" v\u00e9cues par Marthe Robin...<\/p>\r\n                            <\/div>\r\n                        <\/div>\r\n                    <\/div>\r\n                <\/div><div class=\"col col-sm-4 col-md-3\">\r\n                    <div class=\"wrap\">\r\n                        <div class=\"img-holder\">\r\n                            <a href=\"https:\/\/www.martherobin.com\/son-heritage\/les-communautes-liees-avec-marthe-robin\/video-marthe-est-une-grande-soeur-pour-moi-raphael-cornu-thenard\/\">\r\n                                <img decoding=\"async\" src=\"https:\/\/www.martherobin.com\/wp-content\/uploads\/2017\/02\/ITWRaphaelCornuThenard-263x263.jpg\" alt=\"VIDEO \u00abMarthe est une grande soeur pour moi !\u00bb Rapha\u00ebl Cornu-Th\u00e9nard\">\r\n                            <\/a>\r\n                            \r\n                        <\/div>\r\n                        <div class=\"desc\">\r\n                            <span class=\"category\">Les communaut\u00e9s li\u00e9es avec Marthe Robin<\/span>\r\n                            <span class=\"post-title\">\r\n                                <a href=\"https:\/\/www.martherobin.com\/son-heritage\/les-communautes-liees-avec-marthe-robin\/video-marthe-est-une-grande-soeur-pour-moi-raphael-cornu-thenard\/\">VIDEO \u00abMarthe est une grande soeur pour moi !\u00bb Rapha\u00ebl Cornu-Th\u00e9nard<\/a>\r\n                            <\/span>\r\n                            <div class=\"text\">\r\n                                <p>Interview de Rapha\u00ebl Cornu-Th\u00e9nard (Anuncio - Congr\u00e8s Mission) sur la place de Marthe Robin dans sa vie de \"disciple-missionnaire\" engag\u00e9 dans la nouvelle \u00e9vang\u00e9lisation...<\/p>\r\n                            <\/div>\r\n                        <\/div>\r\n                    <\/div>\r\n                <\/div><\/div><\/div><\/div>\n<\/div>\n<\/div>\n\n\t\t<\/div>\r\n\t<\/div>\r\n<\/section>\r\n<\/p>\n","protected":false},"excerpt":{"rendered":"Su vida Una gran m\u00edstica francesa La adversidad de la enfermedad Una influencia inmensa Una influencia inmensa Una gran m\u00edstica francesa La adversidad de la enfermedad Una influencia inmensa Una influencia inmensa Aunque el nombre de Marta Robin es indisociable de los Foyers de Charit\u00e9, su influencia sobrepasa considerablemente esa \u00fanica fundaci\u00f3n. Portadora de una&#8230; <a class=\"view-article\" href=\"https:\/\/www.martherobin.com\/es\/sa-vie\/un-rayonnement-immense\/\">Ver art\u00edculo<\/a>","protected":false},"author":6,"featured_media":5383,"parent":6290,"menu_order":3,"comment_status":"closed","ping_status":"closed","template":"templates\/page-lvl3.php","meta":{"footnotes":""},"class_list":["post-6308","page","type-page","status-publish","has-post-thumbnail","hentry"],"_links":{"self":[{"href":"https:\/\/www.martherobin.com\/es\/wp-json\/wp\/v2\/pages\/6308","targetHints":{"allow":["GET"]}}],"collection":[{"href":"https:\/\/www.martherobin.com\/es\/wp-json\/wp\/v2\/pages"}],"about":[{"href":"https:\/\/www.martherobin.com\/es\/wp-json\/wp\/v2\/types\/page"}],"author":[{"embeddable":true,"href":"https:\/\/www.martherobin.com\/es\/wp-json\/wp\/v2\/users\/6"}],"replies":[{"embeddable":true,"href":"https:\/\/www.martherobin.com\/es\/wp-json\/wp\/v2\/comments?post=6308"}],"version-history":[{"count":0,"href":"https:\/\/www.martherobin.com\/es\/wp-json\/wp\/v2\/pages\/6308\/revisions"}],"up":[{"embeddable":true,"href":"https:\/\/www.martherobin.com\/es\/wp-json\/wp\/v2\/pages\/6290"}],"wp:featuredmedia":[{"embeddable":true,"href":"https:\/\/www.martherobin.com\/es\/wp-json\/wp\/v2\/media\/5383"}],"wp:attachment":[{"href":"https:\/\/www.martherobin.com\/es\/wp-json\/wp\/v2\/media?parent=6308"}],"curies":[{"name":"wp","href":"https:\/\/api.w.org\/{rel}","templated":true}]}}