{"id":7507,"date":"2017-02-15T17:02:36","date_gmt":"2017-02-15T16:02:36","guid":{"rendered":"https:\/\/www.martherobin.com\/son-heritage\/les-foyers-de-charite\/video-la-place-de-marthe-robin-dans-les-foyers-de-charite\/"},"modified":"2025-11-19T16:45:54","modified_gmt":"2025-11-19T15:45:54","slug":"video-la-place-de-marthe-robin-dans-les-foyers-de-charite","status":"publish","type":"page","link":"https:\/\/www.martherobin.com\/en\/son-heritage\/les-foyers-de-charite\/video-la-place-de-marthe-robin-dans-les-foyers-de-charite\/","title":{"rendered":"VIDEO &#8220;La place de Marthe Robin dans les Foyers de Charit\u00e9&#8221;"},"content":{"rendered":"<p><div class=\"fw-main-row page-lvl3-block\"  >\r\n\t<div class=\"fw-container container\">\r\n\t\t<div class=\"frame\">\r\n\t\t\t<div class=\"fw-row\">\n\t<div class=\"fw-col-xs-12\">\n\t\r\n\t<h1><span>The Foyers de Charit\u00e9<\/span><\/h1>\r\n\r\n\t<ul class=\"sous-menu\">\r\n\t\t\t<\/ul>\r\n\t<div class=\"menu-openclose\">\r\n\t\t<a href=\"#\" class=\"opener\">VIDEO \"La place de Marthe Robin dans les Foyers de Charit\u00e9\"<\/a>\r\n\t\t<div class=\"slide js-slide-hidden\">\r\n\t\t\t<ul>\r\n\t\t\t\t\t\t\t<\/ul>\r\n\t\t<\/div>\r\n\t<\/div>\r\n\r\n\t<div class=\"top-area\">\r\n\t\t<h2>VIDEO \"La place de Marthe Robin dans les Foyers de Charit\u00e9\"<\/h2>\r\n\t<\/div>\r\n<\/div>\n<\/div>\n\n<div class=\"fw-row\">\n\t<div class=\"fw-col-xs-12\">\n\t\r\n<p><iframe loading=\"lazy\" src=\"https:\/\/www.youtube.com\/embed\/pxi9YoMDH0g?rel=0\" width=\"560\" height=\"315\" frameborder=\"0\" allowfullscreen=\"allowfullscreen\"><\/iframe><\/p><\/div>\n<\/div>\n\n<div class=\"fw-row\">\n\t<div class=\"fw-col-xs-12 fw-col-sm-8\">\n\t\r\n<div><span class=\"line\">To read :\r\n<\/span><ul class=\"in-links\"><li><a href=\"https:\/\/www.martherobin.com\/en\/son-heritage\/les-foyers-de-charite\/les-ecoles\/\">The schools<\/a><\/li><li><a href=\"https:\/\/www.martherobin.com\/en\/son-heritage\/les-foyers-de-charite\/video-decouvrir-les-retraites-spirituelles-en-3-minutes\/\">VIDEO : Find out about the spiritual retreats in 3 minutes<\/a><\/li><\/ul><\/div><\/div>\n<\/div>\n\n\t\t<\/div>\r\n\t<\/div>\r\n<\/div>\r\n<section class=\"fw-main-row discover-block\"  >\r\n\t<div class=\"fw-container container\">\r\n\t\t<div class=\"\">\r\n\t\t\t<div class=\"fw-row\">\n\t<div class=\"fw-col-xs-12\">\n\t<div class=\"shortcode-widget-area\"><div class=\"heading\">\r\n            <span class=\"title\">Discover<\/span>\r\n        <\/div><div class=\"hold\"><div class=\"row\"><div class=\"col col-sm-4 col-md-3\">\r\n                    <div class=\"wrap\">\r\n                        <div class=\"img-holder\">\r\n                            <a href=\"https:\/\/www.martherobin.com\/en\/son-message\/paroles-et-prieres\/parcourir-le-journal\/\">\r\n                                <img decoding=\"async\" src=\"https:\/\/www.martherobin.com\/wp-content\/uploads\/2016\/12\/couverture_Journal-MartheRobin_1366202009153-263x263.png\" alt=\"Read the &#8220;Journal&#8221;\">\r\n                            <\/a>\r\n                            \r\n                        <\/div>\r\n                        <div class=\"desc\">\r\n                            <span class=\"category\">Prayers, words and writtings of Marthe Robin<\/span>\r\n                            <span class=\"post-title\">\r\n                                <a href=\"https:\/\/www.martherobin.com\/en\/son-message\/paroles-et-prieres\/parcourir-le-journal\/\">Read the &#8220;Journal&#8221;<\/a>\r\n                            <\/span>\r\n                            <div class=\"text\">\r\n                                <p>Le cheminement int\u00e9rieur de Marthe Robin est d\u00e9voil\u00e9 gr\u00e2ce \u00e0 la publication de son \"Journal\". D\u00e9couvrez-le en ligne...<\/p>\r\n                            <\/div>\r\n                        <\/div>\r\n                    <\/div>\r\n                <\/div><div class=\"col col-sm-4 col-md-3\">\r\n                    <div class=\"wrap\">\r\n                        <div class=\"img-holder\">\r\n                            <a href=\"https:\/\/www.martherobin.com\/en\/son-heritage\/les-foyers-de-charite\/video-decouvrir-les-retraites-spirituelles-en-3-minutes\/\">\r\n                                <img decoding=\"async\" src=\"https:\/\/www.martherobin.com\/wp-content\/uploads\/2017\/02\/3minutes_DecouvrirRetraiteSpi-263x263.jpg\" alt=\"VIDEO : Find out about the spiritual retreats in 3 minutes\">\r\n                            <\/a>\r\n                            \r\n                        <\/div>\r\n                        <div class=\"desc\">\r\n                            <span class=\"category\">The Foyers de Charit\u00e9<\/span>\r\n                            <span class=\"post-title\">\r\n                                <a href=\"https:\/\/www.martherobin.com\/en\/son-heritage\/les-foyers-de-charite\/video-decouvrir-les-retraites-spirituelles-en-3-minutes\/\">VIDEO : Find out about the spiritual retreats in 3 minutes<\/a>\r\n                            <\/span>\r\n                            <div class=\"text\">\r\n                                <p>The Foyers de Charit\u00e9 VIDEO : D\u00e9couvrir les retraites spirituelles en 3...<\/p>\r\n                            <\/div>\r\n                        <\/div>\r\n                    <\/div>\r\n                <\/div><div class=\"col col-sm-4 col-md-3 add\">\r\n                    <div class=\"wrap\">\r\n                        <div class=\"img-holder\">\r\n                            <a href=\"https:\/\/www.martherobin.com\/en\/beatification\/marthe-robin-reconnue-venerable-par-le-pape-francois\/\">\r\n                                <img decoding=\"async\" src=\"https:\/\/www.martherobin.com\/wp-content\/uploads\/2016\/09\/beatification-etapes-e1524486306331-263x263.png\" alt=\"Marthe Robin declared &#8220;venerable&#8221; by Pope Francis\">\r\n                            <\/a>\r\n                            \r\n                        <\/div>\r\n                        <div class=\"desc\">\r\n                            <span class=\"category\">Beatification<\/span>\r\n                            <span class=\"post-title\">\r\n                                <a href=\"https:\/\/www.martherobin.com\/en\/beatification\/marthe-robin-reconnue-venerable-par-le-pape-francois\/\">Marthe Robin declared &#8220;venerable&#8221; by Pope Francis<\/a>\r\n                            <\/span>\r\n                            <div class=\"text\">\r\n                                <p>Une \u00e9tape essentielle vers une possible b\u00e9atification...<\/p>\r\n                            <\/div>\r\n                        <\/div>\r\n                    <\/div>\r\n                <\/div><div class=\"col col-sm-4 col-md-3\">\r\n                    <div class=\"wrap\">\r\n                        <div class=\"img-holder\">\r\n                            <a href=\"https:\/\/www.martherobin.com\/en\/son-message\/ranimer-dans-le-monde-lamour-qui-seteint\/\">\r\n                                <img decoding=\"async\" src=\"https:\/\/www.martherobin.com\/wp-content\/uploads\/2016\/09\/1-illustrations-site-rouges-22-263x263.jpg\" alt=\"Rekindling the love that is dying out in the world\">\r\n                            <\/a>\r\n                            \r\n                        <\/div>\r\n                        <div class=\"desc\">\r\n                            <span class=\"category\">Her message<\/span>\r\n                            <span class=\"post-title\">\r\n                                <a href=\"https:\/\/www.martherobin.com\/en\/son-message\/ranimer-dans-le-monde-lamour-qui-seteint\/\">Rekindling the love that is dying out in the world<\/a>\r\n                            <\/span>\r\n                            <div class=\"text\">\r\n                                <p>\u00ab Je t\u2019ai choisie pour ranimer dans le monde l\u2019Amour qui s\u2019\u00e9teint \u00bb, dira le Christ \u00e0 Marthe. Elle-m\u00eame...<\/p>\r\n                            <\/div>\r\n                        <\/div>\r\n                    <\/div>\r\n                <\/div><\/div><div class=\"row\"><div class=\"col col-sm-4 col-md-3\">\r\n                    <div class=\"wrap\">\r\n                        <div class=\"img-holder\">\r\n                            <a href=\"https:\/\/www.martherobin.com\/en\/son-message\/paroles-et-prieres\/priere-marthe-robin-o-mere-bien-aimee\/\">\r\n                                <img decoding=\"async\" src=\"https:\/\/www.martherobin.com\/wp-content\/uploads\/2016\/09\/NotreDameDuFoyer_Chateauneuf01-263x263.jpg\" alt=\"Prayer of Marthe Robin: O beloved Mother\">\r\n                            <\/a>\r\n                            \r\n                        <\/div>\r\n                        <div class=\"desc\">\r\n                            <span class=\"category\">Prayers, words and writtings of Marthe Robin<\/span>\r\n                            <span class=\"post-title\">\r\n                                <a href=\"https:\/\/www.martherobin.com\/en\/son-message\/paroles-et-prieres\/priere-marthe-robin-o-mere-bien-aimee\/\">Prayer of Marthe Robin: O beloved Mother<\/a>\r\n                            <\/span>\r\n                            <div class=\"text\">\r\n                                <p>\u00d4 M\u00e8re Bien-Aim\u00e9e, vous qui connaissez si bien les voies de la Saintet\u00e9 et de l\u2019Amour, apprenez-nous...<\/p>\r\n                            <\/div>\r\n                        <\/div>\r\n                    <\/div>\r\n                <\/div><div class=\"col col-sm-4 col-md-3 add\">\r\n                    <div class=\"wrap\">\r\n                        <div class=\"img-holder\">\r\n                            <a href=\"https:\/\/www.martherobin.com\/en\/son-message\/lamour-inconditionnel-de-dieu-pour-chaque-homme\/\">\r\n                                <img decoding=\"async\" src=\"https:\/\/www.martherobin.com\/wp-content\/uploads\/2016\/09\/1-illustrations-site-rouges-20-263x263.jpg\" alt=\"The unconditional love of God for every individual\">\r\n                            <\/a>\r\n                            \r\n                        <\/div>\r\n                        <div class=\"desc\">\r\n                            <span class=\"category\">Her message<\/span>\r\n                            <span class=\"post-title\">\r\n                                <a href=\"https:\/\/www.martherobin.com\/en\/son-message\/lamour-inconditionnel-de-dieu-pour-chaque-homme\/\">The unconditional love of God for every individual<\/a>\r\n                            <\/span>\r\n                            <div class=\"text\">\r\n                                <p>Les milliers de t\u00e9moignages concernant la fa\u00e7on dont Marthe accueillait ceux qui venaient la voir sont unanimes...<\/p>\r\n                            <\/div>\r\n                        <\/div>\r\n                    <\/div>\r\n                <\/div><div class=\"row\"><div class=\"col col-sm-4 col-md-3\">\r\n                    <div class=\"wrap\">\r\n                        <div class=\"img-holder\">\r\n                            <a href=\"https:\/\/www.martherobin.com\/en\/son-heritage\/les-foyers-de-charite\/\">\r\n                                <img decoding=\"async\" src=\"https:\/\/www.martherobin.com\/wp-content\/uploads\/2016\/09\/1-illustrations-site-rouges-24-263x263.jpg\" alt=\"The Foyers de Charit\u00e9\">\r\n                            <\/a>\r\n                            \r\n                        <\/div>\r\n                        <div class=\"desc\">\r\n                            <span class=\"category\">Her legacy<\/span>\r\n                            <span class=\"post-title\">\r\n                                <a href=\"https:\/\/www.martherobin.com\/en\/son-heritage\/les-foyers-de-charite\/\">The Foyers de Charit\u00e9<\/a>\r\n                            <\/span>\r\n                            <div class=\"text\">\r\n                                <p>La cr\u00e9ation des Foyers de Charit\u00e9 repose sur la rencontre de Marthe Robin et d\u2019un pr\u00eatre, le p\u00e8re Georges Finet, en 1936. Aujourd\u2019hui pr\u00e9sents dans une quarantaine de pays, les Foyers de Charit\u00e9...<\/p>\r\n                            <\/div>\r\n                        <\/div>\r\n                    <\/div>\r\n                <\/div><div class=\"col col-sm-4 col-md-3\">\r\n                    <div class=\"wrap\">\r\n                        <div class=\"img-holder\">\r\n                            <a href=\"https:\/\/www.martherobin.com\/en\/son-message\/dieu-un-pere-tendre-et-compatissant\/stetherese-une-grande-soeur-pour-marthe-robin\/\">\r\n                                <img decoding=\"async\" src=\"https:\/\/www.martherobin.com\/wp-content\/uploads\/2016\/11\/Thrse-de-lEJ-10--263x263.jpg\" alt=\"St Th\u00e9r\u00e8se, a &#8220;big sister&#8221; for Marthe Robin\">\r\n                            <\/a>\r\n                            \r\n                        <\/div>\r\n                        <div class=\"desc\">\r\n                            <span class=\"category\">God, a loving and compassionate Father<\/span>\r\n                            <span class=\"post-title\">\r\n                                <a href=\"https:\/\/www.martherobin.com\/en\/son-message\/dieu-un-pere-tendre-et-compatissant\/stetherese-une-grande-soeur-pour-marthe-robin\/\">St Th\u00e9r\u00e8se, a &#8220;big sister&#8221; for Marthe Robin<\/a>\r\n                            <\/span>\r\n                            <div class=\"text\">\r\n                                <p>Entre Marthe Robin et Sainte Th\u00e9r\u00e8se de Lisieux, il existe une relation si forte qu'on peut parler d'amiti\u00e9 ou de parent\u00e9 spirituelle...<\/p>\r\n                            <\/div>\r\n                        <\/div>\r\n                    <\/div>\r\n                <\/div><div class=\"col col-sm-4 col-md-3 add\">\r\n                    <div class=\"wrap\">\r\n                        <div class=\"img-holder\">\r\n                            <a href=\"https:\/\/www.martherobin.com\/temoignage\/les-passions-de-marthe-robin-sophie-guex\/\">\r\n                                <img decoding=\"async\" src=\"https:\/\/www.martherobin.com\/wp-content\/uploads\/2017\/05\/SophieGuex2-e1523632218396-263x263.jpg\" alt=\"Sophie Guex : Comment se d\u00e9roulaient les &#8220;passions&#8221; de Marthe Robin ?\">\r\n                            <\/a>\r\n                            \r\n                        <\/div>\r\n                        <div class=\"desc\">\r\n                            <span class=\"category\">Testimony<\/span>\r\n                            <span class=\"post-title\">\r\n                                <a href=\"https:\/\/www.martherobin.com\/temoignage\/les-passions-de-marthe-robin-sophie-guex\/\">Sophie Guex : Comment se d\u00e9roulaient les &#8220;passions&#8221; de Marthe Robin ?<\/a>\r\n                            <\/span>\r\n                            <div class=\"text\">\r\n                                <p>[VIDEO] Les carnets du p\u00e8re Faure nous permettent de retracer les \"Passions\" v\u00e9cues par Marthe Robin...<\/p>\r\n                            <\/div>\r\n                        <\/div>\r\n                    <\/div>\r\n                <\/div><div class=\"col col-sm-4 col-md-3\">\r\n                    <div class=\"wrap\">\r\n                        <div class=\"img-holder\">\r\n                            <a href=\"https:\/\/www.martherobin.com\/en\/son-heritage\/les-communautes-liees-avec-marthe-robin\/video-marthe-est-une-grande-soeur-pour-moi-raphael-cornu-thenard\/\">\r\n                                <img decoding=\"async\" src=\"https:\/\/www.martherobin.com\/wp-content\/uploads\/2017\/02\/ITWRaphaelCornuThenard-263x263.jpg\" alt=\"VIDEO &#8220;Marthe est une grande soeur pour moi !&#8221; Rapha\u00ebl Cornu-Th\u00e9nard\">\r\n                            <\/a>\r\n                            \r\n                        <\/div>\r\n                        <div class=\"desc\">\r\n                            <span class=\"category\">The communities linked to Marthe Robin<\/span>\r\n                            <span class=\"post-title\">\r\n                                <a href=\"https:\/\/www.martherobin.com\/en\/son-heritage\/les-communautes-liees-avec-marthe-robin\/video-marthe-est-une-grande-soeur-pour-moi-raphael-cornu-thenard\/\">VIDEO &#8220;Marthe est une grande soeur pour moi !&#8221; Rapha\u00ebl Cornu-Th\u00e9nard<\/a>\r\n                            <\/span>\r\n                            <div class=\"text\">\r\n                                <p>Interview de Rapha\u00ebl Cornu-Th\u00e9nard (Anuncio - Congr\u00e8s Mission) sur la place de Marthe Robin dans sa vie de \"disciple-missionnaire\" engag\u00e9 dans la nouvelle \u00e9vang\u00e9lisation...<\/p>\r\n                            <\/div>\r\n                        <\/div>\r\n                    <\/div>\r\n                <\/div><\/div><\/div><\/div>\n<\/div>\n<\/div>\n\n\t\t<\/div>\r\n\t<\/div>\r\n<\/section>\r\n<\/p>\n","protected":false},"excerpt":{"rendered":"The Foyers de Charit\u00e9 VIDEO &#8220;La place de Marthe Robin dans les Foyers de Charit\u00e9&#8221; VIDEO &#8220;La place de Marthe Robin dans les Foyers de Charit\u00e9&#8221; To read : The schoolsVIDEO : Find out about the spiritual retreats in 3 minutes Discover Prayers, words and writtings of Marthe Robin Read the &#8220;Journal&#8221; Le cheminement int\u00e9rieur&#8230; <a class=\"view-article\" href=\"https:\/\/www.martherobin.com\/en\/son-heritage\/les-foyers-de-charite\/video-la-place-de-marthe-robin-dans-les-foyers-de-charite\/\">View Article<\/a>","protected":false},"author":6,"featured_media":3292,"parent":5964,"menu_order":0,"comment_status":"closed","ping_status":"closed","template":"templates\/page-lvl3.php","meta":{"footnotes":""},"class_list":["post-7507","page","type-page","status-publish","has-post-thumbnail","hentry"],"_links":{"self":[{"href":"https:\/\/www.martherobin.com\/en\/wp-json\/wp\/v2\/pages\/7507","targetHints":{"allow":["GET"]}}],"collection":[{"href":"https:\/\/www.martherobin.com\/en\/wp-json\/wp\/v2\/pages"}],"about":[{"href":"https:\/\/www.martherobin.com\/en\/wp-json\/wp\/v2\/types\/page"}],"author":[{"embeddable":true,"href":"https:\/\/www.martherobin.com\/en\/wp-json\/wp\/v2\/users\/6"}],"replies":[{"embeddable":true,"href":"https:\/\/www.martherobin.com\/en\/wp-json\/wp\/v2\/comments?post=7507"}],"version-history":[{"count":1,"href":"https:\/\/www.martherobin.com\/en\/wp-json\/wp\/v2\/pages\/7507\/revisions"}],"predecessor-version":[{"id":8998,"href":"https:\/\/www.martherobin.com\/en\/wp-json\/wp\/v2\/pages\/7507\/revisions\/8998"}],"up":[{"embeddable":true,"href":"https:\/\/www.martherobin.com\/en\/wp-json\/wp\/v2\/pages\/5964"}],"wp:featuredmedia":[{"embeddable":true,"href":"https:\/\/www.martherobin.com\/en\/wp-json\/wp\/v2\/media\/3292"}],"wp:attachment":[{"href":"https:\/\/www.martherobin.com\/en\/wp-json\/wp\/v2\/media?parent=7507"}],"curies":[{"name":"wp","href":"https:\/\/api.w.org\/{rel}","templated":true}]}}