{"id":7371,"date":"2017-02-15T15:37:05","date_gmt":"2017-02-15T14:37:05","guid":{"rendered":"https:\/\/www.martherobin.com\/sa-vie\/un-rayonnement-immense\/les-foyers-de-charite-fondation-oeuvre-nouvelle\/"},"modified":"2018-07-17T13:43:23","modified_gmt":"2018-07-17T11:43:23","slug":"les-foyers-de-charite-fondation-oeuvre-nouvelle","status":"publish","type":"page","link":"https:\/\/www.martherobin.com\/en\/sa-vie\/un-rayonnement-immense\/les-foyers-de-charite-fondation-oeuvre-nouvelle\/","title":{"rendered":"The Foyers of Charity, the foundation of a new work"},"content":{"rendered":"<p><div class=\"fw-main-row page-lvl3-block\"  >\r\n\t<div class=\"fw-container container\">\r\n\t\t<div class=\"frame\">\r\n\t\t\t<div class=\"fw-row\">\n\t<div class=\"fw-col-xs-12\">\n\t\r\n\t<h1><span>Immense influence<\/span><\/h1>\r\n\r\n\t<ul class=\"sous-menu\">\r\n\t\t\t<\/ul>\r\n\t<div class=\"menu-openclose\">\r\n\t\t<a href=\"#\" class=\"opener\">The Foyers of Charity, the foundation of a new work<\/a>\r\n\t\t<div class=\"slide js-slide-hidden\">\r\n\t\t\t<ul>\r\n\t\t\t\t\t\t\t<\/ul>\r\n\t\t<\/div>\r\n\t<\/div>\r\n\r\n\t<div class=\"top-area\">\r\n\t\t<h2>The Foyers of Charity, the foundation of a new work<\/h2>\r\n\t<\/div>\r\n\r\n<strong class=\"bold-text\"><p>In union with Christ, Marthe Robin was completely convinced that she was called to create a new work to fulfil the needs of contemporary society. She was overwhelmed: how could God be speaking to her? How should she respond to such a call when she was paralysed?<\/p><\/strong><\/div>\n<\/div>\n\n<div class=\"fw-row\">\n\t<div class=\"fw-col-xs-12 fw-col-sm-8\">\n\t\r\n<p>The creation of a school in the village of Ch\u00e2teauneuf in 1934 was the first step in the fulfilment of the promise made by God... Marthe shared this inspiration with Fr Georges Finet, a priest from Lyon who came to visit her for the first time on 10 February 1936. After this, the first \"Foyer de Charit\u00e9\" was founded within a few months. An adventure, led by Fr Finet and supported by the self-offering and prayer of Marthe, which would soon extend beyond French borders.<br \/>Read the story of the first years\u2026<\/p><div class=\"fw-heading fw-heading-h3 \">\r\n\t<h3 class=\"fw-special-title \"><span class=\"\">Rekindling the love that is dying out in the world<\/span><\/h3>\t<\/div>\r\n\r\n<p>Marthe, who was becoming progressively paralysed, could no longer leave her small room on the family farm. The intensity of her spiritual life, however, brought her many consolations. Her life was transfigured by God, who called her to go further. Through his apparitions, Jesus gradually unveiled a plan that she felt was beyond her: He chose her for a great work whose centre would be at Ch\u00e2teauneuf-de-Galaure.<\/p><\/div>\n<div class=\"fw-col-xs-12 fw-col-sm-4\">\n\t<img loading=\"lazy\" decoding=\"async\" src=\"https:\/\/www.martherobin.com\/wp-content\/uploads\/2016\/09\/40_PereGeorgesFinet_statueViergeMarie-300x400.jpg\" alt=\"https:\/\/www.martherobin.com\/wp-content\/uploads\/2016\/09\/40_PereGeorgesFinet_statueViergeMarie-300x400.jpg\" width=\"300\" height=\"400\" \/><\/div>\n<\/div>\n\n<div class=\"fw-row\">\n\t<div class=\"fw-col-xs-12\">\n\t\r\n<div class=\"col-md-10 pull-right\"><blockquote><p>Let God be free to act in me\u2026 allow myself to be shaped by Him, my neighbour, by the events and by remaining humble, confident and obedient to God.<\/p><\/blockquote><\/div><\/div>\n<\/div>\n\n<div class=\"fw-row\">\n\t<div class=\"fw-col-xs-12 fw-col-sm-8\">\n\t<div class=\"fw-heading fw-heading-h3 \">\r\n\t<h3 class=\"fw-special-title \"><span class=\"\">From 1930 onwards, Marthe began to use the expression \"foyer of light and love\"<\/span><\/h3>\t<\/div>\r\n\r\n<p>In 1933, Christ went further still. He asked her to start founding a girls' school in the village immediately. Marthe wrote down the account of this apparition, in what would later be known as the \"founding text\":<\/p><\/div>\n<\/div>\n\n<div class=\"fw-row\">\n\t<div class=\"fw-col-xs-12\">\n\t\r\n<div class=\"col-md-10 pull-right\"><blockquote><p>It was then that he [Jesus] spoke to me about the splendid work he wanted to fulfil here to the glory of the Father, for the extension of his reign throughout the Church and for the regeneration of the whole world, through the religious instruction, which would be given there, and whose supernatural and divine action would extend throughout the universe...<\/p><\/blockquote><\/div><\/div>\n<\/div>\n\n<div class=\"fw-row\">\n\t<div class=\"fw-col-xs-12\">\n\t\r\n<div class=\"col-md-10 pull-right\"><blockquote><p>Its creation will be a refuge for those in great distress that will come to draw consolation and hope from it... Countless sinners will come from all over drawn by my Mother and by Me to find the light and healing of their sorrows in my divine forgiveness. I want it to be a Foyer that radiates with Light, Charity, Love... the home of my heart open to all.<\/p><\/blockquote><\/div><\/div>\n<\/div>\n\n<div class=\"fw-row\">\n\t<div class=\"fw-col-xs-12 fw-col-sm-8\">\n\t<div class=\"fw-heading fw-heading-h3 \">\r\n\t<h3 class=\"fw-special-title \"><span class=\"\">Founding stage: the prayers of the children<\/span><\/h3>\t<\/div>\r\n\r\n<p>This work will be \"something new\".<\/p><p>To prepare people's hearts to receive the light of God, Jesus asked \"that the first foundation stone should be laid without delay by creating a school for children and young girls which he promised he would fill with his love and divine protection, with the Blessed Virgin Mary; saying that the school would one day be one of the branches of the Work that would have a powerful radiating influence.\u201d<\/p><p>Thanks to the help of Fr Faure, parish priest of the village, the school was opened in 1934 in the old ch\u00e2teau which overlooks Ch\u00e2teauneuf. Only seven children from the surrounding area attended the first school year in the building which was in very poor condition.<\/p><p>The prayers of the children, which are \"all-powerful on the heart of God,\" said Marthe, was the foundation of the work of the Foyers de Charit\u00e9, which would begin two years later in the village of Ch\u00e2teauneuf-de-Galaure.<\/p><\/div>\n<\/div>\n\n<div class=\"fw-row\">\n\t<div class=\"fw-col-xs-12\">\n\t\r\n<div class=\"col-md-10 pull-right\"><blockquote><p>It is by the prayers of the children that a foyer is founded. Thanks to their prayers, all the great works of God can begin.<\/p><\/blockquote><\/div><\/div>\n<\/div>\n\n<div class=\"fw-row\">\n\t<div class=\"fw-col-xs-12 fw-col-sm-8\">\n\t\r\n<p>\"<em>I am still moved by the fact that the foyers started with the school.<\/em>\" (Marthe talking to the year 10 class)<\/p><p>\"<em>Our Lord wanted the entire Work to begin with the prayers of the children and I believe that we must be sensitive to this prayer, when we can envelop our retreats and all the work we do with the prayers of the children.<\/em>\" (Fr Finet)<\/p><\/div>\n<div class=\"fw-col-xs-12 fw-col-sm-4\">\n\t<img loading=\"lazy\" decoding=\"async\" src=\"https:\/\/www.martherobin.com\/wp-content\/uploads\/2016\/09\/Eleves_EcoleDesFilles_1934-300x200.jpg\" alt=\"https:\/\/www.martherobin.com\/wp-content\/uploads\/2016\/09\/Eleves_EcoleDesFilles_1934-300x200.jpg\" width=\"300\" height=\"200\" \/><\/div>\n<\/div>\n\n<div class=\"fw-row\">\n\t<div class=\"fw-col-xs-12 fw-col-sm-8\">\n\t<div class=\"fw-heading fw-heading-h3 \">\r\n\t<h3 class=\"fw-special-title \"><span class=\"\">A crucial meeting with Fr Georges Finet on 10 February 1936<\/span><\/h3>\t<\/div>\r\n\r\n<p>On that day, Fr Georges Finet travelled from Lyon to Ch\u00e2teauneuf-de-Galaure. He brought a picture to Marthe of the Virgin Mary (known as \"Mary Mediatrix of all graces\") that she wanted for the pupils of the school. He owned a car, which was very uncommon at that time; this is why a friend of Marthe thought of him so that he could transport the painting.<\/p><p>When Fr Finet entered Marthe's room, she was extremely moved: she recognised him, she had already \"seen\" him twice, spiritually. For a long time, she had been praying for him.<\/p><p>Jesus had already spoken to Marthe about this priest in 1933: \"The priest that I am preparing for the creation of the Work and for its immense growth will be an apostle with a powerful influence. Moreover, he will achieve some amazing victories and many unexpected conversions.\u201d<\/p><p>As always, the way God prepares peoples' hearts and the events is a gradual process.<\/p><p>The meeting in the farm of \"La Plaine\" between Marthe and Fr Finet lasted three hours. During the first hour, they spoke about Blessed Virgin Mary: \"I was overwhelmed by the way she talked about Our Lady. She referred to her as her mummy dear. I assumed that they must know each other well.\" (Fr Finet)<\/p><p>During the second hour, they discussed the Church and the political events in France. Marthe was well acquainted with the state of her troubled country, and prayed for its conversion: \"The good Lord will intervene through the Blessed Virgin Mary and the Holy Spirit: it will be the new Pentecost.\" The Church will \"be totally rejuvenated by the apostolate of the laity. The laity will have a very important role to play in the Church\u2026\"<\/p><p>Marthe then spoke about the Foyers of light, of charity and of love: \"It will be something new in the Church.\u201d<\/p><p>At the third hour, the conversation suddenly took a different turn: Marthe gave Fr Finet a request from God... the adventure of the Foyers of Charity had begun!<\/p><\/div>\n<div class=\"fw-col-xs-12 fw-col-sm-4\">\n\t<div class=\"text-right\"><img loading=\"lazy\" decoding=\"async\" src=\"https:\/\/www.martherobin.com\/wp-content\/uploads\/2016\/09\/Chateauneuf_Chateau-1934_carte-300x200.jpg\" alt=\"https:\/\/www.martherobin.com\/wp-content\/uploads\/2016\/09\/Chateauneuf_Chateau-1934_carte-300x200.jpg\" width=\"300\" height=\"200\" \/><\/div><\/div>\n<\/div>\n\n<div class=\"fw-row\">\n\t<div class=\"fw-col-xs-12\">\n\t\r\n<div class=\"col-md-10 pull-right\"><blockquote><p>[The Church will] be totally rejuvenated by the apostolate of the laity. The laity will have a very important role to play in the Church...<\/p><\/blockquote><\/div><\/div>\n<\/div>\n\n<div class=\"fw-row\">\n\t<div class=\"fw-col-xs-12\">\n\t\n<\/div>\n<\/div>\n\n<div class=\"fw-row\">\n\t<div class=\"fw-col-xs-12 fw-col-sm-8\">\n\t\r\n<div><span class=\"line\">To read :\r\n<\/span><ul class=\"in-links\"><li><a href=\"https:\/\/www.martherobin.com\/en\/sa-vie\/un-rayonnement-immense\/marthe-robin-le-concile-vatican-ii-et-la-vocation-de-chaque-baptise\/\">Marthe, the Second Vatican Council and the vocation of each baptised person<\/a><\/li><li><a href=\"https:\/\/www.martherobin.com\/en\/sa-vie\/un-rayonnement-immense\/video-marthe-robin-et-lile-bouchard-en-1947\/\">VIDEO : Marthe Robin et l'Ile-Bouchard en 1947<\/a><\/li><li><a href=\"https:\/\/www.martherobin.com\/en\/sa-vie\/un-rayonnement-immense\/naissance-croissance-des-foyers-de-charite\/\">Birth and development of the Foyers de Charit\u00e9<\/a><\/li><\/ul><\/div><\/div>\n<\/div>\n\n\t\t<\/div>\r\n\t<\/div>\r\n<\/div>\r\n<section class=\"fw-main-row discover-block\"  >\r\n\t<div class=\"fw-container container\">\r\n\t\t<div class=\"\">\r\n\t\t\t<div class=\"fw-row\">\n\t<div class=\"fw-col-xs-12\">\n\t<div class=\"shortcode-widget-area\"><div class=\"heading\">\r\n            <span class=\"title\">Discover<\/span>\r\n        <\/div><div class=\"hold\"><div class=\"row\"><div class=\"col col-sm-4 col-md-3\">\r\n                    <div class=\"wrap\">\r\n                        <div class=\"img-holder\">\r\n                            <a href=\"https:\/\/www.martherobin.com\/en\/son-message\/paroles-et-prieres\/parcourir-le-journal\/\">\r\n                                <img decoding=\"async\" src=\"https:\/\/www.martherobin.com\/wp-content\/uploads\/2016\/12\/couverture_Journal-MartheRobin_1366202009153-263x263.png\" alt=\"Read the &#8220;Journal&#8221;\">\r\n                            <\/a>\r\n                            \r\n                        <\/div>\r\n                        <div class=\"desc\">\r\n                            <span class=\"category\">Prayers, words and writtings of Marthe Robin<\/span>\r\n                            <span class=\"post-title\">\r\n                                <a href=\"https:\/\/www.martherobin.com\/en\/son-message\/paroles-et-prieres\/parcourir-le-journal\/\">Read the &#8220;Journal&#8221;<\/a>\r\n                            <\/span>\r\n                            <div class=\"text\">\r\n                                <p>Le cheminement int\u00e9rieur de Marthe Robin est d\u00e9voil\u00e9 gr\u00e2ce \u00e0 la publication de son \"Journal\". D\u00e9couvrez-le en ligne...<\/p>\r\n                            <\/div>\r\n                        <\/div>\r\n                    <\/div>\r\n                <\/div><div class=\"col col-sm-4 col-md-3\">\r\n                    <div class=\"wrap\">\r\n                        <div class=\"img-holder\">\r\n                            <a href=\"https:\/\/www.martherobin.com\/en\/son-heritage\/les-foyers-de-charite\/video-decouvrir-les-retraites-spirituelles-en-3-minutes\/\">\r\n                                <img decoding=\"async\" src=\"https:\/\/www.martherobin.com\/wp-content\/uploads\/2017\/02\/3minutes_DecouvrirRetraiteSpi-263x263.jpg\" alt=\"VIDEO : Find out about the spiritual retreats in 3 minutes\">\r\n                            <\/a>\r\n                            \r\n                        <\/div>\r\n                        <div class=\"desc\">\r\n                            <span class=\"category\">The Foyers de Charit\u00e9<\/span>\r\n                            <span class=\"post-title\">\r\n                                <a href=\"https:\/\/www.martherobin.com\/en\/son-heritage\/les-foyers-de-charite\/video-decouvrir-les-retraites-spirituelles-en-3-minutes\/\">VIDEO : Find out about the spiritual retreats in 3 minutes<\/a>\r\n                            <\/span>\r\n                            <div class=\"text\">\r\n                                <p>The Foyers de Charit\u00e9 VIDEO : D\u00e9couvrir les retraites spirituelles en 3...<\/p>\r\n                            <\/div>\r\n                        <\/div>\r\n                    <\/div>\r\n                <\/div><div class=\"col col-sm-4 col-md-3 add\">\r\n                    <div class=\"wrap\">\r\n                        <div class=\"img-holder\">\r\n                            <a href=\"https:\/\/www.martherobin.com\/en\/beatification\/marthe-robin-reconnue-venerable-par-le-pape-francois\/\">\r\n                                <img decoding=\"async\" src=\"https:\/\/www.martherobin.com\/wp-content\/uploads\/2016\/09\/beatification-etapes-e1524486306331-263x263.png\" alt=\"Marthe Robin declared &#8220;venerable&#8221; by Pope Francis\">\r\n                            <\/a>\r\n                            \r\n                        <\/div>\r\n                        <div class=\"desc\">\r\n                            <span class=\"category\">Beatification<\/span>\r\n                            <span class=\"post-title\">\r\n                                <a href=\"https:\/\/www.martherobin.com\/en\/beatification\/marthe-robin-reconnue-venerable-par-le-pape-francois\/\">Marthe Robin declared &#8220;venerable&#8221; by Pope Francis<\/a>\r\n                            <\/span>\r\n                            <div class=\"text\">\r\n                                <p>Une \u00e9tape essentielle vers une possible b\u00e9atification...<\/p>\r\n                            <\/div>\r\n                        <\/div>\r\n                    <\/div>\r\n                <\/div><div class=\"col col-sm-4 col-md-3\">\r\n                    <div class=\"wrap\">\r\n                        <div class=\"img-holder\">\r\n                            <a href=\"https:\/\/www.martherobin.com\/en\/son-message\/ranimer-dans-le-monde-lamour-qui-seteint\/\">\r\n                                <img decoding=\"async\" src=\"https:\/\/www.martherobin.com\/wp-content\/uploads\/2016\/09\/1-illustrations-site-rouges-22-263x263.jpg\" alt=\"Rekindling the love that is dying out in the world\">\r\n                            <\/a>\r\n                            \r\n                        <\/div>\r\n                        <div class=\"desc\">\r\n                            <span class=\"category\">Her message<\/span>\r\n                            <span class=\"post-title\">\r\n                                <a href=\"https:\/\/www.martherobin.com\/en\/son-message\/ranimer-dans-le-monde-lamour-qui-seteint\/\">Rekindling the love that is dying out in the world<\/a>\r\n                            <\/span>\r\n                            <div class=\"text\">\r\n                                <p>\u00ab Je t\u2019ai choisie pour ranimer dans le monde l\u2019Amour qui s\u2019\u00e9teint \u00bb, dira le Christ \u00e0 Marthe. Elle-m\u00eame...<\/p>\r\n                            <\/div>\r\n                        <\/div>\r\n                    <\/div>\r\n                <\/div><\/div><div class=\"row\"><div class=\"col col-sm-4 col-md-3\">\r\n                    <div class=\"wrap\">\r\n                        <div class=\"img-holder\">\r\n                            <a href=\"https:\/\/www.martherobin.com\/en\/son-message\/paroles-et-prieres\/priere-marthe-robin-o-mere-bien-aimee\/\">\r\n                                <img decoding=\"async\" src=\"https:\/\/www.martherobin.com\/wp-content\/uploads\/2016\/09\/NotreDameDuFoyer_Chateauneuf01-263x263.jpg\" alt=\"Prayer of Marthe Robin: O beloved Mother\">\r\n                            <\/a>\r\n                            \r\n                        <\/div>\r\n                        <div class=\"desc\">\r\n                            <span class=\"category\">Prayers, words and writtings of Marthe Robin<\/span>\r\n                            <span class=\"post-title\">\r\n                                <a href=\"https:\/\/www.martherobin.com\/en\/son-message\/paroles-et-prieres\/priere-marthe-robin-o-mere-bien-aimee\/\">Prayer of Marthe Robin: O beloved Mother<\/a>\r\n                            <\/span>\r\n                            <div class=\"text\">\r\n                                <p>\u00d4 M\u00e8re Bien-Aim\u00e9e, vous qui connaissez si bien les voies de la Saintet\u00e9 et de l\u2019Amour, apprenez-nous...<\/p>\r\n                            <\/div>\r\n                        <\/div>\r\n                    <\/div>\r\n                <\/div><div class=\"col col-sm-4 col-md-3 add\">\r\n                    <div class=\"wrap\">\r\n                        <div class=\"img-holder\">\r\n                            <a href=\"https:\/\/www.martherobin.com\/en\/son-message\/lamour-inconditionnel-de-dieu-pour-chaque-homme\/\">\r\n                                <img decoding=\"async\" src=\"https:\/\/www.martherobin.com\/wp-content\/uploads\/2016\/09\/1-illustrations-site-rouges-20-263x263.jpg\" alt=\"The unconditional love of God for every individual\">\r\n                            <\/a>\r\n                            \r\n                        <\/div>\r\n                        <div class=\"desc\">\r\n                            <span class=\"category\">Her message<\/span>\r\n                            <span class=\"post-title\">\r\n                                <a href=\"https:\/\/www.martherobin.com\/en\/son-message\/lamour-inconditionnel-de-dieu-pour-chaque-homme\/\">The unconditional love of God for every individual<\/a>\r\n                            <\/span>\r\n                            <div class=\"text\">\r\n                                <p>Les milliers de t\u00e9moignages concernant la fa\u00e7on dont Marthe accueillait ceux qui venaient la voir sont unanimes...<\/p>\r\n                            <\/div>\r\n                        <\/div>\r\n                    <\/div>\r\n                <\/div><div class=\"row\"><div class=\"col col-sm-4 col-md-3\">\r\n                    <div class=\"wrap\">\r\n                        <div class=\"img-holder\">\r\n                            <a href=\"https:\/\/www.martherobin.com\/en\/son-heritage\/les-foyers-de-charite\/\">\r\n                                <img decoding=\"async\" src=\"https:\/\/www.martherobin.com\/wp-content\/uploads\/2016\/09\/1-illustrations-site-rouges-24-263x263.jpg\" alt=\"The Foyers de Charit\u00e9\">\r\n                            <\/a>\r\n                            \r\n                        <\/div>\r\n                        <div class=\"desc\">\r\n                            <span class=\"category\">Her legacy<\/span>\r\n                            <span class=\"post-title\">\r\n                                <a href=\"https:\/\/www.martherobin.com\/en\/son-heritage\/les-foyers-de-charite\/\">The Foyers de Charit\u00e9<\/a>\r\n                            <\/span>\r\n                            <div class=\"text\">\r\n                                <p>La cr\u00e9ation des Foyers de Charit\u00e9 repose sur la rencontre de Marthe Robin et d\u2019un pr\u00eatre, le p\u00e8re Georges Finet, en 1936. Aujourd\u2019hui pr\u00e9sents dans une quarantaine de pays, les Foyers de Charit\u00e9...<\/p>\r\n                            <\/div>\r\n                        <\/div>\r\n                    <\/div>\r\n                <\/div><div class=\"col col-sm-4 col-md-3\">\r\n                    <div class=\"wrap\">\r\n                        <div class=\"img-holder\">\r\n                            <a href=\"https:\/\/www.martherobin.com\/en\/son-message\/dieu-un-pere-tendre-et-compatissant\/stetherese-une-grande-soeur-pour-marthe-robin\/\">\r\n                                <img decoding=\"async\" src=\"https:\/\/www.martherobin.com\/wp-content\/uploads\/2016\/11\/Thrse-de-lEJ-10--263x263.jpg\" alt=\"St Th\u00e9r\u00e8se, a &#8220;big sister&#8221; for Marthe Robin\">\r\n                            <\/a>\r\n                            \r\n                        <\/div>\r\n                        <div class=\"desc\">\r\n                            <span class=\"category\">God, a loving and compassionate Father<\/span>\r\n                            <span class=\"post-title\">\r\n                                <a href=\"https:\/\/www.martherobin.com\/en\/son-message\/dieu-un-pere-tendre-et-compatissant\/stetherese-une-grande-soeur-pour-marthe-robin\/\">St Th\u00e9r\u00e8se, a &#8220;big sister&#8221; for Marthe Robin<\/a>\r\n                            <\/span>\r\n                            <div class=\"text\">\r\n                                <p>Entre Marthe Robin et Sainte Th\u00e9r\u00e8se de Lisieux, il existe une relation si forte qu'on peut parler d'amiti\u00e9 ou de parent\u00e9 spirituelle...<\/p>\r\n                            <\/div>\r\n                        <\/div>\r\n                    <\/div>\r\n                <\/div><div class=\"col col-sm-4 col-md-3 add\">\r\n                    <div class=\"wrap\">\r\n                        <div class=\"img-holder\">\r\n                            <a href=\"https:\/\/www.martherobin.com\/temoignage\/les-passions-de-marthe-robin-sophie-guex\/\">\r\n                                <img decoding=\"async\" src=\"https:\/\/www.martherobin.com\/wp-content\/uploads\/2017\/05\/SophieGuex2-e1523632218396-263x263.jpg\" alt=\"Sophie Guex : Comment se d\u00e9roulaient les &#8220;passions&#8221; de Marthe Robin ?\">\r\n                            <\/a>\r\n                            \r\n                        <\/div>\r\n                        <div class=\"desc\">\r\n                            <span class=\"category\">Testimony<\/span>\r\n                            <span class=\"post-title\">\r\n                                <a href=\"https:\/\/www.martherobin.com\/temoignage\/les-passions-de-marthe-robin-sophie-guex\/\">Sophie Guex : Comment se d\u00e9roulaient les &#8220;passions&#8221; de Marthe Robin ?<\/a>\r\n                            <\/span>\r\n                            <div class=\"text\">\r\n                                <p>[VIDEO] Les carnets du p\u00e8re Faure nous permettent de retracer les \"Passions\" v\u00e9cues par Marthe Robin...<\/p>\r\n                            <\/div>\r\n                        <\/div>\r\n                    <\/div>\r\n                <\/div><div class=\"col col-sm-4 col-md-3\">\r\n                    <div class=\"wrap\">\r\n                        <div class=\"img-holder\">\r\n                            <a href=\"https:\/\/www.martherobin.com\/en\/son-heritage\/les-communautes-liees-avec-marthe-robin\/video-marthe-est-une-grande-soeur-pour-moi-raphael-cornu-thenard\/\">\r\n                                <img decoding=\"async\" src=\"https:\/\/www.martherobin.com\/wp-content\/uploads\/2017\/02\/ITWRaphaelCornuThenard-263x263.jpg\" alt=\"VIDEO &#8220;Marthe est une grande soeur pour moi !&#8221; Rapha\u00ebl Cornu-Th\u00e9nard\">\r\n                            <\/a>\r\n                            \r\n                        <\/div>\r\n                        <div class=\"desc\">\r\n                            <span class=\"category\">The communities linked to Marthe Robin<\/span>\r\n                            <span class=\"post-title\">\r\n                                <a href=\"https:\/\/www.martherobin.com\/en\/son-heritage\/les-communautes-liees-avec-marthe-robin\/video-marthe-est-une-grande-soeur-pour-moi-raphael-cornu-thenard\/\">VIDEO &#8220;Marthe est une grande soeur pour moi !&#8221; Rapha\u00ebl Cornu-Th\u00e9nard<\/a>\r\n                            <\/span>\r\n                            <div class=\"text\">\r\n                                <p>Interview de Rapha\u00ebl Cornu-Th\u00e9nard (Anuncio - Congr\u00e8s Mission) sur la place de Marthe Robin dans sa vie de \"disciple-missionnaire\" engag\u00e9 dans la nouvelle \u00e9vang\u00e9lisation...<\/p>\r\n                            <\/div>\r\n                        <\/div>\r\n                    <\/div>\r\n                <\/div><\/div><\/div><\/div>\n<\/div>\n<\/div>\n\n\t\t<\/div>\r\n\t<\/div>\r\n<\/section>\r\n<\/p>\n","protected":false},"excerpt":{"rendered":"Immense influence The Foyers of Charity, the foundation of a new work The Foyers of Charity, the foundation of a new work In union with Christ, Marthe Robin was completely convinced that she was called to create a new work to fulfil the needs of contemporary society. She was overwhelmed: how could God be speaking&#8230; <a class=\"view-article\" href=\"https:\/\/www.martherobin.com\/en\/sa-vie\/un-rayonnement-immense\/les-foyers-de-charite-fondation-oeuvre-nouvelle\/\">View Article<\/a>","protected":false},"author":6,"featured_media":0,"parent":6002,"menu_order":1,"comment_status":"closed","ping_status":"closed","template":"templates\/page-lvl3.php","meta":{"footnotes":""},"class_list":["post-7371","page","type-page","status-publish","hentry"],"_links":{"self":[{"href":"https:\/\/www.martherobin.com\/en\/wp-json\/wp\/v2\/pages\/7371","targetHints":{"allow":["GET"]}}],"collection":[{"href":"https:\/\/www.martherobin.com\/en\/wp-json\/wp\/v2\/pages"}],"about":[{"href":"https:\/\/www.martherobin.com\/en\/wp-json\/wp\/v2\/types\/page"}],"author":[{"embeddable":true,"href":"https:\/\/www.martherobin.com\/en\/wp-json\/wp\/v2\/users\/6"}],"replies":[{"embeddable":true,"href":"https:\/\/www.martherobin.com\/en\/wp-json\/wp\/v2\/comments?post=7371"}],"version-history":[{"count":0,"href":"https:\/\/www.martherobin.com\/en\/wp-json\/wp\/v2\/pages\/7371\/revisions"}],"up":[{"embeddable":true,"href":"https:\/\/www.martherobin.com\/en\/wp-json\/wp\/v2\/pages\/6002"}],"wp:attachment":[{"href":"https:\/\/www.martherobin.com\/en\/wp-json\/wp\/v2\/media?parent=7371"}],"curies":[{"name":"wp","href":"https:\/\/api.w.org\/{rel}","templated":true}]}}