{"id":7351,"date":"2017-02-16T11:22:48","date_gmt":"2017-02-16T10:22:48","guid":{"rendered":"https:\/\/www.martherobin.com\/sa-vie\/lepreuve-de-la-maladie\/une-vie-qui-bascule\/"},"modified":"2018-07-17T11:56:12","modified_gmt":"2018-07-17T09:56:12","slug":"une-vie-qui-bascule","status":"publish","type":"page","link":"https:\/\/www.martherobin.com\/en\/sa-vie\/lepreuve-de-la-maladie\/une-vie-qui-bascule\/","title":{"rendered":"A life turned upside down"},"content":{"rendered":"<p><div class=\"fw-main-row page-lvl3-block\"  >\r\n\t<div class=\"fw-container container\">\r\n\t\t<div class=\"frame\">\r\n\t\t\t<div class=\"fw-row\">\n\t<div class=\"fw-col-xs-12\">\n\t\r\n\t<h1><span>The ordeal of illness<\/span><\/h1>\r\n\r\n\t<ul class=\"sous-menu\">\r\n\t\t\t<\/ul>\r\n\t<div class=\"menu-openclose\">\r\n\t\t<a href=\"#\" class=\"opener\">A life turned upside down<\/a>\r\n\t\t<div class=\"slide js-slide-hidden\">\r\n\t\t\t<ul>\r\n\t\t\t\t\t\t\t<\/ul>\r\n\t\t<\/div>\r\n\t<\/div>\r\n\r\n\t<div class=\"top-area\">\r\n\t\t<h2>A life turned upside down<\/h2>\r\n\t<\/div>\r\n\r\n<strong class=\"bold-text\"><p>Marthe Robin grew up like any other young girl of the rural communities of France in the early 20th century. She had a simple childhood within a farming family of the Galaure, in the hilly region of the Dr\u00f4me.<br \/>Marthe loved life; she had dreams and plans for the future. But little by little, unbearable pain, fainting, and progressive paralysis made her enter a world of suffering that she knew nothing about.<\/p><\/strong><\/div>\n<\/div>\n\n<div class=\"fw-row\">\n\t<div class=\"fw-col-xs-12 fw-col-sm-8\">\n\t\r\n<p>Faced with the ordeal, faced with the absurdity of the pain, everything seemed to collapse around her. Where was God? What was his plan for her? These are the questions she was faced with when her life was transformed.<\/p><div class=\"fw-heading fw-heading-h3 \">\r\n\t<h3 class=\"fw-special-title \"><span class=\"\">Marthe, farm girl of the Galaure<\/span><\/h3>\t<\/div>\r\n\r\n<p>Born at the beginning of the 20th century, on 13 March 1902, in a small village of the Dr\u00f4me in the hills at Ch\u00e2teauneuf-de-Galaure, Marthe was a girl of the country. At the top of the hill, on a plateau that was strangely known as \"La Plaine\" (the plain), the horizon was vast and the wind blew.<br \/>\"From the poplar, you can see a quarter of France.\u201d<\/p><p>In the hamlet of Les Mo\u00eflles, you feel as if the village, located two kilometres lower down, is relatively far away. The farm then belonged to the parish of St Bonnet-de-Galaure; it was there that Marthe was baptised on 5 April 1902.<\/p><p>From a young age, and despite her poor health due to having contracted typhoid at the age of one, she would make the journey to school, catechism or the shops on foot. She lived with the seasons and worked in the fields, close to nature and animals. You had to work hard to earn a living. As soon as she could, she took part in the work of the farm, where everyone helped out.<\/p><p>Marthe developed an intense personal relationship with God.<strong> \"I always loved the good Lord as a young girl.\u201d<\/strong> She always remained deeply rooted in the countryside.\u00a0 Full of common sense, she was both deeply spiritual and unfailingly practical.<\/p><p>Her childhood was like that of so many other young girls. Naturally playful and teasing, Marthe also knew how to make herself heard when she was not happy. The evenings beside the fireplace, when the neighbours came round, where a delight for her. They would peel chestnuts or crack walnuts while listening to legends of the region being told. When the musical instruments were brought out, it was quite natural for everyone to dance together. Marthe had a deep affection for all her family, and spoke of her parents as \"the two beings I cherish most here on earth.\u201d<\/p><\/div>\n<div class=\"fw-col-xs-12 fw-col-sm-4\">\n\t<div class=\"text-right\"><img decoding=\"async\" src=\"\/\/www.martherobin.com\/wp-content\/uploads\/2016\/09\/Marthe-fauteuil.bmp\" alt=\"\/\/www.martherobin.com\/wp-content\/uploads\/2016\/09\/Marthe-fauteuil.bmp\" \/><\/div><\/div>\n<\/div>\n\n<div class=\"fw-row\">\n\t<div class=\"fw-col-xs-12\">\n\t\r\n<div class=\"col-md-10 pull-right\"><blockquote><p>I always had a great love for the good Lord as a young girl.<\/p><\/blockquote><\/div><\/div>\n<\/div>\n\n<div class=\"fw-row\">\n\t<div class=\"fw-col-xs-12 fw-col-sm-8\">\n\t<div class=\"fw-heading fw-heading-h3 \">\r\n\t<h3 class=\"fw-special-title \"><span class=\"\">The ordeal of illness<\/span><\/h3>\t<\/div>\r\n\r\n<p>As a teenager, Marthe was struck by encephalitis. In the kitchen, she fell on the floor and she cried out for someone to call a doctor. Nobody knew what she had. It was suspected that she had rheumatism. She suffered unbearable pain, fainting, paralysis... without an accurate diagnosis being established.<\/p><p>The disease progressed in stages, with periods of remission and relapse. In 1919, she became paralysed in the legs. Until 1927, she could use her arms. In 1930, a second outbreak of the disease caused the total paralysis of her digestive tract. In 1939, a third outbreak reached the optic nerves. The slightest glimmer of light made her suffer very much. From that moment on, she lived in darkness.<\/p><div class=\"fw-heading fw-heading-h3 \">\r\n\t<h3 class=\"fw-special-title \"><span class=\"\">Revolt, discouragement, hopes<\/span><\/h3>\t<\/div>\r\n\r\n<p>After the false hope of a recovery, Marthe became discouraged. She felt angry. She wanted to live! Marthe fought for her health. She embroidered to pay for her medicines. She sought treatment in health spas, all to no avail. She fought like any young person who loves life would and put every effort she had into fighting for her life. But her future seemed to be cut short.<\/p><p>What did the Lord want of her? How should she confront the disease? At an age where one has so many dreams, these questions remained unanswered:<br \/><em>\"Everyone can, and must fulfil his vocation but not me... Life saw to it that my illusions were taken away and my plans destroyed.<\/em>\"<br \/>She also suffered from loneliness. Her family worked in the fields. In the region, people were unsettled by this unknown disease. Was it contagious? Was she mad? No one came to visit her.<\/p><\/div>\n<\/div>\n\n<div class=\"fw-row\">\n\t<div class=\"fw-col-xs-12\">\n\t\r\n<div class=\"col-md-10 pull-right\"><blockquote><p>I struggled with God. I would be much better under the ground than above it, in my opinion.<\/p><\/blockquote><\/div><\/div>\n<\/div>\n\n<div class=\"fw-row\">\n\t<div class=\"fw-col-xs-12 fw-col-sm-8\">\n\t<div class=\"fw-heading fw-heading-h3 \">\r\n\t<h3 class=\"fw-special-title \"><span class=\"\">Fruifulness of a sick person's life<\/span><\/h3>\t<\/div>\r\n\r\n<p>Marthe did not let herself go, given her circumstances. She did not wallow in her suffering. But how can you find a purpose in living the life of a sick person? In the midst of this struggle, she kept going. She did not lose faith, nor did give up on love and hope. A deep peace began to settle within her.<br \/><em>\"A long-lasting and deep peace emerged in prayer and more often in the suffering; it is like a crystal clear, calm and peaceful stream that flows between two flower-covered banks.\u00a0<\/em><em>Peace is so good and a thousand times better than success.\"<\/em><\/p><p>In November 1928, at the heart of the spiritual darkness, through which she was passing, she experienced an inner transformation. The experience of God's infinite love for her gave her an immense sense of consolation. Nothing would ever be the same again.<br \/>In 1930, she wrote,<\/p><\/div>\n<\/div>\n\n<div class=\"fw-row\">\n\t<div class=\"fw-col-xs-12\">\n\t\r\n<div class=\"col-md-10 pull-right\"><blockquote><p>Two years ago, I wanted to die to see God [...]. Now I feel like I have a mission to fulfil. I fight the disease every step of the way.<\/p><\/blockquote><\/div><\/div>\n<\/div>\n\n<div class=\"fw-row\">\n\t<div class=\"fw-col-xs-12 fw-col-sm-8\">\n\t\r\n<p>Marthe transformed the most dreadful situation and gave it a purpose:<br \/><em>\"I believe that the physical and moral suffering have a very productive and very favourable effect on my spiritual activity.\"<br \/><\/em><em>\"Suffering is the incomparable school of true love\"<\/em><\/p><p>At the heart of the ordeal of the disease, which could have broken her completely, she found a source of life and fruitfulness:<br \/><em>\"Pain and suffering do not come from heaven, but the saving help and happiness do\"<\/em><\/p><p>The priest and the people of the village noticed the change that had taken place in Marthe. Little by little, friendships were renewed. In her little room, Marthe received more and more visitors. With her, you felt immediately at ease.\u00a0 She listened, she understood, she gave encouragement.<\/p><\/div>\n<\/div>\n\n<div class=\"fw-row\">\n\t<div class=\"fw-col-xs-12\">\n\t\r\n<div class=\"col-md-10 pull-right\"><blockquote><p><em>I know now the purest joy one can know, that of living for others and for their happiness<\/em>.<\/p><\/blockquote><\/div><\/div>\n<\/div>\n\n<div class=\"fw-row\">\n\t<div class=\"fw-col-xs-12\">\n\t\r\n<div class=\"col-md-10 pull-right\"><blockquote><p><em>My adorable Jesus, may all those who come to me leave feeling comforted, when they are crying, may they be lifted up, when they are overwhelmed, may their joy continue for days with the memory of a word, a look or a smile<\/em>.<\/p><\/blockquote><\/div><\/div>\n<\/div>\n\n<div class=\"fw-row\">\n\t<div class=\"fw-col-xs-12 fw-col-sm-8\">\n\t\r\n<div><span class=\"line\">To read :\r\n<\/span><ul class=\"in-links\"><li><a href=\"https:\/\/www.martherobin.com\/en\/sa-vie\/lepreuve-de-la-maladie\/les-joies-et-les-peines-de-la-famille-de-marthe\/\">The joys and sorrows of Marthe's family<\/a><\/li><\/ul><\/div><\/div>\n<\/div>\n\n\t\t<\/div>\r\n\t<\/div>\r\n<\/div>\r\n<section class=\"fw-main-row discover-block\"  >\r\n\t<div class=\"fw-container container\">\r\n\t\t<div class=\"\">\r\n\t\t\t<div class=\"fw-row\">\n\t<div class=\"fw-col-xs-12\">\n\t<div class=\"shortcode-widget-area\"><div class=\"heading\">\r\n            <span class=\"title\">Discover<\/span>\r\n        <\/div><div class=\"hold\"><div class=\"row\"><div class=\"col col-sm-4 col-md-3\">\r\n                    <div class=\"wrap\">\r\n                        <div class=\"img-holder\">\r\n                            <a href=\"https:\/\/www.martherobin.com\/en\/son-message\/paroles-et-prieres\/parcourir-le-journal\/\">\r\n                                <img decoding=\"async\" src=\"https:\/\/www.martherobin.com\/wp-content\/uploads\/2016\/12\/couverture_Journal-MartheRobin_1366202009153-263x263.png\" alt=\"Read the &#8220;Journal&#8221;\">\r\n                            <\/a>\r\n                            \r\n                        <\/div>\r\n                        <div class=\"desc\">\r\n                            <span class=\"category\">Prayers, words and writtings of Marthe Robin<\/span>\r\n                            <span class=\"post-title\">\r\n                                <a href=\"https:\/\/www.martherobin.com\/en\/son-message\/paroles-et-prieres\/parcourir-le-journal\/\">Read the &#8220;Journal&#8221;<\/a>\r\n                            <\/span>\r\n                            <div class=\"text\">\r\n                                <p>Le cheminement int\u00e9rieur de Marthe Robin est d\u00e9voil\u00e9 gr\u00e2ce \u00e0 la publication de son \"Journal\". D\u00e9couvrez-le en ligne...<\/p>\r\n                            <\/div>\r\n                        <\/div>\r\n                    <\/div>\r\n                <\/div><div class=\"col col-sm-4 col-md-3\">\r\n                    <div class=\"wrap\">\r\n                        <div class=\"img-holder\">\r\n                            <a href=\"https:\/\/www.martherobin.com\/en\/son-heritage\/les-foyers-de-charite\/video-decouvrir-les-retraites-spirituelles-en-3-minutes\/\">\r\n                                <img decoding=\"async\" src=\"https:\/\/www.martherobin.com\/wp-content\/uploads\/2017\/02\/3minutes_DecouvrirRetraiteSpi-263x263.jpg\" alt=\"VIDEO : Find out about the spiritual retreats in 3 minutes\">\r\n                            <\/a>\r\n                            \r\n                        <\/div>\r\n                        <div class=\"desc\">\r\n                            <span class=\"category\">The Foyers de Charit\u00e9<\/span>\r\n                            <span class=\"post-title\">\r\n                                <a href=\"https:\/\/www.martherobin.com\/en\/son-heritage\/les-foyers-de-charite\/video-decouvrir-les-retraites-spirituelles-en-3-minutes\/\">VIDEO : Find out about the spiritual retreats in 3 minutes<\/a>\r\n                            <\/span>\r\n                            <div class=\"text\">\r\n                                <p>The Foyers de Charit\u00e9 VIDEO : D\u00e9couvrir les retraites spirituelles en 3...<\/p>\r\n                            <\/div>\r\n                        <\/div>\r\n                    <\/div>\r\n                <\/div><div class=\"col col-sm-4 col-md-3 add\">\r\n                    <div class=\"wrap\">\r\n                        <div class=\"img-holder\">\r\n                            <a href=\"https:\/\/www.martherobin.com\/en\/beatification\/marthe-robin-reconnue-venerable-par-le-pape-francois\/\">\r\n                                <img decoding=\"async\" src=\"https:\/\/www.martherobin.com\/wp-content\/uploads\/2016\/09\/beatification-etapes-e1524486306331-263x263.png\" alt=\"Marthe Robin declared &#8220;venerable&#8221; by Pope Francis\">\r\n                            <\/a>\r\n                            \r\n                        <\/div>\r\n                        <div class=\"desc\">\r\n                            <span class=\"category\">Beatification<\/span>\r\n                            <span class=\"post-title\">\r\n                                <a href=\"https:\/\/www.martherobin.com\/en\/beatification\/marthe-robin-reconnue-venerable-par-le-pape-francois\/\">Marthe Robin declared &#8220;venerable&#8221; by Pope Francis<\/a>\r\n                            <\/span>\r\n                            <div class=\"text\">\r\n                                <p>Une \u00e9tape essentielle vers une possible b\u00e9atification...<\/p>\r\n                            <\/div>\r\n                        <\/div>\r\n                    <\/div>\r\n                <\/div><div class=\"col col-sm-4 col-md-3\">\r\n                    <div class=\"wrap\">\r\n                        <div class=\"img-holder\">\r\n                            <a href=\"https:\/\/www.martherobin.com\/en\/son-message\/ranimer-dans-le-monde-lamour-qui-seteint\/\">\r\n                                <img decoding=\"async\" src=\"https:\/\/www.martherobin.com\/wp-content\/uploads\/2016\/09\/1-illustrations-site-rouges-22-263x263.jpg\" alt=\"Rekindling the love that is dying out in the world\">\r\n                            <\/a>\r\n                            \r\n                        <\/div>\r\n                        <div class=\"desc\">\r\n                            <span class=\"category\">Her message<\/span>\r\n                            <span class=\"post-title\">\r\n                                <a href=\"https:\/\/www.martherobin.com\/en\/son-message\/ranimer-dans-le-monde-lamour-qui-seteint\/\">Rekindling the love that is dying out in the world<\/a>\r\n                            <\/span>\r\n                            <div class=\"text\">\r\n                                <p>\u00ab Je t\u2019ai choisie pour ranimer dans le monde l\u2019Amour qui s\u2019\u00e9teint \u00bb, dira le Christ \u00e0 Marthe. Elle-m\u00eame...<\/p>\r\n                            <\/div>\r\n                        <\/div>\r\n                    <\/div>\r\n                <\/div><\/div><div class=\"row\"><div class=\"col col-sm-4 col-md-3\">\r\n                    <div class=\"wrap\">\r\n                        <div class=\"img-holder\">\r\n                            <a href=\"https:\/\/www.martherobin.com\/en\/son-message\/paroles-et-prieres\/priere-marthe-robin-o-mere-bien-aimee\/\">\r\n                                <img decoding=\"async\" src=\"https:\/\/www.martherobin.com\/wp-content\/uploads\/2016\/09\/NotreDameDuFoyer_Chateauneuf01-263x263.jpg\" alt=\"Prayer of Marthe Robin: O beloved Mother\">\r\n                            <\/a>\r\n                            \r\n                        <\/div>\r\n                        <div class=\"desc\">\r\n                            <span class=\"category\">Prayers, words and writtings of Marthe Robin<\/span>\r\n                            <span class=\"post-title\">\r\n                                <a href=\"https:\/\/www.martherobin.com\/en\/son-message\/paroles-et-prieres\/priere-marthe-robin-o-mere-bien-aimee\/\">Prayer of Marthe Robin: O beloved Mother<\/a>\r\n                            <\/span>\r\n                            <div class=\"text\">\r\n                                <p>\u00d4 M\u00e8re Bien-Aim\u00e9e, vous qui connaissez si bien les voies de la Saintet\u00e9 et de l\u2019Amour, apprenez-nous...<\/p>\r\n                            <\/div>\r\n                        <\/div>\r\n                    <\/div>\r\n                <\/div><div class=\"col col-sm-4 col-md-3 add\">\r\n                    <div class=\"wrap\">\r\n                        <div class=\"img-holder\">\r\n                            <a href=\"https:\/\/www.martherobin.com\/en\/son-message\/lamour-inconditionnel-de-dieu-pour-chaque-homme\/\">\r\n                                <img decoding=\"async\" src=\"https:\/\/www.martherobin.com\/wp-content\/uploads\/2016\/09\/1-illustrations-site-rouges-20-263x263.jpg\" alt=\"The unconditional love of God for every individual\">\r\n                            <\/a>\r\n                            \r\n                        <\/div>\r\n                        <div class=\"desc\">\r\n                            <span class=\"category\">Her message<\/span>\r\n                            <span class=\"post-title\">\r\n                                <a href=\"https:\/\/www.martherobin.com\/en\/son-message\/lamour-inconditionnel-de-dieu-pour-chaque-homme\/\">The unconditional love of God for every individual<\/a>\r\n                            <\/span>\r\n                            <div class=\"text\">\r\n                                <p>Les milliers de t\u00e9moignages concernant la fa\u00e7on dont Marthe accueillait ceux qui venaient la voir sont unanimes...<\/p>\r\n                            <\/div>\r\n                        <\/div>\r\n                    <\/div>\r\n                <\/div><div class=\"row\"><div class=\"col col-sm-4 col-md-3\">\r\n                    <div class=\"wrap\">\r\n                        <div class=\"img-holder\">\r\n                            <a href=\"https:\/\/www.martherobin.com\/en\/son-heritage\/les-foyers-de-charite\/\">\r\n                                <img decoding=\"async\" src=\"https:\/\/www.martherobin.com\/wp-content\/uploads\/2016\/09\/1-illustrations-site-rouges-24-263x263.jpg\" alt=\"The Foyers de Charit\u00e9\">\r\n                            <\/a>\r\n                            \r\n                        <\/div>\r\n                        <div class=\"desc\">\r\n                            <span class=\"category\">Her legacy<\/span>\r\n                            <span class=\"post-title\">\r\n                                <a href=\"https:\/\/www.martherobin.com\/en\/son-heritage\/les-foyers-de-charite\/\">The Foyers de Charit\u00e9<\/a>\r\n                            <\/span>\r\n                            <div class=\"text\">\r\n                                <p>La cr\u00e9ation des Foyers de Charit\u00e9 repose sur la rencontre de Marthe Robin et d\u2019un pr\u00eatre, le p\u00e8re Georges Finet, en 1936. Aujourd\u2019hui pr\u00e9sents dans une quarantaine de pays, les Foyers de Charit\u00e9...<\/p>\r\n                            <\/div>\r\n                        <\/div>\r\n                    <\/div>\r\n                <\/div><div class=\"col col-sm-4 col-md-3\">\r\n                    <div class=\"wrap\">\r\n                        <div class=\"img-holder\">\r\n                            <a href=\"https:\/\/www.martherobin.com\/en\/son-message\/dieu-un-pere-tendre-et-compatissant\/stetherese-une-grande-soeur-pour-marthe-robin\/\">\r\n                                <img decoding=\"async\" src=\"https:\/\/www.martherobin.com\/wp-content\/uploads\/2016\/11\/Thrse-de-lEJ-10--263x263.jpg\" alt=\"St Th\u00e9r\u00e8se, a &#8220;big sister&#8221; for Marthe Robin\">\r\n                            <\/a>\r\n                            \r\n                        <\/div>\r\n                        <div class=\"desc\">\r\n                            <span class=\"category\">God, a loving and compassionate Father<\/span>\r\n                            <span class=\"post-title\">\r\n                                <a href=\"https:\/\/www.martherobin.com\/en\/son-message\/dieu-un-pere-tendre-et-compatissant\/stetherese-une-grande-soeur-pour-marthe-robin\/\">St Th\u00e9r\u00e8se, a &#8220;big sister&#8221; for Marthe Robin<\/a>\r\n                            <\/span>\r\n                            <div class=\"text\">\r\n                                <p>Entre Marthe Robin et Sainte Th\u00e9r\u00e8se de Lisieux, il existe une relation si forte qu'on peut parler d'amiti\u00e9 ou de parent\u00e9 spirituelle...<\/p>\r\n                            <\/div>\r\n                        <\/div>\r\n                    <\/div>\r\n                <\/div><div class=\"col col-sm-4 col-md-3 add\">\r\n                    <div class=\"wrap\">\r\n                        <div class=\"img-holder\">\r\n                            <a href=\"https:\/\/www.martherobin.com\/temoignage\/les-passions-de-marthe-robin-sophie-guex\/\">\r\n                                <img decoding=\"async\" src=\"https:\/\/www.martherobin.com\/wp-content\/uploads\/2017\/05\/SophieGuex2-e1523632218396-263x263.jpg\" alt=\"Sophie Guex : Comment se d\u00e9roulaient les &#8220;passions&#8221; de Marthe Robin ?\">\r\n                            <\/a>\r\n                            \r\n                        <\/div>\r\n                        <div class=\"desc\">\r\n                            <span class=\"category\">Testimony<\/span>\r\n                            <span class=\"post-title\">\r\n                                <a href=\"https:\/\/www.martherobin.com\/temoignage\/les-passions-de-marthe-robin-sophie-guex\/\">Sophie Guex : Comment se d\u00e9roulaient les &#8220;passions&#8221; de Marthe Robin ?<\/a>\r\n                            <\/span>\r\n                            <div class=\"text\">\r\n                                <p>[VIDEO] Les carnets du p\u00e8re Faure nous permettent de retracer les \"Passions\" v\u00e9cues par Marthe Robin...<\/p>\r\n                            <\/div>\r\n                        <\/div>\r\n                    <\/div>\r\n                <\/div><div class=\"col col-sm-4 col-md-3\">\r\n                    <div class=\"wrap\">\r\n                        <div class=\"img-holder\">\r\n                            <a href=\"https:\/\/www.martherobin.com\/en\/son-heritage\/les-communautes-liees-avec-marthe-robin\/video-marthe-est-une-grande-soeur-pour-moi-raphael-cornu-thenard\/\">\r\n                                <img decoding=\"async\" src=\"https:\/\/www.martherobin.com\/wp-content\/uploads\/2017\/02\/ITWRaphaelCornuThenard-263x263.jpg\" alt=\"VIDEO &#8220;Marthe est une grande soeur pour moi !&#8221; Rapha\u00ebl Cornu-Th\u00e9nard\">\r\n                            <\/a>\r\n                            \r\n                        <\/div>\r\n                        <div class=\"desc\">\r\n                            <span class=\"category\">The communities linked to Marthe Robin<\/span>\r\n                            <span class=\"post-title\">\r\n                                <a href=\"https:\/\/www.martherobin.com\/en\/son-heritage\/les-communautes-liees-avec-marthe-robin\/video-marthe-est-une-grande-soeur-pour-moi-raphael-cornu-thenard\/\">VIDEO &#8220;Marthe est une grande soeur pour moi !&#8221; Rapha\u00ebl Cornu-Th\u00e9nard<\/a>\r\n                            <\/span>\r\n                            <div class=\"text\">\r\n                                <p>Interview de Rapha\u00ebl Cornu-Th\u00e9nard (Anuncio - Congr\u00e8s Mission) sur la place de Marthe Robin dans sa vie de \"disciple-missionnaire\" engag\u00e9 dans la nouvelle \u00e9vang\u00e9lisation...<\/p>\r\n                            <\/div>\r\n                        <\/div>\r\n                    <\/div>\r\n                <\/div><\/div><\/div><\/div>\n<\/div>\n<\/div>\n\n\t\t<\/div>\r\n\t<\/div>\r\n<\/section>\r\n<\/p>\n","protected":false},"excerpt":{"rendered":"The ordeal of illness A life turned upside down A life turned upside down Marthe Robin grew up like any other young girl of the rural communities of France in the early 20th century. She had a simple childhood within a farming family of the Galaure, in the hilly region of the Dr\u00f4me.Marthe loved life;&#8230; <a class=\"view-article\" href=\"https:\/\/www.martherobin.com\/en\/sa-vie\/lepreuve-de-la-maladie\/une-vie-qui-bascule\/\">View Article<\/a>","protected":false},"author":6,"featured_media":0,"parent":6007,"menu_order":2,"comment_status":"closed","ping_status":"closed","template":"templates\/page-lvl3.php","meta":{"footnotes":""},"class_list":["post-7351","page","type-page","status-publish","hentry"],"_links":{"self":[{"href":"https:\/\/www.martherobin.com\/en\/wp-json\/wp\/v2\/pages\/7351","targetHints":{"allow":["GET"]}}],"collection":[{"href":"https:\/\/www.martherobin.com\/en\/wp-json\/wp\/v2\/pages"}],"about":[{"href":"https:\/\/www.martherobin.com\/en\/wp-json\/wp\/v2\/types\/page"}],"author":[{"embeddable":true,"href":"https:\/\/www.martherobin.com\/en\/wp-json\/wp\/v2\/users\/6"}],"replies":[{"embeddable":true,"href":"https:\/\/www.martherobin.com\/en\/wp-json\/wp\/v2\/comments?post=7351"}],"version-history":[{"count":0,"href":"https:\/\/www.martherobin.com\/en\/wp-json\/wp\/v2\/pages\/7351\/revisions"}],"up":[{"embeddable":true,"href":"https:\/\/www.martherobin.com\/en\/wp-json\/wp\/v2\/pages\/6007"}],"wp:attachment":[{"href":"https:\/\/www.martherobin.com\/en\/wp-json\/wp\/v2\/media?parent=7351"}],"curies":[{"name":"wp","href":"https:\/\/api.w.org\/{rel}","templated":true}]}}