{"id":2748,"date":"2016-12-30T16:08:45","date_gmt":"2016-12-30T15:08:45","guid":{"rendered":"https:\/\/www.martherobin.com\/beatification\/etapes-de-la-cause-de-beatification-de-marthe-robin\/"},"modified":"2018-02-15T18:24:18","modified_gmt":"2018-02-15T17:24:18","slug":"etapes-de-la-cause-de-beatification-de-marthe-robin","status":"publish","type":"page","link":"https:\/\/www.martherobin.com\/en\/beatification\/etapes-de-la-cause-de-beatification-de-marthe-robin\/","title":{"rendered":"Steps in Marthe Robin&#8217;s cause of beatification"},"content":{"rendered":"<p><div class=\"fw-main-row page-lvl3-block\"  >\r\n\t<div class=\"fw-container container\">\r\n\t\t<div class=\"frame\">\r\n\t\t\t<div class=\"fw-row\">\n\t<div class=\"fw-col-xs-12\">\n\t\r\n\t<h1><span>Beatification<\/span><\/h1>\r\n\r\n\t<ul class=\"sous-menu\">\r\n\t\t\t<\/ul>\r\n\t<div class=\"menu-openclose\">\r\n\t\t<a href=\"#\" class=\"opener\">Steps in Marthe Robin's cause of beatification<\/a>\r\n\t\t<div class=\"slide js-slide-hidden\">\r\n\t\t\t<ul>\r\n\t\t\t\t\t\t\t<\/ul>\r\n\t\t<\/div>\r\n\t<\/div>\r\n\r\n\t<div class=\"top-area\">\r\n\t\t<h2>Steps in Marthe Robin's cause of beatification<\/h2>\r\n\t<\/div>\r\n\r\n<strong class=\"bold-text\"><p>Key stages of the cause of beatification of Marthe Robin, with the chronological milestones.<\/p><\/strong><\/div>\n<\/div>\n\n<div class=\"fw-row\">\n\t<div class=\"fw-col-xs-12 fw-col-sm-8\">\n\t<div class=\"fw-heading fw-heading-h3 \">\r\n\t<h3 class=\"fw-special-title \"><span class=\"\">Steps completed<\/span><\/h3>\t<\/div>\r\n\r\n<div class=\"accordion-holder\">\r\n\t<div class=\"panel-group\" id=\"accordion\" role=\"tablist\" aria-multiselectable=\"true\">\r\n\t\t\t\t<div class=\"panel panel-default\">\r\n\t\t\t<div class=\"panel-heading\" role=\"tab\" id=\"fw-tabs-69f1b5496a471-heading-1\">\r\n\t\t\t\t<h4 class=\"panel-title\">\r\n\t\t\t\t\t<a class=\"collapsed\" role=\"button\" data-toggle=\"collapse\" data-parent=\"#accordion\" href=\"#fw-tabs-69f1b5496a471-1\" aria-expanded=\"false\" aria-controls=\"collapseOne\">\r\n\t\t\t\t\t\t6 February 1981: Death of Marthe Robin\t\t\t\t\t<\/a>\r\n\t\t\t\t<\/h4>\r\n\t\t\t<\/div>\r\n\t\t\t<div id=\"fw-tabs-69f1b5496a471-1\" class=\"panel-collapse collapse\" role=\"tabpanel\" aria-labelledby=\"fw-tabs-69f1b5496a471-heading-1\" aria-expanded=\"false\">\r\n\t\t\t\t<div class=\"panel-body\">\r\n\t\t\t\t\t<p>Several thousand faithful, hundreds of priests and five bishops attended Marthe Robin's funeral in Ch\u00e2teauneuf-de-Galaure on 12 February 1981.<\/p>\r\n\t\t\t\t<\/div>\r\n\t\t\t<\/div>\r\n\t\t<\/div>\r\n\t\t\t\t<div class=\"panel panel-default\">\r\n\t\t\t<div class=\"panel-heading\" role=\"tab\" id=\"fw-tabs-69f1b5496a471-heading-2\">\r\n\t\t\t\t<h4 class=\"panel-title\">\r\n\t\t\t\t\t<a class=\"collapsed\" role=\"button\" data-toggle=\"collapse\" data-parent=\"#accordion\" href=\"#fw-tabs-69f1b5496a471-2\" aria-expanded=\"false\" aria-controls=\"collapseOne\">\r\n\t\t\t\t\t\t10 February 1986: opening of the cause of canonisation\t\t\t\t\t<\/a>\r\n\t\t\t\t<\/h4>\r\n\t\t\t<\/div>\r\n\t\t\t<div id=\"fw-tabs-69f1b5496a471-2\" class=\"panel-collapse collapse\" role=\"tabpanel\" aria-labelledby=\"fw-tabs-69f1b5496a471-heading-2\" aria-expanded=\"false\">\r\n\t\t\t\t<div class=\"panel-body\">\r\n\t\t\t\t\t<p>The process began five years after Marthe Robin died on 6 February 1981. Five years later, the Foyers de Charit\u00e9 asked the bishop of Valencia, Bishop Marchand, to open a process of beatification. The bishop appointed Fr Ravanel, a member of the Foyers de Charit\u00e9, as postulator of the cause. The diocesan inquiry for the beatification of the \"Servant of God\" began in 1986.<\/p>\r\n\t\t\t\t<\/div>\r\n\t\t\t<\/div>\r\n\t\t<\/div>\r\n\t\t\t\t<div class=\"panel panel-default\">\r\n\t\t\t<div class=\"panel-heading\" role=\"tab\" id=\"fw-tabs-69f1b5496a471-heading-3\">\r\n\t\t\t\t<h4 class=\"panel-title\">\r\n\t\t\t\t\t<a class=\"collapsed\" role=\"button\" data-toggle=\"collapse\" data-parent=\"#accordion\" href=\"#fw-tabs-69f1b5496a471-3\" aria-expanded=\"false\" aria-controls=\"collapseOne\">\r\n\t\t\t\t\t\t1986 - 1996: diocesan stage\t\t\t\t\t<\/a>\r\n\t\t\t\t<\/h4>\r\n\t\t\t<\/div>\r\n\t\t\t<div id=\"fw-tabs-69f1b5496a471-3\" class=\"panel-collapse collapse\" role=\"tabpanel\" aria-labelledby=\"fw-tabs-69f1b5496a471-heading-3\" aria-expanded=\"false\">\r\n\t\t\t\t<div class=\"panel-body\">\r\n\t\t\t\t\t<p>Two experts (a theologian and a historian) were appointed to conduct this inquiry in 1988. The first element taken into consideration was Marthe Robin's saintly reputation among the Christian faithful. Then, between 1988 and 1996, more than 120 witnesses and experts were consulted. At the end of this inquiry, a 17,000-page document (critical biography, witness statements, relevant writings and other documents) was submitted to the Congregation for the Cause of the Saints in Rome. At this point, Marthe Robin was known as a Servant of God. Fr Bernard Peyrous became the Postulator of the Cause.<\/p>\r\n\t\t\t\t<\/div>\r\n\t\t\t<\/div>\r\n\t\t<\/div>\r\n\t\t\t\t<div class=\"panel panel-default\">\r\n\t\t\t<div class=\"panel-heading\" role=\"tab\" id=\"fw-tabs-69f1b5496a471-heading-4\">\r\n\t\t\t\t<h4 class=\"panel-title\">\r\n\t\t\t\t\t<a class=\"collapsed\" role=\"button\" data-toggle=\"collapse\" data-parent=\"#accordion\" href=\"#fw-tabs-69f1b5496a471-4\" aria-expanded=\"false\" aria-controls=\"collapseOne\">\r\n\t\t\t\t\t\t1996 - 2014: 1st Roman stage, concluded on 7 November 2014\t\t\t\t\t<\/a>\r\n\t\t\t\t<\/h4>\r\n\t\t\t<\/div>\r\n\t\t\t<div id=\"fw-tabs-69f1b5496a471-4\" class=\"panel-collapse collapse\" role=\"tabpanel\" aria-labelledby=\"fw-tabs-69f1b5496a471-heading-4\" aria-expanded=\"false\">\r\n\t\t\t\t<div class=\"panel-body\">\r\n\t\t\t\t\t<p>Examination by the Roman Congregation: a decree of the Congregation for the Causes of the Saints confirmed the validity of the diocesan inquiry on 24 April 1998. The Roman authorities then prepared the documentation to be submitted for examination by the historians and theologians who give a critical opinion, and then by the Promoter General of the Faith \u2013 formerly known as the \"devil's advocate\" \u2013 whose role is to present any arguments against the beatification or canonisation. The cardinals and bishops deliberate last. The Positio, a 2,000-page summary of the beatification file, which presents the results of this diocesan inquiry, was completed on 6 May 2010.<\/p>\r\n\t\t\t\t<\/div>\r\n\t\t\t<\/div>\r\n\t\t<\/div>\r\n\t\t\t\t<div class=\"panel panel-default\">\r\n\t\t\t<div class=\"panel-heading\" role=\"tab\" id=\"fw-tabs-69f1b5496a471-heading-5\">\r\n\t\t\t\t<h4 class=\"panel-title\">\r\n\t\t\t\t\t<a class=\"collapsed\" role=\"button\" data-toggle=\"collapse\" data-parent=\"#accordion\" href=\"#fw-tabs-69f1b5496a471-5\" aria-expanded=\"false\" aria-controls=\"collapseOne\">\r\n\t\t\t\t\t\t7 November 2014: Marthe Robin was proclaimed \"VENERABLE\"\t\t\t\t\t<\/a>\r\n\t\t\t\t<\/h4>\r\n\t\t\t<\/div>\r\n\t\t\t<div id=\"fw-tabs-69f1b5496a471-5\" class=\"panel-collapse collapse\" role=\"tabpanel\" aria-labelledby=\"fw-tabs-69f1b5496a471-heading-5\" aria-expanded=\"false\">\r\n\t\t\t\t<div class=\"panel-body\">\r\n\t\t\t\t\t<p>Heroic in virtue: The congress of cardinals and bishops then decides whether to refer the case to the pope for the declaration of heroic virtue, that is to say, \"the perfection of human and Christian love, and its deployment throughout life\". Marthe Robin was declared venerable by Pope Francis on 7 November 2014.<\/p>\r\n\t\t\t\t<\/div>\r\n\t\t\t<\/div>\r\n\t\t<\/div>\r\n\t\t\t<\/div>\r\n<\/div>\r\n<div class=\"fw-heading fw-heading-h3 \">\r\n\t<h3 class=\"fw-special-title \"><span class=\"\">Step currently in progress<\/span><\/h3>\t<\/div>\r\n\r\n<div class=\"accordion-holder\">\r\n\t<div class=\"panel-group\" id=\"accordion\" role=\"tablist\" aria-multiselectable=\"true\">\r\n\t\t\t\t<div class=\"panel panel-default\">\r\n\t\t\t<div class=\"panel-heading\" role=\"tab\" id=\"fw-tabs-69f1b5496a5bd-heading-1\">\r\n\t\t\t\t<h4 class=\"panel-title\">\r\n\t\t\t\t\t<a class=\"collapsed\" role=\"button\" data-toggle=\"collapse\" data-parent=\"#accordion\" href=\"#fw-tabs-69f1b5496a5bd-1\" aria-expanded=\"false\" aria-controls=\"collapseOne\">\r\n\t\t\t\t\t\t2014 - ? : study of the medical records of a healing obtained by the intercession of Marthe Robin\t\t\t\t\t<\/a>\r\n\t\t\t\t<\/h4>\r\n\t\t\t<\/div>\r\n\t\t\t<div id=\"fw-tabs-69f1b5496a5bd-1\" class=\"panel-collapse collapse\" role=\"tabpanel\" aria-labelledby=\"fw-tabs-69f1b5496a5bd-heading-1\" aria-expanded=\"false\">\r\n\t\t\t\t<div class=\"panel-body\">\r\n\t\t\t\t\t<p>The recognition of a \"miracle\": In December 2014, a file presenting a miracle obtained through the intercession of Marthe Robin was submitted in Rome. Beforehand, the miracle was the subject of a diocesan inquiry. It was studied by the Roman Congregation for the Causes of Saints using testimonies, documents and scientific expertises.<\/p>\r\n\t\t\t\t<\/div>\r\n\t\t\t<\/div>\r\n\t\t<\/div>\r\n\t\t\t<\/div>\r\n<\/div>\r\n<\/div>\n<div class=\"fw-col-xs-12 fw-col-sm-4\">\n\t<div class=\"text-right\"><img decoding=\"async\" src=\"\/\/www.martherobin.com\/wp-content\/uploads\/2016\/09\/beatification-etapes.jpg\" alt=\"\/\/www.martherobin.com\/wp-content\/uploads\/2016\/09\/beatification-etapes.jpg\" \/><\/div><\/div>\n<\/div>\n\n<div class=\"fw-row\">\n\t<div class=\"fw-col-xs-12 fw-col-sm-8\">\n\t<div class=\"fw-heading fw-heading-h3 \">\r\n\t<h3 class=\"fw-special-title \"><span class=\"\">Next steps<\/span><\/h3>\t<\/div>\r\n\r\n<div class=\"accordion-holder\">\r\n\t<div class=\"panel-group\" id=\"accordion\" role=\"tablist\" aria-multiselectable=\"true\">\r\n\t\t\t\t<div class=\"panel panel-default\">\r\n\t\t\t<div class=\"panel-heading\" role=\"tab\" id=\"fw-tabs-69f1b5496aabd-heading-1\">\r\n\t\t\t\t<h4 class=\"panel-title\">\r\n\t\t\t\t\t<a class=\"collapsed\" role=\"button\" data-toggle=\"collapse\" data-parent=\"#accordion\" href=\"#fw-tabs-69f1b5496aabd-1\" aria-expanded=\"false\" aria-controls=\"collapseOne\">\r\n\t\t\t\t\t\t? : The healing is acknowledged to be unexplained by science\t\t\t\t\t<\/a>\r\n\t\t\t\t<\/h4>\r\n\t\t\t<\/div>\r\n\t\t\t<div id=\"fw-tabs-69f1b5496aabd-1\" class=\"panel-collapse collapse\" role=\"tabpanel\" aria-labelledby=\"fw-tabs-69f1b5496aabd-heading-1\" aria-expanded=\"false\">\r\n\t\t\t\t<div class=\"panel-body\">\r\n\t\t\t\t\t<p>First of all, two experts in the disease that the person was suffering from must be appointed to examine the broad lines of the case. Then a commission of doctors examines the case in detail...<\/p>\r\n\t\t\t\t<\/div>\r\n\t\t\t<\/div>\r\n\t\t<\/div>\r\n\t\t\t\t<div class=\"panel panel-default\">\r\n\t\t\t<div class=\"panel-heading\" role=\"tab\" id=\"fw-tabs-69f1b5496aabd-heading-2\">\r\n\t\t\t\t<h4 class=\"panel-title\">\r\n\t\t\t\t\t<a class=\"collapsed\" role=\"button\" data-toggle=\"collapse\" data-parent=\"#accordion\" href=\"#fw-tabs-69f1b5496aabd-2\" aria-expanded=\"false\" aria-controls=\"collapseOne\">\r\n\t\t\t\t\t\t? : This healing is attributed to the intercession of Marthe Robin by theologians\t\t\t\t\t<\/a>\r\n\t\t\t\t<\/h4>\r\n\t\t\t<\/div>\r\n\t\t\t<div id=\"fw-tabs-69f1b5496aabd-2\" class=\"panel-collapse collapse\" role=\"tabpanel\" aria-labelledby=\"fw-tabs-69f1b5496aabd-heading-2\" aria-expanded=\"false\">\r\n\t\t\t\t<div class=\"panel-body\">\r\n\t\t\t\t\t<p>If the doctors come to the conclusion that the healing cannot be explained given the current state of scientific knowledge, then a committee of theologians will be assigned the task of deciding whether it can be described as a \"miracle\" in the order of faith.<\/p>\r\n\t\t\t\t<\/div>\r\n\t\t\t<\/div>\r\n\t\t<\/div>\r\n\t\t\t\t<div class=\"panel panel-default\">\r\n\t\t\t<div class=\"panel-heading\" role=\"tab\" id=\"fw-tabs-69f1b5496aabd-heading-3\">\r\n\t\t\t\t<h4 class=\"panel-title\">\r\n\t\t\t\t\t<a class=\"collapsed\" role=\"button\" data-toggle=\"collapse\" data-parent=\"#accordion\" href=\"#fw-tabs-69f1b5496aabd-3\" aria-expanded=\"false\" aria-controls=\"collapseOne\">\r\n\t\t\t\t\t\t? : Recognition of the miracle by the pope and beatification\t\t\t\t\t<\/a>\r\n\t\t\t\t<\/h4>\r\n\t\t\t<\/div>\r\n\t\t\t<div id=\"fw-tabs-69f1b5496aabd-3\" class=\"panel-collapse collapse\" role=\"tabpanel\" aria-labelledby=\"fw-tabs-69f1b5496aabd-heading-3\" aria-expanded=\"false\">\r\n\t\t\t\t<div class=\"panel-body\">\r\n\t\t\t\t\t<p>If the commission in charge of this examination recognises the validity of the miracle, the pope can then decide to declare Marthe Robin \"blessed\" on a date of his choice. The celebration would take place in the diocese of Valence (where Marthe Robin lived).<\/p>\r\n\t\t\t\t<\/div>\r\n\t\t\t<\/div>\r\n\t\t<\/div>\r\n\t\t\t<\/div>\r\n<\/div>\r\n<\/div>\n<\/div>\n\n\t\t<\/div>\r\n\t<\/div>\r\n<\/div>\r\n<section class=\"fw-main-row discover-block\"  >\r\n\t<div class=\"fw-container container\">\r\n\t\t<div class=\"\">\r\n\t\t\t<div class=\"fw-row\">\n\t<div class=\"fw-col-xs-12\">\n\t<div class=\"shortcode-widget-area\"><div class=\"heading\">\r\n            <span class=\"title\">Discover<\/span>\r\n        <\/div><div class=\"hold\"><div class=\"row\"><div class=\"col col-sm-4 col-md-3\">\r\n                    <div class=\"wrap\">\r\n                        <div class=\"img-holder\">\r\n                            <a href=\"https:\/\/www.martherobin.com\/en\/son-message\/paroles-et-prieres\/parcourir-le-journal\/\">\r\n                                <img decoding=\"async\" src=\"https:\/\/www.martherobin.com\/wp-content\/uploads\/2016\/12\/couverture_Journal-MartheRobin_1366202009153-263x263.png\" alt=\"Read the &#8220;Journal&#8221;\">\r\n                            <\/a>\r\n                            \r\n                        <\/div>\r\n                        <div class=\"desc\">\r\n                            <span class=\"category\">Prayers, words and writtings of Marthe Robin<\/span>\r\n                            <span class=\"post-title\">\r\n                                <a href=\"https:\/\/www.martherobin.com\/en\/son-message\/paroles-et-prieres\/parcourir-le-journal\/\">Read the &#8220;Journal&#8221;<\/a>\r\n                            <\/span>\r\n                            <div class=\"text\">\r\n                                <p>Le cheminement int\u00e9rieur de Marthe Robin est d\u00e9voil\u00e9 gr\u00e2ce \u00e0 la publication de son \"Journal\". D\u00e9couvrez-le en ligne...<\/p>\r\n                            <\/div>\r\n                        <\/div>\r\n                    <\/div>\r\n                <\/div><div class=\"col col-sm-4 col-md-3\">\r\n                    <div class=\"wrap\">\r\n                        <div class=\"img-holder\">\r\n                            <a href=\"https:\/\/www.martherobin.com\/en\/son-heritage\/les-foyers-de-charite\/video-decouvrir-les-retraites-spirituelles-en-3-minutes\/\">\r\n                                <img decoding=\"async\" src=\"https:\/\/www.martherobin.com\/wp-content\/uploads\/2017\/02\/3minutes_DecouvrirRetraiteSpi-263x263.jpg\" alt=\"VIDEO : Find out about the spiritual retreats in 3 minutes\">\r\n                            <\/a>\r\n                            \r\n                        <\/div>\r\n                        <div class=\"desc\">\r\n                            <span class=\"category\">The Foyers de Charit\u00e9<\/span>\r\n                            <span class=\"post-title\">\r\n                                <a href=\"https:\/\/www.martherobin.com\/en\/son-heritage\/les-foyers-de-charite\/video-decouvrir-les-retraites-spirituelles-en-3-minutes\/\">VIDEO : Find out about the spiritual retreats in 3 minutes<\/a>\r\n                            <\/span>\r\n                            <div class=\"text\">\r\n                                <p>The Foyers de Charit\u00e9 VIDEO : D\u00e9couvrir les retraites spirituelles en 3...<\/p>\r\n                            <\/div>\r\n                        <\/div>\r\n                    <\/div>\r\n                <\/div><div class=\"col col-sm-4 col-md-3 add\">\r\n                    <div class=\"wrap\">\r\n                        <div class=\"img-holder\">\r\n                            <a href=\"https:\/\/www.martherobin.com\/en\/beatification\/marthe-robin-reconnue-venerable-par-le-pape-francois\/\">\r\n                                <img decoding=\"async\" src=\"https:\/\/www.martherobin.com\/wp-content\/uploads\/2016\/09\/beatification-etapes-e1524486306331-263x263.png\" alt=\"Marthe Robin declared &#8220;venerable&#8221; by Pope Francis\">\r\n                            <\/a>\r\n                            \r\n                        <\/div>\r\n                        <div class=\"desc\">\r\n                            <span class=\"category\">Beatification<\/span>\r\n                            <span class=\"post-title\">\r\n                                <a href=\"https:\/\/www.martherobin.com\/en\/beatification\/marthe-robin-reconnue-venerable-par-le-pape-francois\/\">Marthe Robin declared &#8220;venerable&#8221; by Pope Francis<\/a>\r\n                            <\/span>\r\n                            <div class=\"text\">\r\n                                <p>Une \u00e9tape essentielle vers une possible b\u00e9atification...<\/p>\r\n                            <\/div>\r\n                        <\/div>\r\n                    <\/div>\r\n                <\/div><div class=\"col col-sm-4 col-md-3\">\r\n                    <div class=\"wrap\">\r\n                        <div class=\"img-holder\">\r\n                            <a href=\"https:\/\/www.martherobin.com\/en\/son-message\/ranimer-dans-le-monde-lamour-qui-seteint\/\">\r\n                                <img decoding=\"async\" src=\"https:\/\/www.martherobin.com\/wp-content\/uploads\/2016\/09\/1-illustrations-site-rouges-22-263x263.jpg\" alt=\"Rekindling the love that is dying out in the world\">\r\n                            <\/a>\r\n                            \r\n                        <\/div>\r\n                        <div class=\"desc\">\r\n                            <span class=\"category\">Her message<\/span>\r\n                            <span class=\"post-title\">\r\n                                <a href=\"https:\/\/www.martherobin.com\/en\/son-message\/ranimer-dans-le-monde-lamour-qui-seteint\/\">Rekindling the love that is dying out in the world<\/a>\r\n                            <\/span>\r\n                            <div class=\"text\">\r\n                                <p>\u00ab Je t\u2019ai choisie pour ranimer dans le monde l\u2019Amour qui s\u2019\u00e9teint \u00bb, dira le Christ \u00e0 Marthe. Elle-m\u00eame...<\/p>\r\n                            <\/div>\r\n                        <\/div>\r\n                    <\/div>\r\n                <\/div><\/div><div class=\"row\"><div class=\"col col-sm-4 col-md-3\">\r\n                    <div class=\"wrap\">\r\n                        <div class=\"img-holder\">\r\n                            <a href=\"https:\/\/www.martherobin.com\/en\/son-message\/paroles-et-prieres\/priere-marthe-robin-o-mere-bien-aimee\/\">\r\n                                <img decoding=\"async\" src=\"https:\/\/www.martherobin.com\/wp-content\/uploads\/2016\/09\/NotreDameDuFoyer_Chateauneuf01-263x263.jpg\" alt=\"Prayer of Marthe Robin: O beloved Mother\">\r\n                            <\/a>\r\n                            \r\n                        <\/div>\r\n                        <div class=\"desc\">\r\n                            <span class=\"category\">Prayers, words and writtings of Marthe Robin<\/span>\r\n                            <span class=\"post-title\">\r\n                                <a href=\"https:\/\/www.martherobin.com\/en\/son-message\/paroles-et-prieres\/priere-marthe-robin-o-mere-bien-aimee\/\">Prayer of Marthe Robin: O beloved Mother<\/a>\r\n                            <\/span>\r\n                            <div class=\"text\">\r\n                                <p>\u00d4 M\u00e8re Bien-Aim\u00e9e, vous qui connaissez si bien les voies de la Saintet\u00e9 et de l\u2019Amour, apprenez-nous...<\/p>\r\n                            <\/div>\r\n                        <\/div>\r\n                    <\/div>\r\n                <\/div><div class=\"col col-sm-4 col-md-3 add\">\r\n                    <div class=\"wrap\">\r\n                        <div class=\"img-holder\">\r\n                            <a href=\"https:\/\/www.martherobin.com\/en\/son-message\/lamour-inconditionnel-de-dieu-pour-chaque-homme\/\">\r\n                                <img decoding=\"async\" src=\"https:\/\/www.martherobin.com\/wp-content\/uploads\/2016\/09\/1-illustrations-site-rouges-20-263x263.jpg\" alt=\"The unconditional love of God for every individual\">\r\n                            <\/a>\r\n                            \r\n                        <\/div>\r\n                        <div class=\"desc\">\r\n                            <span class=\"category\">Her message<\/span>\r\n                            <span class=\"post-title\">\r\n                                <a href=\"https:\/\/www.martherobin.com\/en\/son-message\/lamour-inconditionnel-de-dieu-pour-chaque-homme\/\">The unconditional love of God for every individual<\/a>\r\n                            <\/span>\r\n                            <div class=\"text\">\r\n                                <p>Les milliers de t\u00e9moignages concernant la fa\u00e7on dont Marthe accueillait ceux qui venaient la voir sont unanimes...<\/p>\r\n                            <\/div>\r\n                        <\/div>\r\n                    <\/div>\r\n                <\/div><div class=\"row\"><div class=\"col col-sm-4 col-md-3\">\r\n                    <div class=\"wrap\">\r\n                        <div class=\"img-holder\">\r\n                            <a href=\"https:\/\/www.martherobin.com\/en\/son-heritage\/les-foyers-de-charite\/\">\r\n                                <img decoding=\"async\" src=\"https:\/\/www.martherobin.com\/wp-content\/uploads\/2016\/09\/1-illustrations-site-rouges-24-263x263.jpg\" alt=\"The Foyers de Charit\u00e9\">\r\n                            <\/a>\r\n                            \r\n                        <\/div>\r\n                        <div class=\"desc\">\r\n                            <span class=\"category\">Her legacy<\/span>\r\n                            <span class=\"post-title\">\r\n                                <a href=\"https:\/\/www.martherobin.com\/en\/son-heritage\/les-foyers-de-charite\/\">The Foyers de Charit\u00e9<\/a>\r\n                            <\/span>\r\n                            <div class=\"text\">\r\n                                <p>La cr\u00e9ation des Foyers de Charit\u00e9 repose sur la rencontre de Marthe Robin et d\u2019un pr\u00eatre, le p\u00e8re Georges Finet, en 1936. Aujourd\u2019hui pr\u00e9sents dans une quarantaine de pays, les Foyers de Charit\u00e9...<\/p>\r\n                            <\/div>\r\n                        <\/div>\r\n                    <\/div>\r\n                <\/div><div class=\"col col-sm-4 col-md-3\">\r\n                    <div class=\"wrap\">\r\n                        <div class=\"img-holder\">\r\n                            <a href=\"https:\/\/www.martherobin.com\/en\/son-message\/dieu-un-pere-tendre-et-compatissant\/stetherese-une-grande-soeur-pour-marthe-robin\/\">\r\n                                <img decoding=\"async\" src=\"https:\/\/www.martherobin.com\/wp-content\/uploads\/2016\/11\/Thrse-de-lEJ-10--263x263.jpg\" alt=\"St Th\u00e9r\u00e8se, a &#8220;big sister&#8221; for Marthe Robin\">\r\n                            <\/a>\r\n                            \r\n                        <\/div>\r\n                        <div class=\"desc\">\r\n                            <span class=\"category\">God, a loving and compassionate Father<\/span>\r\n                            <span class=\"post-title\">\r\n                                <a href=\"https:\/\/www.martherobin.com\/en\/son-message\/dieu-un-pere-tendre-et-compatissant\/stetherese-une-grande-soeur-pour-marthe-robin\/\">St Th\u00e9r\u00e8se, a &#8220;big sister&#8221; for Marthe Robin<\/a>\r\n                            <\/span>\r\n                            <div class=\"text\">\r\n                                <p>Entre Marthe Robin et Sainte Th\u00e9r\u00e8se de Lisieux, il existe une relation si forte qu'on peut parler d'amiti\u00e9 ou de parent\u00e9 spirituelle...<\/p>\r\n                            <\/div>\r\n                        <\/div>\r\n                    <\/div>\r\n                <\/div><div class=\"col col-sm-4 col-md-3 add\">\r\n                    <div class=\"wrap\">\r\n                        <div class=\"img-holder\">\r\n                            <a href=\"https:\/\/www.martherobin.com\/temoignage\/les-passions-de-marthe-robin-sophie-guex\/\">\r\n                                <img decoding=\"async\" src=\"https:\/\/www.martherobin.com\/wp-content\/uploads\/2017\/05\/SophieGuex2-e1523632218396-263x263.jpg\" alt=\"Sophie Guex : Comment se d\u00e9roulaient les &#8220;passions&#8221; de Marthe Robin ?\">\r\n                            <\/a>\r\n                            \r\n                        <\/div>\r\n                        <div class=\"desc\">\r\n                            <span class=\"category\">Testimony<\/span>\r\n                            <span class=\"post-title\">\r\n                                <a href=\"https:\/\/www.martherobin.com\/temoignage\/les-passions-de-marthe-robin-sophie-guex\/\">Sophie Guex : Comment se d\u00e9roulaient les &#8220;passions&#8221; de Marthe Robin ?<\/a>\r\n                            <\/span>\r\n                            <div class=\"text\">\r\n                                <p>[VIDEO] Les carnets du p\u00e8re Faure nous permettent de retracer les \"Passions\" v\u00e9cues par Marthe Robin...<\/p>\r\n                            <\/div>\r\n                        <\/div>\r\n                    <\/div>\r\n                <\/div><div class=\"col col-sm-4 col-md-3\">\r\n                    <div class=\"wrap\">\r\n                        <div class=\"img-holder\">\r\n                            <a href=\"https:\/\/www.martherobin.com\/en\/son-heritage\/les-communautes-liees-avec-marthe-robin\/video-marthe-est-une-grande-soeur-pour-moi-raphael-cornu-thenard\/\">\r\n                                <img decoding=\"async\" src=\"https:\/\/www.martherobin.com\/wp-content\/uploads\/2017\/02\/ITWRaphaelCornuThenard-263x263.jpg\" alt=\"VIDEO &#8220;Marthe est une grande soeur pour moi !&#8221; Rapha\u00ebl Cornu-Th\u00e9nard\">\r\n                            <\/a>\r\n                            \r\n                        <\/div>\r\n                        <div class=\"desc\">\r\n                            <span class=\"category\">The communities linked to Marthe Robin<\/span>\r\n                            <span class=\"post-title\">\r\n                                <a href=\"https:\/\/www.martherobin.com\/en\/son-heritage\/les-communautes-liees-avec-marthe-robin\/video-marthe-est-une-grande-soeur-pour-moi-raphael-cornu-thenard\/\">VIDEO &#8220;Marthe est une grande soeur pour moi !&#8221; Rapha\u00ebl Cornu-Th\u00e9nard<\/a>\r\n                            <\/span>\r\n                            <div class=\"text\">\r\n                                <p>Interview de Rapha\u00ebl Cornu-Th\u00e9nard (Anuncio - Congr\u00e8s Mission) sur la place de Marthe Robin dans sa vie de \"disciple-missionnaire\" engag\u00e9 dans la nouvelle \u00e9vang\u00e9lisation...<\/p>\r\n                            <\/div>\r\n                        <\/div>\r\n                    <\/div>\r\n                <\/div><\/div><\/div><\/div>\n<\/div>\n<\/div>\n\n\t\t<\/div>\r\n\t<\/div>\r\n<\/section>\r\n<\/p>\n","protected":false},"excerpt":{"rendered":"Beatification Steps in Marthe Robin&#8217;s cause of beatification Steps in Marthe Robin&#8217;s cause of beatification Key stages of the cause of beatification of Marthe Robin, with the chronological milestones. Steps completed 6 February 1981: Death of Marthe Robin Several thousand faithful, hundreds of priests and five bishops attended Marthe Robin&#8217;s funeral in Ch\u00e2teauneuf-de-Galaure on 12&#8230; <a class=\"view-article\" href=\"https:\/\/www.martherobin.com\/en\/beatification\/etapes-de-la-cause-de-beatification-de-marthe-robin\/\">View Article<\/a>","protected":false},"author":6,"featured_media":2749,"parent":2738,"menu_order":1,"comment_status":"closed","ping_status":"closed","template":"templates\/page-lvl3.php","meta":{"footnotes":""},"class_list":["post-2748","page","type-page","status-publish","has-post-thumbnail","hentry"],"_links":{"self":[{"href":"https:\/\/www.martherobin.com\/en\/wp-json\/wp\/v2\/pages\/2748","targetHints":{"allow":["GET"]}}],"collection":[{"href":"https:\/\/www.martherobin.com\/en\/wp-json\/wp\/v2\/pages"}],"about":[{"href":"https:\/\/www.martherobin.com\/en\/wp-json\/wp\/v2\/types\/page"}],"author":[{"embeddable":true,"href":"https:\/\/www.martherobin.com\/en\/wp-json\/wp\/v2\/users\/6"}],"replies":[{"embeddable":true,"href":"https:\/\/www.martherobin.com\/en\/wp-json\/wp\/v2\/comments?post=2748"}],"version-history":[{"count":0,"href":"https:\/\/www.martherobin.com\/en\/wp-json\/wp\/v2\/pages\/2748\/revisions"}],"up":[{"embeddable":true,"href":"https:\/\/www.martherobin.com\/en\/wp-json\/wp\/v2\/pages\/2738"}],"wp:featuredmedia":[{"embeddable":true,"href":"https:\/\/www.martherobin.com\/en\/wp-json\/wp\/v2\/media\/2749"}],"wp:attachment":[{"href":"https:\/\/www.martherobin.com\/en\/wp-json\/wp\/v2\/media?parent=2748"}],"curies":[{"name":"wp","href":"https:\/\/api.w.org\/{rel}","templated":true}]}}